{"id":10629,"date":"2022-11-29T13:58:03","date_gmt":"2022-11-29T13:58:03","guid":{"rendered":"https:\/\/www.focus.cat\/ex\/audiencia-vernissatge\/"},"modified":"2022-11-29T13:58:03","modified_gmt":"2022-11-29T13:58:03","slug":"audiencia-vernissatge","status":"publish","type":"ex","link":"https:\/\/www.focus.cat\/en\/ex\/audiencia-vernissatge\/","title":{"rendered":"Audi\u00e8ncia &#8211; Vernissatge"},"content":{"rendered":"","protected":false},"excerpt":{"rendered":"","protected":false},"author":5,"featured_media":0,"comment_status":"open","ping_status":"closed","template":"","location":[],"class_list":["post-10629","ex","type-ex","status-publish","hentry"],"acf":{"txt_synopsis":"<p><em>L\u2019actor i director Pere Arquillu\u00e9 posa en escena dues de les peces teatrals breus m\u00e9s populars de l\u2019autor txec, unes creacions que exploren els aspectes m\u00e9s absurds i grotescs del seu temps.<br \/><\/em><br \/>L\u2019alienaci\u00f3, la mentalitat consumista dels homes i les dones del nostre temps, la dificultat de comunicar-se amb els altres i, encara m\u00e9s, de comprendre\u2019ls\u2026 S\u00f3n temes presents en tota l\u2019obra de V\u00e1clav Havel, un conegut escriptor (i pol\u00edtic) nascut el 1936 i desaparegut el 2011, sempre entestat a mostrar, negre sobre blanc, la \u201ccrisi de la Humanitat actual\u201d com ell mateix deia, a partir dels aspectes m\u00e9s grotescs i absurds del nostre m\u00f3n.&nbsp; Ho va fer en dues peces confegides el 1975, unes obres breus que ell mateix confessava que havia escrit principalment amb la intenci\u00f3 d\u2019entretenir els amics, per\u00f2 que han acabat esdevenint dues de les creacions m\u00e9s representades de l\u2019autor. La primera, Audi\u00e8ncia, \u00e9s un di\u00e0leg entre un mestre cerveser i un escriptor represaliat pel r\u00e8gim (com ho va ser el mateix Havel) que ha estat destinat a treballar en una feina no qualificada. El mestre cerveser t\u00e9 ordre de les autoritats de redactar informes peri\u00f2dics sobre la conducta del seu nou pupil, per\u00f2 l\u2019home intentar\u00e0 fer que, en el s\u00fammun de l\u2019absurd, sigui el mateix escriptor el qui escrigui els informes sobre la seva conducta. A Vernissatge, en canvi, Havel fa un retrat socio-pol\u00edtic del m\u00f3n, dividint la societat segons les coses que cadascun considera o no importats: des dels qui valoren els b\u00e9ns materials per sobre de qualsevol altra cosa i s\u2019adapten per tant a qualsevol r\u00e8gim o situaci\u00f3, als qui se senten estranys en un m\u00f3n al qual, per\u00f2, rebutgen adaptar-se malgrat els inconvenients que aix\u00f2 els comporta.<br \/>Una nova posada en escena de dues peces que van marcar l\u2019arribada a Catalunya de la dramat\u00fargia de Havel de la m\u00e0 de la directora Dolors Vilarasau el 1992 (amb el t\u00edtol de Havel a escena) i que va reprendre, el 1999, Josep Minguell, que va tornar a portar a l\u2019escenari conjuntament Audi\u00e8ncia i Vernissatge.&nbsp;&nbsp;<\/p>","main_buy_link":"","main_buy_links":"","show_language":".","show_duration":"90","txt_genre":"DRAM\u00c0TIC","show_start_date":"20180626000000","show_end_date":"20180729000000","show_sort_date":"20180627000000","txt_custom_show_dates":"del 26 de junio al 29 de julio de 2018 ","txt_additional_info":"","txt_present":"","txt_season":"[\"2017\/18\"]","txt_cycle":"","txt_claim":"","txt_cast_excerpt":"","txt_cast":"<p>Autoria: <strong>V\u00e1clav Havel <br \/><\/strong>Traducci\u00f3: <strong>Monika Zgustov\u00e1<br \/><\/strong>Dramat\u00fargia:<strong> Anna Maria Ricart<br \/><\/strong>Direcci\u00f3:<strong> Pere Arquillu\u00e9<\/strong><\/p>\r\n<p>Repartiment: <br \/><strong>Joan Carreras&nbsp;<\/strong>(VANEK)<br \/><strong>Rosa G\u00e0miz&nbsp;<\/strong>(VERA)<br \/><strong>Josep Julien&nbsp;<\/strong>(CERVESER \/ MICHAL)<\/p>\r\n<p>Adjunt de direcci\u00f3 i direcci\u00f3 de moviment: <strong>Ferran Carvajal<\/strong> <br \/>Escenografia: <strong>Max Glaenzel<br \/><\/strong>Vestuari:<strong> M\u00edriam Compte<br \/><\/strong>Disseny de la il\u00b7luminaci\u00f3:<strong> Jaume Ventura<br \/><\/strong>Espai sonor: <strong>Raimon Segura <br \/><\/strong>Caracteritzaci\u00f3:<strong> Toni Santos<\/strong><strong><br \/><\/strong>Assessorament:<strong> Jordi Casasampera <\/strong>(Doctor en Filosofia i especialista en Havel)<\/p>\r\n<p>Direcci\u00f3 de producci\u00f3:<strong> Amparo Mart\u00ednez<br \/><\/strong>Cap de producci\u00f3: <strong>Maite Pijuan <br \/><\/strong>Producci\u00f3 executiva:<strong> Raquel Do\u00f1oro \/ Anna Rius<br \/><\/strong>Ajudant de Producci\u00f3:<strong>&nbsp;Maria Muntan\u00e9 <br \/><\/strong>Responsable t\u00e8cnic:<strong> Moi Cuenca<br \/><\/strong>Ajudant de Producci\u00f3:&nbsp;<strong>Maria Muntan\u00e9<\/strong><\/p>\r\n<p>Regidora:&nbsp;<strong>S\u00edlvia Domingo&nbsp;&nbsp;<\/strong><\/p>\r\n<p>Cap t\u00e8cnic del teatre:&nbsp;<strong>Jaume Feixas<\/strong><\/p>\r\n<p>Estudiant en practiques de direcci\u00f3: <strong>Marcel Clement<br \/><\/strong>Estudiant en pr\u00e0ctiques de vestuari: <strong>Salu Forrellat<\/strong><\/p>\r\n<p>Construcci\u00f3 Escenografia:&nbsp;<strong>Estudi-Taller d\u2019escenografia Jorba-Mir\u00f3&nbsp;&nbsp;<br \/><\/strong>Confecci\u00f3 de Vestuari: <strong>Goretti <\/strong><\/p>\r\n<p>Premsa<strong>&nbsp;Anna Casasayas <\/strong>i <strong>Clara M. Clavell <br \/><\/strong>M\u00e0rqueting i comunicaci\u00f3<strong> Publispec<br \/><\/strong>Reportatge fotogr\u00e0fic <strong>David Ruano<br \/><\/strong>Disseny gr\u00e0fic <strong>Santi&Kco<\/strong><br \/><br \/>Una producci\u00f3 de <strong>La Villarroel <br \/><br \/><\/strong>Primera funci\u00f3 a La Villarroel el 26 de juny del 2018 <\/p>\r\n<p><strong><\/strong><\/p>","txt_reviews":"Sergi Doria|ABC|\"Un montaje sobresaliente.\"\r\nSanti Fondevila|Diari ARA|\"En el seu excel\u00b7lent debut en la direcci\u00f3 teatral, Arquillu\u00e9, extreu la poderosa acidesa d\u2019Audi\u00e8ncia i Vernissatge.\"\r\nImma Fern\u00e1ndez|On Barcelona|\"Joan Carreras, espl\u00e8ndid alter ego de l\u2019autor, es llueix amb Julien i G\u00e0miz.\"\r\n\r\n","hashtag":"Audi\u00e8nciaVernissatge","have_promo":"","slogan":"","id_exhibicio":1545,"id_versio":1285,"id_local":4,"txt_seo_desc":".","data_images":"[{\"localizer\":\"V3SLIDE\",\"url\":\"media\/ftgalslide\/v3\/3144E\/01_086_00045145\/audienciavernissatgelavillarroelteatrebarcelona10.jpg\",\"thumb_url\":\"media\/ftgalslide\/v3\/3144E\/01_086_00045145\/audienciavernissatgelavillarroelteatrebarcelona10_thumb.jpg\",\"title\":\"Audi\u00e8ncia - Vernissatge\",\"description\":\"La Villarroel\",\"copyright\":\"\",\"order\":1},{\"localizer\":\"V2SLIDE\",\"url\":\"media\/ftgalslide\/3144D\/01_076_00044516\/fotoaudienciateatrevillarroelgrecbarcelona.jpg\",\"thumb_url\":\"media\/ftgalslide\/3144D\/01_076_00044516\/fotoaudienciateatrevillarroelgrecbarcelona_thumb.jpg\",\"title\":\"Audi\u00e8ncia - Vernissatge\",\"description\":\"La Villarroel\",\"copyright\":\"\",\"order\":6},{\"localizer\":\"V3CARTELL\",\"url\":\"media\/ver\/cartell\/v3\/3144E\/01_085_00044671\/cartellaudienciavernissatgelavillarroelteatrebarcelona.jpg\",\"thumb_url\":\"media\/ver\/cartell\/v3\/3144E\/01_085_00044671\/cartellaudienciavernissatgelavillarroelteatrebarcelona_thumb.jpg\",\"title\":\"Audi\u00e8ncia - Vernissatge\",\"description\":\"La Villarroel\",\"copyright\":\"\",\"order\":9},{\"localizer\":\"V2CARTELL\",\"url\":\"media\/ver\/cartell\/3144E\/01_079_00045018\/cartellaudienciavernissatgelavillarroelteatrebarcelona.jpg\",\"thumb_url\":\"media\/ver\/cartell\/3144E\/01_079_00045018\/cartellaudienciavernissatgelavillarroelteatrebarcelona_thumb.jpg\",\"title\":\"Audi\u00e8ncia - Vernissatge\",\"description\":\"La Villarroel\",\"copyright\":\"\",\"order\":11},{\"localizer\":\"V3SLIDE\",\"url\":\"media\/ftgalslide\/v3\/3144E\/01_086_00045136\/audienciavernissatgelavillarroelteatrebarcelona.jpg\",\"thumb_url\":\"media\/ftgalslide\/v3\/3144E\/01_086_00045136\/audienciavernissatgelavillarroelteatrebarcelona_thumb.jpg\",\"title\":\"Audi\u00e8ncia - Vernissatge\",\"description\":\"La Villarroel\",\"copyright\":\"\",\"order\":12},{\"localizer\":\"V3SLIDE\",\"url\":\"media\/ftgalslide\/v3\/3144E\/01_086_00045137\/audienciavernissatgelavillarroelteatrebarcelona2.jpg\",\"thumb_url\":\"media\/ftgalslide\/v3\/3144E\/01_086_00045137\/audienciavernissatgelavillarroelteatrebarcelona2_thumb.jpg\",\"title\":\"Audi\u00e8ncia - Vernissatge\",\"description\":\"La Villarroel\",\"copyright\":\"\",\"order\":13},{\"localizer\":\"V3SLIDE\",\"url\":\"media\/ftgalslide\/v3\/3144E\/01_086_00045138\/audienciavernissatgelavillarroelteatrebarcelona3.jpg\",\"thumb_url\":\"media\/ftgalslide\/v3\/3144E\/01_086_00045138\/audienciavernissatgelavillarroelteatrebarcelona3_thumb.jpg\",\"title\":\"Audi\u00e8ncia - Vernissatge\",\"description\":\"La Villarroel\",\"copyright\":\"\",\"order\":14},{\"localizer\":\"V3SLIDE\",\"url\":\"media\/ftgalslide\/v3\/3144E\/01_086_00045139\/audienciavernissatgelavillarroelteatrebarcelona4.jpg\",\"thumb_url\":\"media\/ftgalslide\/v3\/3144E\/01_086_00045139\/audienciavernissatgelavillarroelteatrebarcelona4_thumb.jpg\",\"title\":\"Audi\u00e8ncia - Vernissatge\",\"description\":\"La Villarroel\",\"copyright\":\"\",\"order\":15},{\"localizer\":\"V3SLIDE\",\"url\":\"media\/ftgalslide\/v3\/3144E\/01_086_00045140\/audienciavernissatgelavillarroelteatrebarcelona5.jpg\",\"thumb_url\":\"media\/ftgalslide\/v3\/3144E\/01_086_00045140\/audienciavernissatgelavillarroelteatrebarcelona5_thumb.jpg\",\"title\":\"Audi\u00e8ncia - Vernissatge\",\"description\":\"La Villarroel\",\"copyright\":\"\",\"order\":16},{\"localizer\":\"V3SLIDE\",\"url\":\"media\/ftgalslide\/v3\/3144E\/01_086_00045141\/audienciavernissatgelavillarroelteatrebarcelona6.jpg\",\"thumb_url\":\"media\/ftgalslide\/v3\/3144E\/01_086_00045141\/audienciavernissatgelavillarroelteatrebarcelona6_thumb.jpg\",\"title\":\"Audi\u00e8ncia - Vernissatge\",\"description\":\"La Villarroel\",\"copyright\":\"\",\"order\":17},{\"localizer\":\"V3SLIDE\",\"url\":\"media\/ftgalslide\/v3\/3144E\/01_086_00045142\/audienciavernissatgelavillarroelteatrebarcelona7.jpg\",\"thumb_url\":\"media\/ftgalslide\/v3\/3144E\/01_086_00045142\/audienciavernissatgelavillarroelteatrebarcelona7_thumb.jpg\",\"title\":\"Audi\u00e8ncia - Vernissatge\",\"description\":\"La Villarroel\",\"copyright\":\"\",\"order\":18},{\"localizer\":\"V3SLIDE\",\"url\":\"media\/ftgalslide\/v3\/3144E\/01_086_00045143\/audienciavernissatgelavillarroelteatrebarcelona8.jpg\",\"thumb_url\":\"media\/ftgalslide\/v3\/3144E\/01_086_00045143\/audienciavernissatgelavillarroelteatrebarcelona8_thumb.jpg\",\"title\":\"Audi\u00e8ncia - Vernissatge\",\"description\":\"La Villarroel\",\"copyright\":\"\",\"order\":19},{\"localizer\":\"V3SLIDE\",\"url\":\"media\/ftgalslide\/v3\/3144E\/01_086_00045144\/audienciavernissatgelavillarroelteatrebarcelona9.jpg\",\"thumb_url\":\"media\/ftgalslide\/v3\/3144E\/01_086_00045144\/audienciavernissatgelavillarroelteatrebarcelona9_thumb.jpg\",\"title\":\"Audi\u00e8ncia - Vernissatge\",\"description\":\"La Villarroel\",\"copyright\":\"\",\"order\":20},{\"localizer\":\"V3SLIDE\",\"url\":\"media\/ftgalslide\/v3\/3144E\/01_086_00045146\/audienciavernissatgelavillarroelteatrebarcelona11.jpg\",\"thumb_url\":\"media\/ftgalslide\/v3\/3144E\/01_086_00045146\/audienciavernissatgelavillarroelteatrebarcelona11_thumb.jpg\",\"title\":\"Audi\u00e8ncia - Vernissatge\",\"description\":\"La Villarroel\",\"copyright\":\"\",\"order\":22},{\"localizer\":\"V3SLIDE\",\"url\":\"media\/ftgalslide\/v3\/3144E\/01_086_00045147\/audienciavernissatgelavillarroelteatrebarcelona12.jpg\",\"thumb_url\":\"media\/ftgalslide\/v3\/3144E\/01_086_00045147\/audienciavernissatgelavillarroelteatrebarcelona12_thumb.jpg\",\"title\":\"Audi\u00e8ncia - Vernissatge\",\"description\":\"La Villarroel\",\"copyright\":\"\",\"order\":23},{\"localizer\":\"V3SLIDE\",\"url\":\"media\/ftgalslide\/v3\/3144E\/01_086_00045148\/audienciavernissatgelavillarroelteatrebarcelona13.jpg\",\"thumb_url\":\"media\/ftgalslide\/v3\/3144E\/01_086_00045148\/audienciavernissatgelavillarroelteatrebarcelona13_thumb.jpg\",\"title\":\"Audi\u00e8ncia - Vernissatge\",\"description\":\"La Villarroel\",\"copyright\":\"\",\"order\":24},{\"localizer\":\"V2SLIDE\",\"url\":\"media\/ftgalslide\/3144E\/01_076_00045150\/audienciavernissatgelavillarroelteatrebarcelona.jpg\",\"thumb_url\":\"media\/ftgalslide\/3144E\/01_076_00045150\/audienciavernissatgelavillarroelteatrebarcelona_thumb.jpg\",\"title\":\"Audi\u00e8ncia - Vernissatge\",\"description\":\"Audi\u00e8ncia - Vernissatge\",\"copyright\":\"\",\"order\":25},{\"localizer\":\"V2SLIDE\",\"url\":\"media\/ftgalslide\/3144E\/01_076_00045151\/audienciavernissatgelavillarroelteatrebarcelona2.jpg\",\"thumb_url\":\"media\/ftgalslide\/3144E\/01_076_00045151\/audienciavernissatgelavillarroelteatrebarcelona2_thumb.jpg\",\"title\":\"Audi\u00e8ncia - Vernissatge\",\"description\":\"Audi\u00e8ncia - Vernissatge\",\"copyright\":\"\",\"order\":26},{\"localizer\":\"V2SLIDE\",\"url\":\"media\/ftgalslide\/3144E\/01_076_00045152\/audienciavernissatgelavillarroelteatrebarcelona3.jpg\",\"thumb_url\":\"media\/ftgalslide\/3144E\/01_076_00045152\/audienciavernissatgelavillarroelteatrebarcelona3_thumb.jpg\",\"title\":\"Audi\u00e8ncia - Vernissatge\",\"description\":\"Audi\u00e8ncia - Vernissatge\",\"copyright\":\"\",\"order\":27},{\"localizer\":\"V2SLIDE\",\"url\":\"media\/ftgalslide\/3144E\/01_076_00045153\/audienciavernissatgelavillarroelteatrebarcelona4.jpg\",\"thumb_url\":\"media\/ftgalslide\/3144E\/01_076_00045153\/audienciavernissatgelavillarroelteatrebarcelona4_thumb.jpg\",\"title\":\"Audi\u00e8ncia - Vernissatge\",\"description\":\"Audi\u00e8ncia - Vernissatge\",\"copyright\":\"\",\"order\":28},{\"localizer\":\"V2SLIDE\",\"url\":\"media\/ftgalslide\/3144E\/01_076_00045154\/audienciavernissatgelavillarroelteatrebarcelona5.jpg\",\"thumb_url\":\"media\/ftgalslide\/3144E\/01_076_00045154\/audienciavernissatgelavillarroelteatrebarcelona5_thumb.jpg\",\"title\":\"Audi\u00e8ncia - Vernissatge\",\"description\":\"Audi\u00e8ncia - Vernissatge\",\"copyright\":\"\",\"order\":29},{\"localizer\":\"V2SLIDE\",\"url\":\"media\/ftgalslide\/3144E\/01_076_00045155\/audienciavernissatgelavillarroelteatrebarcelona6.jpg\",\"thumb_url\":\"media\/ftgalslide\/3144E\/01_076_00045155\/audienciavernissatgelavillarroelteatrebarcelona6_thumb.jpg\",\"title\":\"Audi\u00e8ncia - Vernissatge\",\"description\":\"Audi\u00e8ncia - Vernissatge\",\"copyright\":\"\",\"order\":30},{\"localizer\":\"V2SLIDE\",\"url\":\"media\/ftgalslide\/3144E\/01_076_00045156\/audienciavernissatgelavillarroelteatrebarcelona7.jpg\",\"thumb_url\":\"media\/ftgalslide\/3144E\/01_076_00045156\/audienciavernissatgelavillarroelteatrebarcelona7_thumb.jpg\",\"title\":\"Audi\u00e8ncia - Vernissatge\",\"description\":\"Audi\u00e8ncia - Vernissatge\",\"copyright\":\"\",\"order\":31},{\"localizer\":\"V2SLIDE\",\"url\":\"media\/ftgalslide\/3144E\/01_076_00045157\/audienciavernissatgelavillarroelteatrebarcelona8.jpg\",\"thumb_url\":\"media\/ftgalslide\/3144E\/01_076_00045157\/audienciavernissatgelavillarroelteatrebarcelona8_thumb.jpg\",\"title\":\"Audi\u00e8ncia - Vernissatge\",\"description\":\"Audi\u00e8ncia - Vernissatge\",\"copyright\":\"\",\"order\":32},{\"localizer\":\"V2SLIDE\",\"url\":\"media\/ftgalslide\/3144E\/01_076_00045158\/audienciavernissatgelavillarroelteatrebarcelona9.jpg\",\"thumb_url\":\"media\/ftgalslide\/3144E\/01_076_00045158\/audienciavernissatgelavillarroelteatrebarcelona9_thumb.jpg\",\"title\":\"Audi\u00e8ncia - Vernissatge\",\"description\":\"Audi\u00e8ncia - Vernissatge\",\"copyright\":\"\",\"order\":33},{\"localizer\":\"V2SLIDE\",\"url\":\"media\/ftgalslide\/3144E\/01_076_00045159\/audienciavernissatgelavillarroelteatrebarcelona10.jpg\",\"thumb_url\":\"media\/ftgalslide\/3144E\/01_076_00045159\/audienciavernissatgelavillarroelteatrebarcelona10_thumb.jpg\",\"title\":\"Audi\u00e8ncia - Vernissatge\",\"description\":\"Audi\u00e8ncia - Vernissatge\",\"copyright\":\"\",\"order\":34},{\"localizer\":\"V2SLIDE\",\"url\":\"media\/ftgalslide\/3144E\/01_076_00045160\/audienciavernissatgelavillarroelteatrebarcelona11.jpg\",\"thumb_url\":\"media\/ftgalslide\/3144E\/01_076_00045160\/audienciavernissatgelavillarroelteatrebarcelona11_thumb.jpg\",\"title\":\"Audi\u00e8ncia - Vernissatge\",\"description\":\"Audi\u00e8ncia - Vernissatge\",\"copyright\":\"\",\"order\":35},{\"localizer\":\"V2SLIDE\",\"url\":\"media\/ftgalslide\/3144E\/01_076_00045161\/audienciavernissatgelavillarroelteatrebarcelona12.jpg\",\"thumb_url\":\"media\/ftgalslide\/3144E\/01_076_00045161\/audienciavernissatgelavillarroelteatrebarcelona12_thumb.jpg\",\"title\":\"Audi\u00e8ncia - Vernissatge\",\"description\":\"Audi\u00e8ncia - Vernissatge\",\"copyright\":\"\",\"order\":36},{\"localizer\":\"V2SLIDE\",\"url\":\"media\/ftgalslide\/3144E\/01_076_00045162\/audienciavernissatgelavillarroelteatrebarcelona13.jpg\",\"thumb_url\":\"media\/ftgalslide\/3144E\/01_076_00045162\/audienciavernissatgelavillarroelteatrebarcelona13_thumb.jpg\",\"title\":\"Audi\u00e8ncia - Vernissatge\",\"description\":\"Audi\u00e8ncia - Vernissatge\",\"copyright\":\"\",\"order\":37},{\"localizer\":\"V2CARTELLDISTRI\",\"url\":\"media\/cartell\/distrib\/3144F\/01_082_00045231\/audienciavernissatgelavillarroelteatrebarcelonafocusdistribucio.jpg\",\"thumb_url\":\"media\/cartell\/distrib\/3144F\/01_082_00045231\/audienciavernissatgelavillarroelteatrebarcelonafocusdistribucio_thumb.jpg\",\"title\":\"Audi\u00e8ncia - Vernissatge\",\"description\":\"Focus Distribuci\u00f3n\",\"copyright\":\"\",\"order\":38},{\"localizer\":\"V3PORTADAWIDE\",\"url\":\"media\/ver\/port\/v3wide\/3144F\/01_088_00045552\/0audienciavernissatgelavillarroelteatrebarcelonaultimesfuncions.jpg\",\"thumb_url\":\"media\/ver\/port\/v3wide\/3144F\/01_088_00045552\/0audienciavernissatgelavillarroelteatrebarcelonaultimesfuncions_thumb.jpg\",\"title\":\"Audi\u00e8ncia - Vernissatge\",\"description\":\"La Villarroel Teatre Barcelona\",\"copyright\":\"\",\"order\":40},{\"localizer\":\"V3PORTADA\",\"url\":\"media\/ver\/port\/v3\/3144F\/01_084_00045553\/1audienciavernissatgelavillarroelteatrebarcelonaultimesfuncions.jpg\",\"thumb_url\":\"media\/ver\/port\/v3\/3144F\/01_084_00045553\/1audienciavernissatgelavillarroelteatrebarcelonaultimesfuncions_thumb.jpg\",\"title\":\"Audi\u00e8ncia - Vernissatge\",\"description\":\"La Villarroel Teatre Barcelona\",\"copyright\":\"\",\"order\":41}]","material__texto_intro":"","data_material":null,"data_gallery":"","data_discounts":"[{\"InfoAddicional\":\".\",\"Url\":\"https:\/\/www.promentrada.com\/ca\/product\/{#CODI#}\",\"Codi\":\"VILL68\",\"LogoUrl\":\"media\/fimage\/31389\/01_005_00038530\/logo_prome_nuevo_v_web.jpg\",\"TitolBoto\":\"Descuentos para grupos y escuelas\",\"Type\":\"discount\"},{\"InfoAddicional\":\".\",\"Url\":\"vip.promentrada.com\/ca\/product\/{#CODI#}\",\"Codi\":\"VILL68\",\"LogoUrl\":\"media\/fimage\/31389\/01_005_00038559\/logo_prome_vip_v_web.jpg\",\"TitolBoto\":\"Descuentos para particulares\",\"Type\":\"discount\"}]","contract_is_open":false,"in_tour":false,"foreign_production":false,"tour_end_date":"00010101000000"},"yoast_head":"<!-- This site is optimized with the Yoast SEO plugin v27.5 - https:\/\/yoast.com\/product\/yoast-seo-wordpress\/ -->\n<title>Audi\u00e8ncia - Vernissatge - Focus<\/title>\n<meta name=\"robots\" content=\"index, follow, max-snippet:-1, max-image-preview:large, max-video-preview:-1\" \/>\n<link rel=\"canonical\" href=\"https:\/\/www.focus.cat\/ex\/audiencia-vernissatge\/\" \/>\n<meta property=\"og:locale\" content=\"ca_ES\" \/>\n<meta property=\"og:type\" content=\"article\" \/>\n<meta property=\"og:title\" content=\"Audi\u00e8ncia - Vernissatge - Focus\" \/>\n<meta property=\"og:url\" content=\"https:\/\/www.focus.cat\/en\/ex\/audiencia-vernissatge\/\" \/>\n<meta property=\"og:site_name\" content=\"Focus\" \/>\n<meta name=\"twitter:card\" content=\"summary_large_image\" \/>\n<script type=\"application\/ld+json\" class=\"yoast-schema-graph\">{\"@context\":\"https:\\\/\\\/schema.org\",\"@graph\":[{\"@type\":\"WebPage\",\"@id\":\"https:\\\/\\\/www.focus.cat\\\/en\\\/ex\\\/audiencia-vernissatge\\\/\",\"url\":\"https:\\\/\\\/www.focus.cat\\\/en\\\/ex\\\/audiencia-vernissatge\\\/\",\"name\":\"Audi\u00e8ncia - Vernissatge - Focus\",\"isPartOf\":{\"@id\":\"https:\\\/\\\/www.focus.cat\\\/#website\"},\"datePublished\":\"2022-11-29T13:58:03+00:00\",\"breadcrumb\":{\"@id\":\"https:\\\/\\\/www.focus.cat\\\/en\\\/ex\\\/audiencia-vernissatge\\\/#breadcrumb\"},\"inLanguage\":\"ca\",\"potentialAction\":[{\"@type\":\"ReadAction\",\"target\":[\"https:\\\/\\\/www.focus.cat\\\/en\\\/ex\\\/audiencia-vernissatge\\\/\"]}]},{\"@type\":\"BreadcrumbList\",\"@id\":\"https:\\\/\\\/www.focus.cat\\\/en\\\/ex\\\/audiencia-vernissatge\\\/#breadcrumb\",\"itemListElement\":[{\"@type\":\"ListItem\",\"position\":1,\"name\":\"Espectacles\",\"item\":\"https:\\\/\\\/www.focus.cat\\\/ex\\\/\"},{\"@type\":\"ListItem\",\"position\":2,\"name\":\"Audi\u00e8ncia &#8211; Vernissatge\"}]},{\"@type\":\"WebSite\",\"@id\":\"https:\\\/\\\/www.focus.cat\\\/#website\",\"url\":\"https:\\\/\\\/www.focus.cat\\\/\",\"name\":\"Focus\",\"description\":\"\",\"publisher\":{\"@id\":\"https:\\\/\\\/www.focus.cat\\\/#organization\"},\"potentialAction\":[{\"@type\":\"SearchAction\",\"target\":{\"@type\":\"EntryPoint\",\"urlTemplate\":\"https:\\\/\\\/www.focus.cat\\\/?s={search_term_string}\"},\"query-input\":{\"@type\":\"PropertyValueSpecification\",\"valueRequired\":true,\"valueName\":\"search_term_string\"}}],\"inLanguage\":\"ca\"},{\"@type\":\"Organization\",\"@id\":\"https:\\\/\\\/www.focus.cat\\\/#organization\",\"name\":\"Focus\",\"url\":\"https:\\\/\\\/www.focus.cat\\\/\",\"logo\":{\"@type\":\"ImageObject\",\"inLanguage\":\"ca\",\"@id\":\"https:\\\/\\\/www.focus.cat\\\/#\\\/schema\\\/logo\\\/image\\\/\",\"url\":\"https:\\\/\\\/www.focus.cat\\\/wp-content\\\/uploads\\\/2022\\\/01\\\/logo-focus-any-35.svg\",\"contentUrl\":\"https:\\\/\\\/www.focus.cat\\\/wp-content\\\/uploads\\\/2022\\\/01\\\/logo-focus-any-35.svg\",\"width\":1,\"height\":1,\"caption\":\"Focus\"},\"image\":{\"@id\":\"https:\\\/\\\/www.focus.cat\\\/#\\\/schema\\\/logo\\\/image\\\/\"}}]}<\/script>\n<!-- \/ Yoast SEO plugin. -->","yoast_head_json":{"title":"Audi\u00e8ncia - Vernissatge - Focus","robots":{"index":"index","follow":"follow","max-snippet":"max-snippet:-1","max-image-preview":"max-image-preview:large","max-video-preview":"max-video-preview:-1"},"canonical":"https:\/\/www.focus.cat\/ex\/audiencia-vernissatge\/","og_locale":"ca_ES","og_type":"article","og_title":"Audi\u00e8ncia - Vernissatge - Focus","og_url":"https:\/\/www.focus.cat\/en\/ex\/audiencia-vernissatge\/","og_site_name":"Focus","twitter_card":"summary_large_image","schema":{"@context":"https:\/\/schema.org","@graph":[{"@type":"WebPage","@id":"https:\/\/www.focus.cat\/en\/ex\/audiencia-vernissatge\/","url":"https:\/\/www.focus.cat\/en\/ex\/audiencia-vernissatge\/","name":"Audi\u00e8ncia - Vernissatge - Focus","isPartOf":{"@id":"https:\/\/www.focus.cat\/#website"},"datePublished":"2022-11-29T13:58:03+00:00","breadcrumb":{"@id":"https:\/\/www.focus.cat\/en\/ex\/audiencia-vernissatge\/#breadcrumb"},"inLanguage":"ca","potentialAction":[{"@type":"ReadAction","target":["https:\/\/www.focus.cat\/en\/ex\/audiencia-vernissatge\/"]}]},{"@type":"BreadcrumbList","@id":"https:\/\/www.focus.cat\/en\/ex\/audiencia-vernissatge\/#breadcrumb","itemListElement":[{"@type":"ListItem","position":1,"name":"Espectacles","item":"https:\/\/www.focus.cat\/ex\/"},{"@type":"ListItem","position":2,"name":"Audi\u00e8ncia &#8211; Vernissatge"}]},{"@type":"WebSite","@id":"https:\/\/www.focus.cat\/#website","url":"https:\/\/www.focus.cat\/","name":"Focus","description":"","publisher":{"@id":"https:\/\/www.focus.cat\/#organization"},"potentialAction":[{"@type":"SearchAction","target":{"@type":"EntryPoint","urlTemplate":"https:\/\/www.focus.cat\/?s={search_term_string}"},"query-input":{"@type":"PropertyValueSpecification","valueRequired":true,"valueName":"search_term_string"}}],"inLanguage":"ca"},{"@type":"Organization","@id":"https:\/\/www.focus.cat\/#organization","name":"Focus","url":"https:\/\/www.focus.cat\/","logo":{"@type":"ImageObject","inLanguage":"ca","@id":"https:\/\/www.focus.cat\/#\/schema\/logo\/image\/","url":"https:\/\/www.focus.cat\/wp-content\/uploads\/2022\/01\/logo-focus-any-35.svg","contentUrl":"https:\/\/www.focus.cat\/wp-content\/uploads\/2022\/01\/logo-focus-any-35.svg","width":1,"height":1,"caption":"Focus"},"image":{"@id":"https:\/\/www.focus.cat\/#\/schema\/logo\/image\/"}}]}},"translations":[{"id":10627,"locale":"ca"},{"id":10628,"locale":"es"},{"id":10629,"locale":"en"}],"_links":{"self":[{"href":"https:\/\/www.focus.cat\/wp-json\/wp\/v2\/ex\/10629","targetHints":{"allow":["GET"]}}],"collection":[{"href":"https:\/\/www.focus.cat\/wp-json\/wp\/v2\/ex"}],"about":[{"href":"https:\/\/www.focus.cat\/wp-json\/wp\/v2\/types\/ex"}],"author":[{"embeddable":true,"href":"https:\/\/www.focus.cat\/wp-json\/wp\/v2\/users\/5"}],"replies":[{"embeddable":true,"href":"https:\/\/www.focus.cat\/wp-json\/wp\/v2\/comments?post=10629"}],"wp:attachment":[{"href":"https:\/\/www.focus.cat\/wp-json\/wp\/v2\/media?parent=10629"}],"wp:term":[{"taxonomy":"location","embeddable":true,"href":"https:\/\/www.focus.cat\/wp-json\/wp\/v2\/location?post=10629"}],"curies":[{"name":"wp","href":"https:\/\/api.w.org\/{rel}","templated":true}]}}