{"id":10711,"date":"2022-12-02T12:19:04","date_gmt":"2022-12-02T12:19:04","guid":{"rendered":"https:\/\/www.focus.cat\/ex\/e-v-a-2\/"},"modified":"2022-12-02T12:22:19","modified_gmt":"2022-12-02T12:22:19","slug":"e-v-a-2","status":"publish","type":"ex","link":"https:\/\/www.focus.cat\/en\/ex\/e-v-a-2\/","title":{"rendered":"E.V.A."},"content":{"rendered":"","protected":false},"excerpt":{"rendered":"","protected":false},"author":5,"featured_media":0,"comment_status":"closed","ping_status":"closed","template":"","location":[],"class_list":["post-10711","ex","type-ex","status-publish","hentry"],"acf":{"txt_synopsis":"<p>T de Teatre celebra els 25 anys dalt dels escenaris amb una aventura molt especial: <strong>E.V.A.<\/strong>. Despr\u00e9s d\u2019abordar temes com la maternitat, el sexe, les crisis generacionals i la pr\u00e0ctica esc\u00e8nica, el dolor ser\u00e0 el protagonista d\u2019aquesta obra. <br \/><br \/><em>E.V.A.<\/em> \u00e9s l'Escala Visual Anal\u00f2gica del Dolor i tamb\u00e9 \u00e9s una com\u00e8dia dram\u00e0tica on quatre hist\u00f2ries creuades de quatre ex-companyes d\u2019escola ens faran reflexionar sobre el dolor, la seva po\u00e8tica i les seves formes. El dolor f\u00edsic, el cr\u00f2nic, el som\u00e0tic, el neurop\u00e0tic, el&nbsp; dolor vital, el moral, el quotidi\u00e0, el de l'\u00e0nima...<br \/><br \/><\/p>","main_buy_link":"","main_buy_links":"","show_language":"Espectacle en catal\u00e0","show_duration":"110","txt_genre":"COM\u00c8DIA","show_start_date":"20180906000000","show_end_date":"20181014000000","show_sort_date":"20180906000000","txt_custom_show_dates":"del 6 de septiembre al 14 de octubre de 2018 ","txt_additional_info":"<p><i class=\"fa fa-deaf fa-2x fa-fw\"><\/i><i class=\"fa fa-audio-description fa-2x\"><\/i>Sessions accessibles per a persones amb discapacitat visual i auditiva<\/p>\r\n<p><strong>Dissabte,&nbsp;6 d'octubre, 18.00 h<br \/>Diumenge,&nbsp;7 d'octubre, 18.30 h<br \/><\/strong><br \/>M\u00e9s informaci\u00f3<br \/><a href=\"http:\/\/www.teatroaccesible.com\/ca\/season\/filter?city=2&theater=19\"><strong>www.teatroaccesible.com<\/strong><\/a><br \/><br \/>S'aconsella als usuaris del subtitulat que comprin les seves localitats a platea a partir de la fila 10<\/p>","txt_present":"","txt_season":"[\"2018\/19\"]","txt_cycle":"","txt_claim":"","txt_cast_excerpt":"","txt_cast":"Text: <strong>Marc Artigau, Cristina Genebat<\/strong> i <strong>Julio Manrique<\/strong><br \/>Direcci\u00f3:<strong> Julio Manrique<\/strong><br \/>Int\u00e8rprets: <strong>Rosa G\u00e0miz, Carolina Morro, Marta P\u00e9rez, Carme Pla, Albert Ribalta, Jordi Rico&nbsp;<\/strong>i <strong>\u00c0gata Roca<\/strong>&nbsp; <br \/>Escenografia: <strong>Alejandro And\u00fajar<\/strong> <br \/>Vestuari: <strong>Maria Armengol<\/strong><br \/>Il\u00b7luminaci\u00f3:<strong> Jaume Ventura<\/strong><br \/>M\u00fasica original: <strong>Marco Mezquida<\/strong><br \/>So: <strong>Damien Bazin<\/strong><br \/>V\u00eddeo: <strong>Francesc Isern<\/strong><br \/>Ajudant de direcci\u00f3: <strong>Marc Artigau<br \/><\/strong>Producci\u00f3 executiva i ger\u00e8ncia:<strong> Daniel L\u00f3pez-Or\u00f3s<\/strong><br \/>Coproducci\u00f3 <strong>T de Teatre, Grec 2017 Festival de Barcelona<\/strong> i <strong>Teatre Romea<\/strong>, amb el suport de l\u2019<strong>ICEC de la Generalitat de Catalunya<br \/><\/strong>","txt_reviews":"Marcos Ord\u00f3\u00f1ez|El Pa\u00eds|\"Una espl\u00e9ndida comedia dram\u00e1tica entre Robert Lepage y Neil Simon.\"  \r\nImma Mu\u00f1oz|El Peri\u00f3dico de Catalunya|\"No hace falta ser cr\u00edtico teatral para saber que hablamos de T de Teatre, un valor seguro de la escena catalana.\"\r\nJos\u00e9-Miguel Vila|Diario Cr\u00edtico|\"E.V.A es, pues, una comedia -y muy divertida por cierto- pero tambi\u00e9n un magn\u00edfico juego de relaciones personales que invita a pensar acerca del paso del tiempo y de la incidencia del azar en nuestras vidas.\"\r\nDavid Garcia Vazquez|Teatro Madrid|\"Otro exitazo m\u00e1s de T de Teatre, que sigue apostando por propuestas s\u00f3lidas y por el teatro de calidad, as\u00ed con may\u00fasculas.\" \r\nMois\u00e9s C. Alabau|EnPlatea|\"Todo es emoci\u00f3n en este montaje, emoci\u00f3n que pasa por distintos estados, emoci\u00f3n que pasa de la risa a la l\u00e1grima. No se la pierdan.\"\r\n","hashtag":"EVAtdeteatre","have_promo":"","slogan":"","id_exhibicio":1525,"id_versio":1139,"id_local":1,"txt_seo_desc":"T de Teatre celebra els 25 anys dalt dels escenaris amb una aventura molt especial: 'E.V.A.', la com\u00e8dia sobre el dolor dirigida per Julio Manrique.","data_images":"[{\"localizer\":\"V3SLIDE\",\"url\":\"media\/ftgalslide\/v3\/3144B\/01_086_00044107\/evatdeteatreromea1.jpg\",\"thumb_url\":\"media\/ftgalslide\/v3\/3144B\/01_086_00044107\/evatdeteatreromea1_thumb.jpg\",\"title\":\"E.V.A.\",\"description\":\"Teatre Romea\",\"copyright\":\"https:\/\/youtu.be\/oaJ8IQeGu5A\",\"order\":1},{\"localizer\":\"V2CARTELL\",\"url\":\"media\/ver\/cartell\/313E7\/01_079_00040314\/Banner_Eva_Romea_022.jpg\",\"thumb_url\":\"media\/ver\/cartell\/313E7\/01_079_00040314\/Banner_Eva_Romea_022_thumb.jpg\",\"title\":\"E.V.A.\",\"description\":\"Teatre Romea\",\"copyright\":\"\",\"order\":10},{\"localizer\":\"V2PORTADA\",\"url\":\"media\/ver\/port\/313EC\/01_078_00041841\/Prorroga_581x327.png\",\"thumb_url\":\"media\/ver\/port\/313EC\/01_078_00041841\/Prorroga_581x327_thumb.jpg\",\"title\":\"EVA\",\"description\":\"eva\",\"copyright\":\"\",\"order\":14},{\"localizer\":\"V2PORTADA\",\"url\":\"media\/ver\/port\/313EB\/01_078_00041814\/H_WEB_EVA_bo.jpg\",\"thumb_url\":\"media\/ver\/port\/313EB\/01_078_00041814\/H_WEB_EVA_bo_thumb.jpg\",\"title\":\"EVA\",\"description\":\"EVA\",\"copyright\":\"\",\"order\":15},{\"localizer\":\"V2PORTADA\",\"url\":\"media\/ver\/port\/313E8\/01_078_00040682\/Banner_Eva_Romeaok.jpg\",\"thumb_url\":\"media\/ver\/port\/313E8\/01_078_00040682\/Banner_Eva_Romeaok_thumb.jpg\",\"title\":\"E.V.A.\",\"description\":\"E.V.A.\",\"copyright\":\"\",\"order\":16},{\"localizer\":\"VERS_IMATGE_ESPECTACLE\",\"url\":\"media\/ftespect\/313EA\/01_020_00041331\/evapromodavidruano2web1.jpg\",\"thumb_url\":\"media\/ftespect\/313EA\/01_020_00041331\/evapromodavidruano2web1_thumb.jpg\",\"title\":\"E.V.A.\",\"description\":\"E.V.A.\",\"copyright\":\"\",\"order\":22},{\"localizer\":\"VERS_IMATGE_ESPECTACLE\",\"url\":\"media\/ftespect\/313EA\/01_020_00041332\/evapromodavidruano1web.jpg\",\"thumb_url\":\"media\/ftespect\/313EA\/01_020_00041332\/evapromodavidruano1web_thumb.jpg\",\"title\":\"E.V.A.\",\"description\":\"E.V.A.\",\"copyright\":\"\",\"order\":23},{\"localizer\":\"VERS_IMATGE_ESPECTACLE\",\"url\":\"media\/ftespect\/313EA\/01_020_00041333\/evapromodavidruano4web.jpg\",\"thumb_url\":\"media\/ftespect\/313EA\/01_020_00041333\/evapromodavidruano4web_thumb.jpg\",\"title\":\"E.V.A.\",\"description\":\"E.V.A.\",\"copyright\":\"\",\"order\":24},{\"localizer\":\"VERS_IMATGE_ESPECTACLE\",\"url\":\"media\/ftespect\/313EA\/01_020_00041334\/evapromodavidruano3web.jpg\",\"thumb_url\":\"media\/ftespect\/313EA\/01_020_00041334\/evapromodavidruano3web_thumb.jpg\",\"title\":\"E.V.A.\",\"description\":\"E.V.A.\",\"copyright\":\"\",\"order\":25},{\"localizer\":\"VERS_IMATGE_ESPECTACLE\",\"url\":\"media\/ftespect\/313EA\/01_020_00041335\/evapromodavidruano5web.jpg\",\"thumb_url\":\"media\/ftespect\/313EA\/01_020_00041335\/evapromodavidruano5web_thumb.jpg\",\"title\":\"E.V.A.\",\"description\":\"E.V.A.\",\"copyright\":\"\",\"order\":26},{\"localizer\":\"VERS_IMATGE_ESPECTACLE\",\"url\":\"media\/ftespect\/313EA\/01_020_00041336\/evapromoretratmanriquedavidruano1.jpg\",\"thumb_url\":\"media\/ftespect\/313EA\/01_020_00041336\/evapromoretratmanriquedavidruano1_thumb.jpg\",\"title\":\"Julio Manrique\",\"description\":\"Julio Manrique\",\"copyright\":\"\",\"order\":27},{\"localizer\":\"VERS_IMATGE_ESPECTACLE\",\"url\":\"media\/ftespect\/313EA\/01_020_00041337\/evapromoretratgenebatdavidruano1.jpg\",\"thumb_url\":\"media\/ftespect\/313EA\/01_020_00041337\/evapromoretratgenebatdavidruano1_thumb.jpg\",\"title\":\"Cristina Genebat\",\"description\":\"Cristina Genebat\",\"copyright\":\"\",\"order\":28},{\"localizer\":\"VERS_IMATGE_ESPECTACLE\",\"url\":\"media\/ftespect\/313EA\/01_020_00041338\/evapromoretratartigaudavidruano1.jpg\",\"thumb_url\":\"media\/ftespect\/313EA\/01_020_00041338\/evapromoretratartigaudavidruano1_thumb.jpg\",\"title\":\"Marc Artigau\",\"description\":\"Marc Artigau\",\"copyright\":\"\",\"order\":29},{\"localizer\":\"VERS_IMATGE_ESPECTACLE\",\"url\":\"media\/ftespect\/313EA\/01_020_00041339\/i_eva_080.jpg\",\"thumb_url\":\"media\/ftespect\/313EA\/01_020_00041339\/i_eva_080_thumb.jpg\",\"title\":\"Carme Pla\",\"description\":\"Carme Pla\",\"copyright\":\"\",\"order\":30},{\"localizer\":\"VERS_IMATGE_ESPECTACLE\",\"url\":\"media\/ftespect\/313EA\/01_020_00041340\/i_rosa_044_v2.jpg\",\"thumb_url\":\"media\/ftespect\/313EA\/01_020_00041340\/i_rosa_044_v2_thumb.jpg\",\"title\":\"Rosa G\u00e0miz\",\"description\":\"Rosa G\u00e0miz\",\"copyright\":\"\",\"order\":31},{\"localizer\":\"VERS_IMATGE_ESPECTACLE\",\"url\":\"media\/ftespect\/313EA\/01_020_00041341\/i_eva_101.jpg\",\"thumb_url\":\"media\/ftespect\/313EA\/01_020_00041341\/i_eva_101_thumb.jpg\",\"title\":\"Marta P\u00e9rez\",\"description\":\"Marta P\u00e9rez\",\"copyright\":\"\",\"order\":32},{\"localizer\":\"VERS_IMATGE_ESPECTACLE\",\"url\":\"media\/ftespect\/313EA\/01_020_00041342\/i_eva_036.jpg\",\"thumb_url\":\"media\/ftespect\/313EA\/01_020_00041342\/i_eva_036_thumb.jpg\",\"title\":\"\u00c0gata Roca\",\"description\":\"\u00c0gata Roca\",\"copyright\":\"\",\"order\":33},{\"localizer\":\"VERS_IMATGE_ESPECTACLE\",\"url\":\"media\/ftespect\/313EA\/01_020_00041343\/evapromoretratcarolinadavidruano1.jpg\",\"thumb_url\":\"media\/ftespect\/313EA\/01_020_00041343\/evapromoretratcarolinadavidruano1_thumb.jpg\",\"title\":\"Carolina Morro\",\"description\":\"Carolina Morro\",\"copyright\":\"\",\"order\":34},{\"localizer\":\"VERS_IMATGE_ESPECTACLE\",\"url\":\"media\/ftespect\/313EA\/01_020_00041344\/evapromoretratricodavidruano1.jpg\",\"thumb_url\":\"media\/ftespect\/313EA\/01_020_00041344\/evapromoretratricodavidruano1_thumb.jpg\",\"title\":\"Jordi Rico\",\"description\":\"Jordi Rico\",\"copyright\":\"\",\"order\":35},{\"localizer\":\"VERS_IMATGE_ESPECTACLE\",\"url\":\"media\/ftespect\/313EA\/01_020_00041345\/evapromoretratribaltadavidruano1.jpg\",\"thumb_url\":\"media\/ftespect\/313EA\/01_020_00041345\/evapromoretratribaltadavidruano1_thumb.jpg\",\"title\":\"Albert Ribalta\",\"description\":\"Albert Ribalta\",\"copyright\":\"\",\"order\":36},{\"localizer\":\"V2SLIDE\",\"url\":\"media\/ftgalslide\/313EB\/01_076_00041506\/EVAEscenaDavidRuano1.jpg\",\"thumb_url\":\"media\/ftgalslide\/313EB\/01_076_00041506\/EVAEscenaDavidRuano1_thumb.jpg\",\"title\":\"E.V.A.\",\"description\":\"T de Teatre - Teatre Romea - Grec 2017 Festival de Barcelona\",\"copyright\":\"\",\"order\":37},{\"localizer\":\"V2SLIDE\",\"url\":\"media\/ftgalslide\/313EB\/01_076_00041507\/EVAEscenaDavidRuano2.jpg\",\"thumb_url\":\"media\/ftgalslide\/313EB\/01_076_00041507\/EVAEscenaDavidRuano2_thumb.jpg\",\"title\":\"E.V.A.\",\"description\":\"T de Teatre - Teatre Romea - Grec 2017 Festival de Barcelona\",\"copyright\":\"\",\"order\":38},{\"localizer\":\"V2SLIDE\",\"url\":\"media\/ftgalslide\/313EB\/01_076_00041508\/EVAEscenaDavidRuano4.jpg\",\"thumb_url\":\"media\/ftgalslide\/313EB\/01_076_00041508\/EVAEscenaDavidRuano4_thumb.jpg\",\"title\":\"E.V.A.\",\"description\":\"T de Teatre - Teatre Romea - Grec 2017 Festival de Barcelona\",\"copyright\":\"\",\"order\":39},{\"localizer\":\"V2SLIDE\",\"url\":\"media\/ftgalslide\/313EB\/01_076_00041509\/t_eva_2_015_e.jpg\",\"thumb_url\":\"media\/ftgalslide\/313EB\/01_076_00041509\/t_eva_2_015_e_thumb.jpg\",\"title\":\"E.V.A.\",\"description\":\"T de Teatre - Teatre Romea - Grec 2017 Festival de Barcelona\",\"copyright\":\"\",\"order\":40},{\"localizer\":\"V2SLIDE\",\"url\":\"media\/ftgalslide\/313EB\/01_076_00041510\/t_eva_2_026_e.jpg\",\"thumb_url\":\"media\/ftgalslide\/313EB\/01_076_00041510\/t_eva_2_026_e_thumb.jpg\",\"title\":\"E.V.A.\",\"description\":\"T de Teatre - Teatre Romea - Grec 2017 Festival de Barcelona\",\"copyright\":\"\",\"order\":41},{\"localizer\":\"V2SLIDE\",\"url\":\"media\/ftgalslide\/313EB\/01_076_00041511\/t_eva_2_039_e.jpg\",\"thumb_url\":\"media\/ftgalslide\/313EB\/01_076_00041511\/t_eva_2_039_e_thumb.jpg\",\"title\":\"E.V.A.\",\"description\":\"T de Teatre - Teatre Romea - Grec 2017 Festival de Barcelona\",\"copyright\":\"\",\"order\":42},{\"localizer\":\"V2SLIDE\",\"url\":\"media\/ftgalslide\/313EB\/01_076_00041512\/t_eva_2_045_e.jpg\",\"thumb_url\":\"media\/ftgalslide\/313EB\/01_076_00041512\/t_eva_2_045_e_thumb.jpg\",\"title\":\"E.V.A.\",\"description\":\"T de Teatre - Teatre Romea - Grec 2017 Festival de Barcelona\",\"copyright\":\"\",\"order\":43},{\"localizer\":\"V2SLIDE\",\"url\":\"media\/ftgalslide\/313EB\/01_076_00041513\/t_eva_2_088_e.jpg\",\"thumb_url\":\"media\/ftgalslide\/313EB\/01_076_00041513\/t_eva_2_088_e_thumb.jpg\",\"title\":\"E.V.A.\",\"description\":\"T de Teatre - Teatre Romea - Grec 2017 Festival de Barcelona\",\"copyright\":\"\",\"order\":44},{\"localizer\":\"V2SLIDE\",\"url\":\"media\/ftgalslide\/313EB\/01_076_00041514\/t_eva_2_051_e.jpg\",\"thumb_url\":\"media\/ftgalslide\/313EB\/01_076_00041514\/t_eva_2_051_e_thumb.jpg\",\"title\":\"E.V.A.\",\"description\":\"T de Teatre - Teatre Romea - Grec 2017 Festival de Barcelona\",\"copyright\":\"\",\"order\":45},{\"localizer\":\"VERS_IMATGE_ESPECTACLE\",\"url\":\"media\/ftespect\/313EB\/01_020_00041515\/EVA.jpg\",\"thumb_url\":\"media\/ftespect\/313EB\/01_020_00041515\/EVA_thumb.jpg\",\"title\":\"E.V.A.\",\"description\":\"E.V.A.\",\"copyright\":\"\",\"order\":46},{\"localizer\":\"VERS_IMATGE_ESPECTACLE\",\"url\":\"media\/ftespect\/313EB\/01_020_00041516\/EVA7.jpg\",\"thumb_url\":\"media\/ftespect\/313EB\/01_020_00041516\/EVA7_thumb.jpg\",\"title\":\"E.V.A.\",\"description\":\"E.V.A.\",\"copyright\":\"\",\"order\":47},{\"localizer\":\"VERS_IMATGE_ESPECTACLE\",\"url\":\"media\/ftespect\/313EB\/01_020_00041517\/EVA9.jpg\",\"thumb_url\":\"media\/ftespect\/313EB\/01_020_00041517\/EVA9_thumb.jpg\",\"title\":\"E.V.A.\",\"description\":\"E.V.A.\",\"copyright\":\"\",\"order\":48},{\"localizer\":\"VERS_IMATGE_ESPECTACLE\",\"url\":\"media\/ftespect\/313EB\/01_020_00041518\/EV8.jpg\",\"thumb_url\":\"media\/ftespect\/313EB\/01_020_00041518\/EV8_thumb.jpg\",\"title\":\"E.V.A.\",\"description\":\"E.V.A.\",\"copyright\":\"\",\"order\":49},{\"localizer\":\"VERS_IMATGE_ESPECTACLE\",\"url\":\"media\/ftespect\/313EB\/01_020_00041519\/HDR_sin_titulo30.jpg\",\"thumb_url\":\"media\/ftespect\/313EB\/01_020_00041519\/HDR_sin_titulo30_thumb.jpg\",\"title\":\"E.V.A.\",\"description\":\"E.V.A.\",\"copyright\":\"\",\"order\":50},{\"localizer\":\"VERS_IMATGE_ESPECTACLE\",\"url\":\"media\/ftespect\/313EB\/01_020_00041520\/t_eva_2_015_e.jpg\",\"thumb_url\":\"media\/ftespect\/313EB\/01_020_00041520\/t_eva_2_015_e_thumb.jpg\",\"title\":\"E.V.A.\",\"description\":\"E.V.A.\",\"copyright\":\"\",\"order\":51},{\"localizer\":\"VERS_IMATGE_ESPECTACLE\",\"url\":\"media\/ftespect\/313EB\/01_020_00041521\/t_eva_2_026_e.jpg\",\"thumb_url\":\"media\/ftespect\/313EB\/01_020_00041521\/t_eva_2_026_e_thumb.jpg\",\"title\":\"E.V.A.\",\"description\":\"E.V.A.\",\"copyright\":\"\",\"order\":52},{\"localizer\":\"VERS_IMATGE_ESPECTACLE\",\"url\":\"media\/ftespect\/313EB\/01_020_00041522\/t_eva_2_039_e.jpg\",\"thumb_url\":\"media\/ftespect\/313EB\/01_020_00041522\/t_eva_2_039_e_thumb.jpg\",\"title\":\"E.V.A.\",\"description\":\"E.V.A.\",\"copyright\":\"\",\"order\":53},{\"localizer\":\"VERS_IMATGE_ESPECTACLE\",\"url\":\"media\/ftespect\/313EB\/01_020_00041523\/t_eva_2_045_e.jpg\",\"thumb_url\":\"media\/ftespect\/313EB\/01_020_00041523\/t_eva_2_045_e_thumb.jpg\",\"title\":\"E.V.A.\",\"description\":\"E.V.A.\",\"copyright\":\"\",\"order\":54},{\"localizer\":\"VERS_IMATGE_ESPECTACLE\",\"url\":\"media\/ftespect\/313EB\/01_020_00041524\/t_eva_2_051_e.jpg\",\"thumb_url\":\"media\/ftespect\/313EB\/01_020_00041524\/t_eva_2_051_e_thumb.jpg\",\"title\":\"E.V.A.\",\"description\":\"E.V.A.\",\"copyright\":\"\",\"order\":55},{\"localizer\":\"VERS_IMATGE_ESPECTACLE\",\"url\":\"media\/ftespect\/313EB\/01_020_00041525\/t_eva_2_088_e.jpg\",\"thumb_url\":\"media\/ftespect\/313EB\/01_020_00041525\/t_eva_2_088_e_thumb.jpg\",\"title\":\"E.V.A.\",\"description\":\"E.V.A.\",\"copyright\":\"\",\"order\":56},{\"localizer\":\"V2SLIDE\",\"url\":\"media\/ftgalslide\/313EA\/01_076_00041326\/evapromodavidruano2web1.jpg\",\"thumb_url\":\"media\/ftgalslide\/313EA\/01_076_00041326\/evapromodavidruano2web1_thumb.jpg\",\"title\":\"E.V.A.\",\"description\":\"T de Teatre - Teatre Romea - Grec 2017 Festival de Barcelona\",\"copyright\":\"\",\"order\":101},{\"localizer\":\"V2SLIDE\",\"url\":\"media\/ftgalslide\/313EA\/01_076_00041327\/evapromodavidruano5web.jpg\",\"thumb_url\":\"media\/ftgalslide\/313EA\/01_076_00041327\/evapromodavidruano5web_thumb.jpg\",\"title\":\"E.V.A.\",\"description\":\"T de Teatre - Teatre Romea - Grec 2017 Festival de Barcelona\",\"copyright\":\"\",\"order\":102},{\"localizer\":\"V2SLIDE\",\"url\":\"media\/ftgalslide\/313EA\/01_076_00041328\/evapromodavidruano1web.jpg\",\"thumb_url\":\"media\/ftgalslide\/313EA\/01_076_00041328\/evapromodavidruano1web_thumb.jpg\",\"title\":\"E.V.A.\",\"description\":\"T de Teatre - Teatre Romea - Grec 2017 Festival de Barcelona\",\"copyright\":\"\",\"order\":103},{\"localizer\":\"V2SLIDE\",\"url\":\"media\/ftgalslide\/313EA\/01_076_00041329\/evapromodavidruano4web.jpg\",\"thumb_url\":\"media\/ftgalslide\/313EA\/01_076_00041329\/evapromodavidruano4web_thumb.jpg\",\"title\":\"E.V.A.\",\"description\":\"T de Teatre - Teatre Romea - Grec 2017 Festival de Barcelona\",\"copyright\":\"\",\"order\":104},{\"localizer\":\"V2SLIDE\",\"url\":\"media\/ftgalslide\/313E7\/01_076_00040317\/i_eva_036.jpg\",\"thumb_url\":\"media\/ftgalslide\/313E7\/01_076_00040317\/i_eva_036_thumb.jpg\",\"title\":\"E.V.A.\",\"description\":\"T de Teatre - Teatre Romea - Grec 2017 Festival de Barcelona\",\"copyright\":\"\",\"order\":112},{\"localizer\":\"V2SLIDE\",\"url\":\"media\/ftgalslide\/313E7\/01_076_00040318\/i_eva_101.jpg\",\"thumb_url\":\"media\/ftgalslide\/313E7\/01_076_00040318\/i_eva_101_thumb.jpg\",\"title\":\"E.V.A.\",\"description\":\"T de Teatre - Teatre Romea - Grec 2017 Festival de Barcelona\",\"copyright\":\"\",\"order\":113},{\"localizer\":\"V2SLIDE\",\"url\":\"media\/ftgalslide\/313E7\/01_076_00040319\/i_eva_080.jpg\",\"thumb_url\":\"media\/ftgalslide\/313E7\/01_076_00040319\/i_eva_080_thumb.jpg\",\"title\":\"E.V.A.\",\"description\":\"T de Teatre - Teatre Romea - Grec 2017 Festival de Barcelona\",\"copyright\":\"\",\"order\":114},{\"localizer\":\"V2SLIDE\",\"url\":\"media\/ftgalslide\/313E8\/01_076_00040711\/i_rosa_044_v2okokweb.jpg\",\"thumb_url\":\"media\/ftgalslide\/313E8\/01_076_00040711\/i_rosa_044_v2okokweb_thumb.jpg\",\"title\":\"E.V.A.\",\"description\":\"T de Teatre - Teatre Romea - Grec 2017 Festival de Barcelona\",\"copyright\":\"\",\"order\":117},{\"localizer\":\"V2SLIDE\",\"url\":\"media\/ftgalslide\/313EA\/01_076_00041330\/evapromodavidruano3web.jpg\",\"thumb_url\":\"media\/ftgalslide\/313EA\/01_076_00041330\/evapromodavidruano3web_thumb.jpg\",\"title\":\"E.V.A.\",\"description\":\"T de Teatre - Teatre Romea - Grec 2017 Festival de Barcelona\",\"copyright\":\"\",\"order\":121},{\"localizer\":\"V3CARTELL\",\"url\":\"media\/ver\/cartell\/v3\/3144B\/01_085_00044091\/evatdeteatreromea1.png\",\"thumb_url\":\"media\/ver\/cartell\/v3\/3144B\/01_085_00044091\/evatdeteatreromea1_thumb.jpg\",\"title\":\"E.V.A.\",\"description\":\"Teatre Romea\",\"copyright\":\"\",\"order\":124},{\"localizer\":\"V3SLIDE\",\"url\":\"media\/ftgalslide\/v3\/3144B\/01_086_00044094\/evatdeteatreromeabarcelona2.jpg\",\"thumb_url\":\"media\/ftgalslide\/v3\/3144B\/01_086_00044094\/evatdeteatreromeabarcelona2_thumb.jpg\",\"title\":\"E.V.A.\",\"description\":\"Teatre Romea\",\"copyright\":\"\",\"order\":125},{\"localizer\":\"V3SLIDE\",\"url\":\"media\/ftgalslide\/v3\/3144B\/01_086_00044095\/evatdeteatreromeabarcelona3.jpg\",\"thumb_url\":\"media\/ftgalslide\/v3\/3144B\/01_086_00044095\/evatdeteatreromeabarcelona3_thumb.jpg\",\"title\":\"E.V.A.\",\"description\":\"Teatre Romea\",\"copyright\":\"\",\"order\":126},{\"localizer\":\"V3SLIDE\",\"url\":\"media\/ftgalslide\/v3\/3144B\/01_086_00044096\/evatdeteatreromeabarcelona4.jpg\",\"thumb_url\":\"media\/ftgalslide\/v3\/3144B\/01_086_00044096\/evatdeteatreromeabarcelona4_thumb.jpg\",\"title\":\"E.V.A.\",\"description\":\"Teatre Romea\",\"copyright\":\"\",\"order\":127},{\"localizer\":\"V3SLIDE\",\"url\":\"media\/ftgalslide\/v3\/3144B\/01_086_00044097\/evatdeteatreromeabarcelona5.jpg\",\"thumb_url\":\"media\/ftgalslide\/v3\/3144B\/01_086_00044097\/evatdeteatreromeabarcelona5_thumb.jpg\",\"title\":\"E.V.A.\",\"description\":\"Teatre Romea\",\"copyright\":\"\",\"order\":128},{\"localizer\":\"V3SLIDE\",\"url\":\"media\/ftgalslide\/v3\/3144B\/01_086_00044098\/evatdeteatreromeabarcelona6.jpg\",\"thumb_url\":\"media\/ftgalslide\/v3\/3144B\/01_086_00044098\/evatdeteatreromeabarcelona6_thumb.jpg\",\"title\":\"E.V.A.\",\"description\":\"Teatre Romea\",\"copyright\":\"\",\"order\":129},{\"localizer\":\"V3SLIDE\",\"url\":\"media\/ftgalslide\/v3\/3144B\/01_086_00044099\/evatdeteatreromeabarcelona7.jpg\",\"thumb_url\":\"media\/ftgalslide\/v3\/3144B\/01_086_00044099\/evatdeteatreromeabarcelona7_thumb.jpg\",\"title\":\"E.V.A.\",\"description\":\"Teatre Romea\",\"copyright\":\"\",\"order\":130},{\"localizer\":\"V3SLIDE\",\"url\":\"media\/ftgalslide\/v3\/3144B\/01_086_00044100\/evatdeteatreromeabarcelona8.jpg\",\"thumb_url\":\"media\/ftgalslide\/v3\/3144B\/01_086_00044100\/evatdeteatreromeabarcelona8_thumb.jpg\",\"title\":\"E.V.A.\",\"description\":\"Teatre Romea\",\"copyright\":\"\",\"order\":131},{\"localizer\":\"V3SLIDE\",\"url\":\"media\/ftgalslide\/v3\/3144B\/01_086_00044101\/evatdeteatreromeabarcelona1.jpg\",\"thumb_url\":\"media\/ftgalslide\/v3\/3144B\/01_086_00044101\/evatdeteatreromeabarcelona1_thumb.jpg\",\"title\":\"E.V.A.\",\"description\":\"Teatre Romea\",\"copyright\":\"\",\"order\":132},{\"localizer\":\"V3SLIDE\",\"url\":\"media\/ftgalslide\/v3\/3144B\/01_086_00044102\/evatdeteatreromeabarcelona10.jpg\",\"thumb_url\":\"media\/ftgalslide\/v3\/3144B\/01_086_00044102\/evatdeteatreromeabarcelona10_thumb.jpg\",\"title\":\"E.V.A.\",\"description\":\"Teatre Romea\",\"copyright\":\"\",\"order\":133},{\"localizer\":\"V3SLIDE\",\"url\":\"media\/ftgalslide\/v3\/3144B\/01_086_00044103\/evatdeteatreromeabarcelona9.jpg\",\"thumb_url\":\"media\/ftgalslide\/v3\/3144B\/01_086_00044103\/evatdeteatreromeabarcelona9_thumb.jpg\",\"title\":\"E.V.A.\",\"description\":\"Teatre Romea\",\"copyright\":\"\",\"order\":134},{\"localizer\":\"V3SLIDE\",\"url\":\"media\/ftgalslide\/v3\/3144B\/01_086_00044104\/evatdeteatreromeabarcelona.jpg\",\"thumb_url\":\"media\/ftgalslide\/v3\/3144B\/01_086_00044104\/evatdeteatreromeabarcelona_thumb.jpg\",\"title\":\"E.V.A.\",\"description\":\"Teatre Romea\",\"copyright\":\"\",\"order\":135},{\"localizer\":\"V3PORTADAWIDE\",\"url\":\"media\/ver\/port\/v3wide\/31451\/01_088_00045837\/0evatdeteatreromeabarcelona.jpg\",\"thumb_url\":\"media\/ver\/port\/v3wide\/31451\/01_088_00045837\/0evatdeteatreromeabarcelona_thumb.jpg\",\"title\":\"E.V.A.\",\"description\":\"E.V.A. T de Teatre Teatre Romea Barcelona\",\"copyright\":\"\",\"order\":140},{\"localizer\":\"V3PORTADA\",\"url\":\"media\/ver\/port\/v3\/31452\/01_084_00046142\/1-eva-romea-barcelona-ultimes-funcions.jpg\",\"thumb_url\":\"media\/ver\/port\/v3\/31452\/01_084_00046142\/1-eva-romea-barcelona-ultimes-funcions_thumb.jpg\",\"title\":\"e.v.a.\",\"description\":\"eva teatre romea barcelona\",\"copyright\":\"\",\"order\":142}]","material__texto_intro":"","data_material":null,"data_gallery":"","data_discounts":"[{\"InfoAddicional\":\".\",\"Url\":\"https:\/\/www.promentrada.com\/ca\/product\/{#CODI#}\",\"Codi\":\"ROM172\",\"LogoUrl\":\"media\/fimage\/31389\/01_005_00038530\/logo_prome_nuevo_v_web.jpg\",\"TitolBoto\":\"Descuentos para grupos y escuelas\",\"Type\":\"discount\"},{\"InfoAddicional\":\".\",\"Url\":\"vip.promentrada.com\/ca\/product\/{#CODI#}\",\"Codi\":\"ROM172\",\"LogoUrl\":\"media\/fimage\/31389\/01_005_00038559\/logo_prome_vip_v_web.jpg\",\"TitolBoto\":\"Descuentos para particulares\",\"Type\":\"discount\"}]","contract_is_open":false,"in_tour":false,"foreign_production":false,"tour_end_date":"00010101000000"},"yoast_head":"<!-- This site is optimized with the Yoast SEO plugin v27.5 - https:\/\/yoast.com\/product\/yoast-seo-wordpress\/ -->\n<title>E.V.A. - Focus<\/title>\n<meta name=\"robots\" content=\"index, follow, max-snippet:-1, max-image-preview:large, max-video-preview:-1\" \/>\n<link rel=\"canonical\" href=\"https:\/\/www.focus.cat\/ex\/e-v-a-2\/\" \/>\n<meta property=\"og:locale\" content=\"ca_ES\" \/>\n<meta property=\"og:type\" content=\"article\" \/>\n<meta property=\"og:title\" content=\"E.V.A. - Focus\" \/>\n<meta property=\"og:url\" content=\"https:\/\/www.focus.cat\/en\/ex\/e-v-a-2\/\" \/>\n<meta property=\"og:site_name\" content=\"Focus\" \/>\n<meta property=\"article:modified_time\" content=\"2022-12-02T12:22:19+00:00\" \/>\n<meta name=\"twitter:card\" content=\"summary_large_image\" \/>\n<script type=\"application\/ld+json\" class=\"yoast-schema-graph\">{\"@context\":\"https:\\\/\\\/schema.org\",\"@graph\":[{\"@type\":\"WebPage\",\"@id\":\"https:\\\/\\\/www.focus.cat\\\/en\\\/ex\\\/e-v-a-2\\\/\",\"url\":\"https:\\\/\\\/www.focus.cat\\\/en\\\/ex\\\/e-v-a-2\\\/\",\"name\":\"E.V.A. - Focus\",\"isPartOf\":{\"@id\":\"https:\\\/\\\/www.focus.cat\\\/#website\"},\"datePublished\":\"2022-12-02T12:19:04+00:00\",\"dateModified\":\"2022-12-02T12:22:19+00:00\",\"breadcrumb\":{\"@id\":\"https:\\\/\\\/www.focus.cat\\\/en\\\/ex\\\/e-v-a-2\\\/#breadcrumb\"},\"inLanguage\":\"ca\",\"potentialAction\":[{\"@type\":\"ReadAction\",\"target\":[\"https:\\\/\\\/www.focus.cat\\\/en\\\/ex\\\/e-v-a-2\\\/\"]}]},{\"@type\":\"BreadcrumbList\",\"@id\":\"https:\\\/\\\/www.focus.cat\\\/en\\\/ex\\\/e-v-a-2\\\/#breadcrumb\",\"itemListElement\":[{\"@type\":\"ListItem\",\"position\":1,\"name\":\"Espectacles\",\"item\":\"https:\\\/\\\/www.focus.cat\\\/ex\\\/\"},{\"@type\":\"ListItem\",\"position\":2,\"name\":\"E.V.A.\"}]},{\"@type\":\"WebSite\",\"@id\":\"https:\\\/\\\/www.focus.cat\\\/#website\",\"url\":\"https:\\\/\\\/www.focus.cat\\\/\",\"name\":\"Focus\",\"description\":\"\",\"publisher\":{\"@id\":\"https:\\\/\\\/www.focus.cat\\\/#organization\"},\"potentialAction\":[{\"@type\":\"SearchAction\",\"target\":{\"@type\":\"EntryPoint\",\"urlTemplate\":\"https:\\\/\\\/www.focus.cat\\\/?s={search_term_string}\"},\"query-input\":{\"@type\":\"PropertyValueSpecification\",\"valueRequired\":true,\"valueName\":\"search_term_string\"}}],\"inLanguage\":\"ca\"},{\"@type\":\"Organization\",\"@id\":\"https:\\\/\\\/www.focus.cat\\\/#organization\",\"name\":\"Focus\",\"url\":\"https:\\\/\\\/www.focus.cat\\\/\",\"logo\":{\"@type\":\"ImageObject\",\"inLanguage\":\"ca\",\"@id\":\"https:\\\/\\\/www.focus.cat\\\/#\\\/schema\\\/logo\\\/image\\\/\",\"url\":\"https:\\\/\\\/www.focus.cat\\\/wp-content\\\/uploads\\\/2022\\\/01\\\/logo-focus-any-35.svg\",\"contentUrl\":\"https:\\\/\\\/www.focus.cat\\\/wp-content\\\/uploads\\\/2022\\\/01\\\/logo-focus-any-35.svg\",\"width\":1,\"height\":1,\"caption\":\"Focus\"},\"image\":{\"@id\":\"https:\\\/\\\/www.focus.cat\\\/#\\\/schema\\\/logo\\\/image\\\/\"}}]}<\/script>\n<!-- \/ Yoast SEO plugin. -->","yoast_head_json":{"title":"E.V.A. - Focus","robots":{"index":"index","follow":"follow","max-snippet":"max-snippet:-1","max-image-preview":"max-image-preview:large","max-video-preview":"max-video-preview:-1"},"canonical":"https:\/\/www.focus.cat\/ex\/e-v-a-2\/","og_locale":"ca_ES","og_type":"article","og_title":"E.V.A. - Focus","og_url":"https:\/\/www.focus.cat\/en\/ex\/e-v-a-2\/","og_site_name":"Focus","article_modified_time":"2022-12-02T12:22:19+00:00","twitter_card":"summary_large_image","schema":{"@context":"https:\/\/schema.org","@graph":[{"@type":"WebPage","@id":"https:\/\/www.focus.cat\/en\/ex\/e-v-a-2\/","url":"https:\/\/www.focus.cat\/en\/ex\/e-v-a-2\/","name":"E.V.A. - Focus","isPartOf":{"@id":"https:\/\/www.focus.cat\/#website"},"datePublished":"2022-12-02T12:19:04+00:00","dateModified":"2022-12-02T12:22:19+00:00","breadcrumb":{"@id":"https:\/\/www.focus.cat\/en\/ex\/e-v-a-2\/#breadcrumb"},"inLanguage":"ca","potentialAction":[{"@type":"ReadAction","target":["https:\/\/www.focus.cat\/en\/ex\/e-v-a-2\/"]}]},{"@type":"BreadcrumbList","@id":"https:\/\/www.focus.cat\/en\/ex\/e-v-a-2\/#breadcrumb","itemListElement":[{"@type":"ListItem","position":1,"name":"Espectacles","item":"https:\/\/www.focus.cat\/ex\/"},{"@type":"ListItem","position":2,"name":"E.V.A."}]},{"@type":"WebSite","@id":"https:\/\/www.focus.cat\/#website","url":"https:\/\/www.focus.cat\/","name":"Focus","description":"","publisher":{"@id":"https:\/\/www.focus.cat\/#organization"},"potentialAction":[{"@type":"SearchAction","target":{"@type":"EntryPoint","urlTemplate":"https:\/\/www.focus.cat\/?s={search_term_string}"},"query-input":{"@type":"PropertyValueSpecification","valueRequired":true,"valueName":"search_term_string"}}],"inLanguage":"ca"},{"@type":"Organization","@id":"https:\/\/www.focus.cat\/#organization","name":"Focus","url":"https:\/\/www.focus.cat\/","logo":{"@type":"ImageObject","inLanguage":"ca","@id":"https:\/\/www.focus.cat\/#\/schema\/logo\/image\/","url":"https:\/\/www.focus.cat\/wp-content\/uploads\/2022\/01\/logo-focus-any-35.svg","contentUrl":"https:\/\/www.focus.cat\/wp-content\/uploads\/2022\/01\/logo-focus-any-35.svg","width":1,"height":1,"caption":"Focus"},"image":{"@id":"https:\/\/www.focus.cat\/#\/schema\/logo\/image\/"}}]}},"translations":[{"id":10709,"locale":"ca"},{"id":10710,"locale":"es"},{"id":10711,"locale":"en"}],"_links":{"self":[{"href":"https:\/\/www.focus.cat\/wp-json\/wp\/v2\/ex\/10711","targetHints":{"allow":["GET"]}}],"collection":[{"href":"https:\/\/www.focus.cat\/wp-json\/wp\/v2\/ex"}],"about":[{"href":"https:\/\/www.focus.cat\/wp-json\/wp\/v2\/types\/ex"}],"author":[{"embeddable":true,"href":"https:\/\/www.focus.cat\/wp-json\/wp\/v2\/users\/5"}],"replies":[{"embeddable":true,"href":"https:\/\/www.focus.cat\/wp-json\/wp\/v2\/comments?post=10711"}],"wp:attachment":[{"href":"https:\/\/www.focus.cat\/wp-json\/wp\/v2\/media?parent=10711"}],"wp:term":[{"taxonomy":"location","embeddable":true,"href":"https:\/\/www.focus.cat\/wp-json\/wp\/v2\/location?post=10711"}],"curies":[{"name":"wp","href":"https:\/\/api.w.org\/{rel}","templated":true}]}}