{"id":16432,"date":"2024-02-27T11:44:12","date_gmt":"2024-02-27T11:44:12","guid":{"rendered":"https:\/\/www.focus.cat\/ex\/platanos-cacahuetes-y-lo-que-el-viento-se-llevo\/"},"modified":"2024-05-02T07:42:55","modified_gmt":"2024-05-02T07:42:55","slug":"platanos-cacahuetes-y-lo-que-el-viento-se-llevo","status":"publish","type":"ex","link":"https:\/\/www.focus.cat\/en\/ex\/platanos-cacahuetes-y-lo-que-el-viento-se-llevo\/","title":{"rendered":"Pl\u00e1tanos, cacahuetes y lo que el viento se llev\u00f3"},"content":{"rendered":"","protected":false},"excerpt":{"rendered":"","protected":false},"author":5,"featured_media":0,"comment_status":"closed","ping_status":"closed","template":"","location":[],"class_list":["post-16432","ex","type-ex","status-publish","hentry"],"acf":{"txt_synopsis":"<p>El rodatge d'\"All\u00f2 que el vent s'endugu\u00e9\" \u00e9s un aut\u00e8ntic desastre. El productor cinematogr\u00e0fic, David O. Selznick, ha decidit frenar-ho en sec per a poder reconduir-ho i que la pel\u00b7l\u00edcula no deixi de ser la que ell sempre va somiar. Per\u00f2 el temps corre en contra seva i cada segon d'aturada li est\u00e0 costant una aut\u00e8ntica fortuna.<br \/>Acompanyat de la seva aguda i infal\u00b7lible secret\u00e0ria, la Srta. Poppenghul, decideix convocar a la seva oficina a dos grans de l'\u00e8poca per a intentar resoldre la situaci\u00f3: el seu gran amic i excel\u00b7lent guionista, Ben Hetch i el talent\u00f3s, encara que de car\u00e0cter impossible, director, Victor Fleming.<\/p>\r\n<p>Per\u00f2 cap dels dos apostar\u00e0 per aquest \"fullet\u00f3\" ambientat en la guerra civil nord-americana i protagonitzat per una hero\u00efna com Escarlata O'Hara, creguda i de moral dubtosa. Tots dos intentaran persuadir-lo del seu error una vegada i una altra, per\u00f2 els ser\u00e0 impossible. El productor est\u00e0 totalment imbu\u00eft per la personalitat d'Escarlata i igual que ella, no parar\u00e0 fins a obtenir el que vol. I igual que ella, se sortir\u00e0 amb la seva costi el que costi.<\/p>\r\n<p>I s\u00ed, sabem que aconseguiran fer la pel\u00b7l\u00edcula i que va ser un dels majors \u00e8xits de la hist\u00f2ria del cinema, per\u00f2 nom\u00e9s nosaltres podrem assistir als esdeveniments reals que van oc\u00f3rrer durant el periple d'aquest rodatge. Una fascinant hist\u00f2ria sobre el daurat Hollywood dels anys trenta. Llums, c\u00e0mera... Acci\u00f3!<\/p>\r\n<p>&nbsp;<\/p>","main_buy_link":"","main_buy_links":"","show_language":"Espectacle en castell\u00e0","show_duration":"90","txt_genre":"COM\u00c8DIA","show_start_date":"20221223000000","show_end_date":"20230205000000","show_sort_date":"20221223000000","txt_custom_show_dates":"del 23 de diciembre de 2022 al 5 de febrero de 2023 ","txt_additional_info":"","txt_present":"","txt_season":"[\"2022\/23\"]","txt_cycle":"","txt_claim":"El rodatge d'\"All\u00f2 que el vent s'endugu\u00e9\" \u00e9s un aut\u00e8ntic desastre. El productor cinematogr\u00e0fic, David O. Selznick, ha decidit frenar-ho en sec per a poder reconduir-ho i que la pel\u00b7l\u00edcula no deixi de ser la que ell sempre va somiar. ","txt_cast_excerpt":"","txt_cast":"<p>T\u00edtol original: <strong>Moonlight and magnolias<br \/><\/strong>Autoria: <strong>Ron Hutchinson<\/strong><br \/>Adaptaci\u00f3 al castell\u00e0: <strong>Daniel Angl\u00e8s<\/strong><br \/>Versi\u00f3: <strong>Jos\u00e9 Troncoso<\/strong> <br \/>Direcci\u00f3: <strong>Jos\u00e9 Troncoso<\/strong><\/p>\r\n<p>Int\u00e8rprets<br \/><strong>Gonzalo de Castro&nbsp;&nbsp; <\/strong>&nbsp;&nbsp;David Selznick<br \/><strong>Pedro Mari S\u00e1nchez<\/strong>&nbsp;&nbsp;Ben Hecht<br \/><strong>Jos\u00e9 Bustos<\/strong>&nbsp;&nbsp;&nbsp;&nbsp;&nbsp;&nbsp;&nbsp;&nbsp;&nbsp;&nbsp;&nbsp;&nbsp;&nbsp;&nbsp;&nbsp;Vic Fleming<br \/><strong>Carmen Barrantes<\/strong>&nbsp;&nbsp;&nbsp;&nbsp; Srta. Poppenghul<\/p>\r\n<p>Escenografia: <strong>Silvia de Marta<br \/><\/strong>Vestuari: <strong>Guadalupe Valero<\/strong><br \/>Il\u00b7luminaci\u00f3: <strong>Javier Alegr\u00eda<\/strong><br \/>M\u00fasica original i espai sonor: <strong>Mariano Mar\u00edn<\/strong><br \/>Moviment: <strong>Lu\u00eds Santamar\u00eda<\/strong><br \/>Caracteritzaci\u00f3: <strong>Chema Noci<\/strong><\/p>\r\n<p>Direcci\u00f3 de producci\u00f3 i producci\u00f3 executiva: <strong>Maite Pijuan <br \/><\/strong>Ajudant de producci\u00f3: <strong>Aitor Aguado<\/strong> <br \/>Direcci\u00f3 t\u00e8cnica: <strong>Moi Cuenca<\/strong> <br \/>Coordinaci\u00f3 t\u00e8cnica: <strong>David Ruiz <\/strong><\/p>\r\n<p>Ajudantia de direcci\u00f3: <strong>Mariana Kmaid Levy<br \/><\/strong>Ajudantia d\u2019escenografia:\u202f<strong>Irene Enguita<\/strong> <br \/>Ajudantia de producci\u00f3 i regidoria:\u202f<strong>Aitor Aguado<\/strong> <br \/>Sastreria: <strong>Elena Ballester<\/strong> <br \/>Cap t\u00e8cnic del teatre: <strong>Roger Mu\u00f1oz <\/strong><\/p>\r\n<p>Construcci\u00f3 de l\u2019escenografia: <strong>Pascual\u00edn Estructures <br \/><\/strong>Confecci\u00f3 del vestuari: <strong>Taller Gabriel Besa <\/strong><\/p>\r\n<p>M\u00e0rqueting i comunicaci\u00f3: <strong>Focus<\/strong><br \/>Disseny gr\u00e0fic:<strong> Santi&Kco<\/strong> <br \/>Reportatge Fotogr\u00e0fic:&nbsp; <strong>David Ruano<\/strong><\/p>\r\n<p>Col\u00b7laboradors: <strong>Jorge de la Garza, Montibello, Rowenta<\/strong> <\/p>\r\n<p>\u00c9s una producci\u00f3 de <strong>Focus<\/strong><\/p>\r\n<p>Patrocinador: <strong>Seesound <\/strong><\/p>\r\n<p>Amb el suport de:<br \/><strong>ICEC<\/strong><\/p>\r\n<p>Distribuci\u00f3: <strong>Sergi Calleja (<\/strong><a href=\"mailto:scalleja@focus.cat\"><strong>scalleja@focus.cat<\/strong><\/a><strong>)<br \/><\/strong><\/p>\r\n<p><br \/>&nbsp;<\/p>\r\n<p><strong><\/strong><br \/><\/p>","txt_reviews":"","hashtag":"Pl\u00e1tanosCacahuetes","have_promo":"","slogan":"","id_exhibicio":1948,"id_versio":1556,"id_local":35,"txt_seo_desc":"","data_images":"[{\"localizer\":\"V3CARTELL\",\"url\":\"media\/ver\/cartell\/v3\/315E1\/01_085_00054602\/Cartell-Web-platanos-cacahuetes-y-lo-que-el-viento-se-llevo-teatre-goya.jpg\",\"thumb_url\":\"media\/ver\/cartell\/v3\/315E1\/01_085_00054602\/Cartell-Web-platanos-cacahuetes-y-lo-que-el-viento-se-llevo-teatre-goya_thumb.jpg\",\"title\":\"Pl\u00e1tanos, cacahuetesy lo que el viento se llev\u00f3 - Teatre Goya\",\"description\":\"platanos cacahuetes y lo que el viento se llevo al teatre goya de barcelona\",\"copyright\":\"\",\"order\":3},{\"localizer\":\"V3SLIDE\",\"url\":\"media\/ftgalslide\/v3\/315E4\/01_086_00055385\/T22_Platanos_019.jpg\",\"thumb_url\":\"media\/ftgalslide\/v3\/315E4\/01_086_00055385\/T22_Platanos_019_thumb.jpg\",\"title\":\"Pl\u00e1tanos, cacahuetes y lo que el viento se llev\u00f3 - Teatre Goya\",\"description\":\"platanos, cacahuetes y lo que el viento se llevo al teatre goya de barcelona\",\"copyright\":\"\",\"order\":6},{\"localizer\":\"V3SLIDE\",\"url\":\"media\/ftgalslide\/v3\/315E4\/01_086_00055386\/T22_Platanos_057.jpg\",\"thumb_url\":\"media\/ftgalslide\/v3\/315E4\/01_086_00055386\/T22_Platanos_057_thumb.jpg\",\"title\":\"Pl\u00e1tanos, cacahuetes y lo que el viento se llev\u00f3 - Teatre Goya\",\"description\":\"platanos, cacahuetes y lo que el viento se llevo al teatre goya de barcelona\",\"copyright\":\"\",\"order\":7},{\"localizer\":\"V3SLIDE\",\"url\":\"media\/ftgalslide\/v3\/315E4\/01_086_00055388\/T22_Platanos_031.jpg\",\"thumb_url\":\"media\/ftgalslide\/v3\/315E4\/01_086_00055388\/T22_Platanos_031_thumb.jpg\",\"title\":\"Pl\u00e1tanos, cacahuetes y lo que el viento se llev\u00f3 - Teatre Goya\",\"description\":\"platanos, cacahuetes y lo que el viento se llevo al teatre goya de barcelona\",\"copyright\":\"\",\"order\":8},{\"localizer\":\"V3PORTADAWIDE\",\"url\":\"media\/ver\/port\/v3wide\/3163D\/01_088_00055571\/1160x580-PORTADA-0-cat.jpg\",\"thumb_url\":\"media\/ver\/port\/v3wide\/3163D\/01_088_00055571\/1160x580-PORTADA-0-cat_thumb.jpg\",\"title\":\"Pl\u00e1tanos, cacahuetes y lo que el viento se llev\u00f3 - Teatre Goya\",\"description\":\"platanos, cacahuetes y lo que el viento se llevo al teatre goya de barcelona\",\"copyright\":\"\",\"order\":9},{\"localizer\":\"V3PORTADA\",\"url\":\"media\/ver\/port\/v3\/3163D\/01_084_00055572\/900x900-Portada-1-cat.jpg\",\"thumb_url\":\"media\/ver\/port\/v3\/3163D\/01_084_00055572\/900x900-Portada-1-cat_thumb.jpg\",\"title\":\"Pl\u00e1tanos, cacahuetes y lo que el viento se llev\u00f3 - Teatre Goya\",\"description\":\"platanos, cacahuetes y lo que el viento se llevo al teatre goya de barcelona\",\"copyright\":\"\",\"order\":10}]","material__texto_intro":"","data_material":null,"data_gallery":"","data_discounts":"[]","contract_is_open":false,"in_tour":false,"foreign_production":false,"tour_end_date":"00010101000000"},"yoast_head":"<!-- This site is optimized with the Yoast SEO plugin v27.5 - https:\/\/yoast.com\/product\/yoast-seo-wordpress\/ -->\n<title>Pl\u00e1tanos, cacahuetes y lo que el viento se llev\u00f3 - Focus<\/title>\n<meta name=\"robots\" content=\"index, follow, max-snippet:-1, max-image-preview:large, max-video-preview:-1\" \/>\n<link rel=\"canonical\" href=\"https:\/\/www.focus.cat\/ex\/platanos-cacahuetes-y-lo-que-el-viento-se-llevo\/\" \/>\n<meta property=\"og:locale\" content=\"ca_ES\" \/>\n<meta property=\"og:type\" content=\"article\" \/>\n<meta property=\"og:title\" content=\"Pl\u00e1tanos, cacahuetes y lo que el viento se llev\u00f3 - Focus\" \/>\n<meta property=\"og:url\" content=\"https:\/\/www.focus.cat\/en\/ex\/platanos-cacahuetes-y-lo-que-el-viento-se-llevo\/\" \/>\n<meta property=\"og:site_name\" content=\"Focus\" \/>\n<meta property=\"article:modified_time\" content=\"2024-05-02T07:42:55+00:00\" \/>\n<meta name=\"twitter:card\" content=\"summary_large_image\" \/>\n<script type=\"application\/ld+json\" class=\"yoast-schema-graph\">{\"@context\":\"https:\\\/\\\/schema.org\",\"@graph\":[{\"@type\":\"WebPage\",\"@id\":\"https:\\\/\\\/www.focus.cat\\\/en\\\/ex\\\/platanos-cacahuetes-y-lo-que-el-viento-se-llevo\\\/\",\"url\":\"https:\\\/\\\/www.focus.cat\\\/en\\\/ex\\\/platanos-cacahuetes-y-lo-que-el-viento-se-llevo\\\/\",\"name\":\"Pl\u00e1tanos, cacahuetes y lo que el viento se llev\u00f3 - Focus\",\"isPartOf\":{\"@id\":\"https:\\\/\\\/www.focus.cat\\\/#website\"},\"datePublished\":\"2024-02-27T11:44:12+00:00\",\"dateModified\":\"2024-05-02T07:42:55+00:00\",\"breadcrumb\":{\"@id\":\"https:\\\/\\\/www.focus.cat\\\/en\\\/ex\\\/platanos-cacahuetes-y-lo-que-el-viento-se-llevo\\\/#breadcrumb\"},\"inLanguage\":\"ca\",\"potentialAction\":[{\"@type\":\"ReadAction\",\"target\":[\"https:\\\/\\\/www.focus.cat\\\/en\\\/ex\\\/platanos-cacahuetes-y-lo-que-el-viento-se-llevo\\\/\"]}]},{\"@type\":\"BreadcrumbList\",\"@id\":\"https:\\\/\\\/www.focus.cat\\\/en\\\/ex\\\/platanos-cacahuetes-y-lo-que-el-viento-se-llevo\\\/#breadcrumb\",\"itemListElement\":[{\"@type\":\"ListItem\",\"position\":1,\"name\":\"Espectacles\",\"item\":\"https:\\\/\\\/www.focus.cat\\\/ex\\\/\"},{\"@type\":\"ListItem\",\"position\":2,\"name\":\"Pl\u00e1tanos, cacahuetes y lo que el viento se llev\u00f3\"}]},{\"@type\":\"WebSite\",\"@id\":\"https:\\\/\\\/www.focus.cat\\\/#website\",\"url\":\"https:\\\/\\\/www.focus.cat\\\/\",\"name\":\"Focus\",\"description\":\"\",\"publisher\":{\"@id\":\"https:\\\/\\\/www.focus.cat\\\/#organization\"},\"potentialAction\":[{\"@type\":\"SearchAction\",\"target\":{\"@type\":\"EntryPoint\",\"urlTemplate\":\"https:\\\/\\\/www.focus.cat\\\/?s={search_term_string}\"},\"query-input\":{\"@type\":\"PropertyValueSpecification\",\"valueRequired\":true,\"valueName\":\"search_term_string\"}}],\"inLanguage\":\"ca\"},{\"@type\":\"Organization\",\"@id\":\"https:\\\/\\\/www.focus.cat\\\/#organization\",\"name\":\"Focus\",\"url\":\"https:\\\/\\\/www.focus.cat\\\/\",\"logo\":{\"@type\":\"ImageObject\",\"inLanguage\":\"ca\",\"@id\":\"https:\\\/\\\/www.focus.cat\\\/#\\\/schema\\\/logo\\\/image\\\/\",\"url\":\"https:\\\/\\\/www.focus.cat\\\/wp-content\\\/uploads\\\/2022\\\/01\\\/logo-focus-any-35.svg\",\"contentUrl\":\"https:\\\/\\\/www.focus.cat\\\/wp-content\\\/uploads\\\/2022\\\/01\\\/logo-focus-any-35.svg\",\"width\":1,\"height\":1,\"caption\":\"Focus\"},\"image\":{\"@id\":\"https:\\\/\\\/www.focus.cat\\\/#\\\/schema\\\/logo\\\/image\\\/\"}}]}<\/script>\n<!-- \/ Yoast SEO plugin. -->","yoast_head_json":{"title":"Pl\u00e1tanos, cacahuetes y lo que el viento se llev\u00f3 - Focus","robots":{"index":"index","follow":"follow","max-snippet":"max-snippet:-1","max-image-preview":"max-image-preview:large","max-video-preview":"max-video-preview:-1"},"canonical":"https:\/\/www.focus.cat\/ex\/platanos-cacahuetes-y-lo-que-el-viento-se-llevo\/","og_locale":"ca_ES","og_type":"article","og_title":"Pl\u00e1tanos, cacahuetes y lo que el viento se llev\u00f3 - Focus","og_url":"https:\/\/www.focus.cat\/en\/ex\/platanos-cacahuetes-y-lo-que-el-viento-se-llevo\/","og_site_name":"Focus","article_modified_time":"2024-05-02T07:42:55+00:00","twitter_card":"summary_large_image","schema":{"@context":"https:\/\/schema.org","@graph":[{"@type":"WebPage","@id":"https:\/\/www.focus.cat\/en\/ex\/platanos-cacahuetes-y-lo-que-el-viento-se-llevo\/","url":"https:\/\/www.focus.cat\/en\/ex\/platanos-cacahuetes-y-lo-que-el-viento-se-llevo\/","name":"Pl\u00e1tanos, cacahuetes y lo que el viento se llev\u00f3 - Focus","isPartOf":{"@id":"https:\/\/www.focus.cat\/#website"},"datePublished":"2024-02-27T11:44:12+00:00","dateModified":"2024-05-02T07:42:55+00:00","breadcrumb":{"@id":"https:\/\/www.focus.cat\/en\/ex\/platanos-cacahuetes-y-lo-que-el-viento-se-llevo\/#breadcrumb"},"inLanguage":"ca","potentialAction":[{"@type":"ReadAction","target":["https:\/\/www.focus.cat\/en\/ex\/platanos-cacahuetes-y-lo-que-el-viento-se-llevo\/"]}]},{"@type":"BreadcrumbList","@id":"https:\/\/www.focus.cat\/en\/ex\/platanos-cacahuetes-y-lo-que-el-viento-se-llevo\/#breadcrumb","itemListElement":[{"@type":"ListItem","position":1,"name":"Espectacles","item":"https:\/\/www.focus.cat\/ex\/"},{"@type":"ListItem","position":2,"name":"Pl\u00e1tanos, cacahuetes y lo que el viento se llev\u00f3"}]},{"@type":"WebSite","@id":"https:\/\/www.focus.cat\/#website","url":"https:\/\/www.focus.cat\/","name":"Focus","description":"","publisher":{"@id":"https:\/\/www.focus.cat\/#organization"},"potentialAction":[{"@type":"SearchAction","target":{"@type":"EntryPoint","urlTemplate":"https:\/\/www.focus.cat\/?s={search_term_string}"},"query-input":{"@type":"PropertyValueSpecification","valueRequired":true,"valueName":"search_term_string"}}],"inLanguage":"ca"},{"@type":"Organization","@id":"https:\/\/www.focus.cat\/#organization","name":"Focus","url":"https:\/\/www.focus.cat\/","logo":{"@type":"ImageObject","inLanguage":"ca","@id":"https:\/\/www.focus.cat\/#\/schema\/logo\/image\/","url":"https:\/\/www.focus.cat\/wp-content\/uploads\/2022\/01\/logo-focus-any-35.svg","contentUrl":"https:\/\/www.focus.cat\/wp-content\/uploads\/2022\/01\/logo-focus-any-35.svg","width":1,"height":1,"caption":"Focus"},"image":{"@id":"https:\/\/www.focus.cat\/#\/schema\/logo\/image\/"}}]}},"translations":[{"id":16430,"locale":"ca"},{"id":16431,"locale":"es"},{"id":16432,"locale":"en"}],"_links":{"self":[{"href":"https:\/\/www.focus.cat\/wp-json\/wp\/v2\/ex\/16432","targetHints":{"allow":["GET"]}}],"collection":[{"href":"https:\/\/www.focus.cat\/wp-json\/wp\/v2\/ex"}],"about":[{"href":"https:\/\/www.focus.cat\/wp-json\/wp\/v2\/types\/ex"}],"author":[{"embeddable":true,"href":"https:\/\/www.focus.cat\/wp-json\/wp\/v2\/users\/5"}],"replies":[{"embeddable":true,"href":"https:\/\/www.focus.cat\/wp-json\/wp\/v2\/comments?post=16432"}],"wp:attachment":[{"href":"https:\/\/www.focus.cat\/wp-json\/wp\/v2\/media?parent=16432"}],"wp:term":[{"taxonomy":"location","embeddable":true,"href":"https:\/\/www.focus.cat\/wp-json\/wp\/v2\/location?post=16432"}],"curies":[{"name":"wp","href":"https:\/\/api.w.org\/{rel}","templated":true}]}}