{"id":17536,"date":"2024-05-07T09:13:56","date_gmt":"2024-05-07T09:13:56","guid":{"rendered":"https:\/\/www.focus.cat\/ex\/paloma-san-basilio-en-la-decima-musa\/"},"modified":"2024-05-07T09:13:56","modified_gmt":"2024-05-07T09:13:56","slug":"paloma-san-basilio-en-la-decima-musa","status":"publish","type":"ex","link":"https:\/\/www.focus.cat\/en\/ex\/paloma-san-basilio-en-la-decima-musa\/","title":{"rendered":"Paloma San Basilio en &#8220;La D\u00e9cima Musa&#8221;"},"content":{"rendered":"","protected":false},"excerpt":{"rendered":"","protected":false},"author":5,"featured_media":0,"comment_status":"open","ping_status":"closed","template":"","location":[],"class_list":["post-17536","ex","type-ex","status-publish","hentry"],"acf":{"txt_synopsis":"<p align=\"justify\">Uns alts personatges (\u00bfuns d\u00e9us?) pretenen explicar alguns mites d'altres d\u00e9us i herois famosos de l'Antiguitat, per\u00f2 un misteri\u00f3s personatge, la Musa Desconeguda, no est\u00e0 d'acord amb la visi\u00f3 que es d\u00f3na de la mitologia, sempre des d'un punt de vista mascul\u00ed. Se succeeixen, doncs, amb una quinzena de temes musicals, sols i duos, les hist\u00f2ries de Pigmali\u00f3 i Galatea, de Paris i Helena, de J\u00fapiter i Europa, de J\u00fapiter suplantant a Amfitri\u00f3, de Fedra, Teseu i Hip\u00f2lit, i finalment de Prometeu i Pandora, sempre confrontant la visi\u00f3 habitual amb les noves versions que proposa el misteri\u00f3s personatge. Al final d'aquest trajecte, esmaltat amb temes dels millors musicals, i molta ironia i humor, sabrem la identitat d'aquesta \"desena musa\" que ha donat nova llum a aquests mites cl\u00e0ssics...<br \/><br \/>Guillem-Jordi Graells.<br \/><\/p>","main_buy_link":"","main_buy_links":"","show_language":"","show_duration":"","txt_genre":"DRAM\u00c0TIC","show_start_date":"20160706000000","show_end_date":"20160710000000","show_sort_date":"20160706000000","txt_custom_show_dates":"del 6 al 10 de julio de 2016 ","txt_additional_info":"","txt_present":"","txt_season":"[]","txt_cycle":"","txt_claim":"","txt_cast_excerpt":"","txt_cast":"<strong>Repartiment:<\/strong> Paloma San Basilio&nbsp;i Ignasi Vidal <br \/><strong>Direcci\u00f3:<\/strong> Josep Maria Mestres <br \/><strong>Dramat\u00fargia:<\/strong> Guillem-Jordi Graells <br \/><strong>Direcci\u00f3 Musical:<\/strong> Juan Esteban Cuacci <br \/><strong>Producci\u00f3:<\/strong> Festival Internacional M\u00e9rida&nbsp;i Teatre Romea <br \/><strong>Agra\u00efments:<\/strong> Josep Maria Pou","txt_reviews":"","hashtag":"","have_promo":"","slogan":"","id_exhibicio":1365,"id_versio":1088,"id_local":44,"txt_seo_desc":"","data_images":"[{\"localizer\":\"V2CARTELLDISTRI\",\"url\":\"media\/cartell\/distrib\/31384\/01_082_00036949\/37_cartel_1.jpg\",\"thumb_url\":\"media\/cartell\/distrib\/31384\/01_082_00036949\/37_cartel_1_thumb.jpg\",\"title\":\"D\u00e9cima musa\",\"description\":\"D\u00e9cima musa\",\"copyright\":\"\",\"order\":1},{\"localizer\":\"V2CARTELL\",\"url\":\"media\/ver\/cartell\/31388\/01_079_00038197\/37_cartel_1.jpg\",\"thumb_url\":\"media\/ver\/cartell\/31388\/01_079_00038197\/37_cartel_1_thumb.jpg\",\"title\":\"La D\u00e9cima Musa\",\"description\":\"La D\u00e9cima Musa\",\"copyright\":\"\",\"order\":2},{\"localizer\":\"V3CARTELL\",\"url\":\"media\/ver\/cartell\/v3\/316A3\/01_085_00057592\/Paloma_San_Basilio_v.jpg\",\"thumb_url\":\"media\/ver\/cartell\/v3\/316A3\/01_085_00057592\/Paloma_San_Basilio_v_thumb.jpg\",\"title\":\"CARTEL LA D\u00c9CIMA MUSA\",\"description\":\"CARTEL LA D\u00c9CIMA MUSA\",\"copyright\":\"\",\"order\":3}]","material__texto_intro":"","data_material":null,"data_gallery":"","data_discounts":"[]","contract_is_open":false,"in_tour":false,"foreign_production":false,"tour_end_date":"00010101000000"},"yoast_head":"<!-- This site is optimized with the Yoast SEO plugin v27.5 - https:\/\/yoast.com\/product\/yoast-seo-wordpress\/ -->\n<title>Paloma San Basilio en &quot;La D\u00e9cima Musa&quot; - Focus<\/title>\n<meta name=\"robots\" content=\"index, follow, max-snippet:-1, max-image-preview:large, max-video-preview:-1\" \/>\n<link rel=\"canonical\" href=\"https:\/\/www.focus.cat\/ex\/paloma-san-basilio-en-la-decima-musa\/\" \/>\n<meta property=\"og:locale\" content=\"ca_ES\" \/>\n<meta property=\"og:type\" content=\"article\" \/>\n<meta property=\"og:title\" content=\"Paloma San Basilio en &quot;La D\u00e9cima Musa&quot; - Focus\" \/>\n<meta property=\"og:url\" content=\"https:\/\/www.focus.cat\/en\/ex\/paloma-san-basilio-en-la-decima-musa\/\" \/>\n<meta property=\"og:site_name\" content=\"Focus\" \/>\n<meta name=\"twitter:card\" content=\"summary_large_image\" \/>\n<script type=\"application\/ld+json\" class=\"yoast-schema-graph\">{\"@context\":\"https:\\\/\\\/schema.org\",\"@graph\":[{\"@type\":\"WebPage\",\"@id\":\"https:\\\/\\\/www.focus.cat\\\/en\\\/ex\\\/paloma-san-basilio-en-la-decima-musa\\\/\",\"url\":\"https:\\\/\\\/www.focus.cat\\\/en\\\/ex\\\/paloma-san-basilio-en-la-decima-musa\\\/\",\"name\":\"Paloma San Basilio en \\\"La D\u00e9cima Musa\\\" - Focus\",\"isPartOf\":{\"@id\":\"https:\\\/\\\/www.focus.cat\\\/#website\"},\"datePublished\":\"2024-05-07T09:13:56+00:00\",\"breadcrumb\":{\"@id\":\"https:\\\/\\\/www.focus.cat\\\/en\\\/ex\\\/paloma-san-basilio-en-la-decima-musa\\\/#breadcrumb\"},\"inLanguage\":\"ca\",\"potentialAction\":[{\"@type\":\"ReadAction\",\"target\":[\"https:\\\/\\\/www.focus.cat\\\/en\\\/ex\\\/paloma-san-basilio-en-la-decima-musa\\\/\"]}]},{\"@type\":\"BreadcrumbList\",\"@id\":\"https:\\\/\\\/www.focus.cat\\\/en\\\/ex\\\/paloma-san-basilio-en-la-decima-musa\\\/#breadcrumb\",\"itemListElement\":[{\"@type\":\"ListItem\",\"position\":1,\"name\":\"Espectacles\",\"item\":\"https:\\\/\\\/www.focus.cat\\\/ex\\\/\"},{\"@type\":\"ListItem\",\"position\":2,\"name\":\"Paloma San Basilio en &#8220;La D\u00e9cima Musa&#8221;\"}]},{\"@type\":\"WebSite\",\"@id\":\"https:\\\/\\\/www.focus.cat\\\/#website\",\"url\":\"https:\\\/\\\/www.focus.cat\\\/\",\"name\":\"Focus\",\"description\":\"\",\"publisher\":{\"@id\":\"https:\\\/\\\/www.focus.cat\\\/#organization\"},\"potentialAction\":[{\"@type\":\"SearchAction\",\"target\":{\"@type\":\"EntryPoint\",\"urlTemplate\":\"https:\\\/\\\/www.focus.cat\\\/?s={search_term_string}\"},\"query-input\":{\"@type\":\"PropertyValueSpecification\",\"valueRequired\":true,\"valueName\":\"search_term_string\"}}],\"inLanguage\":\"ca\"},{\"@type\":\"Organization\",\"@id\":\"https:\\\/\\\/www.focus.cat\\\/#organization\",\"name\":\"Focus\",\"url\":\"https:\\\/\\\/www.focus.cat\\\/\",\"logo\":{\"@type\":\"ImageObject\",\"inLanguage\":\"ca\",\"@id\":\"https:\\\/\\\/www.focus.cat\\\/#\\\/schema\\\/logo\\\/image\\\/\",\"url\":\"https:\\\/\\\/www.focus.cat\\\/wp-content\\\/uploads\\\/2022\\\/01\\\/logo-focus-any-35.svg\",\"contentUrl\":\"https:\\\/\\\/www.focus.cat\\\/wp-content\\\/uploads\\\/2022\\\/01\\\/logo-focus-any-35.svg\",\"width\":1,\"height\":1,\"caption\":\"Focus\"},\"image\":{\"@id\":\"https:\\\/\\\/www.focus.cat\\\/#\\\/schema\\\/logo\\\/image\\\/\"}}]}<\/script>\n<!-- \/ Yoast SEO plugin. -->","yoast_head_json":{"title":"Paloma San Basilio en \"La D\u00e9cima Musa\" - Focus","robots":{"index":"index","follow":"follow","max-snippet":"max-snippet:-1","max-image-preview":"max-image-preview:large","max-video-preview":"max-video-preview:-1"},"canonical":"https:\/\/www.focus.cat\/ex\/paloma-san-basilio-en-la-decima-musa\/","og_locale":"ca_ES","og_type":"article","og_title":"Paloma San Basilio en \"La D\u00e9cima Musa\" - Focus","og_url":"https:\/\/www.focus.cat\/en\/ex\/paloma-san-basilio-en-la-decima-musa\/","og_site_name":"Focus","twitter_card":"summary_large_image","schema":{"@context":"https:\/\/schema.org","@graph":[{"@type":"WebPage","@id":"https:\/\/www.focus.cat\/en\/ex\/paloma-san-basilio-en-la-decima-musa\/","url":"https:\/\/www.focus.cat\/en\/ex\/paloma-san-basilio-en-la-decima-musa\/","name":"Paloma San Basilio en \"La D\u00e9cima Musa\" - Focus","isPartOf":{"@id":"https:\/\/www.focus.cat\/#website"},"datePublished":"2024-05-07T09:13:56+00:00","breadcrumb":{"@id":"https:\/\/www.focus.cat\/en\/ex\/paloma-san-basilio-en-la-decima-musa\/#breadcrumb"},"inLanguage":"ca","potentialAction":[{"@type":"ReadAction","target":["https:\/\/www.focus.cat\/en\/ex\/paloma-san-basilio-en-la-decima-musa\/"]}]},{"@type":"BreadcrumbList","@id":"https:\/\/www.focus.cat\/en\/ex\/paloma-san-basilio-en-la-decima-musa\/#breadcrumb","itemListElement":[{"@type":"ListItem","position":1,"name":"Espectacles","item":"https:\/\/www.focus.cat\/ex\/"},{"@type":"ListItem","position":2,"name":"Paloma San Basilio en &#8220;La D\u00e9cima Musa&#8221;"}]},{"@type":"WebSite","@id":"https:\/\/www.focus.cat\/#website","url":"https:\/\/www.focus.cat\/","name":"Focus","description":"","publisher":{"@id":"https:\/\/www.focus.cat\/#organization"},"potentialAction":[{"@type":"SearchAction","target":{"@type":"EntryPoint","urlTemplate":"https:\/\/www.focus.cat\/?s={search_term_string}"},"query-input":{"@type":"PropertyValueSpecification","valueRequired":true,"valueName":"search_term_string"}}],"inLanguage":"ca"},{"@type":"Organization","@id":"https:\/\/www.focus.cat\/#organization","name":"Focus","url":"https:\/\/www.focus.cat\/","logo":{"@type":"ImageObject","inLanguage":"ca","@id":"https:\/\/www.focus.cat\/#\/schema\/logo\/image\/","url":"https:\/\/www.focus.cat\/wp-content\/uploads\/2022\/01\/logo-focus-any-35.svg","contentUrl":"https:\/\/www.focus.cat\/wp-content\/uploads\/2022\/01\/logo-focus-any-35.svg","width":1,"height":1,"caption":"Focus"},"image":{"@id":"https:\/\/www.focus.cat\/#\/schema\/logo\/image\/"}}]}},"translations":[{"id":17534,"locale":"ca"},{"id":17535,"locale":"es"},{"id":17536,"locale":"en"}],"_links":{"self":[{"href":"https:\/\/www.focus.cat\/wp-json\/wp\/v2\/ex\/17536","targetHints":{"allow":["GET"]}}],"collection":[{"href":"https:\/\/www.focus.cat\/wp-json\/wp\/v2\/ex"}],"about":[{"href":"https:\/\/www.focus.cat\/wp-json\/wp\/v2\/types\/ex"}],"author":[{"embeddable":true,"href":"https:\/\/www.focus.cat\/wp-json\/wp\/v2\/users\/5"}],"replies":[{"embeddable":true,"href":"https:\/\/www.focus.cat\/wp-json\/wp\/v2\/comments?post=17536"}],"wp:attachment":[{"href":"https:\/\/www.focus.cat\/wp-json\/wp\/v2\/media?parent=17536"}],"wp:term":[{"taxonomy":"location","embeddable":true,"href":"https:\/\/www.focus.cat\/wp-json\/wp\/v2\/location?post=17536"}],"curies":[{"name":"wp","href":"https:\/\/api.w.org\/{rel}","templated":true}]}}