{"id":19378,"date":"2024-09-09T13:16:50","date_gmt":"2024-09-09T13:16:50","guid":{"rendered":"https:\/\/www.focus.cat\/ex\/mort-dun-comediant-2\/"},"modified":"2026-01-29T11:02:52","modified_gmt":"2026-01-29T11:02:52","slug":"mort-dun-comediant-2","status":"publish","type":"ex","link":"https:\/\/www.focus.cat\/en\/ex\/mort-dun-comediant-2\/","title":{"rendered":"Mort d&#8217;un comediant"},"content":{"rendered":"","protected":false},"excerpt":{"rendered":"","protected":false},"author":5,"featured_media":0,"comment_status":"closed","ping_status":"closed","template":"","location":[],"class_list":["post-19378","ex","type-ex","status-publish","hentry"],"acf":{"txt_synopsis":"<strong>Un personatge fora de s\u00e8rie per a un Jordi Bosch en estat de gr\u00e0cia.<\/strong>\r\n\r\nAdri, un jove cuidador d\u2019avis, comen\u00e7a a treballar a casa de Lloren\u00e7 Cardona, un dels actors m\u00e9s respectats i estimats de Catalunya. El primer dia, la seva neboda Miranda l\u2019adverteix que per conservar la feina haur\u00e0 de seguir un munt de normes que van m\u00e9s enll\u00e0 de les seves tasques habituals: en la recta final de la seva vida, Lloren\u00e7 sembla haver perdut el cap i en ocasions decideix comportant-se com els personatges que ha interpretat durant la seva dilatada carrera i obligant Adri a seguir-li\u00a0el corrent. Al llarg de la seva conviv\u00e8ncia, Lloren\u00e7 encarna tota mena de personatges m\u00edtics a mesura que va establint una relaci\u00f3 cada cop m\u00e9s estreta amb el seu cuidador, que acabar\u00e0 descobrint la veritable ra\u00f3 per la que el vell actor ha trobat un refugi en la ficci\u00f3 teatral per fugir d\u2019una realitat a la qual \u00e9s incapa\u00e7 d\u2019enfrontar-se.","main_buy_link":"https:\/\/tickets.oneboxtds.com\/teatreromea\/events\/39458?hl=ca-ES","main_buy_links":"[\"https:\/\/tickets.oneboxtds.com\/teatreromea\/events\/39458?hl=es-ES\"]","show_language":"Espectacle en catal\u00e0 ","show_duration":"90","txt_genre":"TEATRE","show_start_date":"20250321000000","show_end_date":"20250511000000","show_sort_date":"20250321000000","txt_custom_show_dates":"hasta el 11 de mayo de 2025 ","txt_additional_info":"<ul>\r\n \t<li>Edat recomanada a partir de 12 anys<\/li>\r\n \t<li><strong>Funci\u00f3 accessible:<\/strong> <strong>29 de mar\u00e7 de 2025 a les 20h\r\n<\/strong>La funci\u00f3 comptar\u00e0 amb\r\n\u00b7Subtitulaci\u00f3\r\n\u00b7Audiodescripci\u00f3\r\n\u00b7Bucle magn\u00e8tic\r\n\u00b7So amplificat<\/li>\r\n<\/ul>","txt_present":"","txt_season":"[\"2024\/25\"]","txt_cycle":"","txt_claim":"Un personatge fora de s\u00e8rie per a un Jordi Bosch en estat de gr\u00e0cia.","txt_cast_excerpt":"","txt_cast":"Authorship: <strong>Guillem Clua\r\n<\/strong>Direction: <strong>Josep Maria Mestres <\/strong>\r\n\r\nCast: <strong>Jordi Bosch, Merc\u00e8 Pons and Francesc Marginet Sensada <\/strong>\r\n\r\nScenography: <strong>Joan Sabat\u00e9\r\n<\/strong>Vestuary: <strong>B\u00e0rbara Glaenzel<\/strong>\r\nIlumination: <strong>Kiko Planas\r\n<\/strong>Sound space: <strong>Jordi Bonet<\/strong>\r\nCharacterization: <strong>Toni Santos<\/strong>\r\n\r\nProduction direction: <strong>Maite Pijuan\r\n<\/strong>Executive production: <strong>\u00c0lvar Rovira<\/strong>\r\nTechnical office management: <strong>Moi Cuenca\r\n<\/strong>Technical office: <strong>Jordi Farr\u00e0s\u00a0 <\/strong>\r\n\r\nDirection assistant: <strong>Tilda Espluga\r\n<\/strong>Scenography assistant: <strong>Cesc Colomina\r\n<\/strong>Production assistant: <strong>Sira Castells and Marta Margarit\r\n<\/strong>Stage manager: <strong>Tilda Espluga\u202f <\/strong>\r\n\r\nMarketing and communication: <strong>Teatre Romea\r\n<\/strong>Photographic report: <strong>David Ruano\u00a0 <\/strong>\r\n\r\nCollaborators: <strong>Jorge de La Garza, Montibello<\/strong>\r\n\r\nSupported by: <strong>Generalitat de Catalunya - ICEC Institut Catal\u00e0 de les Empreses Culturals and Uni\u00f3 Europea (Fons Europeu Next Generation; Plan de Recuperaci\u00f3n, Transformaci\u00f3n y Resiliencia), Next Generation Catalunya <\/strong>\r\n\r\nDistribution: <strong>Carme Tierz (<\/strong><a href=\"mailto:carmetierz@focus.cat\"><strong>carmetierz@focus.cat<\/strong><\/a><strong>)\u00a0 <\/strong>\r\n\r\nIt is a production of <strong>Teatre Romea <\/strong>","txt_reviews":"Assumpta P\u00e9rez Trevi\u00f1o|Regi\u00f3 7|\u201cUna de les joies de la temporada\u201d\r\nCarles Armengol Gili|Teatre Barcelona|\u201cUn text brillant. L\u2019amor pel teatre est\u00e0 en cada r\u00e8plica, en cada fragment cl\u00e0ssic escollit, en cadascuna de les intervencions d\u2019aquest personatge que viu en un m\u00f3n de pura ficci\u00f3.\u201d\r\nAssumpta P\u00e9rez Trevi\u00f1o|Regi\u00f3 7|\u201cUn gegant\u00ed Jordi Bosch davant d\u2019un arriscad\u00edssim treball interpretatiu\u201d","hashtag":"MortDunComediant","have_promo":"","slogan":"","id_exhibicio":2202,"id_versio":1699,"id_local":1,"txt_seo_desc":"","data_images":"[{\"localizer\":\"V4PORTADAWIDE\",\"url\":\"media\/ver\/port\/wide\/v4\/316A9\/01_091_00058350\/Portada_0_MORT_COMEDIANT.jpg\",\"thumb_url\":\"\",\"title\":\"Mort d'un comediant \",\"description\":\"Mort d'un comediant \",\"copyright\":\"\",\"order\":6},{\"localizer\":\"V4PORTADAWIDEMOBILE\",\"url\":\"media\/ver\/port\/wide\/mobile\/v4\/316A9\/01_092_00058351\/Portada_0_mobile_MORT_COMEDIANT.jpg\",\"thumb_url\":\"\",\"title\":\"Mort d'un comediant \",\"description\":\"Mort d'un comediant \",\"copyright\":\"\",\"order\":7},{\"localizer\":\"V4CARTELL\",\"url\":\"media\/ver\/cartell\/v4\/316A9\/01_089_00058352\/Cartell_web_MORT_COMEDIANT.jpg\",\"thumb_url\":\"\",\"title\":\"Mort d'un comediant \",\"description\":\"Mort d'un comediant \",\"copyright\":\"\",\"order\":8},{\"localizer\":\"V4PORTADA\",\"url\":\"media\/ver\/port\/v4\/316A9\/01_090_00058353\/Portada_1_MORT_COMEDIANT.jpg\",\"thumb_url\":\"\",\"title\":\"Mort d'un comediant \",\"description\":\"Mort d'un comediant \",\"copyright\":\"\",\"order\":9},{\"localizer\":\"V3CARTELL\",\"url\":\"media\/ver\/cartell\/v3\/316A9\/01_085_00058367\/Cartell_web_722x1030_MORT_COMEDI.jpg\",\"thumb_url\":\"media\/ver\/cartell\/v3\/316A9\/01_085_00058367\/Cartell_web_722x1030_MORT_COMEDI_thumb.jpg\",\"title\":\"Mort d'un comediant\",\"description\":\"mort d'un comediant\",\"copyright\":\"\",\"order\":10},{\"localizer\":\"V3SLIDE\",\"url\":\"media\/ftgalslide\/v3\/316AC\/01_086_00058618\/T24_Mort_dun_comediant_047.jpg\",\"thumb_url\":\"media\/ftgalslide\/v3\/316AC\/01_086_00058618\/T24_Mort_dun_comediant_047_thumb.jpg\",\"title\":\"Mort d'un comediant - Teatre Romea\",\"description\":\"mort d'un comediant en el teatre romea\",\"copyright\":\"\",\"order\":14},{\"localizer\":\"V3SLIDE\",\"url\":\"media\/ftgalslide\/v3\/316AC\/01_086_00058619\/T24_Mort_dun_comediant_071.jpg\",\"thumb_url\":\"media\/ftgalslide\/v3\/316AC\/01_086_00058619\/T24_Mort_dun_comediant_071_thumb.jpg\",\"title\":\"Mort d'un comediant - Teatre Romea\",\"description\":\"mort d'un comediant en el teatre romea\",\"copyright\":\"\",\"order\":15},{\"localizer\":\"V3SLIDE\",\"url\":\"media\/ftgalslide\/v3\/316AC\/01_086_00058620\/T24_Mort_dun_comediant_085.jpg\",\"thumb_url\":\"media\/ftgalslide\/v3\/316AC\/01_086_00058620\/T24_Mort_dun_comediant_085_thumb.jpg\",\"title\":\"Mort d'un comediant - Teatre Romea\",\"description\":\"mort d'un comediant en el teatre romea\",\"copyright\":\"\",\"order\":16},{\"localizer\":\"V3SLIDE\",\"url\":\"media\/ftgalslide\/v3\/316AC\/01_086_00058621\/T24_Mort_dun_comediant_001.jpg\",\"thumb_url\":\"media\/ftgalslide\/v3\/316AC\/01_086_00058621\/T24_Mort_dun_comediant_001_thumb.jpg\",\"title\":\"Mort d'un comediant - Teatre Romea\",\"description\":\"mort d'un comediant en el teatre romea\",\"copyright\":\"\",\"order\":17}]","material__texto_intro":"","data_material":null,"data_gallery":"","data_discounts":"[]","contract_is_open":false,"in_tour":false,"foreign_production":false,"tour_end_date":""},"yoast_head":"<!-- This site is optimized with the Yoast SEO plugin v27.5 - https:\/\/yoast.com\/product\/yoast-seo-wordpress\/ -->\n<title>Mort d&#039;un comediant - Focus<\/title>\n<meta name=\"robots\" content=\"index, follow, max-snippet:-1, max-image-preview:large, max-video-preview:-1\" \/>\n<link rel=\"canonical\" href=\"https:\/\/www.focus.cat\/ex\/mort-dun-comediant-2\/\" \/>\n<meta property=\"og:locale\" content=\"ca_ES\" \/>\n<meta property=\"og:type\" content=\"article\" \/>\n<meta property=\"og:title\" content=\"Mort d&#039;un comediant - Focus\" \/>\n<meta property=\"og:url\" content=\"https:\/\/www.focus.cat\/en\/ex\/mort-dun-comediant-2\/\" \/>\n<meta property=\"og:site_name\" content=\"Focus\" \/>\n<meta property=\"article:modified_time\" content=\"2026-01-29T11:02:52+00:00\" \/>\n<meta name=\"twitter:card\" content=\"summary_large_image\" \/>\n<script type=\"application\/ld+json\" class=\"yoast-schema-graph\">{\"@context\":\"https:\\\/\\\/schema.org\",\"@graph\":[{\"@type\":\"WebPage\",\"@id\":\"https:\\\/\\\/www.focus.cat\\\/en\\\/ex\\\/mort-dun-comediant-2\\\/\",\"url\":\"https:\\\/\\\/www.focus.cat\\\/en\\\/ex\\\/mort-dun-comediant-2\\\/\",\"name\":\"Mort d'un comediant - Focus\",\"isPartOf\":{\"@id\":\"https:\\\/\\\/www.focus.cat\\\/#website\"},\"datePublished\":\"2024-09-09T13:16:50+00:00\",\"dateModified\":\"2026-01-29T11:02:52+00:00\",\"breadcrumb\":{\"@id\":\"https:\\\/\\\/www.focus.cat\\\/en\\\/ex\\\/mort-dun-comediant-2\\\/#breadcrumb\"},\"inLanguage\":\"ca\",\"potentialAction\":[{\"@type\":\"ReadAction\",\"target\":[\"https:\\\/\\\/www.focus.cat\\\/en\\\/ex\\\/mort-dun-comediant-2\\\/\"]}]},{\"@type\":\"BreadcrumbList\",\"@id\":\"https:\\\/\\\/www.focus.cat\\\/en\\\/ex\\\/mort-dun-comediant-2\\\/#breadcrumb\",\"itemListElement\":[{\"@type\":\"ListItem\",\"position\":1,\"name\":\"Espectacles\",\"item\":\"https:\\\/\\\/www.focus.cat\\\/ex\\\/\"},{\"@type\":\"ListItem\",\"position\":2,\"name\":\"Mort d&#8217;un comediant\"}]},{\"@type\":\"WebSite\",\"@id\":\"https:\\\/\\\/www.focus.cat\\\/#website\",\"url\":\"https:\\\/\\\/www.focus.cat\\\/\",\"name\":\"Focus\",\"description\":\"\",\"publisher\":{\"@id\":\"https:\\\/\\\/www.focus.cat\\\/#organization\"},\"potentialAction\":[{\"@type\":\"SearchAction\",\"target\":{\"@type\":\"EntryPoint\",\"urlTemplate\":\"https:\\\/\\\/www.focus.cat\\\/?s={search_term_string}\"},\"query-input\":{\"@type\":\"PropertyValueSpecification\",\"valueRequired\":true,\"valueName\":\"search_term_string\"}}],\"inLanguage\":\"ca\"},{\"@type\":\"Organization\",\"@id\":\"https:\\\/\\\/www.focus.cat\\\/#organization\",\"name\":\"Focus\",\"url\":\"https:\\\/\\\/www.focus.cat\\\/\",\"logo\":{\"@type\":\"ImageObject\",\"inLanguage\":\"ca\",\"@id\":\"https:\\\/\\\/www.focus.cat\\\/#\\\/schema\\\/logo\\\/image\\\/\",\"url\":\"https:\\\/\\\/www.focus.cat\\\/wp-content\\\/uploads\\\/2022\\\/01\\\/logo-focus-any-35.svg\",\"contentUrl\":\"https:\\\/\\\/www.focus.cat\\\/wp-content\\\/uploads\\\/2022\\\/01\\\/logo-focus-any-35.svg\",\"width\":1,\"height\":1,\"caption\":\"Focus\"},\"image\":{\"@id\":\"https:\\\/\\\/www.focus.cat\\\/#\\\/schema\\\/logo\\\/image\\\/\"}}]}<\/script>\n<!-- \/ Yoast SEO plugin. -->","yoast_head_json":{"title":"Mort d'un comediant - Focus","robots":{"index":"index","follow":"follow","max-snippet":"max-snippet:-1","max-image-preview":"max-image-preview:large","max-video-preview":"max-video-preview:-1"},"canonical":"https:\/\/www.focus.cat\/ex\/mort-dun-comediant-2\/","og_locale":"ca_ES","og_type":"article","og_title":"Mort d'un comediant - Focus","og_url":"https:\/\/www.focus.cat\/en\/ex\/mort-dun-comediant-2\/","og_site_name":"Focus","article_modified_time":"2026-01-29T11:02:52+00:00","twitter_card":"summary_large_image","schema":{"@context":"https:\/\/schema.org","@graph":[{"@type":"WebPage","@id":"https:\/\/www.focus.cat\/en\/ex\/mort-dun-comediant-2\/","url":"https:\/\/www.focus.cat\/en\/ex\/mort-dun-comediant-2\/","name":"Mort d'un comediant - Focus","isPartOf":{"@id":"https:\/\/www.focus.cat\/#website"},"datePublished":"2024-09-09T13:16:50+00:00","dateModified":"2026-01-29T11:02:52+00:00","breadcrumb":{"@id":"https:\/\/www.focus.cat\/en\/ex\/mort-dun-comediant-2\/#breadcrumb"},"inLanguage":"ca","potentialAction":[{"@type":"ReadAction","target":["https:\/\/www.focus.cat\/en\/ex\/mort-dun-comediant-2\/"]}]},{"@type":"BreadcrumbList","@id":"https:\/\/www.focus.cat\/en\/ex\/mort-dun-comediant-2\/#breadcrumb","itemListElement":[{"@type":"ListItem","position":1,"name":"Espectacles","item":"https:\/\/www.focus.cat\/ex\/"},{"@type":"ListItem","position":2,"name":"Mort d&#8217;un comediant"}]},{"@type":"WebSite","@id":"https:\/\/www.focus.cat\/#website","url":"https:\/\/www.focus.cat\/","name":"Focus","description":"","publisher":{"@id":"https:\/\/www.focus.cat\/#organization"},"potentialAction":[{"@type":"SearchAction","target":{"@type":"EntryPoint","urlTemplate":"https:\/\/www.focus.cat\/?s={search_term_string}"},"query-input":{"@type":"PropertyValueSpecification","valueRequired":true,"valueName":"search_term_string"}}],"inLanguage":"ca"},{"@type":"Organization","@id":"https:\/\/www.focus.cat\/#organization","name":"Focus","url":"https:\/\/www.focus.cat\/","logo":{"@type":"ImageObject","inLanguage":"ca","@id":"https:\/\/www.focus.cat\/#\/schema\/logo\/image\/","url":"https:\/\/www.focus.cat\/wp-content\/uploads\/2022\/01\/logo-focus-any-35.svg","contentUrl":"https:\/\/www.focus.cat\/wp-content\/uploads\/2022\/01\/logo-focus-any-35.svg","width":1,"height":1,"caption":"Focus"},"image":{"@id":"https:\/\/www.focus.cat\/#\/schema\/logo\/image\/"}}]}},"translations":[{"id":19376,"locale":"ca"},{"id":19377,"locale":"es"},{"id":19378,"locale":"en"}],"_links":{"self":[{"href":"https:\/\/www.focus.cat\/wp-json\/wp\/v2\/ex\/19378","targetHints":{"allow":["GET"]}}],"collection":[{"href":"https:\/\/www.focus.cat\/wp-json\/wp\/v2\/ex"}],"about":[{"href":"https:\/\/www.focus.cat\/wp-json\/wp\/v2\/types\/ex"}],"author":[{"embeddable":true,"href":"https:\/\/www.focus.cat\/wp-json\/wp\/v2\/users\/5"}],"replies":[{"embeddable":true,"href":"https:\/\/www.focus.cat\/wp-json\/wp\/v2\/comments?post=19378"}],"wp:attachment":[{"href":"https:\/\/www.focus.cat\/wp-json\/wp\/v2\/media?parent=19378"}],"wp:term":[{"taxonomy":"location","embeddable":true,"href":"https:\/\/www.focus.cat\/wp-json\/wp\/v2\/location?post=19378"}],"curies":[{"name":"wp","href":"https:\/\/api.w.org\/{rel}","templated":true}]}}