{"id":20119,"date":"2024-10-25T08:51:16","date_gmt":"2024-10-25T08:51:16","guid":{"rendered":"https:\/\/www.focus.cat\/ex\/conversaciones-con-mama\/"},"modified":"2024-10-25T08:51:16","modified_gmt":"2024-10-25T08:51:16","slug":"conversaciones-con-mama","status":"publish","type":"ex","link":"https:\/\/www.focus.cat\/en\/ex\/conversaciones-con-mama\/","title":{"rendered":"Conversaciones con mam\u00e1"},"content":{"rendered":"","protected":false},"excerpt":{"rendered":"","protected":false},"author":5,"featured_media":0,"comment_status":"open","ping_status":"closed","template":"","location":[],"class_list":["post-20119","ex","type-ex","status-publish","hentry"],"acf":{"txt_synopsis":"<p align=\"justify\">La mare t\u00e9 vuitanta-dos anys i el seu fill Jaime, cinquanta. Ambd\u00f3s viuen en mons molt diferents.<br \/>Jaime t\u00e9 dona, dos fills, una bonica casa, dos cotxes i una sogra que atendre. La mare se les arregla sola i porta la seva vellesa amb dignitat. Un dia per\u00f2 ocorre l\u2019inesperat; l\u2019empresa per a la qual treballa Jaime el deixa al carrer per raons de reajustament de personal. La lamentable situaci\u00f3 el porta a prendre decisions dr\u00e0stiques per qu\u00e8 no pot mantenir el seu tren de vida.<\/p>\r\n<p align=\"justify\"><strong>Durada:<\/strong> 1 hora i 30 minuts (sense entreacte)<br \/><\/p>","main_buy_link":"","main_buy_links":"","show_language":"","show_duration":"","txt_genre":"COM\u00c8DIA","show_start_date":"20131030000000","show_end_date":"20140119000000","show_sort_date":"20130903000000","txt_custom_show_dates":"del 30 de octubre de 2013 al 19 de enero de 2014 ","txt_additional_info":"","txt_present":"","txt_season":"[\"2013\/14\"]","txt_cycle":"","txt_claim":"","txt_cast_excerpt":"","txt_cast":"","txt_reviews":"","hashtag":"","have_promo":"","slogan":"","id_exhibicio":905,"id_versio":697,"id_local":40,"txt_seo_desc":"","data_images":"[{\"localizer\":\"V2EXHBCARTELL\",\"url\":\"media\/ver\/cartell\/312BD\/01_079_00030281\/list.jpg\",\"thumb_url\":\"media\/ver\/cartell\/312BD\/01_079_00030281\/list_thumb.jpg\",\"title\":\"Conversaciones con mam\u00e1\",\"description\":\"Conversaciones con mam\u00e1\",\"copyright\":\"\",\"order\":1},{\"localizer\":\"VERS_IMATGE_ESPECTACLE\",\"url\":\"media\/ftespect\/3125D\/01_020_00026265\/gal01.jpg\",\"thumb_url\":\"media\/ftespect\/3125D\/01_020_00026265\/gal01_thumb.jpg\",\"title\":\"Conversaciones con mam\u00e1\",\"description\":\"Conversaciones con mam\u00e1\",\"copyright\":\"\",\"order\":3},{\"localizer\":\"VERS_IMATGE_ESPECTACLE\",\"url\":\"media\/ftespect\/3125D\/01_020_00026266\/gal02.jpg\",\"thumb_url\":\"media\/ftespect\/3125D\/01_020_00026266\/gal02_thumb.jpg\",\"title\":\"Conversaciones con mam\u00e1\",\"description\":\"Conversaciones con mam\u00e1\",\"copyright\":\"\",\"order\":4},{\"localizer\":\"VERS_IMATGE_ESPECTACLE\",\"url\":\"media\/ftespect\/3125D\/01_020_00026267\/gal03.jpg\",\"thumb_url\":\"media\/ftespect\/3125D\/01_020_00026267\/gal03_thumb.jpg\",\"title\":\"Conversaciones con mam\u00e1\",\"description\":\"Conversaciones con mam\u00e1\",\"copyright\":\"\",\"order\":5},{\"localizer\":\"VERS_IMATGE_ESPECTACLE\",\"url\":\"media\/ftespect\/3125D\/01_020_00026268\/gal04.jpg\",\"thumb_url\":\"media\/ftespect\/3125D\/01_020_00026268\/gal04_thumb.jpg\",\"title\":\"Conversaciones con mam\u00e1\",\"description\":\"Conversaciones con mam\u00e1\",\"copyright\":\"\",\"order\":6},{\"localizer\":\"VERS_IMATGE_ESPECTACLE\",\"url\":\"media\/ftespect\/3125D\/01_020_00026270\/gal05.jpg\",\"thumb_url\":\"media\/ftespect\/3125D\/01_020_00026270\/gal05_thumb.jpg\",\"title\":\"Conversaciones con mam\u00e1\",\"description\":\"Conversaciones con mam\u00e1\",\"copyright\":\"\",\"order\":7},{\"localizer\":\"VERS_IMATGE_ESPECTACLE\",\"url\":\"media\/ftespect\/3125D\/01_020_00026271\/gal06.jpg\",\"thumb_url\":\"media\/ftespect\/3125D\/01_020_00026271\/gal06_thumb.jpg\",\"title\":\"Conversaciones con mam\u00e1\",\"description\":\"Conversaciones con mam\u00e1\",\"copyright\":\"\",\"order\":8},{\"localizer\":\"VERS_IMATGE_ESPECTACLE\",\"url\":\"media\/ftespect\/3125D\/01_020_00026272\/gal07.jpg\",\"thumb_url\":\"media\/ftespect\/3125D\/01_020_00026272\/gal07_thumb.jpg\",\"title\":\"Conversaciones con mam\u00e1\",\"description\":\"Conversaciones con mam\u00e1\",\"copyright\":\"\",\"order\":9},{\"localizer\":\"VERS_IMATGE_ESPECTACLE\",\"url\":\"media\/ftespect\/3125D\/01_020_00026273\/gal08.jpg\",\"thumb_url\":\"media\/ftespect\/3125D\/01_020_00026273\/gal08_thumb.jpg\",\"title\":\"Conversaciones con mam\u00e1\",\"description\":\"Conversaciones con mam\u00e1\",\"copyright\":\"\",\"order\":10},{\"localizer\":\"VERS_IMATGE_ESPECTACLE\",\"url\":\"media\/ftespect\/3125D\/01_020_00026274\/gal09.jpg\",\"thumb_url\":\"media\/ftespect\/3125D\/01_020_00026274\/gal09_thumb.jpg\",\"title\":\"Conversaciones con mam\u00e1\",\"description\":\"Conversaciones con mam\u00e1\",\"copyright\":\"\",\"order\":11},{\"localizer\":\"VERS_IMATGE_ESPECTACLE\",\"url\":\"media\/ftespect\/3125D\/01_020_00026275\/gal010.jpg\",\"thumb_url\":\"media\/ftespect\/3125D\/01_020_00026275\/gal010_thumb.jpg\",\"title\":\"Conversaciones con mam\u00e1\",\"description\":\"Conversaciones con mam\u00e1\",\"copyright\":\"\",\"order\":12},{\"localizer\":\"V2SLIDE\",\"url\":\"media\/ftgalslide\/3125D\/01_076_00026276\/slide01.jpg\",\"thumb_url\":\"media\/ftgalslide\/3125D\/01_076_00026276\/slide01_thumb.jpg\",\"title\":\"Conversaciones con mam\u00e1\",\"description\":\"Mar\u00eda Galiana y Juan Echanove\",\"copyright\":\"\",\"order\":13},{\"localizer\":\"V2SLIDE\",\"url\":\"media\/ftgalslide\/3125D\/01_076_00026277\/slide02.jpg\",\"thumb_url\":\"media\/ftgalslide\/3125D\/01_076_00026277\/slide02_thumb.jpg\",\"title\":\"Conversaciones con mam\u00e1\",\"description\":\"Mar\u00eda Galiana y Juan Echanove\",\"copyright\":\"\",\"order\":14},{\"localizer\":\"V2SLIDE\",\"url\":\"media\/ftgalslide\/3125D\/01_076_00026278\/slide03.jpg\",\"thumb_url\":\"media\/ftgalslide\/3125D\/01_076_00026278\/slide03_thumb.jpg\",\"title\":\"Conversaciones con mam\u00e1\",\"description\":\"Mar\u00eda Galiana y Juan Echanove\",\"copyright\":\"\",\"order\":15},{\"localizer\":\"V2SLIDE\",\"url\":\"media\/ftgalslide\/3125D\/01_076_00026279\/slide04.jpg\",\"thumb_url\":\"media\/ftgalslide\/3125D\/01_076_00026279\/slide04_thumb.jpg\",\"title\":\"Conversaciones con mam\u00e1\",\"description\":\"Mar\u00eda Galiana y Juan Echanove\",\"copyright\":\"\",\"order\":16},{\"localizer\":\"V2SLIDE\",\"url\":\"media\/ftgalslide\/3125D\/01_076_00026280\/slide05.jpg\",\"thumb_url\":\"media\/ftgalslide\/3125D\/01_076_00026280\/slide05_thumb.jpg\",\"title\":\"Conversaciones con mam\u00e1\",\"description\":\"Mar\u00eda Galiana y Juan Echanove\",\"copyright\":\"\",\"order\":17},{\"localizer\":\"V2SLIDE\",\"url\":\"media\/ftgalslide\/3125D\/01_076_00026281\/slide06.jpg\",\"thumb_url\":\"media\/ftgalslide\/3125D\/01_076_00026281\/slide06_thumb.jpg\",\"title\":\"Conversaciones con mam\u00e1\",\"description\":\"Mar\u00eda Galiana y Juan Echanove\",\"copyright\":\"\",\"order\":18},{\"localizer\":\"V2SLIDE\",\"url\":\"media\/ftgalslide\/3125D\/01_076_00026282\/slide07.jpg\",\"thumb_url\":\"media\/ftgalslide\/3125D\/01_076_00026282\/slide07_thumb.jpg\",\"title\":\"Conversaciones con mam\u00e1\",\"description\":\"Mar\u00eda Galiana y Juan Echanove\",\"copyright\":\"\",\"order\":19},{\"localizer\":\"V2SLIDE\",\"url\":\"media\/ftgalslide\/3125D\/01_076_00026283\/slide08.jpg\",\"thumb_url\":\"media\/ftgalslide\/3125D\/01_076_00026283\/slide08_thumb.jpg\",\"title\":\"Conversaciones con mam\u00e1\",\"description\":\"Mar\u00eda Galiana y Juan Echanove\",\"copyright\":\"\",\"order\":20},{\"localizer\":\"V2SLIDE\",\"url\":\"media\/ftgalslide\/3125D\/01_076_00026284\/slide09.jpg\",\"thumb_url\":\"media\/ftgalslide\/3125D\/01_076_00026284\/slide09_thumb.jpg\",\"title\":\"Conversaciones con mam\u00e1\",\"description\":\"Mar\u00eda Galiana y Juan Echanove\",\"copyright\":\"\",\"order\":21},{\"localizer\":\"V2SLIDE\",\"url\":\"media\/ftgalslide\/3125D\/01_076_00026285\/slide010.jpg\",\"thumb_url\":\"media\/ftgalslide\/3125D\/01_076_00026285\/slide010_thumb.jpg\",\"title\":\"Conversaciones con mam\u00e1\",\"description\":\"Mar\u00eda Galiana y Juan Echanove\",\"copyright\":\"\",\"order\":22},{\"localizer\":\"V2CARTELL\",\"url\":\"media\/ver\/cartell\/3125D\/01_079_00026401\/list.jpg\",\"thumb_url\":\"media\/ver\/cartell\/3125D\/01_079_00026401\/list_thumb.jpg\",\"title\":\"Conversaciones con mam\u00e1\",\"description\":\"Mar\u00eda Galiana y Juan Echanove\",\"copyright\":\"\",\"order\":23},{\"localizer\":\"V2CARTELLDISTRI\",\"url\":\"media\/cartell\/distrib\/312BE\/01_082_00030301\/list.jpg\",\"thumb_url\":\"media\/cartell\/distrib\/312BE\/01_082_00030301\/list_thumb.jpg\",\"title\":\"Conversaciones con mam\u00e1\",\"description\":\"Conversaciones con mam\u00e1\",\"copyright\":\"\",\"order\":24},{\"localizer\":\"V2PORTADA\",\"url\":\"media\/ver\/port\/312C3\/01_078_00031853\/conversacionesweb.jpg\",\"thumb_url\":\"media\/ver\/port\/312C3\/01_078_00031853\/conversacionesweb_thumb.jpg\",\"title\":\"Conversaciones con mam\u00e1\",\"description\":\"Conversaciones con mam\u00e1\",\"copyright\":\"\",\"order\":26},{\"localizer\":\"V3CARTELL\",\"url\":\"media\/ver\/cartell\/v3\/316AA\/01_085_00058447\/a4_Conversaciones_sin_logos_a3_compressed_(1)_page-0001.jpg\",\"thumb_url\":\"media\/ver\/cartell\/v3\/316AA\/01_085_00058447\/a4_Conversaciones_sin_logos_a3_compressed_(1)_page-0001_thumb.jpg\",\"title\":\"Cartel CONVERSACIONES CON MAM\u00c1\",\"description\":\"Cartel CONVERSACIONES CON MAM\u00c1\",\"copyright\":\"\",\"order\":27}]","material__texto_intro":"","data_material":null,"data_gallery":"","data_discounts":"[{\"InfoAddicional\":\"<b>Precios especiales para grupos y particulares<\/b><br \/> Tel. 91 531 48 44 <br \/><a href=\"mailto:info@promescena.es\">info@promescena.es<\/a><br \/><br \/>\",\"Url\":\"http:\/\/www.promentrada.com\/es\/mad\/0\",\"Codi\":\"0\",\"LogoUrl\":\"media\/fimage\/313E6\/01_005_00039788\/logo_prome_nuevo_v_web3.jpg\",\"TitolBoto\":\"\",\"Type\":\"discount\"}]","contract_is_open":false,"in_tour":false,"foreign_production":false,"tour_end_date":"00010101000000"},"yoast_head":"<!-- This site is optimized with the Yoast SEO plugin v27.5 - https:\/\/yoast.com\/product\/yoast-seo-wordpress\/ -->\n<title>Conversaciones con mam\u00e1 - Focus<\/title>\n<meta name=\"robots\" content=\"index, follow, max-snippet:-1, max-image-preview:large, max-video-preview:-1\" \/>\n<link rel=\"canonical\" href=\"https:\/\/www.focus.cat\/ex\/conversaciones-con-mama\/\" \/>\n<meta property=\"og:locale\" content=\"ca_ES\" \/>\n<meta property=\"og:type\" content=\"article\" \/>\n<meta property=\"og:title\" content=\"Conversaciones con mam\u00e1 - Focus\" \/>\n<meta property=\"og:url\" content=\"https:\/\/www.focus.cat\/en\/ex\/conversaciones-con-mama\/\" \/>\n<meta property=\"og:site_name\" content=\"Focus\" \/>\n<meta name=\"twitter:card\" content=\"summary_large_image\" \/>\n<script type=\"application\/ld+json\" class=\"yoast-schema-graph\">{\"@context\":\"https:\\\/\\\/schema.org\",\"@graph\":[{\"@type\":\"WebPage\",\"@id\":\"https:\\\/\\\/www.focus.cat\\\/en\\\/ex\\\/conversaciones-con-mama\\\/\",\"url\":\"https:\\\/\\\/www.focus.cat\\\/en\\\/ex\\\/conversaciones-con-mama\\\/\",\"name\":\"Conversaciones con mam\u00e1 - Focus\",\"isPartOf\":{\"@id\":\"https:\\\/\\\/www.focus.cat\\\/#website\"},\"datePublished\":\"2024-10-25T08:51:16+00:00\",\"breadcrumb\":{\"@id\":\"https:\\\/\\\/www.focus.cat\\\/en\\\/ex\\\/conversaciones-con-mama\\\/#breadcrumb\"},\"inLanguage\":\"ca\",\"potentialAction\":[{\"@type\":\"ReadAction\",\"target\":[\"https:\\\/\\\/www.focus.cat\\\/en\\\/ex\\\/conversaciones-con-mama\\\/\"]}]},{\"@type\":\"BreadcrumbList\",\"@id\":\"https:\\\/\\\/www.focus.cat\\\/en\\\/ex\\\/conversaciones-con-mama\\\/#breadcrumb\",\"itemListElement\":[{\"@type\":\"ListItem\",\"position\":1,\"name\":\"Espectacles\",\"item\":\"https:\\\/\\\/www.focus.cat\\\/ex\\\/\"},{\"@type\":\"ListItem\",\"position\":2,\"name\":\"Conversaciones con mam\u00e1\"}]},{\"@type\":\"WebSite\",\"@id\":\"https:\\\/\\\/www.focus.cat\\\/#website\",\"url\":\"https:\\\/\\\/www.focus.cat\\\/\",\"name\":\"Focus\",\"description\":\"\",\"publisher\":{\"@id\":\"https:\\\/\\\/www.focus.cat\\\/#organization\"},\"potentialAction\":[{\"@type\":\"SearchAction\",\"target\":{\"@type\":\"EntryPoint\",\"urlTemplate\":\"https:\\\/\\\/www.focus.cat\\\/?s={search_term_string}\"},\"query-input\":{\"@type\":\"PropertyValueSpecification\",\"valueRequired\":true,\"valueName\":\"search_term_string\"}}],\"inLanguage\":\"ca\"},{\"@type\":\"Organization\",\"@id\":\"https:\\\/\\\/www.focus.cat\\\/#organization\",\"name\":\"Focus\",\"url\":\"https:\\\/\\\/www.focus.cat\\\/\",\"logo\":{\"@type\":\"ImageObject\",\"inLanguage\":\"ca\",\"@id\":\"https:\\\/\\\/www.focus.cat\\\/#\\\/schema\\\/logo\\\/image\\\/\",\"url\":\"https:\\\/\\\/www.focus.cat\\\/wp-content\\\/uploads\\\/2022\\\/01\\\/logo-focus-any-35.svg\",\"contentUrl\":\"https:\\\/\\\/www.focus.cat\\\/wp-content\\\/uploads\\\/2022\\\/01\\\/logo-focus-any-35.svg\",\"width\":1,\"height\":1,\"caption\":\"Focus\"},\"image\":{\"@id\":\"https:\\\/\\\/www.focus.cat\\\/#\\\/schema\\\/logo\\\/image\\\/\"}}]}<\/script>\n<!-- \/ Yoast SEO plugin. -->","yoast_head_json":{"title":"Conversaciones con mam\u00e1 - Focus","robots":{"index":"index","follow":"follow","max-snippet":"max-snippet:-1","max-image-preview":"max-image-preview:large","max-video-preview":"max-video-preview:-1"},"canonical":"https:\/\/www.focus.cat\/ex\/conversaciones-con-mama\/","og_locale":"ca_ES","og_type":"article","og_title":"Conversaciones con mam\u00e1 - Focus","og_url":"https:\/\/www.focus.cat\/en\/ex\/conversaciones-con-mama\/","og_site_name":"Focus","twitter_card":"summary_large_image","schema":{"@context":"https:\/\/schema.org","@graph":[{"@type":"WebPage","@id":"https:\/\/www.focus.cat\/en\/ex\/conversaciones-con-mama\/","url":"https:\/\/www.focus.cat\/en\/ex\/conversaciones-con-mama\/","name":"Conversaciones con mam\u00e1 - Focus","isPartOf":{"@id":"https:\/\/www.focus.cat\/#website"},"datePublished":"2024-10-25T08:51:16+00:00","breadcrumb":{"@id":"https:\/\/www.focus.cat\/en\/ex\/conversaciones-con-mama\/#breadcrumb"},"inLanguage":"ca","potentialAction":[{"@type":"ReadAction","target":["https:\/\/www.focus.cat\/en\/ex\/conversaciones-con-mama\/"]}]},{"@type":"BreadcrumbList","@id":"https:\/\/www.focus.cat\/en\/ex\/conversaciones-con-mama\/#breadcrumb","itemListElement":[{"@type":"ListItem","position":1,"name":"Espectacles","item":"https:\/\/www.focus.cat\/ex\/"},{"@type":"ListItem","position":2,"name":"Conversaciones con mam\u00e1"}]},{"@type":"WebSite","@id":"https:\/\/www.focus.cat\/#website","url":"https:\/\/www.focus.cat\/","name":"Focus","description":"","publisher":{"@id":"https:\/\/www.focus.cat\/#organization"},"potentialAction":[{"@type":"SearchAction","target":{"@type":"EntryPoint","urlTemplate":"https:\/\/www.focus.cat\/?s={search_term_string}"},"query-input":{"@type":"PropertyValueSpecification","valueRequired":true,"valueName":"search_term_string"}}],"inLanguage":"ca"},{"@type":"Organization","@id":"https:\/\/www.focus.cat\/#organization","name":"Focus","url":"https:\/\/www.focus.cat\/","logo":{"@type":"ImageObject","inLanguage":"ca","@id":"https:\/\/www.focus.cat\/#\/schema\/logo\/image\/","url":"https:\/\/www.focus.cat\/wp-content\/uploads\/2022\/01\/logo-focus-any-35.svg","contentUrl":"https:\/\/www.focus.cat\/wp-content\/uploads\/2022\/01\/logo-focus-any-35.svg","width":1,"height":1,"caption":"Focus"},"image":{"@id":"https:\/\/www.focus.cat\/#\/schema\/logo\/image\/"}}]}},"translations":[{"id":20117,"locale":"ca"},{"id":20118,"locale":"es"},{"id":20119,"locale":"en"}],"_links":{"self":[{"href":"https:\/\/www.focus.cat\/wp-json\/wp\/v2\/ex\/20119","targetHints":{"allow":["GET"]}}],"collection":[{"href":"https:\/\/www.focus.cat\/wp-json\/wp\/v2\/ex"}],"about":[{"href":"https:\/\/www.focus.cat\/wp-json\/wp\/v2\/types\/ex"}],"author":[{"embeddable":true,"href":"https:\/\/www.focus.cat\/wp-json\/wp\/v2\/users\/5"}],"replies":[{"embeddable":true,"href":"https:\/\/www.focus.cat\/wp-json\/wp\/v2\/comments?post=20119"}],"wp:attachment":[{"href":"https:\/\/www.focus.cat\/wp-json\/wp\/v2\/media?parent=20119"}],"wp:term":[{"taxonomy":"location","embeddable":true,"href":"https:\/\/www.focus.cat\/wp-json\/wp\/v2\/location?post=20119"}],"curies":[{"name":"wp","href":"https:\/\/api.w.org\/{rel}","templated":true}]}}