{"id":20137,"date":"2024-10-25T09:26:35","date_gmt":"2024-10-25T09:26:35","guid":{"rendered":"https:\/\/www.focus.cat\/ex\/adreca-desconeguda-2\/"},"modified":"2024-10-25T09:26:35","modified_gmt":"2024-10-25T09:26:35","slug":"adreca-desconeguda-2","status":"publish","type":"ex","link":"https:\/\/www.focus.cat\/en\/ex\/adreca-desconeguda-2\/","title":{"rendered":"Adre\u00e7a desconeguda"},"content":{"rendered":"","protected":false},"excerpt":{"rendered":"","protected":false},"author":5,"featured_media":0,"comment_status":"open","ping_status":"closed","template":"","location":[],"class_list":["post-20137","ex","type-ex","status-publish","hentry"],"acf":{"txt_synopsis":"<p align=\"justify\">1932. L'alemany Martin Schulse i el jueu nordameric\u00e0 Max Eisenstein comparteixen una gran amistat i s\u00f3n socis d'una galeria d'art a San Francisco (Calif\u00f2rnia). El Martin ha decidit tornar al seu pa\u00eds amb els seus, mentre que el Max es queda a San Francisco per dur el negoci com\u00fa. Han prom\u00e8s d'escriure's i ho fan des del moment de la seva separaci\u00f3 perqu\u00e8 s'estimin com a germans. <\/p>\r\n<p align=\"justify\">A principis de 1933, a Alemanya, Hindeburg deixa el poder a un nou canceller, el nacional-socialista Adolf Hitler. Mentre es produeix el tr\u00e0gic ascens del Tercer Reich, la tendra complicitat de les primeres cartes bascular\u00e0 subtilment fins a l'horror. Els dos homes viuran aquest gir hist\u00f2ric en detriment de la seva amistat, i a la llum de la seva correspond\u00e8ncia quedar\u00e0 atrapada, com en una instant\u00e0nia, no nom\u00e9s tota la trag\u00e8dia de l'Alemanya nazi, sin\u00f3 a m\u00e9s una altra hist\u00f2ria, intemporal i universal; la variable i imprevisible condici\u00f3 de v\u00edctima i botx\u00ed de l'\u00e9sser hum\u00e0.<\/p>\r\n<p align=\"justify\"><strong>Durada:<\/strong> <strong>1h 5 min (sense entreacte)<\/strong><\/p>","main_buy_link":"","main_buy_links":"","show_language":"","show_duration":"","txt_genre":"DRAM\u00c0TIC","show_start_date":"20140417000000","show_end_date":"20140504000000","show_sort_date":"20131228000000","txt_custom_show_dates":"del 17 de abril al 4 de mayo de 2014 ","txt_additional_info":"","txt_present":"","txt_season":"[\"2013\/14\"]","txt_cycle":"","txt_claim":"","txt_cast_excerpt":"","txt_cast":"","txt_reviews":"","hashtag":"","have_promo":"","slogan":"","id_exhibicio":978,"id_versio":638,"id_local":35,"txt_seo_desc":"","data_images":"[{\"localizer\":\"V2EXHBCARTELL\",\"url\":\"media\/ver\/cartell\/312BC\/01_079_00029657\/list4.jpg\",\"thumb_url\":\"media\/ver\/cartell\/312BC\/01_079_00029657\/list4_thumb.jpg\",\"title\":\"Adre\u00e7a desconeguda\",\"description\":\"Adre\u00e7a desconeguda\",\"copyright\":\"https:\/\/d1wfclq6bigznq.cloudfront.net\/tkrfc\/default\/015adre.jpg\",\"order\":3},{\"localizer\":\"V2SLIDE\",\"url\":\"media\/ftgalslide\/31255\/01_076_00023890\/slide01.jpg\",\"thumb_url\":\"media\/ftgalslide\/31255\/01_076_00023890\/slide01_thumb.jpg\",\"title\":\"Adre\u00e7a desconeguda\",\"description\":\"Llu\u00eds Homar y Eduard Fern\u00e1ndez\",\"copyright\":\"http:\/\/www.youtube.com\/watch?v=ROzBXYlo1lY\",\"order\":4},{\"localizer\":\"V2CARTELL\",\"url\":\"media\/ver\/cartell\/311FC\/01_079_00023398\/list3.jpg\",\"thumb_url\":\"media\/ver\/cartell\/311FC\/01_079_00023398\/list3_thumb.jpg\",\"title\":\"Adre\u00e7a desconeguda\",\"description\":\"Adre\u00e7a desconeguda\",\"copyright\":\"\",\"order\":5},{\"localizer\":\"V2SLIDE\",\"url\":\"media\/ftgalslide\/31255\/01_076_00023708\/slide01.jpg\",\"thumb_url\":\"media\/ftgalslide\/31255\/01_076_00023708\/slide01_thumb.jpg\",\"title\":\"Adre\u00e7a desconeguda\",\"description\":\"Llu\u00eds Homar y Eduard Fern\u00e1ndez\",\"copyright\":\"\",\"order\":6},{\"localizer\":\"V2SLIDE\",\"url\":\"media\/ftgalslide\/31255\/01_076_00023709\/slide02.jpg\",\"thumb_url\":\"media\/ftgalslide\/31255\/01_076_00023709\/slide02_thumb.jpg\",\"title\":\"Adre\u00e7a desconeguda\",\"description\":\"Llu\u00eds Homar y Eduard Fern\u00e1ndez\",\"copyright\":\"\",\"order\":7},{\"localizer\":\"V2SLIDE\",\"url\":\"media\/ftgalslide\/31255\/01_076_00023710\/slide03.jpg\",\"thumb_url\":\"media\/ftgalslide\/31255\/01_076_00023710\/slide03_thumb.jpg\",\"title\":\"Adre\u00e7a desconeguda\",\"description\":\"Llu\u00eds Homar y Eduard Fern\u00e1ndez\",\"copyright\":\"\",\"order\":8},{\"localizer\":\"V2SLIDE\",\"url\":\"media\/ftgalslide\/31255\/01_076_00023711\/slide04.jpg\",\"thumb_url\":\"media\/ftgalslide\/31255\/01_076_00023711\/slide04_thumb.jpg\",\"title\":\"Adre\u00e7a desconeguda\",\"description\":\"Llu\u00eds Homar y Eduard Fern\u00e1ndez\",\"copyright\":\"\",\"order\":9},{\"localizer\":\"V2SLIDE\",\"url\":\"media\/ftgalslide\/31255\/01_076_00023712\/slide05.jpg\",\"thumb_url\":\"media\/ftgalslide\/31255\/01_076_00023712\/slide05_thumb.jpg\",\"title\":\"Adre\u00e7a desconeguda\",\"description\":\"Llu\u00eds Homar y Eduard Fern\u00e1ndez\",\"copyright\":\"\",\"order\":10},{\"localizer\":\"V2SLIDE\",\"url\":\"media\/ftgalslide\/31255\/01_076_00023713\/slide06.jpg\",\"thumb_url\":\"media\/ftgalslide\/31255\/01_076_00023713\/slide06_thumb.jpg\",\"title\":\"Adre\u00e7a desconeguda\",\"description\":\"Llu\u00eds Homar y Eduard Fern\u00e1ndez\",\"copyright\":\"\",\"order\":11},{\"localizer\":\"VERS_IMATGE_ESPECTACLE\",\"url\":\"media\/ftespect\/31255\/01_020_00023714\/gal01.jpg\",\"thumb_url\":\"media\/ftespect\/31255\/01_020_00023714\/gal01_thumb.jpg\",\"title\":\"Adre\u00e7a desconeguda\",\"description\":\"Adre\u00e7a desconeguda\",\"copyright\":\"\",\"order\":12},{\"localizer\":\"VERS_IMATGE_ESPECTACLE\",\"url\":\"media\/ftespect\/31255\/01_020_00023715\/gal02.jpg\",\"thumb_url\":\"media\/ftespect\/31255\/01_020_00023715\/gal02_thumb.jpg\",\"title\":\"Adre\u00e7a desconeguda\",\"description\":\"Adre\u00e7a desconeguda\",\"copyright\":\"\",\"order\":13},{\"localizer\":\"VERS_IMATGE_ESPECTACLE\",\"url\":\"media\/ftespect\/31255\/01_020_00023716\/gal03.jpg\",\"thumb_url\":\"media\/ftespect\/31255\/01_020_00023716\/gal03_thumb.jpg\",\"title\":\"Adre\u00e7a desconeguda\",\"description\":\"Adre\u00e7a desconeguda\",\"copyright\":\"\",\"order\":14},{\"localizer\":\"VERS_IMATGE_ESPECTACLE\",\"url\":\"media\/ftespect\/31255\/01_020_00023717\/gal04.jpg\",\"thumb_url\":\"media\/ftespect\/31255\/01_020_00023717\/gal04_thumb.jpg\",\"title\":\"Adre\u00e7a desconeguda\",\"description\":\"Adre\u00e7a desconeguda\",\"copyright\":\"\",\"order\":15},{\"localizer\":\"VERS_IMATGE_ESPECTACLE\",\"url\":\"media\/ftespect\/31255\/01_020_00023718\/gal05.jpg\",\"thumb_url\":\"media\/ftespect\/31255\/01_020_00023718\/gal05_thumb.jpg\",\"title\":\"Adre\u00e7a desconeguda\",\"description\":\"Adre\u00e7a desconeguda\",\"copyright\":\"\",\"order\":16},{\"localizer\":\"VERS_IMATGE_ESPECTACLE\",\"url\":\"media\/ftespect\/31255\/01_020_00023719\/gal06.jpg\",\"thumb_url\":\"media\/ftespect\/31255\/01_020_00023719\/gal06_thumb.jpg\",\"title\":\"Adre\u00e7a desconeguda\",\"description\":\"Adre\u00e7a desconeguda\",\"copyright\":\"\",\"order\":17},{\"localizer\":\"V2CARTELLDISTRI\",\"url\":\"media\/cartell\/distrib\/312BA\/01_082_00028196\/desconegudadistri.jpg\",\"thumb_url\":\"media\/cartell\/distrib\/312BA\/01_082_00028196\/desconegudadistri_thumb.jpg\",\"title\":\"Adre\u00e7a desconeguda\",\"description\":\"Adre\u00e7a desconeguda\",\"copyright\":\"\",\"order\":20},{\"localizer\":\"V2PORTADA\",\"url\":\"media\/ver\/port\/312BC\/01_078_00029598\/port2.jpg\",\"thumb_url\":\"media\/ver\/port\/312BC\/01_078_00029598\/port2_thumb.jpg\",\"title\":\"Adre\u00e7a desconeguda\",\"description\":\"Adre\u00e7a desconeguda\",\"copyright\":\"\",\"order\":21},{\"localizer\":\"V3CARTELL\",\"url\":\"media\/ver\/cartell\/v3\/316AA\/01_085_00058451\/Imatge.jpg\",\"thumb_url\":\"media\/ver\/cartell\/v3\/316AA\/01_085_00058451\/Imatge_thumb.jpg\",\"title\":\"Cartel ADRE\u00c7A DESCONEGUDA\",\"description\":\"Cartel ADRE\u00c7A DESCONEGUDA\",\"copyright\":\"\",\"order\":22}]","material__texto_intro":"","data_material":null,"data_gallery":"","data_discounts":"[{\"InfoAddicional\":\".\",\"Url\":\"https:\/\/www.promentrada.com\/ca\/product\/{#CODI#}\",\"Codi\":\"0\",\"LogoUrl\":\"media\/fimage\/31389\/01_005_00038530\/logo_prome_nuevo_v_web.jpg\",\"TitolBoto\":\"Descuentos para grupos y escuelas\",\"Type\":\"discount\"},{\"InfoAddicional\":\".\",\"Url\":\"vip.promentrada.com\/ca\/product\/{#CODI#}\",\"Codi\":\"0\",\"LogoUrl\":\"media\/fimage\/31389\/01_005_00038559\/logo_prome_vip_v_web.jpg\",\"TitolBoto\":\"Descuentos para particulares\",\"Type\":\"discount\"},{\"InfoAddicional\":\"<p><strong>NOUS DESCOMPTES:<\/strong><\/p><p><strong>Dimarts, dia de l'espectador<\/strong>. Consultar preus<\/p><p><strong>Majors de 65 anys, 15% dte*<br \/>Menors de 30 anys, 30% dte*<br \/>Menors de 16 anys, 16\u20ac*<br \/>Menors de 12 anys, 12\u20ac*<\/strong><\/p><p><em>Els preus i descomptes no tenen les despeses de gesti\u00f3 incloses<br \/>*Descompte aplicable per a totes les funcions excepte alguns festius i excepte determinats espectacles de car\u00e0cter familiar, infantil i d'altres<\/em><br \/><\/p>\",\"Url\":\"[TEXT]\",\"Codi\":\"0\",\"LogoUrl\":\"\",\"TitolBoto\":\"\",\"Type\":\"discount\"}]","contract_is_open":false,"in_tour":false,"foreign_production":false,"tour_end_date":"00010101000000"},"yoast_head":"<!-- This site is optimized with the Yoast SEO plugin v27.5 - https:\/\/yoast.com\/product\/yoast-seo-wordpress\/ -->\n<title>Adre\u00e7a desconeguda - Focus<\/title>\n<meta name=\"robots\" content=\"index, follow, max-snippet:-1, max-image-preview:large, max-video-preview:-1\" \/>\n<link rel=\"canonical\" href=\"https:\/\/www.focus.cat\/ex\/adreca-desconeguda-2\/\" \/>\n<meta property=\"og:locale\" content=\"ca_ES\" \/>\n<meta property=\"og:type\" content=\"article\" \/>\n<meta property=\"og:title\" content=\"Adre\u00e7a desconeguda - Focus\" \/>\n<meta property=\"og:url\" content=\"https:\/\/www.focus.cat\/en\/ex\/adreca-desconeguda-2\/\" \/>\n<meta property=\"og:site_name\" content=\"Focus\" \/>\n<meta name=\"twitter:card\" content=\"summary_large_image\" \/>\n<script type=\"application\/ld+json\" class=\"yoast-schema-graph\">{\"@context\":\"https:\\\/\\\/schema.org\",\"@graph\":[{\"@type\":\"WebPage\",\"@id\":\"https:\\\/\\\/www.focus.cat\\\/en\\\/ex\\\/adreca-desconeguda-2\\\/\",\"url\":\"https:\\\/\\\/www.focus.cat\\\/en\\\/ex\\\/adreca-desconeguda-2\\\/\",\"name\":\"Adre\u00e7a desconeguda - Focus\",\"isPartOf\":{\"@id\":\"https:\\\/\\\/www.focus.cat\\\/#website\"},\"datePublished\":\"2024-10-25T09:26:35+00:00\",\"breadcrumb\":{\"@id\":\"https:\\\/\\\/www.focus.cat\\\/en\\\/ex\\\/adreca-desconeguda-2\\\/#breadcrumb\"},\"inLanguage\":\"ca\",\"potentialAction\":[{\"@type\":\"ReadAction\",\"target\":[\"https:\\\/\\\/www.focus.cat\\\/en\\\/ex\\\/adreca-desconeguda-2\\\/\"]}]},{\"@type\":\"BreadcrumbList\",\"@id\":\"https:\\\/\\\/www.focus.cat\\\/en\\\/ex\\\/adreca-desconeguda-2\\\/#breadcrumb\",\"itemListElement\":[{\"@type\":\"ListItem\",\"position\":1,\"name\":\"Espectacles\",\"item\":\"https:\\\/\\\/www.focus.cat\\\/ex\\\/\"},{\"@type\":\"ListItem\",\"position\":2,\"name\":\"Adre\u00e7a desconeguda\"}]},{\"@type\":\"WebSite\",\"@id\":\"https:\\\/\\\/www.focus.cat\\\/#website\",\"url\":\"https:\\\/\\\/www.focus.cat\\\/\",\"name\":\"Focus\",\"description\":\"\",\"publisher\":{\"@id\":\"https:\\\/\\\/www.focus.cat\\\/#organization\"},\"potentialAction\":[{\"@type\":\"SearchAction\",\"target\":{\"@type\":\"EntryPoint\",\"urlTemplate\":\"https:\\\/\\\/www.focus.cat\\\/?s={search_term_string}\"},\"query-input\":{\"@type\":\"PropertyValueSpecification\",\"valueRequired\":true,\"valueName\":\"search_term_string\"}}],\"inLanguage\":\"ca\"},{\"@type\":\"Organization\",\"@id\":\"https:\\\/\\\/www.focus.cat\\\/#organization\",\"name\":\"Focus\",\"url\":\"https:\\\/\\\/www.focus.cat\\\/\",\"logo\":{\"@type\":\"ImageObject\",\"inLanguage\":\"ca\",\"@id\":\"https:\\\/\\\/www.focus.cat\\\/#\\\/schema\\\/logo\\\/image\\\/\",\"url\":\"https:\\\/\\\/www.focus.cat\\\/wp-content\\\/uploads\\\/2022\\\/01\\\/logo-focus-any-35.svg\",\"contentUrl\":\"https:\\\/\\\/www.focus.cat\\\/wp-content\\\/uploads\\\/2022\\\/01\\\/logo-focus-any-35.svg\",\"width\":1,\"height\":1,\"caption\":\"Focus\"},\"image\":{\"@id\":\"https:\\\/\\\/www.focus.cat\\\/#\\\/schema\\\/logo\\\/image\\\/\"}}]}<\/script>\n<!-- \/ Yoast SEO plugin. -->","yoast_head_json":{"title":"Adre\u00e7a desconeguda - Focus","robots":{"index":"index","follow":"follow","max-snippet":"max-snippet:-1","max-image-preview":"max-image-preview:large","max-video-preview":"max-video-preview:-1"},"canonical":"https:\/\/www.focus.cat\/ex\/adreca-desconeguda-2\/","og_locale":"ca_ES","og_type":"article","og_title":"Adre\u00e7a desconeguda - Focus","og_url":"https:\/\/www.focus.cat\/en\/ex\/adreca-desconeguda-2\/","og_site_name":"Focus","twitter_card":"summary_large_image","schema":{"@context":"https:\/\/schema.org","@graph":[{"@type":"WebPage","@id":"https:\/\/www.focus.cat\/en\/ex\/adreca-desconeguda-2\/","url":"https:\/\/www.focus.cat\/en\/ex\/adreca-desconeguda-2\/","name":"Adre\u00e7a desconeguda - Focus","isPartOf":{"@id":"https:\/\/www.focus.cat\/#website"},"datePublished":"2024-10-25T09:26:35+00:00","breadcrumb":{"@id":"https:\/\/www.focus.cat\/en\/ex\/adreca-desconeguda-2\/#breadcrumb"},"inLanguage":"ca","potentialAction":[{"@type":"ReadAction","target":["https:\/\/www.focus.cat\/en\/ex\/adreca-desconeguda-2\/"]}]},{"@type":"BreadcrumbList","@id":"https:\/\/www.focus.cat\/en\/ex\/adreca-desconeguda-2\/#breadcrumb","itemListElement":[{"@type":"ListItem","position":1,"name":"Espectacles","item":"https:\/\/www.focus.cat\/ex\/"},{"@type":"ListItem","position":2,"name":"Adre\u00e7a desconeguda"}]},{"@type":"WebSite","@id":"https:\/\/www.focus.cat\/#website","url":"https:\/\/www.focus.cat\/","name":"Focus","description":"","publisher":{"@id":"https:\/\/www.focus.cat\/#organization"},"potentialAction":[{"@type":"SearchAction","target":{"@type":"EntryPoint","urlTemplate":"https:\/\/www.focus.cat\/?s={search_term_string}"},"query-input":{"@type":"PropertyValueSpecification","valueRequired":true,"valueName":"search_term_string"}}],"inLanguage":"ca"},{"@type":"Organization","@id":"https:\/\/www.focus.cat\/#organization","name":"Focus","url":"https:\/\/www.focus.cat\/","logo":{"@type":"ImageObject","inLanguage":"ca","@id":"https:\/\/www.focus.cat\/#\/schema\/logo\/image\/","url":"https:\/\/www.focus.cat\/wp-content\/uploads\/2022\/01\/logo-focus-any-35.svg","contentUrl":"https:\/\/www.focus.cat\/wp-content\/uploads\/2022\/01\/logo-focus-any-35.svg","width":1,"height":1,"caption":"Focus"},"image":{"@id":"https:\/\/www.focus.cat\/#\/schema\/logo\/image\/"}}]}},"translations":[{"id":20135,"locale":"ca"},{"id":20136,"locale":"es"},{"id":20137,"locale":"en"}],"_links":{"self":[{"href":"https:\/\/www.focus.cat\/wp-json\/wp\/v2\/ex\/20137","targetHints":{"allow":["GET"]}}],"collection":[{"href":"https:\/\/www.focus.cat\/wp-json\/wp\/v2\/ex"}],"about":[{"href":"https:\/\/www.focus.cat\/wp-json\/wp\/v2\/types\/ex"}],"author":[{"embeddable":true,"href":"https:\/\/www.focus.cat\/wp-json\/wp\/v2\/users\/5"}],"replies":[{"embeddable":true,"href":"https:\/\/www.focus.cat\/wp-json\/wp\/v2\/comments?post=20137"}],"wp:attachment":[{"href":"https:\/\/www.focus.cat\/wp-json\/wp\/v2\/media?parent=20137"}],"wp:term":[{"taxonomy":"location","embeddable":true,"href":"https:\/\/www.focus.cat\/wp-json\/wp\/v2\/location?post=20137"}],"curies":[{"name":"wp","href":"https:\/\/api.w.org\/{rel}","templated":true}]}}