{"id":20147,"date":"2024-10-25T09:52:11","date_gmt":"2024-10-25T09:52:11","guid":{"rendered":"https:\/\/www.focus.cat\/ex\/poder-absoluto\/"},"modified":"2024-10-25T09:52:11","modified_gmt":"2024-10-25T09:52:11","slug":"poder-absoluto","status":"publish","type":"ex","link":"https:\/\/www.focus.cat\/en\/ex\/poder-absoluto\/","title":{"rendered":"Poder absoluto"},"content":{"rendered":"","protected":false},"excerpt":{"rendered":"","protected":false},"author":5,"featured_media":0,"comment_status":"open","ping_status":"closed","template":"","location":[],"class_list":["post-20147","ex","type-ex","status-publish","hentry"],"acf":{"txt_synopsis":"<p align=\"justify\">Un prestigi\u00f3s pol\u00edtic aspira a la presid\u00e8ncia del seu pa\u00eds. Tot est\u00e0 al seu favor. Tot menys algun drap brut, encara per rentar. Un jove i ambici\u00f3s membre del partit l\u2019ajudar\u00e0 en aquesta missi\u00f3. Per\u00f2 en pol\u00edtica res \u00e9s gratu\u00eft, res sol ser el que sembla. <br \/>Un trepidant thriller pol\u00edtic que es submergeix en el m\u00f3n de la corrupci\u00f3, desemmascarant la realitat de la vida p\u00fablica pol\u00edtica.<\/p>\r\n<p align=\"justify\"><strong>Durada:<\/strong> 1 h 15 min (sense entreacte)<\/p>","main_buy_link":"","main_buy_links":"","show_language":"","show_duration":"","txt_genre":"DRAM\u00c0TIC","show_start_date":"20121109000000","show_end_date":"20130106000000","show_sort_date":"20121109000000","txt_custom_show_dates":"del 9 de noviembre de 2012 al 6 de enero de 2013 ","txt_additional_info":"","txt_present":"","txt_season":"[\"2012\/13\"]","txt_cycle":"","txt_claim":"Un trepidant thriller pol\u00edtic. Quasi una hist\u00f2ria de terror","txt_cast_excerpt":"","txt_cast":"","txt_reviews":"","hashtag":"","have_promo":"","slogan":"","id_exhibicio":789,"id_versio":611,"id_local":4,"txt_seo_desc":"","data_images":"[{\"localizer\":\"V2EXHBCARTELL\",\"url\":\"media\/ver\/cartell\/31258\/01_079_00024682\/list2.jpg\",\"thumb_url\":\"media\/ver\/cartell\/31258\/01_079_00024682\/list2_thumb.jpg\",\"title\":\"Poder absoluto\",\"description\":\"Poder absoluto\",\"copyright\":\"\",\"order\":1},{\"localizer\":\"V2CARTELL\",\"url\":\"media\/ver\/cartell\/311FA\/01_079_00022775\/list2.jpg\",\"thumb_url\":\"media\/ver\/cartell\/311FA\/01_079_00022775\/list2_thumb.jpg\",\"title\":\"Poder absoluto\",\"description\":\"Poder absoluto\",\"copyright\":\"\",\"order\":4},{\"localizer\":\"V2SLIDE\",\"url\":\"media\/ftgalslide\/311FB\/01_076_00022935\/slide01.jpg\",\"thumb_url\":\"media\/ftgalslide\/311FB\/01_076_00022935\/slide01_thumb.jpg\",\"title\":\"Poder absoluto\",\"description\":\"Eduard Farelo y Emilio Guti\u00e9rrez Caba\",\"copyright\":\"\",\"order\":8},{\"localizer\":\"V2SLIDE\",\"url\":\"media\/ftgalslide\/311FB\/01_076_00022936\/slide02.jpg\",\"thumb_url\":\"media\/ftgalslide\/311FB\/01_076_00022936\/slide02_thumb.jpg\",\"title\":\"Poder absoluto\",\"description\":\"Eduard Farelo y Emilio Guti\u00e9rrez Caba\",\"copyright\":\"\",\"order\":9},{\"localizer\":\"V2SLIDE\",\"url\":\"media\/ftgalslide\/311FB\/01_076_00022937\/slide03.jpg\",\"thumb_url\":\"media\/ftgalslide\/311FB\/01_076_00022937\/slide03_thumb.jpg\",\"title\":\"Poder absoluto\",\"description\":\"Eduard Farelo y Emilio Guti\u00e9rrez Caba\",\"copyright\":\"\",\"order\":10},{\"localizer\":\"V2SLIDE\",\"url\":\"media\/ftgalslide\/311FB\/01_076_00022938\/slide04.jpg\",\"thumb_url\":\"media\/ftgalslide\/311FB\/01_076_00022938\/slide04_thumb.jpg\",\"title\":\"Poder absoluto\",\"description\":\"Eduard Farelo y Emilio Guti\u00e9rrez Caba\",\"copyright\":\"\",\"order\":11},{\"localizer\":\"V2SLIDE\",\"url\":\"media\/ftgalslide\/311FB\/01_076_00022939\/slide05.jpg\",\"thumb_url\":\"media\/ftgalslide\/311FB\/01_076_00022939\/slide05_thumb.jpg\",\"title\":\"Poder absoluto\",\"description\":\"Emilio Guti\u00e9rrez Caba\",\"copyright\":\"\",\"order\":12},{\"localizer\":\"V2SLIDE\",\"url\":\"media\/ftgalslide\/311FB\/01_076_00022940\/slide06.jpg\",\"thumb_url\":\"media\/ftgalslide\/311FB\/01_076_00022940\/slide06_thumb.jpg\",\"title\":\"Poder absoluto\",\"description\":\"Eduard Farelo y Emilio Guti\u00e9rrez Caba\",\"copyright\":\"\",\"order\":13},{\"localizer\":\"V2SLIDE\",\"url\":\"media\/ftgalslide\/311FB\/01_076_00022941\/slide07.jpg\",\"thumb_url\":\"media\/ftgalslide\/311FB\/01_076_00022941\/slide07_thumb.jpg\",\"title\":\"Poder absoluto\",\"description\":\"Eduard Farelo y Emilio Guti\u00e9rrez Caba\",\"copyright\":\"\",\"order\":14},{\"localizer\":\"V2SLIDE\",\"url\":\"media\/ftgalslide\/311FB\/01_076_00022942\/slide08.jpg\",\"thumb_url\":\"media\/ftgalslide\/311FB\/01_076_00022942\/slide08_thumb.jpg\",\"title\":\"Poder absoluto\",\"description\":\"Eduard Farelo y Emilio Guti\u00e9rrez Caba\",\"copyright\":\"\",\"order\":15},{\"localizer\":\"VERS_IMATGE_ESPECTACLE\",\"url\":\"media\/ftespect\/311FB\/01_020_00022943\/gal01.jpg\",\"thumb_url\":\"media\/ftespect\/311FB\/01_020_00022943\/gal01_thumb.jpg\",\"title\":\"Poder absoluto. Eduard Farelo y Emilio Guti\u00e9rrez Caba\",\"description\":\"Poder absoluto. Eduard Farelo y Emilio Guti\u00e9rrez Caba\",\"copyright\":\"\",\"order\":16},{\"localizer\":\"VERS_IMATGE_ESPECTACLE\",\"url\":\"media\/ftespect\/311FB\/01_020_00022944\/gal02.jpg\",\"thumb_url\":\"media\/ftespect\/311FB\/01_020_00022944\/gal02_thumb.jpg\",\"title\":\"Poder absoluto. Eduard Farelo y Emilio Guti\u00e9rrez Caba\",\"description\":\"Poder absoluto. Eduard Farelo y Emilio Guti\u00e9rrez Caba\",\"copyright\":\"\",\"order\":17},{\"localizer\":\"VERS_IMATGE_ESPECTACLE\",\"url\":\"media\/ftespect\/311FB\/01_020_00022948\/gal03.jpg\",\"thumb_url\":\"media\/ftespect\/311FB\/01_020_00022948\/gal03_thumb.jpg\",\"title\":\"Poder absoluto. Eduard Farelo y Emilio Guti\u00e9rrez Caba\",\"description\":\"Poder absoluto. Eduard Farelo y Emilio Guti\u00e9rrez Caba\",\"copyright\":\"\",\"order\":18},{\"localizer\":\"VERS_IMATGE_ESPECTACLE\",\"url\":\"media\/ftespect\/311FB\/01_020_00022949\/gal04.jpg\",\"thumb_url\":\"media\/ftespect\/311FB\/01_020_00022949\/gal04_thumb.jpg\",\"title\":\"Poder absoluto. Eduard Farelo y Emilio Guti\u00e9rrez Caba\",\"description\":\"Poder absoluto. Eduard Farelo y Emilio Guti\u00e9rrez Caba\",\"copyright\":\"\",\"order\":19},{\"localizer\":\"VERS_IMATGE_ESPECTACLE\",\"url\":\"media\/ftespect\/311FB\/01_020_00022950\/gal05.jpg\",\"thumb_url\":\"media\/ftespect\/311FB\/01_020_00022950\/gal05_thumb.jpg\",\"title\":\"Poder absoluto. Emilio Guti\u00e9rrez Caba\",\"description\":\"Poder absoluto. Emilio Guti\u00e9rrez Caba\",\"copyright\":\"\",\"order\":20},{\"localizer\":\"VERS_IMATGE_ESPECTACLE\",\"url\":\"media\/ftespect\/311FB\/01_020_00022951\/gal06.jpg\",\"thumb_url\":\"media\/ftespect\/311FB\/01_020_00022951\/gal06_thumb.jpg\",\"title\":\"Poder absoluto. Eduard Farelo y Emilio Guti\u00e9rrez Caba\",\"description\":\"Poder absoluto. Eduard Farelo y Emilio Guti\u00e9rrez Caba\",\"copyright\":\"\",\"order\":21},{\"localizer\":\"VERS_IMATGE_ESPECTACLE\",\"url\":\"media\/ftespect\/311FB\/01_020_00022952\/gal07.jpg\",\"thumb_url\":\"media\/ftespect\/311FB\/01_020_00022952\/gal07_thumb.jpg\",\"title\":\"Poder absoluto. Eduard Farelo y Emilio Guti\u00e9rrez Caba\",\"description\":\"Poder absoluto. Eduard Farelo y Emilio Guti\u00e9rrez Caba\",\"copyright\":\"\",\"order\":22},{\"localizer\":\"VERS_IMATGE_ESPECTACLE\",\"url\":\"media\/ftespect\/311FB\/01_020_00022953\/gal08.jpg\",\"thumb_url\":\"media\/ftespect\/311FB\/01_020_00022953\/gal08_thumb.jpg\",\"title\":\"Poder absoluto. Eduard Farelo y Emilio Guti\u00e9rrez Caba\",\"description\":\"Poder absoluto. Eduard Farelo y Emilio Guti\u00e9rrez Caba\",\"copyright\":\"\",\"order\":23},{\"localizer\":\"V2PORTADA\",\"url\":\"media\/ver\/port\/311FB\/01_078_00023084\/Poderweb_2011.jpg\",\"thumb_url\":\"media\/ver\/port\/311FB\/01_078_00023084\/Poderweb_2011_thumb.jpg\",\"title\":\"Poder absoluto\",\"description\":\"Poder absoluto\",\"copyright\":\"\",\"order\":25},{\"localizer\":\"V2EXHBCARTELL\",\"url\":\"media\/ver\/cartell\/31257\/01_079_00024561\/list.jpg\",\"thumb_url\":\"media\/ver\/cartell\/31257\/01_079_00024561\/list_thumb.jpg\",\"title\":\"Poder absoluto\",\"description\":\"Poder absoluto\",\"copyright\":\"\",\"order\":26},{\"localizer\":\"V3CARTELL\",\"url\":\"media\/ver\/cartell\/v3\/316AA\/01_085_00058453\/Imatge.jpg\",\"thumb_url\":\"media\/ver\/cartell\/v3\/316AA\/01_085_00058453\/Imatge_thumb.jpg\",\"title\":\"Cartel PODER ABSOLUTO\",\"description\":\"Cartel PODER ABSOLUTO\",\"copyright\":\"\",\"order\":27}]","material__texto_intro":"","data_material":null,"data_gallery":"","data_discounts":"[{\"InfoAddicional\":\".\",\"Url\":\"https:\/\/www.promentrada.com\/ca\/product\/{#CODI#}\",\"Codi\":\"0\",\"LogoUrl\":\"media\/fimage\/31389\/01_005_00038530\/logo_prome_nuevo_v_web.jpg\",\"TitolBoto\":\"Descuentos para grupos y escuelas\",\"Type\":\"discount\"},{\"InfoAddicional\":\".\",\"Url\":\"vip.promentrada.com\/ca\/product\/{#CODI#}\",\"Codi\":\"0\",\"LogoUrl\":\"media\/fimage\/31389\/01_005_00038559\/logo_prome_vip_v_web.jpg\",\"TitolBoto\":\"Descuentos para particulares\",\"Type\":\"discount\"}]","contract_is_open":false,"in_tour":false,"foreign_production":false,"tour_end_date":"00010101000000"},"yoast_head":"<!-- This site is optimized with the Yoast SEO plugin v27.5 - https:\/\/yoast.com\/product\/yoast-seo-wordpress\/ -->\n<title>Poder absoluto - Focus<\/title>\n<meta name=\"robots\" content=\"index, follow, max-snippet:-1, max-image-preview:large, max-video-preview:-1\" \/>\n<link rel=\"canonical\" href=\"https:\/\/www.focus.cat\/ex\/poder-absoluto\/\" \/>\n<meta property=\"og:locale\" content=\"ca_ES\" \/>\n<meta property=\"og:type\" content=\"article\" \/>\n<meta property=\"og:title\" content=\"Poder absoluto - Focus\" \/>\n<meta property=\"og:url\" content=\"https:\/\/www.focus.cat\/en\/ex\/poder-absoluto\/\" \/>\n<meta property=\"og:site_name\" content=\"Focus\" \/>\n<meta name=\"twitter:card\" content=\"summary_large_image\" \/>\n<script type=\"application\/ld+json\" class=\"yoast-schema-graph\">{\"@context\":\"https:\\\/\\\/schema.org\",\"@graph\":[{\"@type\":\"WebPage\",\"@id\":\"https:\\\/\\\/www.focus.cat\\\/en\\\/ex\\\/poder-absoluto\\\/\",\"url\":\"https:\\\/\\\/www.focus.cat\\\/en\\\/ex\\\/poder-absoluto\\\/\",\"name\":\"Poder absoluto - Focus\",\"isPartOf\":{\"@id\":\"https:\\\/\\\/www.focus.cat\\\/#website\"},\"datePublished\":\"2024-10-25T09:52:11+00:00\",\"breadcrumb\":{\"@id\":\"https:\\\/\\\/www.focus.cat\\\/en\\\/ex\\\/poder-absoluto\\\/#breadcrumb\"},\"inLanguage\":\"ca\",\"potentialAction\":[{\"@type\":\"ReadAction\",\"target\":[\"https:\\\/\\\/www.focus.cat\\\/en\\\/ex\\\/poder-absoluto\\\/\"]}]},{\"@type\":\"BreadcrumbList\",\"@id\":\"https:\\\/\\\/www.focus.cat\\\/en\\\/ex\\\/poder-absoluto\\\/#breadcrumb\",\"itemListElement\":[{\"@type\":\"ListItem\",\"position\":1,\"name\":\"Espectacles\",\"item\":\"https:\\\/\\\/www.focus.cat\\\/ex\\\/\"},{\"@type\":\"ListItem\",\"position\":2,\"name\":\"Poder absoluto\"}]},{\"@type\":\"WebSite\",\"@id\":\"https:\\\/\\\/www.focus.cat\\\/#website\",\"url\":\"https:\\\/\\\/www.focus.cat\\\/\",\"name\":\"Focus\",\"description\":\"\",\"publisher\":{\"@id\":\"https:\\\/\\\/www.focus.cat\\\/#organization\"},\"potentialAction\":[{\"@type\":\"SearchAction\",\"target\":{\"@type\":\"EntryPoint\",\"urlTemplate\":\"https:\\\/\\\/www.focus.cat\\\/?s={search_term_string}\"},\"query-input\":{\"@type\":\"PropertyValueSpecification\",\"valueRequired\":true,\"valueName\":\"search_term_string\"}}],\"inLanguage\":\"ca\"},{\"@type\":\"Organization\",\"@id\":\"https:\\\/\\\/www.focus.cat\\\/#organization\",\"name\":\"Focus\",\"url\":\"https:\\\/\\\/www.focus.cat\\\/\",\"logo\":{\"@type\":\"ImageObject\",\"inLanguage\":\"ca\",\"@id\":\"https:\\\/\\\/www.focus.cat\\\/#\\\/schema\\\/logo\\\/image\\\/\",\"url\":\"https:\\\/\\\/www.focus.cat\\\/wp-content\\\/uploads\\\/2022\\\/01\\\/logo-focus-any-35.svg\",\"contentUrl\":\"https:\\\/\\\/www.focus.cat\\\/wp-content\\\/uploads\\\/2022\\\/01\\\/logo-focus-any-35.svg\",\"width\":1,\"height\":1,\"caption\":\"Focus\"},\"image\":{\"@id\":\"https:\\\/\\\/www.focus.cat\\\/#\\\/schema\\\/logo\\\/image\\\/\"}}]}<\/script>\n<!-- \/ Yoast SEO plugin. -->","yoast_head_json":{"title":"Poder absoluto - Focus","robots":{"index":"index","follow":"follow","max-snippet":"max-snippet:-1","max-image-preview":"max-image-preview:large","max-video-preview":"max-video-preview:-1"},"canonical":"https:\/\/www.focus.cat\/ex\/poder-absoluto\/","og_locale":"ca_ES","og_type":"article","og_title":"Poder absoluto - Focus","og_url":"https:\/\/www.focus.cat\/en\/ex\/poder-absoluto\/","og_site_name":"Focus","twitter_card":"summary_large_image","schema":{"@context":"https:\/\/schema.org","@graph":[{"@type":"WebPage","@id":"https:\/\/www.focus.cat\/en\/ex\/poder-absoluto\/","url":"https:\/\/www.focus.cat\/en\/ex\/poder-absoluto\/","name":"Poder absoluto - Focus","isPartOf":{"@id":"https:\/\/www.focus.cat\/#website"},"datePublished":"2024-10-25T09:52:11+00:00","breadcrumb":{"@id":"https:\/\/www.focus.cat\/en\/ex\/poder-absoluto\/#breadcrumb"},"inLanguage":"ca","potentialAction":[{"@type":"ReadAction","target":["https:\/\/www.focus.cat\/en\/ex\/poder-absoluto\/"]}]},{"@type":"BreadcrumbList","@id":"https:\/\/www.focus.cat\/en\/ex\/poder-absoluto\/#breadcrumb","itemListElement":[{"@type":"ListItem","position":1,"name":"Espectacles","item":"https:\/\/www.focus.cat\/ex\/"},{"@type":"ListItem","position":2,"name":"Poder absoluto"}]},{"@type":"WebSite","@id":"https:\/\/www.focus.cat\/#website","url":"https:\/\/www.focus.cat\/","name":"Focus","description":"","publisher":{"@id":"https:\/\/www.focus.cat\/#organization"},"potentialAction":[{"@type":"SearchAction","target":{"@type":"EntryPoint","urlTemplate":"https:\/\/www.focus.cat\/?s={search_term_string}"},"query-input":{"@type":"PropertyValueSpecification","valueRequired":true,"valueName":"search_term_string"}}],"inLanguage":"ca"},{"@type":"Organization","@id":"https:\/\/www.focus.cat\/#organization","name":"Focus","url":"https:\/\/www.focus.cat\/","logo":{"@type":"ImageObject","inLanguage":"ca","@id":"https:\/\/www.focus.cat\/#\/schema\/logo\/image\/","url":"https:\/\/www.focus.cat\/wp-content\/uploads\/2022\/01\/logo-focus-any-35.svg","contentUrl":"https:\/\/www.focus.cat\/wp-content\/uploads\/2022\/01\/logo-focus-any-35.svg","width":1,"height":1,"caption":"Focus"},"image":{"@id":"https:\/\/www.focus.cat\/#\/schema\/logo\/image\/"}}]}},"translations":[{"id":20145,"locale":"ca"},{"id":20146,"locale":"es"},{"id":20147,"locale":"en"}],"_links":{"self":[{"href":"https:\/\/www.focus.cat\/wp-json\/wp\/v2\/ex\/20147","targetHints":{"allow":["GET"]}}],"collection":[{"href":"https:\/\/www.focus.cat\/wp-json\/wp\/v2\/ex"}],"about":[{"href":"https:\/\/www.focus.cat\/wp-json\/wp\/v2\/types\/ex"}],"author":[{"embeddable":true,"href":"https:\/\/www.focus.cat\/wp-json\/wp\/v2\/users\/5"}],"replies":[{"embeddable":true,"href":"https:\/\/www.focus.cat\/wp-json\/wp\/v2\/comments?post=20147"}],"wp:attachment":[{"href":"https:\/\/www.focus.cat\/wp-json\/wp\/v2\/media?parent=20147"}],"wp:term":[{"taxonomy":"location","embeddable":true,"href":"https:\/\/www.focus.cat\/wp-json\/wp\/v2\/location?post=20147"}],"curies":[{"name":"wp","href":"https:\/\/api.w.org\/{rel}","templated":true}]}}