{"id":21171,"date":"2025-01-14T15:39:43","date_gmt":"2025-01-14T15:39:43","guid":{"rendered":"https:\/\/www.focus.cat\/ex\/la-loca-loca-historia-de-ben-hur\/"},"modified":"2025-01-14T15:39:43","modified_gmt":"2025-01-14T15:39:43","slug":"la-loca-loca-historia-de-ben-hur","status":"publish","type":"ex","link":"https:\/\/www.focus.cat\/en\/ex\/la-loca-loca-historia-de-ben-hur\/","title":{"rendered":"La loca, loca historia de Ben-Hur"},"content":{"rendered":"","protected":false},"excerpt":{"rendered":"","protected":false},"author":5,"featured_media":0,"comment_status":"open","ping_status":"closed","template":"","location":[],"class_list":["post-21171","ex","type-ex","status-publish","hentry"],"acf":{"txt_synopsis":"<p>Ben-Hur \u00e9s la posada en escena de la novel\u00b7la creada per Lewis Wallace.<br \/>En un teatre rom\u00e0, una companyia del segle I anuncia que representar\u00e0 \u201cLa Veritable i Mai explicada hist\u00f2ria de Ben-Hur\u201d.<br \/>Fidels al contingut de la novel\u00b7la, l'obra viatja per tots els llocs comuns de l'imaginari col\u00b7lectiu: el comen\u00e7ament amb els Mags d'Orient seguint un estel que els guiar\u00e0 al Portal de Betlem, la teula que cau ferint al prefecte rom\u00e0 i les conseq\u00fc\u00e8ncies que arrossegaran a Ben-Hur a una fabulosa aventura. L'aparici\u00f3 de Crist, que paralitza amb la seva mirada fins a els legionaris romans, la memorable batalla naval, la carrera de quadrigues\u2026 i, sobretot, la ac\u00e8rrima rivalitat entre Jud\u00e1 Ben-Hur i el seu amic de l'\u00e0nima Messala. Una rivalitat que els portar\u00e0 a competir fins a la mort.<br \/>O potser no!!!<br \/>Perqu\u00e8 en aquesta hist\u00f2ria les coses no s\u00f3n el que semblen.<br \/>Millor dit, en aquesta hist\u00f2ria les coses s\u00ed s\u00f3n el que semblen\u2026<br \/>Ideada i dirigida per Yllana, i escrita per Nancho Novo, Ben-Hur \u00e9s una nova i original mirada sobre el m\u00edtic personatge, des de la perspectiva de l'humor. Amb un ritme trepidant i un enginy visual que ells han definit com: <strong>TEATROMASCOPE<\/strong>, una proposta que permet un joc constant entre el llenguatge cinematogr\u00e0fic i el teatral, i que acosta tan \u00e8pica com hist\u00f2ria a l'espectador d'avui sense perdre un \u00e0pex de la seva grandiositat. Un aut\u00e8ntic espectacle en 3D sense necessitat d'usar ulleres.<br \/>L'obra est\u00e0 plena d'enginyosos gags, morda\u00e7os i absurds di\u00e0legs i una curiosa reflexi\u00f3 sobre la veritat, l'amor i la lluita de g\u00e8nere. Quatre actors i dues actrius en estat de gr\u00e0cia, donen vida a multitud de personatges per tornar a mostrar-nos, aquesta vegada sense pre\u00e0mbuls, el que ning\u00fa es va atrevir a explicar sobre Ben-Hur... \"ELS NADALS MAI SERAN IGUALS\u201d.\r\n\r\n<strong><br \/><\/strong><br \/><a href=\"http:\/\/wke.lt\/w\/s\/AK3EB\" target=\"_blank\"><strong>Consulta totes les cr\u00edtiques i not\u00edcies<\/strong><\/a> <\/p>\r\n<p>&nbsp;<\/p>","main_buy_link":"","main_buy_links":"","show_language":"Espectacle en castell\u00e0","show_duration":"110","txt_genre":"COM\u00c8DIA","show_start_date":"20180704000000","show_end_date":"20180708000000","show_sort_date":"20180704000000","txt_custom_show_dates":"del 4 al 8 de julio de 2018 ","txt_additional_info":"","txt_present":"","txt_season":"[]","txt_cycle":"","txt_claim":"Ideada i dirigida per Yllana, i escrita per Nancho Novo, \u00e9s \"La Veritable i Mai explicada hist\u00f2ria de Ben-Hur\", una nova i original mirada sobre el m\u00edtic personatge, des de la perspectiva de l'humor. ","txt_cast_excerpt":"","txt_cast":"<p>De <strong>Lewis Wallace<\/strong><br \/>Versi\u00f3 de <strong>Nancho Novo<\/strong> <br \/>Direcci\u00f3: <strong>Yllana<\/strong><\/p>\r\n<p><br \/>Direcci\u00f3 art\u00edstica<br \/><strong>David Ottone<br \/>Juan Ramos Toro<\/strong><\/p>\r\n<p>Repartiment (per ordre d'aparici\u00f3) <br \/><strong>Agust\u00edn Jim\u00e9nez <br \/>Elena Lombao <br \/>V\u00edctor Mass\u00e1n<br \/>Fael Garc\u00eda <br \/>Vicen\u00e7 Miralles \/ Richard Collins-Moore<br \/>Maria Lanau<\/strong><\/p>\r\n<p>&nbsp;<br \/>Escenografia &nbsp;&nbsp;&nbsp;<strong>Carlos Brayda <br \/><\/strong>M\u00fasica original&nbsp;&nbsp;<strong>Marc \u00c1lvarez<\/strong><br \/>Il\u00b7luminaci\u00f3&nbsp;&nbsp;&nbsp;&nbsp;<strong>Juanjo Llorens<\/strong><br \/>Disseny audiovisual &nbsp;&nbsp;<strong>Javier de Prado<\/strong><br \/>Disseny sonor&nbsp;&nbsp;&nbsp;<strong>Oelstudios<\/strong><br \/>Disseny d'efectes de so&nbsp;&nbsp;<strong>Alberto Fern\u00e1ndez Roda<\/strong> <br \/>Figurinista&nbsp;&nbsp;&nbsp;<strong>Gabriela Salaverri<\/strong><br \/>Mestre d'armes&nbsp;&nbsp;<strong>Goyo Pastor<\/strong><br \/>Ajudant de direcci\u00f3&nbsp;&nbsp;<strong>Javi Ba\u00f1asco<\/strong><br \/>Ajudant de vestuari&nbsp;&nbsp;<strong>M\u00f3nica Teijeiro<\/strong><\/p>\r\n<p><br \/>Direcci\u00f3 de producci\u00f3: <strong>Focus \/ Yllana<\/strong><br \/>Cap&nbsp;de producci\u00f3: <strong>Maite Pijuan<\/strong><br \/>Producci\u00f3 executiva \/ gerent companyia: <strong>Eduardo Rom\u00e1n<\/strong><br \/>Regidoria\/maquin\u00e0ria: <strong>Julio Chuli\u00e1&nbsp;<\/strong>i<strong> Aitor Aguado<\/strong><br \/>T\u00e8cnic d'il\u00b7luminaci\u00f3: <strong>Lluc Magaldi \/ Jonatan Chamizo<\/strong><br \/>T\u00e8cnic de so: <strong>Alberto Fern\u00e1ndez Roda<\/strong><br \/>Sastressa: <strong>Anantxa Rodrig\u00e1lvarez \/ Sof\u00eda Nieto<\/strong><\/p>\r\n<p>Construcci\u00f3 d'escenografia: <strong>Scnik<\/strong> <br \/>Construcci\u00f3 quadrigues&nbsp;i galera: <strong>Gonzalo Nuevo<\/strong><br \/>Confecci\u00f3 vestuari: <strong>Sastrer\u00eda Cornejo&nbsp;<\/strong>i<strong> Lu\u00eds S. dos Santos<\/strong><\/p>\r\n<p>Una producci\u00f3 de <strong>Focus, Yllana&nbsp;<\/strong>i<strong> Festival de M\u00e9rida<\/strong> <\/p>","txt_reviews":"","hashtag":"","have_promo":"","slogan":"","id_exhibicio":1560,"id_versio":1288,"id_local":44,"txt_seo_desc":"","data_images":"[{\"localizer\":\"V3SLIDE\",\"url\":\"media\/ftgalslide\/v3\/314B2\/01_086_00048309\/la-loca-loca-historia-de-ben-hur-focus-distribucio.jpg\",\"thumb_url\":\"media\/ftgalslide\/v3\/314B2\/01_086_00048309\/la-loca-loca-historia-de-ben-hur-focus-distribucio_thumb.jpg\",\"title\":\"La loca, loca historia de Ben-Hur\",\"description\":\"La loca, loca historia de Ben-Hur Focus Distribuci\u00f3n\",\"copyright\":\"\",\"order\":1},{\"localizer\":\"V2CARTELL\",\"url\":\"media\/ver\/cartell\/3144F\/01_079_00045475\/benhurfocusdistribucion2.jpg\",\"thumb_url\":\"media\/ver\/cartell\/3144F\/01_079_00045475\/benhurfocusdistribucion2_thumb.jpg\",\"title\":\"Ben-Hur\",\"description\":\"Ben-Hur\",\"copyright\":\"\",\"order\":25},{\"localizer\":\"V3CARTELL\",\"url\":\"media\/ver\/cartell\/v3\/31453\/01_085_00046400\/ben-hur-focus-distribucion-0.jpg\",\"thumb_url\":\"media\/ver\/cartell\/v3\/31453\/01_085_00046400\/ben-hur-focus-distribucion-0_thumb.jpg\",\"title\":\"Ben-Hur\",\"description\":\"ben hur focus distribuci\u00f3n\",\"copyright\":\"\",\"order\":46},{\"localizer\":\"V2CARTELLDISTRI\",\"url\":\"media\/cartell\/distrib\/314AF\/01_082_00047580\/cartell-gires-benhur-ok.jpg\",\"thumb_url\":\"media\/cartell\/distrib\/314AF\/01_082_00047580\/cartell-gires-benhur-ok_thumb.jpg\",\"title\":\"La loca, loca historia de Ben-Hur\",\"description\":\"La loca, loca historia de Ben-Hur\",\"copyright\":\"\",\"order\":48},{\"localizer\":\"V3SLIDE\",\"url\":\"media\/ftgalslide\/v3\/314B1\/01_086_00048092\/ben-hur-copyright-david-ruano-1.JPG\",\"thumb_url\":\"media\/ftgalslide\/v3\/314B1\/01_086_00048092\/ben-hur-copyright-david-ruano-1_thumb.jpg\",\"title\":\"La loca, loca historia de Ben-Hur\",\"description\":\"La loca, loca historia de Ben-Hur\",\"copyright\":\"\",\"order\":49},{\"localizer\":\"V2SLIDE\",\"url\":\"media\/ftgalslide\/314B1\/01_076_00048093\/ben-hur-copyright-david-ruano-1.JPG\",\"thumb_url\":\"media\/ftgalslide\/314B1\/01_076_00048093\/ben-hur-copyright-david-ruano-1_thumb.jpg\",\"title\":\"La loca, loca historia de Ben-Hur\",\"description\":\"La loca, loca historia de Ben-Hur\",\"copyright\":\"\",\"order\":50},{\"localizer\":\"V2SLIDE\",\"url\":\"media\/ftgalslide\/314B1\/01_076_00048094\/ben-hur-copyright-david-ruano-2.JPG\",\"thumb_url\":\"media\/ftgalslide\/314B1\/01_076_00048094\/ben-hur-copyright-david-ruano-2_thumb.jpg\",\"title\":\"La loca, loca historia de Ben-Hur\",\"description\":\"La loca, loca historia de Ben-Hur\",\"copyright\":\"\",\"order\":51},{\"localizer\":\"V2SLIDE\",\"url\":\"media\/ftgalslide\/314B1\/01_076_00048095\/ben-hur-copyright-david-ruano-3.JPG\",\"thumb_url\":\"media\/ftgalslide\/314B1\/01_076_00048095\/ben-hur-copyright-david-ruano-3_thumb.jpg\",\"title\":\"La loca, loca historia de Ben-Hur\",\"description\":\"La loca, loca historia de Ben-Hur\",\"copyright\":\"\",\"order\":52},{\"localizer\":\"V2SLIDE\",\"url\":\"media\/ftgalslide\/314B1\/01_076_00048096\/ben-hur-copyright-david-ruano-4.JPG\",\"thumb_url\":\"media\/ftgalslide\/314B1\/01_076_00048096\/ben-hur-copyright-david-ruano-4_thumb.jpg\",\"title\":\"La loca, loca historia de Ben-Hur\",\"description\":\"La loca, loca historia de Ben-Hur\",\"copyright\":\"\",\"order\":53},{\"localizer\":\"V2SLIDE\",\"url\":\"media\/ftgalslide\/314B1\/01_076_00048097\/ben-hur-copyright-david-ruano-5.JPG\",\"thumb_url\":\"media\/ftgalslide\/314B1\/01_076_00048097\/ben-hur-copyright-david-ruano-5_thumb.jpg\",\"title\":\"La loca, loca historia de Ben-Hur\",\"description\":\"La loca, loca historia de Ben-Hur\",\"copyright\":\"\",\"order\":54},{\"localizer\":\"V2SLIDE\",\"url\":\"media\/ftgalslide\/314B1\/01_076_00048098\/ben-hur-copyright-david-ruano-6.JPG\",\"thumb_url\":\"media\/ftgalslide\/314B1\/01_076_00048098\/ben-hur-copyright-david-ruano-6_thumb.jpg\",\"title\":\"La loca, loca historia de Ben-Hur\",\"description\":\"La loca, loca historia de Ben-Hur\",\"copyright\":\"\",\"order\":55},{\"localizer\":\"V2SLIDE\",\"url\":\"media\/ftgalslide\/314B1\/01_076_00048099\/ben-hur-copyright-david-ruano-7.JPG\",\"thumb_url\":\"media\/ftgalslide\/314B1\/01_076_00048099\/ben-hur-copyright-david-ruano-7_thumb.jpg\",\"title\":\"La loca, loca historia de Ben-Hur\",\"description\":\"La loca, loca historia de Ben-Hur\",\"copyright\":\"\",\"order\":56},{\"localizer\":\"V2SLIDE\",\"url\":\"media\/ftgalslide\/314B1\/01_076_00048100\/ben-hur-copyright-david-ruano-8.JPG\",\"thumb_url\":\"media\/ftgalslide\/314B1\/01_076_00048100\/ben-hur-copyright-david-ruano-8_thumb.jpg\",\"title\":\"La loca, loca historia de Ben-Hur\",\"description\":\"La loca, loca historia de Ben-Hur\",\"copyright\":\"\",\"order\":57},{\"localizer\":\"V2SLIDE\",\"url\":\"media\/ftgalslide\/314B1\/01_076_00048101\/ben-hur-copyright-david-ruano-10.JPG\",\"thumb_url\":\"media\/ftgalslide\/314B1\/01_076_00048101\/ben-hur-copyright-david-ruano-10_thumb.jpg\",\"title\":\"La loca, loca historia de Ben-Hur\",\"description\":\"La loca, loca historia de Ben-Hur\",\"copyright\":\"\",\"order\":58},{\"localizer\":\"V2SLIDE\",\"url\":\"media\/ftgalslide\/314B1\/01_076_00048102\/ben-hur-copyright-david-ruano-11.JPG\",\"thumb_url\":\"media\/ftgalslide\/314B1\/01_076_00048102\/ben-hur-copyright-david-ruano-11_thumb.jpg\",\"title\":\"La loca, loca historia de Ben-Hur\",\"description\":\"La loca, loca historia de Ben-Hur\",\"copyright\":\"\",\"order\":59},{\"localizer\":\"V2SLIDE\",\"url\":\"media\/ftgalslide\/314B1\/01_076_00048103\/ben-hur-copyright-david-ruano-12.JPG\",\"thumb_url\":\"media\/ftgalslide\/314B1\/01_076_00048103\/ben-hur-copyright-david-ruano-12_thumb.jpg\",\"title\":\"La loca, loca historia de Ben-Hur\",\"description\":\"La loca, loca historia de Ben-Hur\",\"copyright\":\"\",\"order\":60},{\"localizer\":\"V2SLIDE\",\"url\":\"media\/ftgalslide\/314B1\/01_076_00048104\/ben-hur-copyright-david-ruano-13.JPG\",\"thumb_url\":\"media\/ftgalslide\/314B1\/01_076_00048104\/ben-hur-copyright-david-ruano-13_thumb.jpg\",\"title\":\"La loca, loca historia de Ben-Hur\",\"description\":\"La loca, loca historia de Ben-Hur\",\"copyright\":\"\",\"order\":61},{\"localizer\":\"V3SLIDEDISTRI\",\"url\":\"media\/ftgalslide\/v3\/314B2\/01_086_00048308\/la-loca-loca-historia-de-ben-hur-focus-distribucio.jpg\",\"thumb_url\":\"media\/ftgalslide\/v3\/314B2\/01_086_00048308\/la-loca-loca-historia-de-ben-hur-focus-distribucio_thumb.jpg\",\"title\":\"La loca, loca historia de Ben-Hur\",\"description\":\"La loca, loca historia de Ben-Hur Focus Distribuci\u00f3n\",\"copyright\":\"\",\"order\":62},{\"localizer\":\"V3SLIDEDISTRI\",\"url\":\"media\/ftgalslide\/v3\/314B2\/01_086_00048350\/la-loca-loca-historia-de-ben-hur-focus-distribucio.jpg\",\"thumb_url\":\"media\/ftgalslide\/v3\/314B2\/01_086_00048350\/la-loca-loca-historia-de-ben-hur-focus-distribucio_thumb.jpg\",\"title\":\"La loca, loca historia de Ben-Hur\",\"description\":\"La loca, loca historia de Ben-Hur\",\"copyright\":\"https:\/\/www.youtube.com\/watch?v=7G46MrSATYg\",\"order\":63}]","material__texto_intro":"","data_material":null,"data_gallery":"","data_discounts":"[]","contract_is_open":false,"in_tour":false,"foreign_production":false,"tour_end_date":"00010101000000"},"yoast_head":"<!-- This site is optimized with the Yoast SEO plugin v27.5 - https:\/\/yoast.com\/product\/yoast-seo-wordpress\/ -->\n<title>La loca, loca historia de Ben-Hur - Focus<\/title>\n<meta name=\"robots\" content=\"index, follow, max-snippet:-1, max-image-preview:large, max-video-preview:-1\" \/>\n<link rel=\"canonical\" href=\"https:\/\/www.focus.cat\/ex\/la-loca-loca-historia-de-ben-hur\/\" \/>\n<meta property=\"og:locale\" content=\"ca_ES\" \/>\n<meta property=\"og:type\" content=\"article\" \/>\n<meta property=\"og:title\" content=\"La loca, loca historia de Ben-Hur - Focus\" \/>\n<meta property=\"og:url\" content=\"https:\/\/www.focus.cat\/en\/ex\/la-loca-loca-historia-de-ben-hur\/\" \/>\n<meta property=\"og:site_name\" content=\"Focus\" \/>\n<meta name=\"twitter:card\" content=\"summary_large_image\" \/>\n<script type=\"application\/ld+json\" class=\"yoast-schema-graph\">{\"@context\":\"https:\\\/\\\/schema.org\",\"@graph\":[{\"@type\":\"WebPage\",\"@id\":\"https:\\\/\\\/www.focus.cat\\\/en\\\/ex\\\/la-loca-loca-historia-de-ben-hur\\\/\",\"url\":\"https:\\\/\\\/www.focus.cat\\\/en\\\/ex\\\/la-loca-loca-historia-de-ben-hur\\\/\",\"name\":\"La loca, loca historia de Ben-Hur - Focus\",\"isPartOf\":{\"@id\":\"https:\\\/\\\/www.focus.cat\\\/#website\"},\"datePublished\":\"2025-01-14T15:39:43+00:00\",\"breadcrumb\":{\"@id\":\"https:\\\/\\\/www.focus.cat\\\/en\\\/ex\\\/la-loca-loca-historia-de-ben-hur\\\/#breadcrumb\"},\"inLanguage\":\"ca\",\"potentialAction\":[{\"@type\":\"ReadAction\",\"target\":[\"https:\\\/\\\/www.focus.cat\\\/en\\\/ex\\\/la-loca-loca-historia-de-ben-hur\\\/\"]}]},{\"@type\":\"BreadcrumbList\",\"@id\":\"https:\\\/\\\/www.focus.cat\\\/en\\\/ex\\\/la-loca-loca-historia-de-ben-hur\\\/#breadcrumb\",\"itemListElement\":[{\"@type\":\"ListItem\",\"position\":1,\"name\":\"Espectacles\",\"item\":\"https:\\\/\\\/www.focus.cat\\\/ex\\\/\"},{\"@type\":\"ListItem\",\"position\":2,\"name\":\"La loca, loca historia de Ben-Hur\"}]},{\"@type\":\"WebSite\",\"@id\":\"https:\\\/\\\/www.focus.cat\\\/#website\",\"url\":\"https:\\\/\\\/www.focus.cat\\\/\",\"name\":\"Focus\",\"description\":\"\",\"publisher\":{\"@id\":\"https:\\\/\\\/www.focus.cat\\\/#organization\"},\"potentialAction\":[{\"@type\":\"SearchAction\",\"target\":{\"@type\":\"EntryPoint\",\"urlTemplate\":\"https:\\\/\\\/www.focus.cat\\\/?s={search_term_string}\"},\"query-input\":{\"@type\":\"PropertyValueSpecification\",\"valueRequired\":true,\"valueName\":\"search_term_string\"}}],\"inLanguage\":\"ca\"},{\"@type\":\"Organization\",\"@id\":\"https:\\\/\\\/www.focus.cat\\\/#organization\",\"name\":\"Focus\",\"url\":\"https:\\\/\\\/www.focus.cat\\\/\",\"logo\":{\"@type\":\"ImageObject\",\"inLanguage\":\"ca\",\"@id\":\"https:\\\/\\\/www.focus.cat\\\/#\\\/schema\\\/logo\\\/image\\\/\",\"url\":\"https:\\\/\\\/www.focus.cat\\\/wp-content\\\/uploads\\\/2022\\\/01\\\/logo-focus-any-35.svg\",\"contentUrl\":\"https:\\\/\\\/www.focus.cat\\\/wp-content\\\/uploads\\\/2022\\\/01\\\/logo-focus-any-35.svg\",\"width\":1,\"height\":1,\"caption\":\"Focus\"},\"image\":{\"@id\":\"https:\\\/\\\/www.focus.cat\\\/#\\\/schema\\\/logo\\\/image\\\/\"}}]}<\/script>\n<!-- \/ Yoast SEO plugin. -->","yoast_head_json":{"title":"La loca, loca historia de Ben-Hur - Focus","robots":{"index":"index","follow":"follow","max-snippet":"max-snippet:-1","max-image-preview":"max-image-preview:large","max-video-preview":"max-video-preview:-1"},"canonical":"https:\/\/www.focus.cat\/ex\/la-loca-loca-historia-de-ben-hur\/","og_locale":"ca_ES","og_type":"article","og_title":"La loca, loca historia de Ben-Hur - Focus","og_url":"https:\/\/www.focus.cat\/en\/ex\/la-loca-loca-historia-de-ben-hur\/","og_site_name":"Focus","twitter_card":"summary_large_image","schema":{"@context":"https:\/\/schema.org","@graph":[{"@type":"WebPage","@id":"https:\/\/www.focus.cat\/en\/ex\/la-loca-loca-historia-de-ben-hur\/","url":"https:\/\/www.focus.cat\/en\/ex\/la-loca-loca-historia-de-ben-hur\/","name":"La loca, loca historia de Ben-Hur - Focus","isPartOf":{"@id":"https:\/\/www.focus.cat\/#website"},"datePublished":"2025-01-14T15:39:43+00:00","breadcrumb":{"@id":"https:\/\/www.focus.cat\/en\/ex\/la-loca-loca-historia-de-ben-hur\/#breadcrumb"},"inLanguage":"ca","potentialAction":[{"@type":"ReadAction","target":["https:\/\/www.focus.cat\/en\/ex\/la-loca-loca-historia-de-ben-hur\/"]}]},{"@type":"BreadcrumbList","@id":"https:\/\/www.focus.cat\/en\/ex\/la-loca-loca-historia-de-ben-hur\/#breadcrumb","itemListElement":[{"@type":"ListItem","position":1,"name":"Espectacles","item":"https:\/\/www.focus.cat\/ex\/"},{"@type":"ListItem","position":2,"name":"La loca, loca historia de Ben-Hur"}]},{"@type":"WebSite","@id":"https:\/\/www.focus.cat\/#website","url":"https:\/\/www.focus.cat\/","name":"Focus","description":"","publisher":{"@id":"https:\/\/www.focus.cat\/#organization"},"potentialAction":[{"@type":"SearchAction","target":{"@type":"EntryPoint","urlTemplate":"https:\/\/www.focus.cat\/?s={search_term_string}"},"query-input":{"@type":"PropertyValueSpecification","valueRequired":true,"valueName":"search_term_string"}}],"inLanguage":"ca"},{"@type":"Organization","@id":"https:\/\/www.focus.cat\/#organization","name":"Focus","url":"https:\/\/www.focus.cat\/","logo":{"@type":"ImageObject","inLanguage":"ca","@id":"https:\/\/www.focus.cat\/#\/schema\/logo\/image\/","url":"https:\/\/www.focus.cat\/wp-content\/uploads\/2022\/01\/logo-focus-any-35.svg","contentUrl":"https:\/\/www.focus.cat\/wp-content\/uploads\/2022\/01\/logo-focus-any-35.svg","width":1,"height":1,"caption":"Focus"},"image":{"@id":"https:\/\/www.focus.cat\/#\/schema\/logo\/image\/"}}]}},"translations":[{"id":21169,"locale":"ca"},{"id":21170,"locale":"es"},{"id":21171,"locale":"en"}],"_links":{"self":[{"href":"https:\/\/www.focus.cat\/wp-json\/wp\/v2\/ex\/21171","targetHints":{"allow":["GET"]}}],"collection":[{"href":"https:\/\/www.focus.cat\/wp-json\/wp\/v2\/ex"}],"about":[{"href":"https:\/\/www.focus.cat\/wp-json\/wp\/v2\/types\/ex"}],"author":[{"embeddable":true,"href":"https:\/\/www.focus.cat\/wp-json\/wp\/v2\/users\/5"}],"replies":[{"embeddable":true,"href":"https:\/\/www.focus.cat\/wp-json\/wp\/v2\/comments?post=21171"}],"wp:attachment":[{"href":"https:\/\/www.focus.cat\/wp-json\/wp\/v2\/media?parent=21171"}],"wp:term":[{"taxonomy":"location","embeddable":true,"href":"https:\/\/www.focus.cat\/wp-json\/wp\/v2\/location?post=21171"}],"curies":[{"name":"wp","href":"https:\/\/api.w.org\/{rel}","templated":true}]}}