{"id":22541,"date":"2025-04-15T15:59:15","date_gmt":"2025-04-15T15:59:15","guid":{"rendered":"https:\/\/www.focus.cat\/ex\/germans-de-sang-2\/"},"modified":"2026-03-09T09:53:25","modified_gmt":"2026-03-09T09:53:25","slug":"germans-de-sang-2025-26","status":"publish","type":"ex","link":"https:\/\/www.focus.cat\/en\/ex\/germans-de-sang-2025-26\/","title":{"rendered":"Germans de Sang"},"content":{"rendered":"","protected":false},"excerpt":{"rendered":"","protected":false},"author":5,"featured_media":0,"comment_status":"closed","ping_status":"closed","template":"","location":[26],"class_list":["post-22541","ex","type-ex","status-publish","hentry","location-home"],"acf":{"txt_synopsis":"<strong>It can't be true. It's just a story...<\/strong><br \/><br \/><em>Germans de sang<\/em> tells the story of two twin brothers, separated when they are born. They grow up in two opposite worlds, never knowing the truth. Despite the efforts of their respective mothers to prevent it, fate causes them to meet, become friends and end up in love with the same girl. The final tragedy will be inevitable.<br \/>&nbsp; <br \/>This legendary musical, one of the three that has exceeded 10,000 performances in the West End, has been a critical and popular success since its premiere in 1983. In Barcelona, it premiered in this same theater, produced by Focus, in 1994. Today, it continues to thrill audiences around the world.<br \/>","main_buy_link":"https:\/\/tickets.oneboxtds.com\/teatrecondal\/events\/42858?hl=ca-ES","main_buy_links":"[\"https:\/\/tickets.oneboxtds.com\/teatrecondal\/events\/42858?hl=es-ES\"]","show_language":"Show in Catalan","show_duration":"160","txt_genre":"MUSICAL","show_start_date":"20251210000000","show_end_date":"20260308000000","show_sort_date":"20251210000000","txt_custom_show_dates":"hasta el 8 de marzo de 2026 ","txt_additional_info":"<ul>\r\n<li>The estimated running time includes a 20-minute intermission.\r\n<\/li><li>Recommended for ages 10 and up \r\n<\/li><li>You can listen to \u2018No Pot Ser Veritat\u2019 here: <a href=\"https:\/\/youtu.be\/35jqkigolXg\">https:\/\/youtu.be\/35jqkigolXg<\/a> \r\n<\/li><li>Official website of the show: <a href=\"https:\/\/www.germansdesang.cat\">https:\/\/www.germansdesang.cat<\/a><br \/><\/li><\/ul>","txt_present":"","txt_season":"[\"2025\/26\"]","txt_cycle":"","txt_claim":"It can't be true. It's just a story...","txt_cast_excerpt":"","txt_cast":"<p>Original title: <strong>Blood brothers<\/strong> <br \/>Booklet, music and lyrics: <strong>Willy Russell<\/strong> <br \/>Adaptation to Catalan: <strong>Albert Mas-Griera<br \/><\/strong>Musical arrangements: <strong>Andreu Gall\u00e9n<\/strong> <br \/>&nbsp;<br \/>Direction: <strong>Daniel Angl\u00e8s<\/strong> <br \/>Choreographic direction: <strong>Ariadna Peya <br \/><\/strong>Musical direction: <strong>Andreu Gall\u00e9n <\/strong><br \/>Associate theater director: <strong>\u00c1gata Casanovas<\/strong> <br \/>Scenography: <strong>Alessio Meloni<br \/><\/strong>Vestuary: <strong>Marc Udina<\/strong> <br \/>Lights: <strong>David Bofarull<\/strong><br \/>Sound space: <strong>Jordi Ballb\u00e9<\/strong><br \/>Characterization: <strong>\u00c0ngels Salinas<br \/><br \/><\/strong>Cast:<br \/><strong>Mariona Castillo - <\/strong>Mrs. Johnstone<br \/><strong>Triquell - <\/strong>Narrator<br \/><strong>Xavi Navarro - <\/strong>Alternate narrator<br \/><strong>Albert Salazar - <\/strong>Mickey<br \/><strong>Roc Bernad\u00ed - <\/strong>Eddie<br \/><strong>Luc\u00eda Torres - <\/strong>Mrs. Lyons<strong> <br \/>Tai Fati - <\/strong>Linda<strong> <br \/>Toni Vi\u00f1als - <\/strong>Mr. Lyons<br \/><strong>Cisco Cruz - <\/strong>Sammy<br \/><strong>Aleix Colomer <\/strong>- Cast<br \/><strong>Elena Escorcia -<\/strong> Cast<br \/><strong>Joan Mas - <\/strong>Cast<br \/><strong>Carla Pizan - <\/strong>Cast<br \/><strong>Guillem Ripoll - <\/strong>Cast<br \/><strong>Pol Rosell\u00f3 Weisz&nbsp;- <\/strong>Cast<br \/><strong>J\u00falia Sanz -<\/strong> Cast<br \/><strong>Ferran Soler -<\/strong> Cast<br \/><strong>Meritxell Val\u00e8ncia <\/strong>- Cast<br \/><strong>Aran V\u00e1zquez - <\/strong>Cast<br \/><strong>Guillem Cabra<\/strong> - Swing<\/p>\r\n<p>Covers:<br \/><strong>Luc\u00eda Torres: <\/strong>Mrs. Johnstone<strong>; Joan Mas:<\/strong> Narrator\/Mickey<strong>; Pol Rosell\u00f3 Weisz:<\/strong> Eddie;&nbsp;<strong> <br \/>Meritxell Val\u00e8ncia: <\/strong>Mrs. Lyons;<strong> Carla Pizan:<\/strong> Linda<strong>; Guillem Ripoll: <\/strong>Mr. Lyons\/Sammy<\/p>\r\n<p><br \/><strong>Musicians:<br \/>Andreu Gall\u00e9n - <\/strong>Direction and keyboards<br \/><strong>Toni Pag\u00e8s \/ Eloi L\u00f3pez - <\/strong>Battery<br \/><strong>Vicent P\u00e9rez - <\/strong>Trombone<br \/><strong>Dai Mar L\u00f3pez - <\/strong>Violin<br \/><strong>Pendent de confirmar - <\/strong>Guitar<br \/><strong>Blai Ma\u00f1er - <\/strong>Substitute director and keyboards<br \/><strong>Ernest Mart\u00ednez<\/strong> - Deputy Violin<\/p>\r\n<p><strong>Production management: <\/strong>Maite Pijuan<br \/><strong>Executive production: <\/strong>Carmen \u00c1lvarez<br \/><strong>Executive production auditions: <\/strong>Raquel Do\u00f1oro<br \/><strong>Technical direction:<\/strong> Moi Cuenca<br \/><strong>Technical coordination: <\/strong>Jordi Farr\u00e0s<\/p>\r\n<p><strong>Music production: <\/strong>Roger Argem\u00ed and Uri Plana<br \/><strong>Assistant director: <\/strong>Joan Mas<br \/><strong>Dance Captain: <\/strong>J\u00falia Sanz<br \/><strong>Production assistant: <\/strong>Sara L\u00f3pez<br \/><strong>Vocal coach Albert Salazar: <\/strong>V\u00edctor Arbelo<br \/><strong>Pianist rehearsals:<\/strong> Blai Ma\u00f1\u00e9<br \/><strong>Repeater casting: <\/strong>Tatiana Monells<\/p>\r\n<p>Marketing and communication: <strong>Focus<\/strong> <br \/>Photo report: D<strong>avid Ruano<\/strong><br \/>Poster: <strong>Steph Pyne<\/strong><\/p>\r\n<p>Thanks: <strong>Aules \u00b7 Arts Esc\u00e8niques<\/strong><br \/>&nbsp;<br \/>With the support of <strong>Generalitat de Catalunya \u2013 ICEC Institut Catal\u00e0 de les Empreses Culturals, and Uni\u00f3n Europea, Fondos Next Generation, Plan de Recuperaci\u00f3n, Transformaci\u00f3n y Resiliencia (Gobierno de Espa\u00f1a) and Next Generation Catalunya (Generalitat de Catalunya)<br \/><\/strong>&nbsp;<br \/>It\u2019s a production of <strong>Focus<\/strong><\/p>","txt_reviews":"Jordi Bordes| El Punt Avui | \"L\u2019emoci\u00f3 atrapa fins al punt que el p\u00fablic avan\u00e7a l\u2019aplaudiment, com una necessitat impetuosa de connectar i d\u2019agrair la feina generosa a escena.\u201d \r\nMart\u00ed Figueras | N\u00favol | \u201cLes coreografies no s\u00f3n nom\u00e9s balls per acompanyar les can\u00e7ons, sin\u00f3 que serveixen per impulsar les accions i definir l\u2019emoci\u00f3\u201d  \r\nAndreu Sotorra |Recomana | \u201c\u00abGermans de sang\u00bb \u00e9s un dels musicals que t\u00e9 tots els ingredients perqu\u00e8 convoqui espectadors a manta sense fronteres d\u2019edat\u201d ","hashtag":"GermansdeSang","have_promo":"","slogan":"","id_exhibicio":2246,"id_versio":1766,"id_local":3,"txt_seo_desc":"Germans de Sang, un espectacle musical al Teatre Condal de Barcelona","data_images":"[{\"localizer\":\"V4PORTADAWIDE\",\"url\":\"media\/ver\/port\/wide\/v4\/31706\/01_091_00058699\/Portada_0_2880x1260.jpg\",\"thumb_url\":\"\",\"title\":\"Germans de Sang - Teatre Condal\",\"description\":\"germans de sang en el teatre condal\",\"copyright\":\"\",\"order\":1},{\"localizer\":\"V4PORTADAWIDEMOBILE\",\"url\":\"media\/ver\/port\/wide\/mobile\/v4\/31706\/01_092_00058700\/Portada_0_mobile_828x1800.jpg\",\"thumb_url\":\"\",\"title\":\"Germans de Sang - Teatre Condal\",\"description\":\"germans de sang en el teatre condal\",\"copyright\":\"\",\"order\":2},{\"localizer\":\"V4PORTADA\",\"url\":\"media\/ver\/port\/v4\/31706\/01_090_00058701\/Portada_1_760x760.jpg\",\"thumb_url\":\"\",\"title\":\"Germans de Sang - Teatre Condal\",\"description\":\"germans de sang en el teatre condal\",\"copyright\":\"\",\"order\":3},{\"localizer\":\"V4CARTELL\",\"url\":\"media\/ver\/cartell\/v4\/3170A\/01_089_00058945\/Cartell_web_720x1100_GDS.jpg\",\"thumb_url\":\"\",\"title\":\"Germans de sang - Teatre Condal\",\"description\":\"germans de sang en el teatre condal\",\"copyright\":\"\",\"order\":9},{\"localizer\":\"V3CARTELL\",\"url\":\"media\/ver\/cartell\/v3\/3170A\/01_085_00058946\/Cartell_web_722x1030_GDS.jpg\",\"thumb_url\":\"media\/ver\/cartell\/v3\/3170A\/01_085_00058946\/Cartell_web_722x1030_GDS_thumb.jpg\",\"title\":\"Germans de sang - Teatre Condal\",\"description\":\"germans de sang en el teatre condal\",\"copyright\":\"\",\"order\":10},{\"localizer\":\"V3SLIDE\",\"url\":\"media\/ftgalslide\/v3\/31769\/01_086_00059518\/T25_GdS_018.jpg\",\"thumb_url\":\"media\/ftgalslide\/v3\/31769\/01_086_00059518\/T25_GdS_018_thumb.jpg\",\"title\":\"Germans de Sang - Teatre Condal - Barcelona\",\"description\":\"germans de sang al teatre condal de barcelona\",\"copyright\":\"https:\/\/youtu.be\/4qAXLA5s6aI\",\"order\":15},{\"localizer\":\"V3SLIDE\",\"url\":\"media\/ftgalslide\/v3\/31769\/01_086_00059520\/T25_GdS_027.jpg\",\"thumb_url\":\"media\/ftgalslide\/v3\/31769\/01_086_00059520\/T25_GdS_027_thumb.jpg\",\"title\":\"Germans de Sang - Teatre Condal - Barcelona\",\"description\":\"germans de sang al teatre condal de barcelona\",\"copyright\":\"\",\"order\":17},{\"localizer\":\"V3SLIDE\",\"url\":\"media\/ftgalslide\/v3\/31769\/01_086_00059521\/T25_GdS_090.jpg\",\"thumb_url\":\"media\/ftgalslide\/v3\/31769\/01_086_00059521\/T25_GdS_090_thumb.jpg\",\"title\":\"Germans de Sang - Teatre Condal - Barcelona\",\"description\":\"germans de sang al teatre condal de barcelona\",\"copyright\":\"\",\"order\":18}]","material__texto_intro":"","data_material":null,"data_gallery":"","data_discounts":"[]","contract_is_open":false,"in_tour":false,"foreign_production":false,"tour_end_date":"20260831000000"},"yoast_head":"<!-- This site is optimized with the Yoast SEO plugin v27.5 - https:\/\/yoast.com\/product\/yoast-seo-wordpress\/ -->\n<title>Germans de Sang - Focus<\/title>\n<meta name=\"robots\" content=\"index, follow, max-snippet:-1, max-image-preview:large, max-video-preview:-1\" \/>\n<link rel=\"canonical\" href=\"https:\/\/www.focus.cat\/ex\/germans-de-sang-2025-26\/\" \/>\n<meta property=\"og:locale\" content=\"ca_ES\" \/>\n<meta property=\"og:type\" content=\"article\" \/>\n<meta property=\"og:title\" content=\"Germans de Sang - Focus\" \/>\n<meta property=\"og:url\" content=\"https:\/\/www.focus.cat\/en\/ex\/germans-de-sang-2025-26\/\" \/>\n<meta property=\"og:site_name\" content=\"Focus\" \/>\n<meta property=\"article:modified_time\" content=\"2026-03-09T09:53:25+00:00\" \/>\n<meta name=\"twitter:card\" content=\"summary_large_image\" \/>\n<script type=\"application\/ld+json\" class=\"yoast-schema-graph\">{\"@context\":\"https:\\\/\\\/schema.org\",\"@graph\":[{\"@type\":\"WebPage\",\"@id\":\"https:\\\/\\\/www.focus.cat\\\/en\\\/ex\\\/germans-de-sang-2025-26\\\/\",\"url\":\"https:\\\/\\\/www.focus.cat\\\/en\\\/ex\\\/germans-de-sang-2025-26\\\/\",\"name\":\"Germans de Sang - Focus\",\"isPartOf\":{\"@id\":\"https:\\\/\\\/www.focus.cat\\\/#website\"},\"datePublished\":\"2025-04-15T15:59:15+00:00\",\"dateModified\":\"2026-03-09T09:53:25+00:00\",\"breadcrumb\":{\"@id\":\"https:\\\/\\\/www.focus.cat\\\/en\\\/ex\\\/germans-de-sang-2025-26\\\/#breadcrumb\"},\"inLanguage\":\"ca\",\"potentialAction\":[{\"@type\":\"ReadAction\",\"target\":[\"https:\\\/\\\/www.focus.cat\\\/en\\\/ex\\\/germans-de-sang-2025-26\\\/\"]}]},{\"@type\":\"BreadcrumbList\",\"@id\":\"https:\\\/\\\/www.focus.cat\\\/en\\\/ex\\\/germans-de-sang-2025-26\\\/#breadcrumb\",\"itemListElement\":[{\"@type\":\"ListItem\",\"position\":1,\"name\":\"Espectacles\",\"item\":\"https:\\\/\\\/www.focus.cat\\\/ex\\\/\"},{\"@type\":\"ListItem\",\"position\":2,\"name\":\"Germans de Sang\"}]},{\"@type\":\"WebSite\",\"@id\":\"https:\\\/\\\/www.focus.cat\\\/#website\",\"url\":\"https:\\\/\\\/www.focus.cat\\\/\",\"name\":\"Focus\",\"description\":\"\",\"publisher\":{\"@id\":\"https:\\\/\\\/www.focus.cat\\\/#organization\"},\"potentialAction\":[{\"@type\":\"SearchAction\",\"target\":{\"@type\":\"EntryPoint\",\"urlTemplate\":\"https:\\\/\\\/www.focus.cat\\\/?s={search_term_string}\"},\"query-input\":{\"@type\":\"PropertyValueSpecification\",\"valueRequired\":true,\"valueName\":\"search_term_string\"}}],\"inLanguage\":\"ca\"},{\"@type\":\"Organization\",\"@id\":\"https:\\\/\\\/www.focus.cat\\\/#organization\",\"name\":\"Focus\",\"url\":\"https:\\\/\\\/www.focus.cat\\\/\",\"logo\":{\"@type\":\"ImageObject\",\"inLanguage\":\"ca\",\"@id\":\"https:\\\/\\\/www.focus.cat\\\/#\\\/schema\\\/logo\\\/image\\\/\",\"url\":\"https:\\\/\\\/www.focus.cat\\\/wp-content\\\/uploads\\\/2022\\\/01\\\/logo-focus-any-35.svg\",\"contentUrl\":\"https:\\\/\\\/www.focus.cat\\\/wp-content\\\/uploads\\\/2022\\\/01\\\/logo-focus-any-35.svg\",\"width\":1,\"height\":1,\"caption\":\"Focus\"},\"image\":{\"@id\":\"https:\\\/\\\/www.focus.cat\\\/#\\\/schema\\\/logo\\\/image\\\/\"}}]}<\/script>\n<!-- \/ Yoast SEO plugin. -->","yoast_head_json":{"title":"Germans de Sang - Focus","robots":{"index":"index","follow":"follow","max-snippet":"max-snippet:-1","max-image-preview":"max-image-preview:large","max-video-preview":"max-video-preview:-1"},"canonical":"https:\/\/www.focus.cat\/ex\/germans-de-sang-2025-26\/","og_locale":"ca_ES","og_type":"article","og_title":"Germans de Sang - Focus","og_url":"https:\/\/www.focus.cat\/en\/ex\/germans-de-sang-2025-26\/","og_site_name":"Focus","article_modified_time":"2026-03-09T09:53:25+00:00","twitter_card":"summary_large_image","schema":{"@context":"https:\/\/schema.org","@graph":[{"@type":"WebPage","@id":"https:\/\/www.focus.cat\/en\/ex\/germans-de-sang-2025-26\/","url":"https:\/\/www.focus.cat\/en\/ex\/germans-de-sang-2025-26\/","name":"Germans de Sang - Focus","isPartOf":{"@id":"https:\/\/www.focus.cat\/#website"},"datePublished":"2025-04-15T15:59:15+00:00","dateModified":"2026-03-09T09:53:25+00:00","breadcrumb":{"@id":"https:\/\/www.focus.cat\/en\/ex\/germans-de-sang-2025-26\/#breadcrumb"},"inLanguage":"ca","potentialAction":[{"@type":"ReadAction","target":["https:\/\/www.focus.cat\/en\/ex\/germans-de-sang-2025-26\/"]}]},{"@type":"BreadcrumbList","@id":"https:\/\/www.focus.cat\/en\/ex\/germans-de-sang-2025-26\/#breadcrumb","itemListElement":[{"@type":"ListItem","position":1,"name":"Espectacles","item":"https:\/\/www.focus.cat\/ex\/"},{"@type":"ListItem","position":2,"name":"Germans de Sang"}]},{"@type":"WebSite","@id":"https:\/\/www.focus.cat\/#website","url":"https:\/\/www.focus.cat\/","name":"Focus","description":"","publisher":{"@id":"https:\/\/www.focus.cat\/#organization"},"potentialAction":[{"@type":"SearchAction","target":{"@type":"EntryPoint","urlTemplate":"https:\/\/www.focus.cat\/?s={search_term_string}"},"query-input":{"@type":"PropertyValueSpecification","valueRequired":true,"valueName":"search_term_string"}}],"inLanguage":"ca"},{"@type":"Organization","@id":"https:\/\/www.focus.cat\/#organization","name":"Focus","url":"https:\/\/www.focus.cat\/","logo":{"@type":"ImageObject","inLanguage":"ca","@id":"https:\/\/www.focus.cat\/#\/schema\/logo\/image\/","url":"https:\/\/www.focus.cat\/wp-content\/uploads\/2022\/01\/logo-focus-any-35.svg","contentUrl":"https:\/\/www.focus.cat\/wp-content\/uploads\/2022\/01\/logo-focus-any-35.svg","width":1,"height":1,"caption":"Focus"},"image":{"@id":"https:\/\/www.focus.cat\/#\/schema\/logo\/image\/"}}]}},"translations":[{"id":22539,"locale":"ca"},{"id":22540,"locale":"es"},{"id":22541,"locale":"en"}],"_links":{"self":[{"href":"https:\/\/www.focus.cat\/wp-json\/wp\/v2\/ex\/22541","targetHints":{"allow":["GET"]}}],"collection":[{"href":"https:\/\/www.focus.cat\/wp-json\/wp\/v2\/ex"}],"about":[{"href":"https:\/\/www.focus.cat\/wp-json\/wp\/v2\/types\/ex"}],"author":[{"embeddable":true,"href":"https:\/\/www.focus.cat\/wp-json\/wp\/v2\/users\/5"}],"replies":[{"embeddable":true,"href":"https:\/\/www.focus.cat\/wp-json\/wp\/v2\/comments?post=22541"}],"wp:attachment":[{"href":"https:\/\/www.focus.cat\/wp-json\/wp\/v2\/media?parent=22541"}],"wp:term":[{"taxonomy":"location","embeddable":true,"href":"https:\/\/www.focus.cat\/wp-json\/wp\/v2\/location?post=22541"}],"curies":[{"name":"wp","href":"https:\/\/api.w.org\/{rel}","templated":true}]}}