{"id":22752,"date":"2025-05-05T08:54:19","date_gmt":"2025-05-05T08:54:19","guid":{"rendered":"https:\/\/www.focus.cat\/ex\/la-gramatica-5\/"},"modified":"2025-12-12T14:16:56","modified_gmt":"2025-12-12T14:16:56","slug":"la-gramatica-5","status":"publish","type":"ex","link":"https:\/\/www.focus.cat\/en\/ex\/la-gramatica-5\/","title":{"rendered":"La gram\u00e1tica"},"content":{"rendered":"","protected":false},"excerpt":{"rendered":"","protected":false},"author":5,"featured_media":0,"comment_status":"closed","ping_status":"closed","template":"","location":[],"class_list":["post-22752","ex","type-ex","status-publish","hentry"],"acf":{"txt_synopsis":"<p><strong>A satire that pays tribute to our relationship with the legacy that, according to L\u00e1zaro Carreter, constitutes our most solid heritage: language.<br \/><\/strong><br \/>Let's imagine that one day, accidentally, a conventional woman became an accomplished scholar of language and grammar overnight. How would this circumstance change your life? Would you see, as they say, your personal and professional horizons broadened or, on the contrary, would these new skills worry you about the marginalization of your environment?<\/p>\r\n<p>Let us imagine, in turn, a renowned neuroscientist willing to subject the woman to an intensive process of linguistic deprogramming in the opposite direction to that carried out by Dr. Higgins on the flower girl Liza Doolitle in the famous work Pygmalion, by Bernard Shaw. In this case it would not be a matter of verbally refining the character, but, conversely, of returning him to his primary state of expressive limitation to avoid, in this way, the social maladjustment disorders caused by his inappropriate accident.<\/p>\r\n<p>&nbsp;<\/p>","main_buy_link":"","main_buy_links":"","show_language":"Show in Spanish","show_duration":"80","txt_genre":"TEATRE","show_start_date":"20250212000000","show_end_date":"20250223000000","show_sort_date":"20250212000000","txt_custom_show_dates":"del 12 al 23 de febrero de 2025 ","txt_additional_info":"<ul>\r\n<li>Recomanat a partir de 12 anys \r\n<\/li><li>Funci\u00f3 accessible:&nbsp;<strong>15 de&nbsp;novembre de 2025 a les 20:30h<\/strong><br \/>La funci\u00f3 comptar\u00e0 amb<br \/>\u00b7Subtitulaci\u00f3<br \/>\u00b7Audiodescripci\u00f3<br \/>\u00b7Bucle magn\u00e8tic<br \/>\u00b7So amplificat<\/li><\/ul>","txt_present":"","txt_season":"[\"2024\/25\"]","txt_cycle":"","txt_claim":"<strong>Una s\u00e0tira que homenatja la nostra relaci\u00f3 amb el llegat que, segons L\u00e1zaro Carreter, constitueix el nostre patrimoni m\u00e9s s\u00f2lid: la llengua.<\/strong>","txt_cast_excerpt":"","txt_cast":"<p>Author and direction: <strong>Ernesto Caballero<\/strong><\/p>\r\n<p>Cast<br \/><strong>Mar\u00eda Ad\u00e1nez<\/strong> - Subject<br \/><strong>Joaqu\u00edn Notario<\/strong>- Therapist<\/p>\r\n<p>Scenography: <strong>V\u00edctor Long\u00e1s<\/strong><br \/>Light: <strong>Karla Belvis - Insuel<\/strong><br \/>Sound space: <strong>Ernesto Caballero and Pablo Quijano <\/strong><br \/>Dress and characterization:<strong> Anna Tusell<\/strong><\/p>\r\n<p>Production director: <strong>Maite Pijuan<br \/><\/strong>Executive production: <strong>Rafael Romero de \u00c1vila<br \/><\/strong>Technical direction: <strong>Mois\u00e9s Cuenca<br \/><\/strong>Technical coordination: <strong>Jordi Farr\u00e0s <br \/><\/strong>Technical manager: <strong>Andy Duffill<\/strong><\/p>\r\n<p>Assistant director: <strong>Pablo Quijano<br \/><\/strong>Stage manager: <strong>Vanessa Tejero \/ Elisenda Caball\u00e9<\/strong> <\/p>\r\n<p>Construction of the scenography:<strong> Scnik M\u00f3vil<\/strong><\/p>\r\n<p>Marketing and communication: <strong>Focus<\/strong><br \/>Press: <strong>Sandra Fern\u00e1ndez<\/strong> (<a href=\"mailto:sfernandez@focus.es\">sfernandez@focus.es<\/a>)<br \/>Photographic report: <strong>Nani Guti\u00e9rrez<\/strong><br \/>Image design: <strong>Carlos Luque<\/strong><\/p>\r\n<p>Thanks<strong>:<\/strong> <strong>Luis Luque<\/strong> <\/p>\r\n<p>With the support of: <strong>Generalitat de Catalunya- ICEC Institut Catal\u00e0 de les Empreses Culturals, Gobierno de Espa\u00f1a - INAEM Instituto Nacional de las Artes Escn\u00e9nicas y de la M\u00fasica), and&nbsp;Uni\u00f3 Europea (Fons Europeu Next Generation; Plan de Recuperaci\u00f3n, Transformaci\u00f3n y Resiliencia), Next Generation Catalunya.<\/strong><\/p>\r\n<p>Distribution: <strong>Carme Tierz<\/strong> (<a href=\"mailto:carmetierz@focus.cat\">carmetierz@focus.cat<\/a>)<\/p>\r\n<p>It is a production of <strong>Focus<\/strong><\/p>\r\n<p>&nbsp;<\/p>","txt_reviews":"Jos\u00e9-Miguel Vila|Diario Cr\u00edtico|\u201cLa Gram\u00e1tica\u2019 instrueix, sedueix i diverteix de principi a fi en una com\u00e8dia que ning\u00fa s\u2019hauria de perdre\u201d\r\nTeresa Gonz\u00e1lez|DLa Cl\u00e1|\u201cMar\u00eda Ad\u00e1nez i Jos\u00e9 Troncoso estan deliciosament compenetrats\u201d\r\nIgnacio Vleming|Bloggin\u2019 Madrid|\u201cUna com\u00e8dia hilarant i ir\u00f2nica, farcida de intel\u00b7ligents reflexions sobre el llenguatge\u201d","hashtag":"LaGram\u00e1tica","have_promo":"","slogan":"","id_exhibicio":2224,"id_versio":1682,"id_local":1,"txt_seo_desc":"La Gram\u00e1tica, un espectacle al Teatre Romea de Barcelona","data_images":"[{\"localizer\":\"V4PORTADA\",\"url\":\"media\/ver\/port\/v4\/316AC\/01_090_00058625\/03_Portada_1_760x760_2.jpg\",\"thumb_url\":\"\",\"title\":\"La Gram\u00e1tica - Teatre Romea\",\"description\":\"la gramatica en el teatre romea\",\"copyright\":\"\",\"order\":13},{\"localizer\":\"V4PORTADAWIDE\",\"url\":\"media\/ver\/port\/wide\/v4\/31706\/01_091_00058695\/01_Portada_0_2880x1260_ultimesfuncions.jpg\",\"thumb_url\":\"\",\"title\":\"La Gram\u00e1tica - Teatre Romea\",\"description\":\"la gram\u00e1tica en el teatre romea\",\"copyright\":\"\",\"order\":18},{\"localizer\":\"V4PORTADAWIDEMOBILE\",\"url\":\"media\/ver\/port\/wide\/mobile\/v4\/31706\/01_092_00058696\/02_Portada_0_Mobile_828x1800_ultimesfuncions.jpg\",\"thumb_url\":\"\",\"title\":\"La Gram\u00e1tica - Teatre Romea\",\"description\":\"la gram\u00e1tica en el teatre romea\",\"copyright\":\"\",\"order\":19},{\"localizer\":\"V4CARTELL\",\"url\":\"media\/ver\/cartell\/v4\/3170C\/01_089_00059076\/LAGRAMATICA_JOAQUIN_2_1_(1).jpg\",\"thumb_url\":\"\",\"title\":\"La gram\u00e1tica - Focus\",\"description\":\"La gram\u00e1tica - Focus\",\"copyright\":\"\",\"order\":22},{\"localizer\":\"V4CARTELL\",\"url\":\"media\/ver\/cartell\/v4\/3170C\/01_089_00059077\/LAGRAMATICA_JOAQUIN_2_1_(1).jpg\",\"thumb_url\":\"\",\"title\":\"La gram\u00e1tica - Focus\",\"description\":\"La gram\u00e1tica - Focus\",\"copyright\":\"\",\"order\":23},{\"localizer\":\"V2CARTELLDISTRI\",\"url\":\"media\/cartell\/distrib\/3170C\/01_082_00059090\/LA_GRAMATICA_WEB_FOCUS.jpg\",\"thumb_url\":\"media\/cartell\/distrib\/3170C\/01_082_00059090\/LA_GRAMATICA_WEB_FOCUS_thumb.jpg\",\"title\":\"La Gram\u00e1tica - Focus\",\"description\":\"La Gram\u00e1tica - Focus\",\"copyright\":\"\",\"order\":27},{\"localizer\":\"V3CARTELL\",\"url\":\"media\/ver\/cartell\/v3\/3170D\/01_085_00059292\/La_gramatica_cartell_web-03-04.jpg\",\"thumb_url\":\"media\/ver\/cartell\/v3\/3170D\/01_085_00059292\/La_gramatica_cartell_web-03-04_thumb.jpg\",\"title\":\"La Gram\u00e1tica - Focus\",\"description\":\"la gramatica a focus\",\"copyright\":\"\",\"order\":30},{\"localizer\":\"V4PORTADAWIDE\",\"url\":\"media\/ver\/port\/wide\/v4\/3170D\/01_091_00059299\/DLM08202-Mejorado-NR.jpg\",\"thumb_url\":\"\",\"title\":\"La Gram\u00e1tica - Teatre Romea\",\"description\":\"la gramatica al teatre romea\",\"copyright\":\"\",\"order\":31},{\"localizer\":\"V3SLIDE\",\"url\":\"media\/ftgalslide\/v3\/3170D\/01_086_00059300\/DLM08362-Mejorado-NR.jpg\",\"thumb_url\":\"media\/ftgalslide\/v3\/3170D\/01_086_00059300\/DLM08362-Mejorado-NR_thumb.jpg\",\"title\":\"La Gram\u00e1tica - Teatre Romea\",\"description\":\"la gramatica al teatre romea\",\"copyright\":\"https:\/\/youtu.be\/oYwd0SAJCSA\",\"order\":32},{\"localizer\":\"V3SLIDE\",\"url\":\"media\/ftgalslide\/v3\/3170D\/01_086_00059301\/DLM08244-Mejorado-NR.jpg\",\"thumb_url\":\"media\/ftgalslide\/v3\/3170D\/01_086_00059301\/DLM08244-Mejorado-NR_thumb.jpg\",\"title\":\"La Gram\u00e1tica - Teatre Romea\",\"description\":\"la gramatica al teatre romea\",\"copyright\":\"\",\"order\":33},{\"localizer\":\"V3SLIDE\",\"url\":\"media\/ftgalslide\/v3\/3170D\/01_086_00059302\/DLM08202-Mejorado-NR.jpg\",\"thumb_url\":\"media\/ftgalslide\/v3\/3170D\/01_086_00059302\/DLM08202-Mejorado-NR_thumb.jpg\",\"title\":\"La Gram\u00e1tica - Teatre Romea\",\"description\":\"la gramatica al teatre romea\",\"copyright\":\"\",\"order\":34},{\"localizer\":\"V3SLIDE\",\"url\":\"media\/ftgalslide\/v3\/3170D\/01_086_00059303\/DLM08362-Mejorado-NR.jpg\",\"thumb_url\":\"media\/ftgalslide\/v3\/3170D\/01_086_00059303\/DLM08362-Mejorado-NR_thumb.jpg\",\"title\":\"La Gram\u00e1tica - Teatre Romea\",\"description\":\"la gramatica al teatre romea\",\"copyright\":\"\",\"order\":35}]","material__texto_intro":"","data_material":null,"data_gallery":"","data_discounts":"[]","contract_is_open":false,"in_tour":false,"foreign_production":false,"tour_end_date":"00010101000000"},"yoast_head":"<!-- This site is optimized with the Yoast SEO plugin v27.5 - https:\/\/yoast.com\/product\/yoast-seo-wordpress\/ -->\n<title>La gram\u00e1tica - Focus<\/title>\n<meta name=\"robots\" content=\"index, follow, max-snippet:-1, max-image-preview:large, max-video-preview:-1\" \/>\n<link rel=\"canonical\" href=\"https:\/\/www.focus.cat\/ex\/la-gramatica-5\/\" \/>\n<meta property=\"og:locale\" content=\"ca_ES\" \/>\n<meta property=\"og:type\" content=\"article\" \/>\n<meta property=\"og:title\" content=\"La gram\u00e1tica - Focus\" \/>\n<meta property=\"og:url\" content=\"https:\/\/www.focus.cat\/en\/ex\/la-gramatica-5\/\" \/>\n<meta property=\"og:site_name\" content=\"Focus\" \/>\n<meta property=\"article:modified_time\" content=\"2025-12-12T14:16:56+00:00\" \/>\n<meta name=\"twitter:card\" content=\"summary_large_image\" \/>\n<script type=\"application\/ld+json\" class=\"yoast-schema-graph\">{\"@context\":\"https:\\\/\\\/schema.org\",\"@graph\":[{\"@type\":\"WebPage\",\"@id\":\"https:\\\/\\\/www.focus.cat\\\/en\\\/ex\\\/la-gramatica-5\\\/\",\"url\":\"https:\\\/\\\/www.focus.cat\\\/en\\\/ex\\\/la-gramatica-5\\\/\",\"name\":\"La gram\u00e1tica - Focus\",\"isPartOf\":{\"@id\":\"https:\\\/\\\/www.focus.cat\\\/#website\"},\"datePublished\":\"2025-05-05T08:54:19+00:00\",\"dateModified\":\"2025-12-12T14:16:56+00:00\",\"breadcrumb\":{\"@id\":\"https:\\\/\\\/www.focus.cat\\\/en\\\/ex\\\/la-gramatica-5\\\/#breadcrumb\"},\"inLanguage\":\"ca\",\"potentialAction\":[{\"@type\":\"ReadAction\",\"target\":[\"https:\\\/\\\/www.focus.cat\\\/en\\\/ex\\\/la-gramatica-5\\\/\"]}]},{\"@type\":\"BreadcrumbList\",\"@id\":\"https:\\\/\\\/www.focus.cat\\\/en\\\/ex\\\/la-gramatica-5\\\/#breadcrumb\",\"itemListElement\":[{\"@type\":\"ListItem\",\"position\":1,\"name\":\"Espectacles\",\"item\":\"https:\\\/\\\/www.focus.cat\\\/ex\\\/\"},{\"@type\":\"ListItem\",\"position\":2,\"name\":\"La gram\u00e1tica\"}]},{\"@type\":\"WebSite\",\"@id\":\"https:\\\/\\\/www.focus.cat\\\/#website\",\"url\":\"https:\\\/\\\/www.focus.cat\\\/\",\"name\":\"Focus\",\"description\":\"\",\"publisher\":{\"@id\":\"https:\\\/\\\/www.focus.cat\\\/#organization\"},\"potentialAction\":[{\"@type\":\"SearchAction\",\"target\":{\"@type\":\"EntryPoint\",\"urlTemplate\":\"https:\\\/\\\/www.focus.cat\\\/?s={search_term_string}\"},\"query-input\":{\"@type\":\"PropertyValueSpecification\",\"valueRequired\":true,\"valueName\":\"search_term_string\"}}],\"inLanguage\":\"ca\"},{\"@type\":\"Organization\",\"@id\":\"https:\\\/\\\/www.focus.cat\\\/#organization\",\"name\":\"Focus\",\"url\":\"https:\\\/\\\/www.focus.cat\\\/\",\"logo\":{\"@type\":\"ImageObject\",\"inLanguage\":\"ca\",\"@id\":\"https:\\\/\\\/www.focus.cat\\\/#\\\/schema\\\/logo\\\/image\\\/\",\"url\":\"https:\\\/\\\/www.focus.cat\\\/wp-content\\\/uploads\\\/2022\\\/01\\\/logo-focus-any-35.svg\",\"contentUrl\":\"https:\\\/\\\/www.focus.cat\\\/wp-content\\\/uploads\\\/2022\\\/01\\\/logo-focus-any-35.svg\",\"width\":1,\"height\":1,\"caption\":\"Focus\"},\"image\":{\"@id\":\"https:\\\/\\\/www.focus.cat\\\/#\\\/schema\\\/logo\\\/image\\\/\"}}]}<\/script>\n<!-- \/ Yoast SEO plugin. -->","yoast_head_json":{"title":"La gram\u00e1tica - Focus","robots":{"index":"index","follow":"follow","max-snippet":"max-snippet:-1","max-image-preview":"max-image-preview:large","max-video-preview":"max-video-preview:-1"},"canonical":"https:\/\/www.focus.cat\/ex\/la-gramatica-5\/","og_locale":"ca_ES","og_type":"article","og_title":"La gram\u00e1tica - Focus","og_url":"https:\/\/www.focus.cat\/en\/ex\/la-gramatica-5\/","og_site_name":"Focus","article_modified_time":"2025-12-12T14:16:56+00:00","twitter_card":"summary_large_image","schema":{"@context":"https:\/\/schema.org","@graph":[{"@type":"WebPage","@id":"https:\/\/www.focus.cat\/en\/ex\/la-gramatica-5\/","url":"https:\/\/www.focus.cat\/en\/ex\/la-gramatica-5\/","name":"La gram\u00e1tica - Focus","isPartOf":{"@id":"https:\/\/www.focus.cat\/#website"},"datePublished":"2025-05-05T08:54:19+00:00","dateModified":"2025-12-12T14:16:56+00:00","breadcrumb":{"@id":"https:\/\/www.focus.cat\/en\/ex\/la-gramatica-5\/#breadcrumb"},"inLanguage":"ca","potentialAction":[{"@type":"ReadAction","target":["https:\/\/www.focus.cat\/en\/ex\/la-gramatica-5\/"]}]},{"@type":"BreadcrumbList","@id":"https:\/\/www.focus.cat\/en\/ex\/la-gramatica-5\/#breadcrumb","itemListElement":[{"@type":"ListItem","position":1,"name":"Espectacles","item":"https:\/\/www.focus.cat\/ex\/"},{"@type":"ListItem","position":2,"name":"La gram\u00e1tica"}]},{"@type":"WebSite","@id":"https:\/\/www.focus.cat\/#website","url":"https:\/\/www.focus.cat\/","name":"Focus","description":"","publisher":{"@id":"https:\/\/www.focus.cat\/#organization"},"potentialAction":[{"@type":"SearchAction","target":{"@type":"EntryPoint","urlTemplate":"https:\/\/www.focus.cat\/?s={search_term_string}"},"query-input":{"@type":"PropertyValueSpecification","valueRequired":true,"valueName":"search_term_string"}}],"inLanguage":"ca"},{"@type":"Organization","@id":"https:\/\/www.focus.cat\/#organization","name":"Focus","url":"https:\/\/www.focus.cat\/","logo":{"@type":"ImageObject","inLanguage":"ca","@id":"https:\/\/www.focus.cat\/#\/schema\/logo\/image\/","url":"https:\/\/www.focus.cat\/wp-content\/uploads\/2022\/01\/logo-focus-any-35.svg","contentUrl":"https:\/\/www.focus.cat\/wp-content\/uploads\/2022\/01\/logo-focus-any-35.svg","width":1,"height":1,"caption":"Focus"},"image":{"@id":"https:\/\/www.focus.cat\/#\/schema\/logo\/image\/"}}]}},"translations":[{"id":22750,"locale":"ca"},{"id":22751,"locale":"es"},{"id":22752,"locale":"en"}],"_links":{"self":[{"href":"https:\/\/www.focus.cat\/wp-json\/wp\/v2\/ex\/22752","targetHints":{"allow":["GET"]}}],"collection":[{"href":"https:\/\/www.focus.cat\/wp-json\/wp\/v2\/ex"}],"about":[{"href":"https:\/\/www.focus.cat\/wp-json\/wp\/v2\/types\/ex"}],"author":[{"embeddable":true,"href":"https:\/\/www.focus.cat\/wp-json\/wp\/v2\/users\/5"}],"replies":[{"embeddable":true,"href":"https:\/\/www.focus.cat\/wp-json\/wp\/v2\/comments?post=22752"}],"wp:attachment":[{"href":"https:\/\/www.focus.cat\/wp-json\/wp\/v2\/media?parent=22752"}],"wp:term":[{"taxonomy":"location","embeddable":true,"href":"https:\/\/www.focus.cat\/wp-json\/wp\/v2\/location?post=22752"}],"curies":[{"name":"wp","href":"https:\/\/api.w.org\/{rel}","templated":true}]}}