{"id":23159,"date":"2025-06-05T14:14:14","date_gmt":"2025-06-05T14:14:14","guid":{"rendered":"https:\/\/www.focus.cat\/ex\/el-fil-invisible\/"},"modified":"2026-01-27T15:29:02","modified_gmt":"2026-01-27T15:29:02","slug":"el-fil-invisible","status":"publish","type":"ex","link":"https:\/\/www.focus.cat\/en\/ex\/el-fil-invisible\/","title":{"rendered":"El fil invisible"},"content":{"rendered":"","protected":false},"excerpt":{"rendered":"","protected":false},"author":5,"featured_media":0,"comment_status":"closed","ping_status":"closed","template":"","location":[],"class_list":["post-23159","ex","type-ex","status-publish","hentry"],"acf":{"txt_synopsis":"<p><strong>Un musical sobre els vincles que ens uneixen amb qui m\u00e9s estimem.<\/strong><br \/><br \/>La M\u00edriam \u00e9s una escriptora que busca inspiraci\u00f3 per escriure un conte molt especial: el relat de la Nura, una nena que descobreix un secret amagat al seu melic; l'exist\u00e8ncia d'un fil invisible que la connecta amb les persones que estima m\u00e9s enll\u00e0 del temps i de l\u2019espai. <br \/>La Nura, juntament amb els seus amics en Quim i la Lia, emprendr\u00e0 una emocionant i divertida aventura per intentar recuperar el somriure perdut del seu company \u00c0lex, i tots quatre descobriran la m\u00e0gia dels vincles que establim amb els altres. <br \/>\u201cEl fil invisible, el musical\u201d parla sobre els vincles que ens uneixen&nbsp;amb qui m\u00e9s estimem. <\/p>\r\n<p><strong>Valors:<\/strong> <\/p>\r\n<ul>\r\n<li>Els vincles personals de l\u2019infant (fam\u00edlia, amics i altres relacions) a trav\u00e9s de la reflexi\u00f3 interna aut\u00f2noma.&nbsp; \r\n<\/li><li>Sentir el vincle existent amb els companys i les companyes de classe i enfortir-lo amb emocions positives.&nbsp; \r\n<\/li><li>La m\u00fasica com a transmissor d\u2019emocions i sentiments.&nbsp; \r\n<\/li><li>La imaginaci\u00f3 creativa i la capacitat interpretativa&nbsp;&nbsp;<\/li><\/ul>\r\n<p>&nbsp;<br \/><\/p>\r\n<p>&nbsp;<\/p>","main_buy_link":"","main_buy_links":"","show_language":"Espectacle musical en catal\u00e0. ","show_duration":"75","txt_genre":"TEATRE MUSICAL","show_start_date":"20241117000000","show_end_date":"20250126000000","show_sort_date":"20241117000000","txt_custom_show_dates":"del 17 de noviembre de 2024 al 26 de enero de 2025 ","txt_additional_info":"<ul>\r\n<li><i class=\"fa fa-deaf fa-2x fa-fw\"><\/i>Edat recomanada per a infants a partir de 3 anys. \r\n<\/li><li>Tots el menors de 2 anys no pagaran entrada sempre i quan no ocupin butaca. Hauran de seure a la falda d\u2019una persona adulta. \r\n<\/li><li><span data-olk-copy-source=\"MessageBody\"><\/span>Pots escoltar les can\u00e7ons del musical aqu\u00ed: <a href=\"https:\/\/bit.ly\/El_fil_invisible-YT\">https:\/\/bit.ly\/El_fil_invisible-YT<\/a> <br \/>\r\n<\/li><li>\r\n<p>Funci\u00f3 accessible: 15 de febrer de 2026 a les 12:30h<br \/><br \/>La funci\u00f3 comptar\u00e0 amb:<br \/>\u00b7Llengua de signes catalana (LSC)<br \/>\u00b7Bucle magn\u00e8tic<br \/>\u00b7So amplificat<\/p><\/li><\/ul>\r\n<p><br \/><\/p>","txt_present":"","txt_season":"[\"2024\/25\"]","txt_cycle":"Goya en fam\u00edlia","txt_claim":"El conte de M\u00edriam Tirado que ha captivat a milers de lectors, parla sobre els vincles que ens uneixen amb els qui m\u00e9s estimem.","txt_cast_excerpt":"","txt_cast":"<p>Dramat\u00fargia: <strong>Al\u00edcia Serrat, Daniel Angl\u00e8s i V\u00edctor Arbelo<\/strong> (basat en el llibre \u201cEl fil invisible\u201d de <strong>M\u00edriam Tirado<\/strong>, publicat per B de Blok Penguin Random House Grupo Editorial) <br \/>Text: <strong>Al\u00edcia Serrat<\/strong> <br \/>Lletres: <strong>Daniel Angl\u00e8s, V\u00edctor Arbelo i Al\u00edcia Serrat <br \/><\/strong>M\u00fasica: <strong>V\u00edctor Arbelo i Al\u00edcia Serrat <\/strong><\/p>\r\n<p>Direcci\u00f3: <strong>Al\u00edcia Serrat<\/strong><br \/>Direcci\u00f3 musical: <strong>V\u00edctor Arbelo<\/strong><br \/>Coreografia: <strong>Oscar Reyes<\/strong><br \/>Escenografia i vestuari: <strong>Joana Mart\u00ed<\/strong><br \/>Il\u00b7luminaci\u00f3: <strong>Paula Costas<\/strong><br \/>Espai sonor: <strong>Jordi Ballb\u00e9 i Cristian Nadal<\/strong><br \/><strong><\/strong><\/p>\r\n<p>Int\u00e8rprets:<br \/><strong>Beth<\/strong> \u2013 Narradora<br \/><strong>Alba Serrano \u2013 <\/strong>Nura<br \/><strong>Aina da Silva<\/strong> \u2013 Lia<br \/><strong>Rub\u00e9n Albaladejo<\/strong> \u2013 Quim<br \/><strong>Sergi Espina<\/strong> \u2013 \u00c0lex<br \/><strong>Javi V\u00e9lez<\/strong> \u2013 Swing d\u2019\u00c0lex i Quim<br \/><strong>Marina Requero<\/strong> \u2013 Swing de Nura i Lia<br \/><strong>Lourdes Fabr\u00e9s<\/strong> - Swing de Narradora<br \/><strong><\/strong><\/p>\r\n<p>Producci\u00f3 musical: <strong>Roger Argem\u00ed i Uri Plana <br \/><\/strong>Producci\u00f3 art\u00edstica: <strong>Daniel Angl\u00e8s <br \/><\/strong>Producci\u00f3 executiva: <strong>Gisela Juanet <br \/><\/strong>Discogr\u00e0fica: <strong>U98&nbsp; (Jordi Puig)<\/strong><\/p>\r\n<p>Ajudant de producci\u00f3:<strong> Martina de Cabo<br \/><\/strong>Ajudant d'escenografia i vestuari: <strong>Helena Mateos<\/strong><strong><br \/><\/strong>T\u00e8cnics: <strong>Carles Merodio i Cristian Nadal<br \/><\/strong>Cap t\u00e8cnic del teatre: <strong>Roger Mu\u00f1oz<\/strong><\/p>\r\n<p>Construcci\u00f3 de l\u2019escenografia:<strong> Eloi Linuesa, Santi Ponce, Adri\u00e0 Teixeira i Emiliano Gonzalez<\/strong><\/p>\r\n<p>M\u00e0rqueting i comunicaci\u00f3: <strong>Focus i Viu el Teatre<\/strong><br \/>Xarxes socials: <strong>Focus i Viu el Teatre<\/strong><br \/>Videomakers: <strong>Raquel Artu\u00f1edo, Lara Stolzenberger i Gusto Audiovisual<\/strong><br \/>Cartell: <strong>Steph Pyne <br \/><\/strong>Disseny gr\u00e0fic: <strong>Pere Pujades<\/strong><br \/>Ortografia: <strong>Merc\u00e8 Espuny i Anna Vidal<\/strong><br \/>Assessorament en llengua de signes: <strong>Rocio G\u00f3mez Serrano<\/strong><br \/>Administraci\u00f3: <strong>Ana Montero<\/strong><br \/><strong><\/strong><\/p>\r\n<p>Agra\u00efments: <strong>\u00c0lex Medrano, Begonya Ferrer, C\u00e9sar Martinez, Conxita Estruga, Isabel Sbert, Marc G\u00f3mez, Moi Cuenca, Nat\u00e0lia Ros, N\u00faria Minguell, Queralt Simeone, Santi Puche, Teatre Merc\u00e8 Rodoreda de Sant Joan Desp\u00ed, Escola de Fonollosa, Cia. Marie de Jongh, a totes les persones que han donat llibres i a les nostres fam\u00edlies.<\/strong><br \/>&nbsp;<br \/>Distribuci\u00f3 Catalunya: <strong>Mariona Barba<\/strong> (<a href=\"mailto:distribucio@viuelteatre.com\">distribucio@viuelteatre.com<\/a>)<br \/>Distribuci\u00f3 fora de Catalunya: <strong>Anita L\u00fcscher<\/strong> (<a href=\"mailto:aluscher@mediterraneagira.com\">aluscher@mediterraneagira.com<\/a>)<\/p>\r\n<p>\u00c9s una producci\u00f3: <strong>Viu el Teatre<\/strong> <\/p>\r\n<p><strong><\/strong><\/p>","txt_reviews":"Andreu Rami|Teatre Barcelona|\u201cUn \u00e8xit instantani\u201d\r\nJaume For\u00e9s Juliana|N\u00favol|\u201cUna obra de factura impecable que est\u00e0 cridada a ser un nou \u00e8xit familiar\u201d","hashtag":"ElFilInvisible ","have_promo":"","slogan":"","id_exhibicio":2159,"id_versio":1710,"id_local":35,"txt_seo_desc":"El fil invisible al Teatre Goya de Barcelona","data_images":"[{\"localizer\":\"V4PORTADAWIDE\",\"url\":\"media\/ver\/port\/wide\/v4\/316A6\/01_091_00057920\/Portada-0-fil-invisible-goya.jpg\",\"thumb_url\":\"\",\"title\":\"El fil invisible al Teatre Goya de Barcelona\",\"description\":\"El fil invisible al teatre goya de barcelona\",\"copyright\":\"\",\"order\":1},{\"localizer\":\"V4PORTADA\",\"url\":\"media\/ver\/port\/v4\/316A6\/01_090_00057921\/Portada-1-fil-invisible-goya.jpg\",\"thumb_url\":\"\",\"title\":\"El fil invisible al Teatre Goya de Barcelona\",\"description\":\"El fil invisible al teatre goya de barcelona\",\"copyright\":\"\",\"order\":2},{\"localizer\":\"V4CARTELL\",\"url\":\"media\/ver\/cartell\/v4\/316A6\/01_089_00057922\/Cartell-web-fil-invisible-goya.jpg\",\"thumb_url\":\"\",\"title\":\"El fil invisible al Teatre Goya de Barcelona\",\"description\":\"El fil invisible al teatre goya de barcelona\",\"copyright\":\"\",\"order\":3},{\"localizer\":\"V4PORTADAMOBILE\",\"url\":\"media\/ver\/portmob\/v4\/316A6\/01_093_00057923\/Portada-mobile-fil-invisible-goya.jpg\",\"thumb_url\":\"\",\"title\":\"El fil invisible al Teatre Goya de Barcelona\",\"description\":\"El fil invisible al teatre goya de barcelona\",\"copyright\":\"\",\"order\":4},{\"localizer\":\"V3SLIDE\",\"url\":\"media\/ftgalslide\/v3\/316AB\/01_086_00058537\/T24_EL_FIL_131.jpg\",\"thumb_url\":\"media\/ftgalslide\/v3\/316AB\/01_086_00058537\/T24_EL_FIL_131_thumb.jpg\",\"title\":\"El fil invisible - Teatre Goya\",\"description\":\"el fil invisible en el teatre goya\",\"copyright\":\"\",\"order\":11},{\"localizer\":\"V3SLIDE\",\"url\":\"media\/ftgalslide\/v3\/316AB\/01_086_00058535\/T24_EL_FIL_123.jpg\",\"thumb_url\":\"media\/ftgalslide\/v3\/316AB\/01_086_00058535\/T24_EL_FIL_123_thumb.jpg\",\"title\":\"El fil invisible - Teatre Goya\",\"description\":\"el fil invisible en el teatre goya\",\"copyright\":\"\",\"order\":12},{\"localizer\":\"V3SLIDE\",\"url\":\"media\/ftgalslide\/v3\/316AB\/01_086_00058536\/T24_EL_FIL_139.jpg\",\"thumb_url\":\"media\/ftgalslide\/v3\/316AB\/01_086_00058536\/T24_EL_FIL_139_thumb.jpg\",\"title\":\"El fil invisible - Teatre Goya\",\"description\":\"el fil invisible en el teatre goya\",\"copyright\":\"\",\"order\":13},{\"localizer\":\"V3SLIDE\",\"url\":\"media\/ftgalslide\/v3\/316AB\/01_086_00058534\/T24_EL_FIL_083.jpg\",\"thumb_url\":\"media\/ftgalslide\/v3\/316AB\/01_086_00058534\/T24_EL_FIL_083_thumb.jpg\",\"title\":\"El fil invisible - Teatre Goya\",\"description\":\"el fil invisible en el teatre goya\",\"copyright\":\"https:\/\/youtu.be\/jxVMc9C5-uw\",\"order\":15},{\"localizer\":\"V3CARTELLDISTRI\",\"url\":\"media\/ver\/cartell\/v3\/3170A\/01_085_00058941\/MEDITERRANEA_CARTELLS.png\",\"thumb_url\":\"media\/ver\/cartell\/v3\/3170A\/01_085_00058941\/MEDITERRANEA_CARTELLS_thumb.jpg\",\"title\":\"El fil invisible - Mediterranea\",\"description\":\"el fil invisible mediterranea\",\"copyright\":\"\",\"order\":16},{\"localizer\":\"V4PORTADAWIDEMOBILE\",\"url\":\"media\/ver\/port\/wide\/mobile\/v4\/3170D\/01_092_00059271\/Portada-mobile-fil-invisible-goya.jpg\",\"thumb_url\":\"\",\"title\":\"El fil invisible al Teatre Goya de Barcelona\",\"description\":\"el fil invisible al teatre goya de barcelona\",\"copyright\":\"\",\"order\":17}]","material__texto_intro":"","data_material":null,"data_gallery":"","data_discounts":"[]","contract_is_open":false,"in_tour":false,"foreign_production":false,"tour_end_date":"00010101000000"},"yoast_head":"<!-- This site is optimized with the Yoast SEO plugin v27.5 - https:\/\/yoast.com\/product\/yoast-seo-wordpress\/ -->\n<title>El fil invisible - Focus<\/title>\n<meta name=\"robots\" content=\"index, follow, max-snippet:-1, max-image-preview:large, max-video-preview:-1\" \/>\n<link rel=\"canonical\" href=\"https:\/\/www.focus.cat\/ex\/el-fil-invisible\/\" \/>\n<meta property=\"og:locale\" content=\"ca_ES\" \/>\n<meta property=\"og:type\" content=\"article\" \/>\n<meta property=\"og:title\" content=\"El fil invisible - Focus\" \/>\n<meta property=\"og:url\" content=\"https:\/\/www.focus.cat\/en\/ex\/el-fil-invisible\/\" \/>\n<meta property=\"og:site_name\" content=\"Focus\" \/>\n<meta property=\"article:modified_time\" content=\"2026-01-27T15:29:02+00:00\" \/>\n<meta name=\"twitter:card\" content=\"summary_large_image\" \/>\n<script type=\"application\/ld+json\" class=\"yoast-schema-graph\">{\"@context\":\"https:\\\/\\\/schema.org\",\"@graph\":[{\"@type\":\"WebPage\",\"@id\":\"https:\\\/\\\/www.focus.cat\\\/en\\\/ex\\\/el-fil-invisible\\\/\",\"url\":\"https:\\\/\\\/www.focus.cat\\\/en\\\/ex\\\/el-fil-invisible\\\/\",\"name\":\"El fil invisible - Focus\",\"isPartOf\":{\"@id\":\"https:\\\/\\\/www.focus.cat\\\/#website\"},\"datePublished\":\"2025-06-05T14:14:14+00:00\",\"dateModified\":\"2026-01-27T15:29:02+00:00\",\"breadcrumb\":{\"@id\":\"https:\\\/\\\/www.focus.cat\\\/en\\\/ex\\\/el-fil-invisible\\\/#breadcrumb\"},\"inLanguage\":\"ca\",\"potentialAction\":[{\"@type\":\"ReadAction\",\"target\":[\"https:\\\/\\\/www.focus.cat\\\/en\\\/ex\\\/el-fil-invisible\\\/\"]}]},{\"@type\":\"BreadcrumbList\",\"@id\":\"https:\\\/\\\/www.focus.cat\\\/en\\\/ex\\\/el-fil-invisible\\\/#breadcrumb\",\"itemListElement\":[{\"@type\":\"ListItem\",\"position\":1,\"name\":\"Espectacles\",\"item\":\"https:\\\/\\\/www.focus.cat\\\/ex\\\/\"},{\"@type\":\"ListItem\",\"position\":2,\"name\":\"El fil invisible\"}]},{\"@type\":\"WebSite\",\"@id\":\"https:\\\/\\\/www.focus.cat\\\/#website\",\"url\":\"https:\\\/\\\/www.focus.cat\\\/\",\"name\":\"Focus\",\"description\":\"\",\"publisher\":{\"@id\":\"https:\\\/\\\/www.focus.cat\\\/#organization\"},\"potentialAction\":[{\"@type\":\"SearchAction\",\"target\":{\"@type\":\"EntryPoint\",\"urlTemplate\":\"https:\\\/\\\/www.focus.cat\\\/?s={search_term_string}\"},\"query-input\":{\"@type\":\"PropertyValueSpecification\",\"valueRequired\":true,\"valueName\":\"search_term_string\"}}],\"inLanguage\":\"ca\"},{\"@type\":\"Organization\",\"@id\":\"https:\\\/\\\/www.focus.cat\\\/#organization\",\"name\":\"Focus\",\"url\":\"https:\\\/\\\/www.focus.cat\\\/\",\"logo\":{\"@type\":\"ImageObject\",\"inLanguage\":\"ca\",\"@id\":\"https:\\\/\\\/www.focus.cat\\\/#\\\/schema\\\/logo\\\/image\\\/\",\"url\":\"https:\\\/\\\/www.focus.cat\\\/wp-content\\\/uploads\\\/2022\\\/01\\\/logo-focus-any-35.svg\",\"contentUrl\":\"https:\\\/\\\/www.focus.cat\\\/wp-content\\\/uploads\\\/2022\\\/01\\\/logo-focus-any-35.svg\",\"width\":1,\"height\":1,\"caption\":\"Focus\"},\"image\":{\"@id\":\"https:\\\/\\\/www.focus.cat\\\/#\\\/schema\\\/logo\\\/image\\\/\"}}]}<\/script>\n<!-- \/ Yoast SEO plugin. -->","yoast_head_json":{"title":"El fil invisible - Focus","robots":{"index":"index","follow":"follow","max-snippet":"max-snippet:-1","max-image-preview":"max-image-preview:large","max-video-preview":"max-video-preview:-1"},"canonical":"https:\/\/www.focus.cat\/ex\/el-fil-invisible\/","og_locale":"ca_ES","og_type":"article","og_title":"El fil invisible - Focus","og_url":"https:\/\/www.focus.cat\/en\/ex\/el-fil-invisible\/","og_site_name":"Focus","article_modified_time":"2026-01-27T15:29:02+00:00","twitter_card":"summary_large_image","schema":{"@context":"https:\/\/schema.org","@graph":[{"@type":"WebPage","@id":"https:\/\/www.focus.cat\/en\/ex\/el-fil-invisible\/","url":"https:\/\/www.focus.cat\/en\/ex\/el-fil-invisible\/","name":"El fil invisible - Focus","isPartOf":{"@id":"https:\/\/www.focus.cat\/#website"},"datePublished":"2025-06-05T14:14:14+00:00","dateModified":"2026-01-27T15:29:02+00:00","breadcrumb":{"@id":"https:\/\/www.focus.cat\/en\/ex\/el-fil-invisible\/#breadcrumb"},"inLanguage":"ca","potentialAction":[{"@type":"ReadAction","target":["https:\/\/www.focus.cat\/en\/ex\/el-fil-invisible\/"]}]},{"@type":"BreadcrumbList","@id":"https:\/\/www.focus.cat\/en\/ex\/el-fil-invisible\/#breadcrumb","itemListElement":[{"@type":"ListItem","position":1,"name":"Espectacles","item":"https:\/\/www.focus.cat\/ex\/"},{"@type":"ListItem","position":2,"name":"El fil invisible"}]},{"@type":"WebSite","@id":"https:\/\/www.focus.cat\/#website","url":"https:\/\/www.focus.cat\/","name":"Focus","description":"","publisher":{"@id":"https:\/\/www.focus.cat\/#organization"},"potentialAction":[{"@type":"SearchAction","target":{"@type":"EntryPoint","urlTemplate":"https:\/\/www.focus.cat\/?s={search_term_string}"},"query-input":{"@type":"PropertyValueSpecification","valueRequired":true,"valueName":"search_term_string"}}],"inLanguage":"ca"},{"@type":"Organization","@id":"https:\/\/www.focus.cat\/#organization","name":"Focus","url":"https:\/\/www.focus.cat\/","logo":{"@type":"ImageObject","inLanguage":"ca","@id":"https:\/\/www.focus.cat\/#\/schema\/logo\/image\/","url":"https:\/\/www.focus.cat\/wp-content\/uploads\/2022\/01\/logo-focus-any-35.svg","contentUrl":"https:\/\/www.focus.cat\/wp-content\/uploads\/2022\/01\/logo-focus-any-35.svg","width":1,"height":1,"caption":"Focus"},"image":{"@id":"https:\/\/www.focus.cat\/#\/schema\/logo\/image\/"}}]}},"translations":[{"id":23157,"locale":"ca"},{"id":23158,"locale":"es"},{"id":23159,"locale":"en"}],"_links":{"self":[{"href":"https:\/\/www.focus.cat\/wp-json\/wp\/v2\/ex\/23159","targetHints":{"allow":["GET"]}}],"collection":[{"href":"https:\/\/www.focus.cat\/wp-json\/wp\/v2\/ex"}],"about":[{"href":"https:\/\/www.focus.cat\/wp-json\/wp\/v2\/types\/ex"}],"author":[{"embeddable":true,"href":"https:\/\/www.focus.cat\/wp-json\/wp\/v2\/users\/5"}],"replies":[{"embeddable":true,"href":"https:\/\/www.focus.cat\/wp-json\/wp\/v2\/comments?post=23159"}],"wp:attachment":[{"href":"https:\/\/www.focus.cat\/wp-json\/wp\/v2\/media?parent=23159"}],"wp:term":[{"taxonomy":"location","embeddable":true,"href":"https:\/\/www.focus.cat\/wp-json\/wp\/v2\/location?post=23159"}],"curies":[{"name":"wp","href":"https:\/\/api.w.org\/{rel}","templated":true}]}}