{"id":24085,"date":"2025-07-29T13:06:05","date_gmt":"2025-07-29T13:06:05","guid":{"rendered":"https:\/\/www.focus.cat\/ex\/la-ma-2\/"},"modified":"2026-04-07T12:29:21","modified_gmt":"2026-04-07T10:29:21","slug":"la-ma","status":"publish","type":"ex","link":"https:\/\/www.focus.cat\/en\/ex\/la-ma\/","title":{"rendered":"La m\u00e0"},"content":{"rendered":"","protected":false},"excerpt":{"rendered":"","protected":false},"author":5,"featured_media":0,"comment_status":"closed","ping_status":"closed","template":"","location":[],"class_list":["post-24085","ex","type-ex","status-publish","hentry"],"acf":{"txt_synopsis":"<strong>After <em>The Skull of Connemara<\/em>, Pol L\u00f3pez once again delves into McDonagh\u2019s universe in this hilarious and terrifying dark comedy.<\/strong><br \/><br \/>Martin McDonagh, with his trademark dark, macabre, and absurd humour, takes us this time to a run-down motel in a small town in deep America. Carmichael is a man obsessed for twenty-seven years with finding the hand that was cut off when he was a child. He\u2019s arranged to meet a young, third-rate couple of dealers who claim to have his mummified hand to sell. The hotel\u2019s eccentric receptionist gets involved, and everything spirals out of control. Just when it seems like things couldn\u2019t get worse \u2014 they do.<br \/><br \/><br \/>","main_buy_link":"https:\/\/tickets.oneboxtds.com\/lavillarroel\/events\/47286?hl=es-ES","main_buy_links":"[\"https:\/\/tickets.oneboxtds.com\/lavillarroel\/events\/47286?hl=es-ES\"]","show_language":"Show in Catalan","show_duration":"90","txt_genre":"THEATRE","show_start_date":"20251019000000","show_end_date":"20251214000000","show_sort_date":"20251019000000","txt_custom_show_dates":"","txt_additional_info":"<p>Funci\u00f3 accessible: <strong>22 de novembre de 2025 a les 20h<\/strong> <br \/>La funci\u00f3 comptar\u00e0 amb: <br \/>\u00b7Subtitulaci\u00f3 <br \/>\u00b7Audiodescripci\u00f3 <br \/>\u00b7Bucle magn\u00e8tic <br \/>\u00b7So amplificat<\/p>","txt_present":"","txt_season":"[\"2025\/26\"]","txt_cycle":"","txt_claim":"","txt_cast_excerpt":"","txt_cast":"<p>Playwright: <strong>Martin McDonagh<\/strong><br \/>Translation: <strong>Mart\u00ed Sales<br \/><\/strong>Direction: <strong>Pau Carri\u00f3<\/strong><\/p>\r\n<p>Cast<br \/><strong>Pol L\u00f3pez<\/strong> \u2013 Carmichael<br \/><strong>Albert Prat<\/strong> \u2013 Mervyn<br \/><strong>Mia Sala<\/strong> \u2013 Patau \u2013 Marilyn<br \/><strong>Soribah Ceesay<\/strong> \u2013 Toby<\/p>\r\n<p>Set design: <strong>Sebasti\u00e0 Brosa<\/strong><br \/>Costume design: <strong>Montse Figueras<\/strong><br \/>Lighting design: <strong>Raimon Rius<\/strong><br \/>Sound design: <strong>Damien Bazin<\/strong><br \/>Make-up and hair: <strong>N\u00faria Llunell<\/strong><\/p>\r\n<p>Production management: <strong>Maite Pijuan<\/strong><br \/>Executive production: <strong>Sira Castells<\/strong><br \/>Technical direction: <strong>Moi Cuenca<\/strong><br \/>Technical coordination: <strong>Jordi Farr\u00e0s<\/strong><\/p>\r\n<p>Assistant director: <strong>J\u00falia Cortina<\/strong><br \/>Set design assistance: <strong>Paula Font Creixell<\/strong><br \/> Production assistance: <strong>Sara L\u00f3pez<\/strong><br \/> Stage management: <strong>Lluc Armengol<br \/><\/strong>Head technician of the venue: <strong>Marta P\u00e9rez<\/strong><\/p>\r\n<p>Set construction: <strong>Marc Sala Audet<\/strong><br \/> Prosthetics and effects design and creation: <strong>Juan Serrano \u2013 Gadget SFX<\/strong><\/p>\r\n<p>Marketing and communication: <strong>La Villarroel<\/strong><br \/>Graphic design: <strong>Focus<\/strong><br \/>Photographic report: <strong>David Ruano<\/strong><\/p>\r\n<p>Collaborators: <strong>Montibello, Colors-Up<br \/><\/strong><br \/>With the support of the <strong>Government of Catalonia \u2013 ICEC Catalan Institute for Cultural Companies, Barcelona City Council,  INAEM, European Union (Next Generation EU), Recovery, Transformation and Resilience Plan, and Next Generation Catalonia.<\/strong><\/p>\r\n<p>Distribution:<strong> Carme Tierz (<\/strong><a href=\"mailto:carmetierz@focus.cat\"><strong>carmetierz@focus.cat<\/strong><\/a><strong>)<\/strong><\/p>\r\n<p>A production by<strong> La Villarroel<\/strong><br \/><\/p>","txt_reviews":"Manuel P\u00e9rez i Mu\u00f1oz|El Peri\u00f3dico|\"Una comedia negr\u00edssima, amb reflexes de l'absurd becketti\u00e0 i un perfum ben marcat del Tarantino m\u00e9s g\u00e0ngster.\"\r\nAndreu Gomila|Time Out|\u201cUn repartiment magn\u00edfic\u201d\r\nPablo Cavero Asencio|Catacultural|\"La gran com\u00e8dia negra de la temporada\"","hashtag":"Lam\u00e0","have_promo":"","slogan":"","id_exhibicio":2291,"id_versio":1793,"id_local":4,"txt_seo_desc":"","data_images":"[{\"localizer\":\"V3CARTELL\",\"url\":\"media\/ver\/cartell\/v3\/3170E\/01_085_00059339\/5-Cartell_web_Focus_722x1030hermafrodite_1.jpg\",\"thumb_url\":\"media\/ver\/cartell\/v3\/3170E\/01_085_00059339\/5-Cartell_web_Focus_722x1030hermafrodite_1.jpg\",\"title\":\"La m\u00e0 - La Villarroel\",\"description\":\"la ma a la villarroel\",\"copyright\":\"\",\"order\":17},{\"localizer\":\"V3SLIDE\",\"url\":\"media\/ftgalslide\/v3\/3170E\/01_086_00059381\/T25_La_Ma_003.jpg\",\"thumb_url\":\"media\/ftgalslide\/v3\/3170E\/01_086_00059381\/T25_La_Ma_003.jpg\",\"title\":\"La m\u00e0 - La Villarroel\",\"description\":\"la ma a la villarroel\",\"copyright\":\"https:\/\/youtu.be\/AqyPd0fC3Zs\",\"order\":22},{\"localizer\":\"V3SLIDE\",\"url\":\"media\/ftgalslide\/v3\/3170E\/01_086_00059382\/T25_La_Ma_057.jpg\",\"thumb_url\":\"media\/ftgalslide\/v3\/3170E\/01_086_00059382\/T25_La_Ma_057.jpg\",\"title\":\"La m\u00e0 - La Villarroel\",\"description\":\"la ma a la villarroel\",\"copyright\":\"\",\"order\":23},{\"localizer\":\"V3SLIDE\",\"url\":\"media\/ftgalslide\/v3\/3170E\/01_086_00059383\/T25_La_Ma_D2_028.jpg\",\"thumb_url\":\"media\/ftgalslide\/v3\/3170E\/01_086_00059383\/T25_La_Ma_D2_028.jpg\",\"title\":\"La m\u00e0 - La Villarroel\",\"description\":\"la ma a la villarroel\",\"copyright\":\"\",\"order\":24},{\"localizer\":\"V4CARTELL\",\"url\":\"media\/ver\/cartell\/v4\/3170E\/01_089_00059340\/4-Cartell_web_720x1100hermafrodite_1.jpg\",\"thumb_url\":\"media\/ver\/cartell\/v4\/3170E\/01_089_00059340\/4-Cartell_web_720x1100hermafrodite_1.jpg\",\"title\":\"La m\u00e0 - La Villarroel\",\"description\":\"la ma a la villarroel\",\"copyright\":\"\",\"order\":18},{\"localizer\":\"V4PORTADA\",\"url\":\"media\/ver\/port\/v4\/31710\/01_090_00059482\/2-Portada_1_760x760_LAMA_1.jpg\",\"thumb_url\":\"media\/ver\/port\/v4\/31710\/01_090_00059482\/2-Portada_1_760x760_LAMA_1.jpg\",\"title\":\"La m\u00e0 - La Villarroel - Barcelona\",\"description\":\"la ma a la villarroel de barcelona\",\"copyright\":\"\",\"order\":30},{\"localizer\":\"V4PORTADAMOBILE\",\"url\":\"media\/ver\/portmob\/v4\/3170C\/01_093_00059099\/3-Portada_Mobile_828x1800.jpg\",\"thumb_url\":\"media\/ver\/portmob\/v4\/3170C\/01_093_00059099\/3-Portada_Mobile_828x1800.jpg\",\"title\":\"La m\u00e0 - La Villarroel\",\"description\":\"la ma a la villarroel de barcelona\",\"copyright\":\"\",\"order\":9},{\"localizer\":\"V4PORTADAWIDE\",\"url\":\"media\/ver\/port\/wide\/v4\/31710\/01_091_00059481\/1-Portada_0_2880x1260la_ma_(1).jpg\",\"thumb_url\":\"media\/ver\/port\/wide\/v4\/31710\/01_091_00059481\/1-Portada_0_2880x1260la_ma_(1).jpg\",\"title\":\"La m\u00e0 - La Villarroel - Barcelona\",\"description\":\"la ma a la villarroel de barcelona\",\"copyright\":\"\",\"order\":29},{\"localizer\":\"V4PORTADAWIDEMOBILE\",\"url\":\"media\/ver\/port\/wide\/mobile\/v4\/31710\/01_092_00059483\/3-Portada_Mobile_828x1800la_ma_(1).jpg\",\"thumb_url\":\"media\/ver\/port\/wide\/mobile\/v4\/31710\/01_092_00059483\/3-Portada_Mobile_828x1800la_ma_(1).jpg\",\"title\":\"La m\u00e0 - La Villarroel - Barcelona\",\"description\":\"la ma a la villarroel de barcelona\",\"copyright\":\"\",\"order\":31}]","material__texto_intro":"","data_material":null,"data_gallery":"","data_discounts":"[]","contract_is_open":false,"in_tour":false,"foreign_production":false,"tour_end_date":""},"yoast_head":"<!-- This site is optimized with the Yoast SEO plugin v27.5 - https:\/\/yoast.com\/product\/yoast-seo-wordpress\/ -->\n<title>La m\u00e0 - Focus<\/title>\n<meta name=\"robots\" content=\"index, follow, max-snippet:-1, max-image-preview:large, max-video-preview:-1\" \/>\n<link rel=\"canonical\" href=\"https:\/\/www.focus.cat\/ex\/la-ma\/\" \/>\n<meta property=\"og:locale\" content=\"ca_ES\" \/>\n<meta property=\"og:type\" content=\"article\" \/>\n<meta property=\"og:title\" content=\"La m\u00e0 - Focus\" \/>\n<meta property=\"og:url\" content=\"https:\/\/www.focus.cat\/en\/ex\/la-ma\/\" \/>\n<meta property=\"og:site_name\" content=\"Focus\" \/>\n<meta property=\"article:modified_time\" content=\"2026-04-07T10:29:21+00:00\" \/>\n<meta name=\"twitter:card\" content=\"summary_large_image\" \/>\n<script type=\"application\/ld+json\" class=\"yoast-schema-graph\">{\"@context\":\"https:\\\/\\\/schema.org\",\"@graph\":[{\"@type\":\"WebPage\",\"@id\":\"https:\\\/\\\/www.focus.cat\\\/en\\\/ex\\\/la-ma\\\/\",\"url\":\"https:\\\/\\\/www.focus.cat\\\/en\\\/ex\\\/la-ma\\\/\",\"name\":\"La m\u00e0 - Focus\",\"isPartOf\":{\"@id\":\"https:\\\/\\\/www.focus.cat\\\/#website\"},\"datePublished\":\"2025-07-29T13:06:05+00:00\",\"dateModified\":\"2026-04-07T10:29:21+00:00\",\"breadcrumb\":{\"@id\":\"https:\\\/\\\/www.focus.cat\\\/en\\\/ex\\\/la-ma\\\/#breadcrumb\"},\"inLanguage\":\"ca\",\"potentialAction\":[{\"@type\":\"ReadAction\",\"target\":[\"https:\\\/\\\/www.focus.cat\\\/en\\\/ex\\\/la-ma\\\/\"]}]},{\"@type\":\"BreadcrumbList\",\"@id\":\"https:\\\/\\\/www.focus.cat\\\/en\\\/ex\\\/la-ma\\\/#breadcrumb\",\"itemListElement\":[{\"@type\":\"ListItem\",\"position\":1,\"name\":\"Espectacles\",\"item\":\"https:\\\/\\\/www.focus.cat\\\/ex\\\/\"},{\"@type\":\"ListItem\",\"position\":2,\"name\":\"La m\u00e0\"}]},{\"@type\":\"WebSite\",\"@id\":\"https:\\\/\\\/www.focus.cat\\\/#website\",\"url\":\"https:\\\/\\\/www.focus.cat\\\/\",\"name\":\"Focus\",\"description\":\"\",\"publisher\":{\"@id\":\"https:\\\/\\\/www.focus.cat\\\/#organization\"},\"potentialAction\":[{\"@type\":\"SearchAction\",\"target\":{\"@type\":\"EntryPoint\",\"urlTemplate\":\"https:\\\/\\\/www.focus.cat\\\/?s={search_term_string}\"},\"query-input\":{\"@type\":\"PropertyValueSpecification\",\"valueRequired\":true,\"valueName\":\"search_term_string\"}}],\"inLanguage\":\"ca\"},{\"@type\":\"Organization\",\"@id\":\"https:\\\/\\\/www.focus.cat\\\/#organization\",\"name\":\"Focus\",\"url\":\"https:\\\/\\\/www.focus.cat\\\/\",\"logo\":{\"@type\":\"ImageObject\",\"inLanguage\":\"ca\",\"@id\":\"https:\\\/\\\/www.focus.cat\\\/#\\\/schema\\\/logo\\\/image\\\/\",\"url\":\"https:\\\/\\\/www.focus.cat\\\/wp-content\\\/uploads\\\/2022\\\/01\\\/logo-focus-any-35.svg\",\"contentUrl\":\"https:\\\/\\\/www.focus.cat\\\/wp-content\\\/uploads\\\/2022\\\/01\\\/logo-focus-any-35.svg\",\"width\":1,\"height\":1,\"caption\":\"Focus\"},\"image\":{\"@id\":\"https:\\\/\\\/www.focus.cat\\\/#\\\/schema\\\/logo\\\/image\\\/\"}}]}<\/script>\n<!-- \/ Yoast SEO plugin. -->","yoast_head_json":{"title":"La m\u00e0 - Focus","robots":{"index":"index","follow":"follow","max-snippet":"max-snippet:-1","max-image-preview":"max-image-preview:large","max-video-preview":"max-video-preview:-1"},"canonical":"https:\/\/www.focus.cat\/ex\/la-ma\/","og_locale":"ca_ES","og_type":"article","og_title":"La m\u00e0 - Focus","og_url":"https:\/\/www.focus.cat\/en\/ex\/la-ma\/","og_site_name":"Focus","article_modified_time":"2026-04-07T10:29:21+00:00","twitter_card":"summary_large_image","schema":{"@context":"https:\/\/schema.org","@graph":[{"@type":"WebPage","@id":"https:\/\/www.focus.cat\/en\/ex\/la-ma\/","url":"https:\/\/www.focus.cat\/en\/ex\/la-ma\/","name":"La m\u00e0 - Focus","isPartOf":{"@id":"https:\/\/www.focus.cat\/#website"},"datePublished":"2025-07-29T13:06:05+00:00","dateModified":"2026-04-07T10:29:21+00:00","breadcrumb":{"@id":"https:\/\/www.focus.cat\/en\/ex\/la-ma\/#breadcrumb"},"inLanguage":"ca","potentialAction":[{"@type":"ReadAction","target":["https:\/\/www.focus.cat\/en\/ex\/la-ma\/"]}]},{"@type":"BreadcrumbList","@id":"https:\/\/www.focus.cat\/en\/ex\/la-ma\/#breadcrumb","itemListElement":[{"@type":"ListItem","position":1,"name":"Espectacles","item":"https:\/\/www.focus.cat\/ex\/"},{"@type":"ListItem","position":2,"name":"La m\u00e0"}]},{"@type":"WebSite","@id":"https:\/\/www.focus.cat\/#website","url":"https:\/\/www.focus.cat\/","name":"Focus","description":"","publisher":{"@id":"https:\/\/www.focus.cat\/#organization"},"potentialAction":[{"@type":"SearchAction","target":{"@type":"EntryPoint","urlTemplate":"https:\/\/www.focus.cat\/?s={search_term_string}"},"query-input":{"@type":"PropertyValueSpecification","valueRequired":true,"valueName":"search_term_string"}}],"inLanguage":"ca"},{"@type":"Organization","@id":"https:\/\/www.focus.cat\/#organization","name":"Focus","url":"https:\/\/www.focus.cat\/","logo":{"@type":"ImageObject","inLanguage":"ca","@id":"https:\/\/www.focus.cat\/#\/schema\/logo\/image\/","url":"https:\/\/www.focus.cat\/wp-content\/uploads\/2022\/01\/logo-focus-any-35.svg","contentUrl":"https:\/\/www.focus.cat\/wp-content\/uploads\/2022\/01\/logo-focus-any-35.svg","width":1,"height":1,"caption":"Focus"},"image":{"@id":"https:\/\/www.focus.cat\/#\/schema\/logo\/image\/"}}]}},"translations":[{"id":24083,"locale":"ca"},{"id":24084,"locale":"es"},{"id":24085,"locale":"en"}],"_links":{"self":[{"href":"https:\/\/www.focus.cat\/wp-json\/wp\/v2\/ex\/24085","targetHints":{"allow":["GET"]}}],"collection":[{"href":"https:\/\/www.focus.cat\/wp-json\/wp\/v2\/ex"}],"about":[{"href":"https:\/\/www.focus.cat\/wp-json\/wp\/v2\/types\/ex"}],"author":[{"embeddable":true,"href":"https:\/\/www.focus.cat\/wp-json\/wp\/v2\/users\/5"}],"replies":[{"embeddable":true,"href":"https:\/\/www.focus.cat\/wp-json\/wp\/v2\/comments?post=24085"}],"wp:attachment":[{"href":"https:\/\/www.focus.cat\/wp-json\/wp\/v2\/media?parent=24085"}],"wp:term":[{"taxonomy":"location","embeddable":true,"href":"https:\/\/www.focus.cat\/wp-json\/wp\/v2\/location?post=24085"}],"curies":[{"name":"wp","href":"https:\/\/api.w.org\/{rel}","templated":true}]}}