{"id":7227,"date":"2022-05-11T16:10:54","date_gmt":"2022-05-11T16:10:54","guid":{"rendered":"https:\/\/www.focus.cat\/ex\/puertas-abiertas\/"},"modified":"2025-01-09T10:51:54","modified_gmt":"2025-01-09T10:51:54","slug":"puertas-abiertas","status":"publish","type":"ex","link":"https:\/\/www.focus.cat\/en\/ex\/puertas-abiertas\/","title":{"rendered":"#Puertas Abiertas"},"content":{"rendered":"","protected":false},"excerpt":{"rendered":"","protected":false},"author":5,"featured_media":0,"comment_status":"closed","ping_status":"closed","template":"","location":[],"class_list":["post-7227","ex","type-ex","status-publish","hentry"],"acf":{"txt_synopsis":"<p>Par\u00eds est\u00e0 immersa en el caos. Diverses bombes han esclatat i han provocat desenes de morts. La ciutat est\u00e0 encerclada. Els carrers tallats. El transport p\u00fablic no funciona. Enfront al col\u00b7lapse, ve\u00efns del centre de la ciutat conviden a les seves cases els qui han quedat atrapats. Julie tamb\u00e9 ofereix el seu apartament. Quan obre la porta es troba amb un jove que l'enfronta als seus prejudicis. Qu\u00e8 passa quan la por s'obre pas en les nostres vides? Des de l'exterior arriben els laments d'una ciutat ferida. A l'interior se succeeixen els silencis, les confessions, la tendresa inesperada i, tamb\u00e9, les mentides. Massa mentides.<\/p>","main_buy_link":"","main_buy_links":"","show_language":"Espectacle en castell\u00e0","show_duration":"75","txt_genre":"DRAM\u00c0TIC","show_start_date":"20210512000000","show_end_date":"20210606000000","show_sort_date":"20210512000000","txt_custom_show_dates":"del 12 de mayo al 6 de junio de 2021 ","txt_additional_info":"","txt_present":"","txt_season":"[\"2020\/21\",\"2021\/22\"]","txt_cycle":"","txt_claim":"Par\u00eds est\u00e0 immersa en el caos. Diverses bombes han esclatat i han provocat desenes de morts. La ciutat est\u00e0 encerclada. Els carrers tallats. El transport p\u00fablic no funciona.","txt_cast_excerpt":"","txt_cast":"<p>Autora: <strong>Emma Riverola<\/strong><br \/>Direcci\u00f3: <strong>Abel Folk<\/strong><\/p>\r\n<p>Amb: <strong>Cayetana Guillen Cuervo i Ayoub El Hilali<\/strong><\/p>\r\n<p>Espai esc\u00e8nic: <strong>Paco Azor\u00edn<\/strong><br \/>V\u00eddeo: <strong>Joan Riedweg<\/strong><br \/>Vestuari: <strong>Patricia Monn\u00e9<\/strong><br \/>Moviment esc\u00e8nic: <strong>Ariadna Peya<\/strong><br \/>Disseny Cartell: <strong>Geraldine Leloutre<\/strong><\/p>\r\n<p>Producci\u00f3 executiva: <strong>Gloria Casanova<\/strong><br \/>Ajudant de direcci\u00f3 i regidor: <strong>Paco Montes<\/strong><br \/>Coordinador t\u00e8cnic i operador: <strong>Fer Muratori<\/strong><br \/>Producci\u00f3: <strong>Irene Peraire i Maria Folk<\/strong><br \/>Distribuci\u00f3: <strong>FOCUS<\/strong><\/p>\r\n<p>\u00c9s una coproducci\u00f3 de <strong>Hold-Principal (Faig Produccions), Teatre Romea, ICEC i Teatro Espa\u00f1ol<br \/><\/strong>Amb la col\u00b7laboraci\u00f3 de <strong>SONY i Mucha Calma SL<\/strong><\/p>\r\n<p>Agra\u00efments: <strong>Susi Swetts Dress, Juana la loca and the victorians, Llu\u00eds Mauri, Pol Turrens i Sony<\/strong><\/p>","txt_reviews":"","hashtag":"PuertasAbiertas","have_promo":"","slogan":"","id_exhibicio":1697,"id_versio":1379,"id_local":1,"txt_seo_desc":"#PuertasAbiertas, al Teatre Romea de Barcelona, amb Cayetana Guill\u00e9n Cuervo i Ayoub El Hilali.","data_images":"[{\"localizer\":\"V3CARTELL\",\"url\":\"media\/ver\/cartell\/v3\/31519\/01_085_00050708\/cartellweb-puertas-abiertas-teatre-romea-barcelona.jpg\",\"thumb_url\":\"media\/ver\/cartell\/v3\/31519\/01_085_00050708\/cartellweb-puertas-abiertas-teatre-romea-barcelona_thumb.jpg\",\"title\":\"#PuertasAbiertas - Teatre Romea\",\"description\":\"puertas abiertas al teatre romea de barcelona\",\"copyright\":\"\",\"order\":18},{\"localizer\":\"V2CARTELLDISTRI\",\"url\":\"media\/cartell\/distrib\/31519\/01_082_00050729\/OK_Puertas_Abiertas_A3_DEF.jpg\",\"thumb_url\":\"media\/cartell\/distrib\/31519\/01_082_00050729\/OK_Puertas_Abiertas_A3_DEF_thumb.jpg\",\"title\":\"#PuertasAbiertas\",\"description\":\"#PuertasAbiertas\",\"copyright\":\"\",\"order\":19},{\"localizer\":\"V3CARTELLDISTRI\",\"url\":\"media\/ver\/cartell\/v3\/31519\/01_085_00050730\/OK_Puertas_Abiertas_A3_DEF.jpg\",\"thumb_url\":\"media\/ver\/cartell\/v3\/31519\/01_085_00050730\/OK_Puertas_Abiertas_A3_DEF_thumb.jpg\",\"title\":\"#PuertasAbiertas\",\"description\":\"#PuertasAbiertas\",\"copyright\":\"\",\"order\":20},{\"localizer\":\"V3SLIDE\",\"url\":\"media\/ftgalslide\/v3\/31519\/01_086_00050731\/OK_Puertas_Abiertas_A3_Horizontal_DEF.jpg\",\"thumb_url\":\"media\/ftgalslide\/v3\/31519\/01_086_00050731\/OK_Puertas_Abiertas_A3_Horizontal_DEF_thumb.jpg\",\"title\":\"#PuertasAbiertas\",\"description\":\"#PuertasAbiertas\",\"copyright\":\"\",\"order\":21},{\"localizer\":\"V2SLIDE\",\"url\":\"media\/ftgalslide\/31519\/01_076_00050732\/OK_Puertas_Abiertas_A3_Horizontal_DEF.jpg\",\"thumb_url\":\"media\/ftgalslide\/31519\/01_076_00050732\/OK_Puertas_Abiertas_A3_Horizontal_DEF_thumb.jpg\",\"title\":\"#PuertasAbiertas\",\"description\":\"#PuertasAbiertas\",\"copyright\":\"\",\"order\":22},{\"localizer\":\"V3SLIDE\",\"url\":\"media\/ftgalslide\/v3\/31578\/01_086_00051221\/Cayetana_0L9A2290.jpg\",\"thumb_url\":\"media\/ftgalslide\/v3\/31578\/01_086_00051221\/Cayetana_0L9A2290_thumb.jpg\",\"title\":\"#PuertasAbiertas - Teatre Romea\",\"description\":\"puertas abiertas al teatre romea de barcelona\",\"copyright\":\"\",\"order\":23},{\"localizer\":\"V3SLIDE\",\"url\":\"media\/ftgalslide\/v3\/31578\/01_086_00051222\/Ayoub_El_Hilali_by_Geraldine_Leloutre.jpg\",\"thumb_url\":\"media\/ftgalslide\/v3\/31578\/01_086_00051222\/Ayoub_El_Hilali_by_Geraldine_Leloutre_thumb.jpg\",\"title\":\"#PuertasAbiertas - Teatre Romea\",\"description\":\"puertas abiertas al teatre romea de barcelona\",\"copyright\":\"\",\"order\":24},{\"localizer\":\"V3SLIDE\",\"url\":\"media\/ftgalslide\/v3\/31578\/01_086_00051227\/PA_brindis_general_marzo21_DSC_2094.jpg\",\"thumb_url\":\"media\/ftgalslide\/v3\/31578\/01_086_00051227\/PA_brindis_general_marzo21_DSC_2094_thumb.jpg\",\"title\":\"#PuertasAbiertas - Teatre Romea\",\"description\":\"#puertasabiertas al teatre romea de barcelona\",\"copyright\":\"\",\"order\":25},{\"localizer\":\"V2CARTELL\",\"url\":\"media\/ver\/cartell\/31578\/01_079_00051248\/cartellweb-puertas-abiertas-teatre-romea-barcelona.jpg\",\"thumb_url\":\"media\/ver\/cartell\/31578\/01_079_00051248\/cartellweb-puertas-abiertas-teatre-romea-barcelona_thumb.jpg\",\"title\":\"#PuertasAbiertas - Teatre Romea\",\"description\":\"puertas abiertas al teatre romea de barcelona\",\"copyright\":\"\",\"order\":26},{\"localizer\":\"V2CARTELL\",\"url\":\"media\/ver\/cartell\/31579\/01_079_00051305\/cartellweb-puertas-abiertas-teatre-romea-barcelona.jpg\",\"thumb_url\":\"media\/ver\/cartell\/31579\/01_079_00051305\/cartellweb-puertas-abiertas-teatre-romea-barcelona_thumb.jpg\",\"title\":\"#PuertasAbiertas - Teatre Romea\",\"description\":\"puertas abiertas al teatre romea de barcelona\",\"copyright\":\"\",\"order\":27},{\"localizer\":\"V3PORTADA\",\"url\":\"media\/ver\/port\/v3\/31579\/01_084_00051367\/1-ultimes-funcions-puertas-abiertas-teatre-romea-barcelona.jpg\",\"thumb_url\":\"media\/ver\/port\/v3\/31579\/01_084_00051367\/1-ultimes-funcions-puertas-abiertas-teatre-romea-barcelona_thumb.jpg\",\"title\":\"#PuertasAbiertas - Teatre Romea\",\"description\":\"puerts abiertas al teatre romea de barcelona\",\"copyright\":\"\",\"order\":28},{\"localizer\":\"V3PORTADAWIDE\",\"url\":\"media\/ver\/port\/v3wide\/31579\/01_088_00051368\/0-ultimes-funcions-puertas-abiertas-teatre-romea-barcelona.jpg\",\"thumb_url\":\"media\/ver\/port\/v3wide\/31579\/01_088_00051368\/0-ultimes-funcions-puertas-abiertas-teatre-romea-barcelona_thumb.jpg\",\"title\":\"#PuertasAbiertas - Teatre Romea\",\"description\":\"puerts abiertas al teatre romea de barcelona\",\"copyright\":\"\",\"order\":29}]","material__texto_intro":"","data_material":null,"data_gallery":"","data_discounts":"[]","contract_is_open":false,"in_tour":false,"foreign_production":false,"tour_end_date":"00010101000000"},"yoast_head":"<!-- This site is optimized with the Yoast SEO plugin v27.5 - https:\/\/yoast.com\/product\/yoast-seo-wordpress\/ -->\n<title>#Puertas Abiertas - Focus<\/title>\n<meta name=\"robots\" content=\"index, follow, max-snippet:-1, max-image-preview:large, max-video-preview:-1\" \/>\n<link rel=\"canonical\" href=\"https:\/\/www.focus.cat\/ex\/puertas-abiertas\/\" \/>\n<meta property=\"og:locale\" content=\"ca_ES\" \/>\n<meta property=\"og:type\" content=\"article\" \/>\n<meta property=\"og:title\" content=\"#Puertas Abiertas - Focus\" \/>\n<meta property=\"og:url\" content=\"https:\/\/www.focus.cat\/en\/ex\/puertas-abiertas\/\" \/>\n<meta property=\"og:site_name\" content=\"Focus\" \/>\n<meta property=\"article:modified_time\" content=\"2025-01-09T10:51:54+00:00\" \/>\n<meta name=\"twitter:card\" content=\"summary_large_image\" \/>\n<script type=\"application\/ld+json\" class=\"yoast-schema-graph\">{\"@context\":\"https:\\\/\\\/schema.org\",\"@graph\":[{\"@type\":\"WebPage\",\"@id\":\"https:\\\/\\\/www.focus.cat\\\/en\\\/ex\\\/puertas-abiertas\\\/\",\"url\":\"https:\\\/\\\/www.focus.cat\\\/en\\\/ex\\\/puertas-abiertas\\\/\",\"name\":\"#Puertas Abiertas - Focus\",\"isPartOf\":{\"@id\":\"https:\\\/\\\/www.focus.cat\\\/#website\"},\"datePublished\":\"2022-05-11T16:10:54+00:00\",\"dateModified\":\"2025-01-09T10:51:54+00:00\",\"breadcrumb\":{\"@id\":\"https:\\\/\\\/www.focus.cat\\\/en\\\/ex\\\/puertas-abiertas\\\/#breadcrumb\"},\"inLanguage\":\"ca\",\"potentialAction\":[{\"@type\":\"ReadAction\",\"target\":[\"https:\\\/\\\/www.focus.cat\\\/en\\\/ex\\\/puertas-abiertas\\\/\"]}]},{\"@type\":\"BreadcrumbList\",\"@id\":\"https:\\\/\\\/www.focus.cat\\\/en\\\/ex\\\/puertas-abiertas\\\/#breadcrumb\",\"itemListElement\":[{\"@type\":\"ListItem\",\"position\":1,\"name\":\"Espectacles\",\"item\":\"https:\\\/\\\/www.focus.cat\\\/ex\\\/\"},{\"@type\":\"ListItem\",\"position\":2,\"name\":\"#Puertas Abiertas\"}]},{\"@type\":\"WebSite\",\"@id\":\"https:\\\/\\\/www.focus.cat\\\/#website\",\"url\":\"https:\\\/\\\/www.focus.cat\\\/\",\"name\":\"Focus\",\"description\":\"\",\"publisher\":{\"@id\":\"https:\\\/\\\/www.focus.cat\\\/#organization\"},\"potentialAction\":[{\"@type\":\"SearchAction\",\"target\":{\"@type\":\"EntryPoint\",\"urlTemplate\":\"https:\\\/\\\/www.focus.cat\\\/?s={search_term_string}\"},\"query-input\":{\"@type\":\"PropertyValueSpecification\",\"valueRequired\":true,\"valueName\":\"search_term_string\"}}],\"inLanguage\":\"ca\"},{\"@type\":\"Organization\",\"@id\":\"https:\\\/\\\/www.focus.cat\\\/#organization\",\"name\":\"Focus\",\"url\":\"https:\\\/\\\/www.focus.cat\\\/\",\"logo\":{\"@type\":\"ImageObject\",\"inLanguage\":\"ca\",\"@id\":\"https:\\\/\\\/www.focus.cat\\\/#\\\/schema\\\/logo\\\/image\\\/\",\"url\":\"https:\\\/\\\/www.focus.cat\\\/wp-content\\\/uploads\\\/2022\\\/01\\\/logo-focus-any-35.svg\",\"contentUrl\":\"https:\\\/\\\/www.focus.cat\\\/wp-content\\\/uploads\\\/2022\\\/01\\\/logo-focus-any-35.svg\",\"width\":1,\"height\":1,\"caption\":\"Focus\"},\"image\":{\"@id\":\"https:\\\/\\\/www.focus.cat\\\/#\\\/schema\\\/logo\\\/image\\\/\"}}]}<\/script>\n<!-- \/ Yoast SEO plugin. -->","yoast_head_json":{"title":"#Puertas Abiertas - Focus","robots":{"index":"index","follow":"follow","max-snippet":"max-snippet:-1","max-image-preview":"max-image-preview:large","max-video-preview":"max-video-preview:-1"},"canonical":"https:\/\/www.focus.cat\/ex\/puertas-abiertas\/","og_locale":"ca_ES","og_type":"article","og_title":"#Puertas Abiertas - Focus","og_url":"https:\/\/www.focus.cat\/en\/ex\/puertas-abiertas\/","og_site_name":"Focus","article_modified_time":"2025-01-09T10:51:54+00:00","twitter_card":"summary_large_image","schema":{"@context":"https:\/\/schema.org","@graph":[{"@type":"WebPage","@id":"https:\/\/www.focus.cat\/en\/ex\/puertas-abiertas\/","url":"https:\/\/www.focus.cat\/en\/ex\/puertas-abiertas\/","name":"#Puertas Abiertas - Focus","isPartOf":{"@id":"https:\/\/www.focus.cat\/#website"},"datePublished":"2022-05-11T16:10:54+00:00","dateModified":"2025-01-09T10:51:54+00:00","breadcrumb":{"@id":"https:\/\/www.focus.cat\/en\/ex\/puertas-abiertas\/#breadcrumb"},"inLanguage":"ca","potentialAction":[{"@type":"ReadAction","target":["https:\/\/www.focus.cat\/en\/ex\/puertas-abiertas\/"]}]},{"@type":"BreadcrumbList","@id":"https:\/\/www.focus.cat\/en\/ex\/puertas-abiertas\/#breadcrumb","itemListElement":[{"@type":"ListItem","position":1,"name":"Espectacles","item":"https:\/\/www.focus.cat\/ex\/"},{"@type":"ListItem","position":2,"name":"#Puertas Abiertas"}]},{"@type":"WebSite","@id":"https:\/\/www.focus.cat\/#website","url":"https:\/\/www.focus.cat\/","name":"Focus","description":"","publisher":{"@id":"https:\/\/www.focus.cat\/#organization"},"potentialAction":[{"@type":"SearchAction","target":{"@type":"EntryPoint","urlTemplate":"https:\/\/www.focus.cat\/?s={search_term_string}"},"query-input":{"@type":"PropertyValueSpecification","valueRequired":true,"valueName":"search_term_string"}}],"inLanguage":"ca"},{"@type":"Organization","@id":"https:\/\/www.focus.cat\/#organization","name":"Focus","url":"https:\/\/www.focus.cat\/","logo":{"@type":"ImageObject","inLanguage":"ca","@id":"https:\/\/www.focus.cat\/#\/schema\/logo\/image\/","url":"https:\/\/www.focus.cat\/wp-content\/uploads\/2022\/01\/logo-focus-any-35.svg","contentUrl":"https:\/\/www.focus.cat\/wp-content\/uploads\/2022\/01\/logo-focus-any-35.svg","width":1,"height":1,"caption":"Focus"},"image":{"@id":"https:\/\/www.focus.cat\/#\/schema\/logo\/image\/"}}]}},"translations":[{"id":7225,"locale":"ca"},{"id":7226,"locale":"es"},{"id":7227,"locale":"en"}],"_links":{"self":[{"href":"https:\/\/www.focus.cat\/wp-json\/wp\/v2\/ex\/7227","targetHints":{"allow":["GET"]}}],"collection":[{"href":"https:\/\/www.focus.cat\/wp-json\/wp\/v2\/ex"}],"about":[{"href":"https:\/\/www.focus.cat\/wp-json\/wp\/v2\/types\/ex"}],"author":[{"embeddable":true,"href":"https:\/\/www.focus.cat\/wp-json\/wp\/v2\/users\/5"}],"replies":[{"embeddable":true,"href":"https:\/\/www.focus.cat\/wp-json\/wp\/v2\/comments?post=7227"}],"wp:attachment":[{"href":"https:\/\/www.focus.cat\/wp-json\/wp\/v2\/media?parent=7227"}],"wp:term":[{"taxonomy":"location","embeddable":true,"href":"https:\/\/www.focus.cat\/wp-json\/wp\/v2\/location?post=7227"}],"curies":[{"name":"wp","href":"https:\/\/api.w.org\/{rel}","templated":true}]}}