{"id":8273,"date":"2022-05-24T11:34:51","date_gmt":"2022-05-24T11:34:51","guid":{"rendered":"https:\/\/www.focus.cat\/ex\/el-desguace-de-las-musas\/"},"modified":"2025-01-13T11:46:45","modified_gmt":"2025-01-13T11:46:45","slug":"el-desguace-de-las-musas","status":"publish","type":"ex","link":"https:\/\/www.focus.cat\/en\/ex\/el-desguace-de-las-musas\/","title":{"rendered":"El Desguace de las Musas"},"content":{"rendered":"","protected":false},"excerpt":{"rendered":"","protected":false},"author":5,"featured_media":0,"comment_status":"closed","ping_status":"closed","template":"","location":[],"class_list":["post-8273","ex","type-ex","status-publish","hentry"],"acf":{"txt_synopsis":"<p>El crost\u00f3s cortinatge de lluentons despr\u00e8n tuf de suor i desinfectant. Les notes musicals s'escampen per la penombra mal ventilada abans de diluir-se en el fons dels gots. Sota els focus que difonen blau de nit, el delmat cor de cupletistes assaja una rudiment\u00e0ria coreografia. Mandra de barnussos, xandalls i mitges apeda\u00e7ades, ornats amb boes desplomades, brillants quincalles i acoblaments de micr\u00f2fon. Carns endurides que enterren tants desigs, mirades nues que saben de tants crepuscles. La ganyota de la mort oculta rere el maquillatge barat. Al mirall del camerino, envoltat per bombetes foses, qued\u00e0 escrita amb pintallavis la veritable<br \/>hist\u00f2ria, on el g\u00e8nere fr\u00edvol es converteix en tr\u00e0gic.<br \/><br \/>All\u00ed es refugien aquestes restes de coristes, vedets esgotades i ru\u00efnes d'imitador, agonia i furor d'una cultura, a l'hora de tancar, quan la nost\u00e0lgia balla en la penombra, el moment de col\u00b7locar les cadires damunt les taules.<\/p>\r\n<p>Inspirada en la desapareguda Bodega Boh\u00e8mia de Barcelona, aquesta \u00e9s l'al\u00b7legoria d'una cultura apuntalada, que espera l'ensorrament, situada en un cau l\u00fagubre infestat per les rates que treuen el cap als nostres treballs, on un nucli d'artistes a\u00efllats i a contracorrent resisteix, esgotats, entre la resignaci\u00f3 i la ranc\u00fania, sense cap heroisme, m\u00e9s aviat a la merc\u00e8 d'una \u00e8poca que renuncia al fet po\u00e8tic.<\/p>\r\n<p>&nbsp;<\/p>","main_buy_link":"","main_buy_links":"","show_language":"Espectacle en castell\u00e0","show_duration":"80","txt_genre":"DRAM\u00c0TIC","show_start_date":"20190306000000","show_end_date":"20190324000000","show_sort_date":"20190306000000","txt_custom_show_dates":"del 6 al 24 de marzo de 2019 ","txt_additional_info":"","txt_present":"","txt_season":"[\"2018\/19\"]","txt_cycle":"","txt_claim":"Inspirada en la desapareguda Bodega Boh\u00e8mia de Barcelona, aquesta \u00e9s l'al\u00b7legoria d'una cultura apuntalada, que espera l'ensorrament, situada en un cau l\u00fagubre, on un nucli d'artistes resisteix.","txt_cast_excerpt":"","txt_cast":"<p>Direcci\u00f3:<strong> Paco de La Zaranda<\/strong><br \/>Dramat\u00fargia: <strong>Eusebio Calonge<\/strong><\/p>\r\n<p>Repartiment:<br \/><strong>Gabino Diego <br \/>Inma Barrionuevo <br \/>M\u00aa \u00c1ngeles P\u00e9rez-Mu\u00f1oz <br \/>Francisco S\u00e1nchez <br \/>Gaspar Campuzano <br \/>Enrique Bustos<\/strong><\/p>\r\n<p>Vestuari: <strong>Encarnaci\u00f3n Sancho<\/strong><br \/>Il\u00b7luminaci\u00f3: <strong>Peggy Bruzual<\/strong> <br \/>Ajudant de direcci\u00f3: <strong>Andrea Delicado<\/strong><br \/>Fotografia: <strong>Gerardo Sanz<\/strong><br \/>V\u00eddeo: <strong>Astrid Eek<\/strong><br \/>Distribuci\u00f3: <strong>Focus<\/strong><\/p>\r\n<p>Una producci\u00f3 de <strong>La Zaranda, Teatro Espa\u00f1ol de Madrid <\/strong>i <strong>Teatre Romea<\/strong>.<br \/><\/p>","txt_reviews":"","hashtag":"eldesguacedelasmusas","have_promo":"","slogan":"","id_exhibicio":1595,"id_versio":1289,"id_local":1,"txt_seo_desc":"Amb Gabino Diego, La Zaranda creua els seus quaranta anys d\u2019hist\u00f2ria assetjant una visi\u00f3 po\u00e8tica de la realitat a 'El desguace de las Musas' al Teatre Romea de Barcelona. \r\n","data_images":"[{\"localizer\":\"V3SLIDE\",\"url\":\"media\/ftgalslide\/v3\/314AF\/01_086_00047425\/el-desguace-de-las-musas-gabino-diego-promocions-teatre-romea-barcelona.jpg\",\"thumb_url\":\"media\/ftgalslide\/v3\/314AF\/01_086_00047425\/el-desguace-de-las-musas-gabino-diego-promocions-teatre-romea-barcelona_thumb.jpg\",\"title\":\"El Desguace de las Musas - Teatre Romea\",\"description\":\"el desguace de las musas gabino diego teatre romea barcelona\",\"copyright\":\"https:\/\/www.youtube.com\/watch?v=r76bdSjyL2U&feature=youtu.be\",\"order\":1},{\"localizer\":\"V3SLIDE\",\"url\":\"media\/ftgalslide\/v3\/314AD\/01_086_00046988\/el-desguace-de-las-musas-gabino-diego-teatre-romea-barcelona.jpg\",\"thumb_url\":\"media\/ftgalslide\/v3\/314AD\/01_086_00046988\/el-desguace-de-las-musas-gabino-diego-teatre-romea-barcelona_thumb.jpg\",\"title\":\"El desguace de las Musas\",\"description\":\"el desguace de las musas gabino diego teatre romea barcelona\",\"copyright\":\"\",\"order\":8},{\"localizer\":\"V3SLIDE\",\"url\":\"media\/ftgalslide\/v3\/314AD\/01_086_00046989\/el-desguace-de-las-musas-la-zaranda-teatre-romea-barcelona-9.jpg\",\"thumb_url\":\"media\/ftgalslide\/v3\/314AD\/01_086_00046989\/el-desguace-de-las-musas-la-zaranda-teatre-romea-barcelona-9_thumb.jpg\",\"title\":\"El desguace de las Musas - Teatre Romea\",\"description\":\"el desguace de las musas la zaranda teatre romea\",\"copyright\":\"\",\"order\":9},{\"localizer\":\"V3SLIDE\",\"url\":\"media\/ftgalslide\/v3\/314AD\/01_086_00046990\/el-desguace-de-las-musas-teatre-romea-barcelona-10.jpg\",\"thumb_url\":\"media\/ftgalslide\/v3\/314AD\/01_086_00046990\/el-desguace-de-las-musas-teatre-romea-barcelona-10_thumb.jpg\",\"title\":\"El desguace de las Musas - Teatre Romea\",\"description\":\"el desguace de las musas teatre romea barcelona\",\"copyright\":\"\",\"order\":10},{\"localizer\":\"V3SLIDE\",\"url\":\"media\/ftgalslide\/v3\/314AD\/01_086_00046991\/el-desguace-de-las-musas-teatre-romea-barcelona-8.jpg\",\"thumb_url\":\"media\/ftgalslide\/v3\/314AD\/01_086_00046991\/el-desguace-de-las-musas-teatre-romea-barcelona-8_thumb.jpg\",\"title\":\"El desguace de las Musas - Teatre Romea\",\"description\":\"el desguace de las musas teatre romea barcelona\",\"copyright\":\"\",\"order\":11},{\"localizer\":\"V3SLIDE\",\"url\":\"media\/ftgalslide\/v3\/314AD\/01_086_00046992\/el-desguace-de-las-musas-gabino-diego-teatre-romea-barcelona-2.jpg\",\"thumb_url\":\"media\/ftgalslide\/v3\/314AD\/01_086_00046992\/el-desguace-de-las-musas-gabino-diego-teatre-romea-barcelona-2_thumb.jpg\",\"title\":\"El desguace de las Musas - Teatre Romea\",\"description\":\"el desguace de las musas gabino diego teatre romea barcelona\",\"copyright\":\"\",\"order\":12},{\"localizer\":\"V3SLIDE\",\"url\":\"media\/ftgalslide\/v3\/314AD\/01_086_00046993\/el-desguace-de-las-musas-la-zaranda-teatre-romea-barcelona-0.jpg\",\"thumb_url\":\"media\/ftgalslide\/v3\/314AD\/01_086_00046993\/el-desguace-de-las-musas-la-zaranda-teatre-romea-barcelona-0_thumb.jpg\",\"title\":\"El desguace de las Musas - Teatre Romea\",\"description\":\"el desguace de las musas teatre romea barcelona\",\"copyright\":\"\",\"order\":13},{\"localizer\":\"V3SLIDE\",\"url\":\"media\/ftgalslide\/v3\/314AD\/01_086_00046994\/el-desguace-de-las-musas-la-zaranda-teatre-romea-barcelona-7.jpg\",\"thumb_url\":\"media\/ftgalslide\/v3\/314AD\/01_086_00046994\/el-desguace-de-las-musas-la-zaranda-teatre-romea-barcelona-7_thumb.jpg\",\"title\":\"El desguace de las Musas - Teatre Romea\",\"description\":\"el desguace de las musas la zaranda teatre romea barcelona\",\"copyright\":\"\",\"order\":14},{\"localizer\":\"V2SLIDE\",\"url\":\"media\/ftgalslide\/314AD\/01_076_00047003\/el-desguace-de-las-musas-gabino-diego-teatre-romea-barcelona.jpg\",\"thumb_url\":\"media\/ftgalslide\/314AD\/01_076_00047003\/el-desguace-de-las-musas-gabino-diego-teatre-romea-barcelona_thumb.jpg\",\"title\":\"El desguace de las Musas\",\"description\":\"El desguace de las Musas\",\"copyright\":\"\",\"order\":15},{\"localizer\":\"V2SLIDE\",\"url\":\"media\/ftgalslide\/314AD\/01_076_00047004\/el-desguace-de-las-musas-la-zaranda-teatre-romea-barcelona-0.jpg\",\"thumb_url\":\"media\/ftgalslide\/314AD\/01_076_00047004\/el-desguace-de-las-musas-la-zaranda-teatre-romea-barcelona-0_thumb.jpg\",\"title\":\"El desguace de las Musas\",\"description\":\"El desguace de las Musas\",\"copyright\":\"\",\"order\":16},{\"localizer\":\"V2SLIDE\",\"url\":\"media\/ftgalslide\/314AD\/01_076_00047005\/el-desguace-de-las-musas-la-zaranda-teatre-romea-barcelona-9.jpg\",\"thumb_url\":\"media\/ftgalslide\/314AD\/01_076_00047005\/el-desguace-de-las-musas-la-zaranda-teatre-romea-barcelona-9_thumb.jpg\",\"title\":\"El desguace de las Musas\",\"description\":\"El desguace de las Musas\",\"copyright\":\"\",\"order\":17},{\"localizer\":\"V2SLIDE\",\"url\":\"media\/ftgalslide\/314AD\/01_076_00047006\/el-desguace-de-las-musas-teatre-romea-barcelona-8.jpg\",\"thumb_url\":\"media\/ftgalslide\/314AD\/01_076_00047006\/el-desguace-de-las-musas-teatre-romea-barcelona-8_thumb.jpg\",\"title\":\"El desguace de las Musas\",\"description\":\"El desguace de las Musas\",\"copyright\":\"\",\"order\":18},{\"localizer\":\"V2SLIDE\",\"url\":\"media\/ftgalslide\/314AD\/01_076_00047007\/el-desguace-de-las-musas-teatre-romea-barcelona-10.jpg\",\"thumb_url\":\"media\/ftgalslide\/314AD\/01_076_00047007\/el-desguace-de-las-musas-teatre-romea-barcelona-10_thumb.jpg\",\"title\":\"El desguace de las Musas\",\"description\":\"El desguace de las Musas\",\"copyright\":\"\",\"order\":19},{\"localizer\":\"V3CARTELL\",\"url\":\"media\/ver\/cartell\/v3\/314AD\/01_085_00047110\/cartell-el-desguace-de-las-musas-teatre-romea-barcelona.jpg\",\"thumb_url\":\"media\/ver\/cartell\/v3\/314AD\/01_085_00047110\/cartell-el-desguace-de-las-musas-teatre-romea-barcelona_thumb.jpg\",\"title\":\"El desguace de las Musas - Teatre Romea\",\"description\":\"el desguace de las musas teatre romea barcelona\",\"copyright\":\"\",\"order\":26},{\"localizer\":\"V2CARTELLDISTRI\",\"url\":\"media\/cartell\/distrib\/314AD\/01_082_00047127\/cartell-gires-el-desguace-de-las-musas.jpg\",\"thumb_url\":\"media\/cartell\/distrib\/314AD\/01_082_00047127\/cartell-gires-el-desguace-de-las-musas_thumb.jpg\",\"title\":\"El desguace de las Musas\",\"description\":\"El desguace de las Musas\",\"copyright\":\"\",\"order\":28},{\"localizer\":\"V2CARTELL\",\"url\":\"media\/ver\/cartell\/314AF\/01_079_00047468\/cartell-el-desguace-de-las-musas-teatre-romea-barcelona.jpg\",\"thumb_url\":\"media\/ver\/cartell\/314AF\/01_079_00047468\/cartell-el-desguace-de-las-musas-teatre-romea-barcelona_thumb.jpg\",\"title\":\"El Desguace de las Musas\",\"description\":\"el desguace de las musas\",\"copyright\":\"\",\"order\":31},{\"localizer\":\"V3PORTADAWIDE\",\"url\":\"media\/ver\/port\/v3wide\/314AF\/01_088_00047516\/0-el-desguace-de-las-musas-teatre-romea-barcelona.jpg\",\"thumb_url\":\"media\/ver\/port\/v3wide\/314AF\/01_088_00047516\/0-el-desguace-de-las-musas-teatre-romea-barcelona_thumb.jpg\",\"title\":\"El Desguace de las Musas - Teatre Romea\",\"description\":\"el desguace de las musas teatre romea barcelona\",\"copyright\":\"\",\"order\":34},{\"localizer\":\"V3PORTADA\",\"url\":\"media\/ver\/port\/v3\/314AF\/01_084_00047517\/1-el-desguace-de-las-musas-teatre-romea-barcelona.jpg\",\"thumb_url\":\"media\/ver\/port\/v3\/314AF\/01_084_00047517\/1-el-desguace-de-las-musas-teatre-romea-barcelona_thumb.jpg\",\"title\":\"El Desguace de las Musas - Teatre Romea\",\"description\":\"el desguace de las musas teatre romea barcelona\",\"copyright\":\"\",\"order\":35},{\"localizer\":\"V3SLIDEDISTRI\",\"url\":\"media\/ftgalslide\/v3\/314B2\/01_086_00048337\/desguace-musas-focus-distribucio.jpg\",\"thumb_url\":\"media\/ftgalslide\/v3\/314B2\/01_086_00048337\/desguace-musas-focus-distribucio_thumb.jpg\",\"title\":\"El Desguace de las Musas\",\"description\":\"el desguace de las musas\",\"copyright\":\"https:\/\/www.youtube.com\/watch?v=GMUDOkLWwr8\",\"order\":36},{\"localizer\":\"V3SLIDEDISTRI\",\"url\":\"media\/ftgalslide\/v3\/314B2\/01_086_00048343\/el-desguace-de-las-musas-gabino-diego-victor-iglesias.jpg\",\"thumb_url\":\"media\/ftgalslide\/v3\/314B2\/01_086_00048343\/el-desguace-de-las-musas-gabino-diego-victor-iglesias_thumb.jpg\",\"title\":\"El Desguace de las Musas\",\"description\":\"el desguace de las musas\",\"copyright\":\"\",\"order\":37},{\"localizer\":\"V3SLIDEDISTRI\",\"url\":\"media\/ftgalslide\/v3\/314B2\/01_086_00048344\/el-desguace-de-las-musas-gabino-diego-victor-iglesias-2.jpg\",\"thumb_url\":\"media\/ftgalslide\/v3\/314B2\/01_086_00048344\/el-desguace-de-las-musas-gabino-diego-victor-iglesias-2_thumb.jpg\",\"title\":\"El Desguace de las Musas\",\"description\":\"el desguace de las musas\",\"copyright\":\"\",\"order\":38},{\"localizer\":\"V3SLIDEDISTRI\",\"url\":\"media\/ftgalslide\/v3\/314B2\/01_086_00048345\/el-desguace-de-las-musas-la-zaranda-victor-iglesias-0.jpg\",\"thumb_url\":\"media\/ftgalslide\/v3\/314B2\/01_086_00048345\/el-desguace-de-las-musas-la-zaranda-victor-iglesias-0_thumb.jpg\",\"title\":\"El Desguace de las Musas\",\"description\":\"el desguace de las musas\",\"copyright\":\"\",\"order\":39},{\"localizer\":\"V3SLIDEDISTRI\",\"url\":\"media\/ftgalslide\/v3\/314B2\/01_086_00048346\/el-desguace-de-las-musas-la-zaranda-victor-iglesias-9.jpg\",\"thumb_url\":\"media\/ftgalslide\/v3\/314B2\/01_086_00048346\/el-desguace-de-las-musas-la-zaranda-victor-iglesias-9_thumb.jpg\",\"title\":\"El Desguace de las Musas\",\"description\":\"el desguace de las musas\",\"copyright\":\"\",\"order\":40},{\"localizer\":\"V3SLIDEDISTRI\",\"url\":\"media\/ftgalslide\/v3\/314B2\/01_086_00048347\/el-desguace-de-las-musas-victor-iglesias-7.jpg\",\"thumb_url\":\"media\/ftgalslide\/v3\/314B2\/01_086_00048347\/el-desguace-de-las-musas-victor-iglesias-7_thumb.jpg\",\"title\":\"El Desguace de las Musas\",\"description\":\"El Desguace de las Musas\",\"copyright\":\"\",\"order\":41},{\"localizer\":\"V3SLIDEDISTRI\",\"url\":\"media\/ftgalslide\/v3\/314B2\/01_086_00048348\/el-desguace-de-las-musas-victor-iglesias-8.jpg\",\"thumb_url\":\"media\/ftgalslide\/v3\/314B2\/01_086_00048348\/el-desguace-de-las-musas-victor-iglesias-8_thumb.jpg\",\"title\":\"El Desguace de las Musas\",\"description\":\"El desguace de las musas\",\"copyright\":\"\",\"order\":42},{\"localizer\":\"V3SLIDEDISTRI\",\"url\":\"media\/ftgalslide\/v3\/314B2\/01_086_00048349\/el-desguace-de-las-musas-victor-iglesias-10.jpg\",\"thumb_url\":\"media\/ftgalslide\/v3\/314B2\/01_086_00048349\/el-desguace-de-las-musas-victor-iglesias-10_thumb.jpg\",\"title\":\"El Desguace de las Musas\",\"description\":\"El desguace de las musas\",\"copyright\":\"\",\"order\":43}]","material__texto_intro":"","data_material":null,"data_gallery":"","data_discounts":"[{\"InfoAddicional\":\".\",\"Url\":\"https:\/\/www.promentrada.com\/ca\/product\/{#CODI#}\",\"Codi\":\"ROM209\",\"LogoUrl\":\"media\/fimage\/31389\/01_005_00038530\/logo_prome_nuevo_v_web.jpg\",\"TitolBoto\":\"Descuentos para grupos y escuelas\",\"Type\":\"discount\"},{\"InfoAddicional\":\".\",\"Url\":\"vip.promentrada.com\/ca\/product\/{#CODI#}\",\"Codi\":\"ROM209\",\"LogoUrl\":\"media\/fimage\/31389\/01_005_00038559\/logo_prome_vip_v_web.jpg\",\"TitolBoto\":\"Descuentos para particulares\",\"Type\":\"discount\"}]","contract_is_open":false,"in_tour":false,"foreign_production":false,"tour_end_date":"00010101000000"},"yoast_head":"<!-- This site is optimized with the Yoast SEO plugin v27.5 - https:\/\/yoast.com\/product\/yoast-seo-wordpress\/ -->\n<title>El Desguace de las Musas - Focus<\/title>\n<meta name=\"robots\" content=\"index, follow, max-snippet:-1, max-image-preview:large, max-video-preview:-1\" \/>\n<link rel=\"canonical\" href=\"https:\/\/www.focus.cat\/ex\/el-desguace-de-las-musas\/\" \/>\n<meta property=\"og:locale\" content=\"ca_ES\" \/>\n<meta property=\"og:type\" content=\"article\" \/>\n<meta property=\"og:title\" content=\"El Desguace de las Musas - Focus\" \/>\n<meta property=\"og:url\" content=\"https:\/\/www.focus.cat\/en\/ex\/el-desguace-de-las-musas\/\" \/>\n<meta property=\"og:site_name\" content=\"Focus\" \/>\n<meta property=\"article:modified_time\" content=\"2025-01-13T11:46:45+00:00\" \/>\n<meta name=\"twitter:card\" content=\"summary_large_image\" \/>\n<script type=\"application\/ld+json\" class=\"yoast-schema-graph\">{\"@context\":\"https:\\\/\\\/schema.org\",\"@graph\":[{\"@type\":\"WebPage\",\"@id\":\"https:\\\/\\\/www.focus.cat\\\/en\\\/ex\\\/el-desguace-de-las-musas\\\/\",\"url\":\"https:\\\/\\\/www.focus.cat\\\/en\\\/ex\\\/el-desguace-de-las-musas\\\/\",\"name\":\"El Desguace de las Musas - Focus\",\"isPartOf\":{\"@id\":\"https:\\\/\\\/www.focus.cat\\\/#website\"},\"datePublished\":\"2022-05-24T11:34:51+00:00\",\"dateModified\":\"2025-01-13T11:46:45+00:00\",\"breadcrumb\":{\"@id\":\"https:\\\/\\\/www.focus.cat\\\/en\\\/ex\\\/el-desguace-de-las-musas\\\/#breadcrumb\"},\"inLanguage\":\"ca\",\"potentialAction\":[{\"@type\":\"ReadAction\",\"target\":[\"https:\\\/\\\/www.focus.cat\\\/en\\\/ex\\\/el-desguace-de-las-musas\\\/\"]}]},{\"@type\":\"BreadcrumbList\",\"@id\":\"https:\\\/\\\/www.focus.cat\\\/en\\\/ex\\\/el-desguace-de-las-musas\\\/#breadcrumb\",\"itemListElement\":[{\"@type\":\"ListItem\",\"position\":1,\"name\":\"Espectacles\",\"item\":\"https:\\\/\\\/www.focus.cat\\\/ex\\\/\"},{\"@type\":\"ListItem\",\"position\":2,\"name\":\"El Desguace de las Musas\"}]},{\"@type\":\"WebSite\",\"@id\":\"https:\\\/\\\/www.focus.cat\\\/#website\",\"url\":\"https:\\\/\\\/www.focus.cat\\\/\",\"name\":\"Focus\",\"description\":\"\",\"publisher\":{\"@id\":\"https:\\\/\\\/www.focus.cat\\\/#organization\"},\"potentialAction\":[{\"@type\":\"SearchAction\",\"target\":{\"@type\":\"EntryPoint\",\"urlTemplate\":\"https:\\\/\\\/www.focus.cat\\\/?s={search_term_string}\"},\"query-input\":{\"@type\":\"PropertyValueSpecification\",\"valueRequired\":true,\"valueName\":\"search_term_string\"}}],\"inLanguage\":\"ca\"},{\"@type\":\"Organization\",\"@id\":\"https:\\\/\\\/www.focus.cat\\\/#organization\",\"name\":\"Focus\",\"url\":\"https:\\\/\\\/www.focus.cat\\\/\",\"logo\":{\"@type\":\"ImageObject\",\"inLanguage\":\"ca\",\"@id\":\"https:\\\/\\\/www.focus.cat\\\/#\\\/schema\\\/logo\\\/image\\\/\",\"url\":\"https:\\\/\\\/www.focus.cat\\\/wp-content\\\/uploads\\\/2022\\\/01\\\/logo-focus-any-35.svg\",\"contentUrl\":\"https:\\\/\\\/www.focus.cat\\\/wp-content\\\/uploads\\\/2022\\\/01\\\/logo-focus-any-35.svg\",\"width\":1,\"height\":1,\"caption\":\"Focus\"},\"image\":{\"@id\":\"https:\\\/\\\/www.focus.cat\\\/#\\\/schema\\\/logo\\\/image\\\/\"}}]}<\/script>\n<!-- \/ Yoast SEO plugin. -->","yoast_head_json":{"title":"El Desguace de las Musas - Focus","robots":{"index":"index","follow":"follow","max-snippet":"max-snippet:-1","max-image-preview":"max-image-preview:large","max-video-preview":"max-video-preview:-1"},"canonical":"https:\/\/www.focus.cat\/ex\/el-desguace-de-las-musas\/","og_locale":"ca_ES","og_type":"article","og_title":"El Desguace de las Musas - Focus","og_url":"https:\/\/www.focus.cat\/en\/ex\/el-desguace-de-las-musas\/","og_site_name":"Focus","article_modified_time":"2025-01-13T11:46:45+00:00","twitter_card":"summary_large_image","schema":{"@context":"https:\/\/schema.org","@graph":[{"@type":"WebPage","@id":"https:\/\/www.focus.cat\/en\/ex\/el-desguace-de-las-musas\/","url":"https:\/\/www.focus.cat\/en\/ex\/el-desguace-de-las-musas\/","name":"El Desguace de las Musas - Focus","isPartOf":{"@id":"https:\/\/www.focus.cat\/#website"},"datePublished":"2022-05-24T11:34:51+00:00","dateModified":"2025-01-13T11:46:45+00:00","breadcrumb":{"@id":"https:\/\/www.focus.cat\/en\/ex\/el-desguace-de-las-musas\/#breadcrumb"},"inLanguage":"ca","potentialAction":[{"@type":"ReadAction","target":["https:\/\/www.focus.cat\/en\/ex\/el-desguace-de-las-musas\/"]}]},{"@type":"BreadcrumbList","@id":"https:\/\/www.focus.cat\/en\/ex\/el-desguace-de-las-musas\/#breadcrumb","itemListElement":[{"@type":"ListItem","position":1,"name":"Espectacles","item":"https:\/\/www.focus.cat\/ex\/"},{"@type":"ListItem","position":2,"name":"El Desguace de las Musas"}]},{"@type":"WebSite","@id":"https:\/\/www.focus.cat\/#website","url":"https:\/\/www.focus.cat\/","name":"Focus","description":"","publisher":{"@id":"https:\/\/www.focus.cat\/#organization"},"potentialAction":[{"@type":"SearchAction","target":{"@type":"EntryPoint","urlTemplate":"https:\/\/www.focus.cat\/?s={search_term_string}"},"query-input":{"@type":"PropertyValueSpecification","valueRequired":true,"valueName":"search_term_string"}}],"inLanguage":"ca"},{"@type":"Organization","@id":"https:\/\/www.focus.cat\/#organization","name":"Focus","url":"https:\/\/www.focus.cat\/","logo":{"@type":"ImageObject","inLanguage":"ca","@id":"https:\/\/www.focus.cat\/#\/schema\/logo\/image\/","url":"https:\/\/www.focus.cat\/wp-content\/uploads\/2022\/01\/logo-focus-any-35.svg","contentUrl":"https:\/\/www.focus.cat\/wp-content\/uploads\/2022\/01\/logo-focus-any-35.svg","width":1,"height":1,"caption":"Focus"},"image":{"@id":"https:\/\/www.focus.cat\/#\/schema\/logo\/image\/"}}]}},"translations":[{"id":8271,"locale":"ca"},{"id":8272,"locale":"es"},{"id":8273,"locale":"en"}],"_links":{"self":[{"href":"https:\/\/www.focus.cat\/wp-json\/wp\/v2\/ex\/8273","targetHints":{"allow":["GET"]}}],"collection":[{"href":"https:\/\/www.focus.cat\/wp-json\/wp\/v2\/ex"}],"about":[{"href":"https:\/\/www.focus.cat\/wp-json\/wp\/v2\/types\/ex"}],"author":[{"embeddable":true,"href":"https:\/\/www.focus.cat\/wp-json\/wp\/v2\/users\/5"}],"replies":[{"embeddable":true,"href":"https:\/\/www.focus.cat\/wp-json\/wp\/v2\/comments?post=8273"}],"wp:attachment":[{"href":"https:\/\/www.focus.cat\/wp-json\/wp\/v2\/media?parent=8273"}],"wp:term":[{"taxonomy":"location","embeddable":true,"href":"https:\/\/www.focus.cat\/wp-json\/wp\/v2\/location?post=8273"}],"curies":[{"name":"wp","href":"https:\/\/api.w.org\/{rel}","templated":true}]}}