{"id":8348,"date":"2022-05-26T10:04:05","date_gmt":"2022-05-26T10:04:05","guid":{"rendered":"https:\/\/www.focus.cat\/ex\/la-autora-de-las-meninas\/"},"modified":"2024-03-08T11:26:23","modified_gmt":"2024-03-08T11:26:23","slug":"la-autora-de-las-meninas","status":"publish","type":"ex","link":"https:\/\/www.focus.cat\/en\/ex\/la-autora-de-las-meninas\/","title":{"rendered":"La autora de Las meninas"},"content":{"rendered":"","protected":false},"excerpt":{"rendered":"","protected":false},"author":5,"featured_media":0,"comment_status":"closed","ping_status":"closed","template":"","location":[],"class_list":["post-8348","ex","type-ex","status-publish","hentry"],"acf":{"txt_synopsis":"<p>En un futuro no muy lejano la crisis financiera que sacude Europa obliga al Estado espa\u00f1ol a desprenderse de su patrimonio art\u00edstico. Ante la posibilidad de la venta de <em>Las meninas<\/em>, una afamada monja copista recibe el encargo de realizar una r\u00e9plica exacta del original velazque\u00f1o. A partir de ese momento, la religiosa se va a ver atrapada en una encrucijada de intereses de diversa \u00edndole, al tiempo que sufrir\u00e1 una repentina transformaci\u00f3n de su personalidad cuando la humilde artesana del pincel inopinadamente se convierta en una reconocida figura de las artes pl\u00e1sticas y en una estrella medi\u00e1tica.<\/p>\r\n<p><em>La autora de Las meninas<\/em> es una s\u00e1tira dist\u00f3pica en la que se aborda el lugar que debe ocupar el arte en la sociedad, as\u00ed como el controvertible concepto de bienestar social. La obra, igualmente, despliega una mirada ir\u00f3nica sobre el ensimismamiento eg\u00f3latra de buena parte de la creaci\u00f3n m\u00e1s vanguardista y comprometida de los \u00faltimos a\u00f1os, as\u00ed como sobre la banalizaci\u00f3n de la experiencia art\u00edstica convertida en multitudinario acontecimiento medi\u00e1tico en sinton\u00eda con los grandes parques tem\u00e1ticos de entretenimiento de masas.<\/p>\r\n<p>El autor quiere compartir el inter\u00e9s con que contempla las sorprendentes realidades que est\u00e1 generando la democratizaci\u00f3n indiscriminada en todos los \u00e1mbitos del quehacer cultural; el derrumbe de la <em>autoritas<\/em> referida al arte y al saber, el advenimiento, en fin, de un nuevo paradigma que sit\u00faa y equipara en el mismo canon una arraigada tonadilla local con, pongamos por caso, el <em>R\u00e9quiem<\/em> de Mozart.<\/p>\r\n<p><strong><\/strong>&nbsp;<\/p>\r\n<p><\/p>\r\n<p align=\"right\"><strong>Ernesto Caballero<\/strong><\/p>\r\n<p align=\"center\">&nbsp;<\/p>\r\n<p align=\"center\"><a href=\"http:\/\/bit.ly\/LaTemporada16-17-GrupFocus\"><strong>Consulta la nostra revista de La Temporada 2016-2017 amb la programaci\u00f3 al detall de tots els teatres del Grup Focus<\/strong><\/a>&nbsp;<\/p>","main_buy_link":"","main_buy_links":"","show_language":"","show_duration":"","txt_genre":"DRAM\u00c0TIC","show_start_date":"20170422000000","show_end_date":"20170604000000","show_sort_date":"20160920000000","txt_custom_show_dates":"del 22 de abril al 4 de junio de 2017 ","txt_additional_info":"","txt_present":"","txt_season":"[\"2016\/17\"]","txt_cycle":"","txt_claim":"","txt_cast_excerpt":"","txt_cast":"<p><strong>Autor i director:<\/strong> Ernesto Caballero<\/p>\r\n<p><strong>Amb<\/strong><br \/>Carmen Machi<br \/>Mireia Aixal\u00e0 <br \/>Francisco Reyes<\/p>\r\n<p><strong>Escenografia i il\u00b7luminaci\u00f3:<\/strong> Paco Azor\u00edn<br \/><strong>V\u00eddeo i l'ajudantia d'il\u00b7luminaci\u00f3:<\/strong> Pedro CHamizo&nbsp; <br \/><strong>Vestuari:<\/strong> Ikerne Gim\u00e9nez<br \/><strong>Espai sonor:<\/strong> Luis Miquel Cobo<\/p>\r\n<p><strong>Assessor dramat\u00fargia i ajudant de direcci\u00f3:<\/strong> Ram\u00f3n Paso<br \/><strong>Ajudant d\u2019escenografia:<\/strong> Isabel S\u00e1iz<\/p>\r\n<p><strong>Producci\u00f3 executiva:<\/strong> Maite Pijuan<br \/><strong>Ajudant de producci\u00f3:<\/strong> Vanessa Tejero<br \/><strong>Direcci\u00f3 t\u00e8cnica:<\/strong> Moi Cuenca<\/p>\r\n<p><strong>Regidor\/maquinista:<\/strong> Ronco<br \/><strong>T\u00e8cnic de so\/v\u00eddeo:<\/strong> Enric Vinyeta<br \/><strong>Sastressa:<\/strong> Silvia Domingo<\/p>\r\n<p><strong>Construcci\u00f3 escenografia:<\/strong> Taller d\u2019escenografia de Sant Cugat<\/p>\r\n<p><strong>Premsa:<\/strong> Anna Casasayas i Marta Ferr\u00e0<br \/><strong>M\u00e0rqueting i comunicaci\u00f3:<\/strong> Publispec<br \/><strong>Reportatge fotogr\u00e0fic:<\/strong> David Ruano<br \/><strong>Disseny Gr\u00e0fic:<\/strong> Santi&Kco<\/p>\r\n<p>\u00c9s una coproducci\u00f3 de Focus i Centro Dram\u00e1tico Nacional (CDN) \u2013 INAEM.<\/p>\r\n<p><strong>Idioma:<\/strong> Castell\u00e0<br \/><strong>Durada:<\/strong> 1 h i 40 minuts aprox.<\/p>","txt_reviews":"","hashtag":"","have_promo":"","slogan":"","id_exhibicio":1381,"id_versio":1136,"id_local":35,"txt_seo_desc":"","data_images":"[{\"localizer\":\"V2SLIDE\",\"url\":\"media\/ftgalslide\/31389\/01_076_00038314\/La_autora_de_Las_Meninas_David_Ruano_5.jpg\",\"thumb_url\":\"media\/ftgalslide\/31389\/01_076_00038314\/La_autora_de_Las_Meninas_David_Ruano_5_thumb.jpg\",\"title\":\"La autora de Las meninas\",\"description\":\"Teatre Goya\",\"copyright\":\"David Ruano\",\"order\":4},{\"localizer\":\"V2CARTELLDISTRI\",\"url\":\"media\/cartell\/distrib\/313E5\/01_082_00039744\/Meninas_a4_cast.jpg\",\"thumb_url\":\"media\/cartell\/distrib\/313E5\/01_082_00039744\/Meninas_a4_cast_thumb.jpg\",\"title\":\"La autora de Las meninas\",\"description\":\"La autora de Las meninas\",\"copyright\":\"\",\"order\":8},{\"localizer\":\"V2CARTELL\",\"url\":\"media\/ver\/cartell\/313E5\/01_079_00039746\/v_Las_Meninas_goyaok.jpg\",\"thumb_url\":\"media\/ver\/cartell\/313E5\/01_079_00039746\/v_Las_Meninas_goyaok_thumb.jpg\",\"title\":\"La autora de Las meninas\",\"description\":\"La autora de Las meninas\",\"copyright\":\"\",\"order\":9},{\"localizer\":\"V2SLIDE\",\"url\":\"media\/ftgalslide\/313E6\/01_076_00039997\/t_meninas_5_e.JPG\",\"thumb_url\":\"media\/ftgalslide\/313E6\/01_076_00039997\/t_meninas_5_e_thumb.jpg\",\"title\":\"La autora de Las meninas\",\"description\":\"Teatre Goya\",\"copyright\":\"\",\"order\":10},{\"localizer\":\"V2SLIDE\",\"url\":\"media\/ftgalslide\/313E6\/01_076_00039998\/t_meninas_11_e.JPG\",\"thumb_url\":\"media\/ftgalslide\/313E6\/01_076_00039998\/t_meninas_11_e_thumb.jpg\",\"title\":\"La autora de Las meninas\",\"description\":\"Teatre Goya\",\"copyright\":\"\",\"order\":11},{\"localizer\":\"V2SLIDE\",\"url\":\"media\/ftgalslide\/313E6\/01_076_00039999\/t_meninas_24_e.JPG\",\"thumb_url\":\"media\/ftgalslide\/313E6\/01_076_00039999\/t_meninas_24_e_thumb.jpg\",\"title\":\"La autora de Las meninas\",\"description\":\"Teatre Goya\",\"copyright\":\"\",\"order\":12},{\"localizer\":\"V2SLIDE\",\"url\":\"media\/ftgalslide\/313E6\/01_076_00040000\/t_meninas_46_e.JPG\",\"thumb_url\":\"media\/ftgalslide\/313E6\/01_076_00040000\/t_meninas_46_e_thumb.jpg\",\"title\":\"La autora de Las meninas\",\"description\":\"Teatre Goya\",\"copyright\":\"\",\"order\":13},{\"localizer\":\"V2SLIDE\",\"url\":\"media\/ftgalslide\/313E6\/01_076_00040001\/t_meninas_91_e.JPG\",\"thumb_url\":\"media\/ftgalslide\/313E6\/01_076_00040001\/t_meninas_91_e_thumb.jpg\",\"title\":\"La autora de Las meninas\",\"description\":\"Teatre Goya\",\"copyright\":\"\",\"order\":14},{\"localizer\":\"V2SLIDE\",\"url\":\"media\/ftgalslide\/313E6\/01_076_00040002\/t_meninas_104_e.JPG\",\"thumb_url\":\"media\/ftgalslide\/313E6\/01_076_00040002\/t_meninas_104_e_thumb.jpg\",\"title\":\"La autora de Las meninas\",\"description\":\"Teatre Goya\",\"copyright\":\"\",\"order\":15},{\"localizer\":\"V2SLIDE\",\"url\":\"media\/ftgalslide\/313E6\/01_076_00040003\/t_meninas_211_e.JPG\",\"thumb_url\":\"media\/ftgalslide\/313E6\/01_076_00040003\/t_meninas_211_e_thumb.jpg\",\"title\":\"La autora de Las meninas\",\"description\":\"Teatre Goya\",\"copyright\":\"\",\"order\":16},{\"localizer\":\"V2SLIDE\",\"url\":\"media\/ftgalslide\/313E6\/01_076_00040004\/t_meninas_228_e.JPG\",\"thumb_url\":\"media\/ftgalslide\/313E6\/01_076_00040004\/t_meninas_228_e_thumb.jpg\",\"title\":\"La autora de Las meninas\",\"description\":\"Teatre Goya\",\"copyright\":\"\",\"order\":17},{\"localizer\":\"V2SLIDE\",\"url\":\"media\/ftgalslide\/313E6\/01_076_00040005\/t_meninas_291_e.JPG\",\"thumb_url\":\"media\/ftgalslide\/313E6\/01_076_00040005\/t_meninas_291_e_thumb.jpg\",\"title\":\"La autora de Las meninas\",\"description\":\"Teatre Goya\",\"copyright\":\"\",\"order\":18},{\"localizer\":\"VERS_IMATGE_ESPECTACLE\",\"url\":\"media\/ftespect\/313E6\/01_020_00040029\/t_meninas_3_e.jpg\",\"thumb_url\":\"media\/ftespect\/313E6\/01_020_00040029\/t_meninas_3_e_thumb.jpg\",\"title\":\"La autora de Las meninas\",\"description\":\"La autora de Las meninas\",\"copyright\":\"\",\"order\":19},{\"localizer\":\"VERS_IMATGE_ESPECTACLE\",\"url\":\"media\/ftespect\/313E6\/01_020_00040030\/t_meninas_5_e.jpg\",\"thumb_url\":\"media\/ftespect\/313E6\/01_020_00040030\/t_meninas_5_e_thumb.jpg\",\"title\":\"La autora de Las meninas\",\"description\":\"La autora de Las meninas\",\"copyright\":\"\",\"order\":20},{\"localizer\":\"VERS_IMATGE_ESPECTACLE\",\"url\":\"media\/ftespect\/313E6\/01_020_00040031\/t_meninas_11_e.jpg\",\"thumb_url\":\"media\/ftespect\/313E6\/01_020_00040031\/t_meninas_11_e_thumb.jpg\",\"title\":\"La autora de Las meninas\",\"description\":\"La autora de Las meninas\",\"copyright\":\"\",\"order\":21},{\"localizer\":\"VERS_IMATGE_ESPECTACLE\",\"url\":\"media\/ftespect\/313E6\/01_020_00040032\/t_meninas_24_e.jpg\",\"thumb_url\":\"media\/ftespect\/313E6\/01_020_00040032\/t_meninas_24_e_thumb.jpg\",\"title\":\"La autora de Las meninas\",\"description\":\"La autora de Las meninas\",\"copyright\":\"\",\"order\":22},{\"localizer\":\"VERS_IMATGE_ESPECTACLE\",\"url\":\"media\/ftespect\/313E6\/01_020_00040033\/t_meninas_36_e.jpg\",\"thumb_url\":\"media\/ftespect\/313E6\/01_020_00040033\/t_meninas_36_e_thumb.jpg\",\"title\":\"La autora de Las meninas\",\"description\":\"La autora de Las meninas\",\"copyright\":\"\",\"order\":23},{\"localizer\":\"VERS_IMATGE_ESPECTACLE\",\"url\":\"media\/ftespect\/313E6\/01_020_00040034\/t_meninas_46_e.jpg\",\"thumb_url\":\"media\/ftespect\/313E6\/01_020_00040034\/t_meninas_46_e_thumb.jpg\",\"title\":\"La autora de Las meninas\",\"description\":\"La autora de Las meninas\",\"copyright\":\"\",\"order\":24},{\"localizer\":\"VERS_IMATGE_ESPECTACLE\",\"url\":\"media\/ftespect\/313E6\/01_020_00040036\/t_meninas_81_e.jpg\",\"thumb_url\":\"media\/ftespect\/313E6\/01_020_00040036\/t_meninas_81_e_thumb.jpg\",\"title\":\"La autora de Las meninas\",\"description\":\"La autora de Las meninas\",\"copyright\":\"\",\"order\":25},{\"localizer\":\"VERS_IMATGE_ESPECTACLE\",\"url\":\"media\/ftespect\/313E6\/01_020_00040037\/t_meninas_91_e.jpg\",\"thumb_url\":\"media\/ftespect\/313E6\/01_020_00040037\/t_meninas_91_e_thumb.jpg\",\"title\":\"La autora de Las meninas\",\"description\":\"La autora de Las meninas\",\"copyright\":\"\",\"order\":26},{\"localizer\":\"VERS_IMATGE_ESPECTACLE\",\"url\":\"media\/ftespect\/313E6\/01_020_00040038\/t_meninas_104_e.jpg\",\"thumb_url\":\"media\/ftespect\/313E6\/01_020_00040038\/t_meninas_104_e_thumb.jpg\",\"title\":\"La autora de Las meninas\",\"description\":\"La autora de Las meninas\",\"copyright\":\"\",\"order\":27},{\"localizer\":\"VERS_IMATGE_ESPECTACLE\",\"url\":\"media\/ftespect\/313E6\/01_020_00040039\/t_meninas_125_e.jpg\",\"thumb_url\":\"media\/ftespect\/313E6\/01_020_00040039\/t_meninas_125_e_thumb.jpg\",\"title\":\"La autora de Las meninas\",\"description\":\"La autora de Las meninas\",\"copyright\":\"\",\"order\":28},{\"localizer\":\"VERS_IMATGE_ESPECTACLE\",\"url\":\"media\/ftespect\/313E6\/01_020_00040040\/t_meninas_134_e.jpg\",\"thumb_url\":\"media\/ftespect\/313E6\/01_020_00040040\/t_meninas_134_e_thumb.jpg\",\"title\":\"La autora de Las meninas\",\"description\":\"La autora de Las meninas\",\"copyright\":\"\",\"order\":29},{\"localizer\":\"VERS_IMATGE_ESPECTACLE\",\"url\":\"media\/ftespect\/313E6\/01_020_00040041\/t_meninas_155_e.jpg\",\"thumb_url\":\"media\/ftespect\/313E6\/01_020_00040041\/t_meninas_155_e_thumb.jpg\",\"title\":\"La autora de Las meninas\",\"description\":\"La autora de Las meninas\",\"copyright\":\"\",\"order\":30},{\"localizer\":\"VERS_IMATGE_ESPECTACLE\",\"url\":\"media\/ftespect\/313E6\/01_020_00040042\/t_meninas_160_e.jpg\",\"thumb_url\":\"media\/ftespect\/313E6\/01_020_00040042\/t_meninas_160_e_thumb.jpg\",\"title\":\"La autora de Las meninas\",\"description\":\"La autora de Las meninas\",\"copyright\":\"\",\"order\":31},{\"localizer\":\"VERS_IMATGE_ESPECTACLE\",\"url\":\"media\/ftespect\/313E6\/01_020_00040043\/t_meninas_211_e.jpg\",\"thumb_url\":\"media\/ftespect\/313E6\/01_020_00040043\/t_meninas_211_e_thumb.jpg\",\"title\":\"La autora de Las meninas\",\"description\":\"La autora de Las meninas\",\"copyright\":\"\",\"order\":32},{\"localizer\":\"VERS_IMATGE_ESPECTACLE\",\"url\":\"media\/ftespect\/313E6\/01_020_00040044\/t_meninas_228_e.jpg\",\"thumb_url\":\"media\/ftespect\/313E6\/01_020_00040044\/t_meninas_228_e_thumb.jpg\",\"title\":\"La autora de Las meninas\",\"description\":\"La autora de Las meninas\",\"copyright\":\"\",\"order\":33},{\"localizer\":\"VERS_IMATGE_ESPECTACLE\",\"url\":\"media\/ftespect\/313E6\/01_020_00040045\/t_meninas_289_e.jpg\",\"thumb_url\":\"media\/ftespect\/313E6\/01_020_00040045\/t_meninas_289_e_thumb.jpg\",\"title\":\"La autora de Las meninas\",\"description\":\"La autora de Las meninas\",\"copyright\":\"\",\"order\":34},{\"localizer\":\"VERS_IMATGE_ESPECTACLE\",\"url\":\"media\/ftespect\/313E6\/01_020_00040046\/t_meninas_291_e.jpg\",\"thumb_url\":\"media\/ftespect\/313E6\/01_020_00040046\/t_meninas_291_e_thumb.jpg\",\"title\":\"La autora de Las meninas\",\"description\":\"La autora de Las meninas\",\"copyright\":\"\",\"order\":35},{\"localizer\":\"VERS_IMATGE_ESPECTACLE\",\"url\":\"media\/ftespect\/313E6\/01_020_00040047\/t_meninas_311_e.jpg\",\"thumb_url\":\"media\/ftespect\/313E6\/01_020_00040047\/t_meninas_311_e_thumb.jpg\",\"title\":\"La autora de Las meninas\",\"description\":\"La autora de Las meninas\",\"copyright\":\"\",\"order\":36},{\"localizer\":\"V2SLIDE\",\"url\":\"media\/ftgalslide\/313E9\/01_076_00040836\/t_meninas_bcn_002.JPG\",\"thumb_url\":\"media\/ftgalslide\/313E9\/01_076_00040836\/t_meninas_bcn_002_thumb.jpg\",\"title\":\"La autora de Las meninas\",\"description\":\"Teatre Goya\",\"copyright\":\"\",\"order\":39},{\"localizer\":\"V2SLIDE\",\"url\":\"media\/ftgalslide\/313E9\/01_076_00040837\/t_meninas_bcn_014.JPG\",\"thumb_url\":\"media\/ftgalslide\/313E9\/01_076_00040837\/t_meninas_bcn_014_thumb.jpg\",\"title\":\"La autora de Las meninas\",\"description\":\"Teatre Goya\",\"copyright\":\"\",\"order\":40},{\"localizer\":\"V2SLIDE\",\"url\":\"media\/ftgalslide\/313E9\/01_076_00040838\/t_meninas_bcn_020.JPG\",\"thumb_url\":\"media\/ftgalslide\/313E9\/01_076_00040838\/t_meninas_bcn_020_thumb.jpg\",\"title\":\"La autora de Las meninas\",\"description\":\"Teatre Goya\",\"copyright\":\"\",\"order\":41},{\"localizer\":\"V2SLIDE\",\"url\":\"media\/ftgalslide\/313E9\/01_076_00040839\/t_meninas_bcn_018.JPG\",\"thumb_url\":\"media\/ftgalslide\/313E9\/01_076_00040839\/t_meninas_bcn_018_thumb.jpg\",\"title\":\"La autora de Las meninas\",\"description\":\"Teatre Goya\",\"copyright\":\"\",\"order\":42},{\"localizer\":\"V2SLIDE\",\"url\":\"media\/ftgalslide\/313E9\/01_076_00040840\/t_meninas_bcn_072.JPG\",\"thumb_url\":\"media\/ftgalslide\/313E9\/01_076_00040840\/t_meninas_bcn_072_thumb.jpg\",\"title\":\"La autora de Las meninas\",\"description\":\"Teatre Goya\",\"copyright\":\"\",\"order\":43},{\"localizer\":\"V2SLIDE\",\"url\":\"media\/ftgalslide\/313E9\/01_076_00040841\/t_meninas_bcn_089.JPG\",\"thumb_url\":\"media\/ftgalslide\/313E9\/01_076_00040841\/t_meninas_bcn_089_thumb.jpg\",\"title\":\"La autora de Las meninas\",\"description\":\"Teatre Goya\",\"copyright\":\"\",\"order\":44},{\"localizer\":\"V2SLIDE\",\"url\":\"media\/ftgalslide\/313E9\/01_076_00040842\/t_meninas_bcn_104.JPG\",\"thumb_url\":\"media\/ftgalslide\/313E9\/01_076_00040842\/t_meninas_bcn_104_thumb.jpg\",\"title\":\"La autora de Las meninas\",\"description\":\"Teatre Goya\",\"copyright\":\"\",\"order\":45},{\"localizer\":\"VERS_IMATGE_ESPECTACLE\",\"url\":\"media\/ftespect\/313E9\/01_020_00040843\/t_meninas_bcn_002.jpg\",\"thumb_url\":\"media\/ftespect\/313E9\/01_020_00040843\/t_meninas_bcn_002_thumb.jpg\",\"title\":\"La autora de Las meninas\",\"description\":\"La autora de Las meninas\",\"copyright\":\"\",\"order\":46},{\"localizer\":\"VERS_IMATGE_ESPECTACLE\",\"url\":\"media\/ftespect\/313E9\/01_020_00040844\/t_meninas_bcn_014.jpg\",\"thumb_url\":\"media\/ftespect\/313E9\/01_020_00040844\/t_meninas_bcn_014_thumb.jpg\",\"title\":\"La autora de Las meninas\",\"description\":\"La autora de Las meninas\",\"copyright\":\"\",\"order\":47},{\"localizer\":\"VERS_IMATGE_ESPECTACLE\",\"url\":\"media\/ftespect\/313E9\/01_020_00040845\/t_meninas_bcn_018.jpg\",\"thumb_url\":\"media\/ftespect\/313E9\/01_020_00040845\/t_meninas_bcn_018_thumb.jpg\",\"title\":\"La autora de Las meninas\",\"description\":\"La autora de Las meninas\",\"copyright\":\"\",\"order\":48},{\"localizer\":\"VERS_IMATGE_ESPECTACLE\",\"url\":\"media\/ftespect\/313E9\/01_020_00040846\/t_meninas_bcn_020.jpg\",\"thumb_url\":\"media\/ftespect\/313E9\/01_020_00040846\/t_meninas_bcn_020_thumb.jpg\",\"title\":\"La autora de Las meninas\",\"description\":\"La autora de Las meninas\",\"copyright\":\"\",\"order\":49},{\"localizer\":\"VERS_IMATGE_ESPECTACLE\",\"url\":\"media\/ftespect\/313E9\/01_020_00040847\/t_meninas_bcn_072.jpg\",\"thumb_url\":\"media\/ftespect\/313E9\/01_020_00040847\/t_meninas_bcn_072_thumb.jpg\",\"title\":\"La autora de Las meninas\",\"description\":\"La autora de Las meninas\",\"copyright\":\"\",\"order\":50},{\"localizer\":\"VERS_IMATGE_ESPECTACLE\",\"url\":\"media\/ftespect\/313E9\/01_020_00040848\/t_meninas_bcn_089.jpg\",\"thumb_url\":\"media\/ftespect\/313E9\/01_020_00040848\/t_meninas_bcn_089_thumb.jpg\",\"title\":\"La autora de Las meninas\",\"description\":\"La autora de Las meninas\",\"copyright\":\"\",\"order\":51},{\"localizer\":\"VERS_IMATGE_ESPECTACLE\",\"url\":\"media\/ftespect\/313E9\/01_020_00040849\/t_meninas_bcn_104.jpg\",\"thumb_url\":\"media\/ftespect\/313E9\/01_020_00040849\/t_meninas_bcn_104_thumb.jpg\",\"title\":\"La autora de Las meninas\",\"description\":\"La autora de Las meninas\",\"copyright\":\"\",\"order\":52},{\"localizer\":\"V2PORTADA\",\"url\":\"media\/ver\/port\/313E9\/01_078_00040998\/h_Meninas_monja_01_v2.jpg\",\"thumb_url\":\"media\/ver\/port\/313E9\/01_078_00040998\/h_Meninas_monja_01_v2_thumb.jpg\",\"title\":\"La autora de Las meninas\",\"description\":\"Teatre Goya\",\"copyright\":\"\",\"order\":54},{\"localizer\":\"V3CARTELL\",\"url\":\"media\/ver\/cartell\/v3\/316A3\/01_085_00057523\/v_Las_Meninas-01.jpg\",\"thumb_url\":\"media\/ver\/cartell\/v3\/316A3\/01_085_00057523\/v_Las_Meninas-01_thumb.jpg\",\"title\":\"CARTEL LA AUTORA DE LAS MENINAS\",\"description\":\"CARTEL LA AUTORA DE LAS MENINAS\",\"copyright\":\"\",\"order\":55}]","material__texto_intro":"","data_material":null,"data_gallery":"","data_discounts":"[{\"InfoAddicional\":\".\",\"Url\":\"https:\/\/www.promentrada.com\/ca\/product\/{#CODI#}\",\"Codi\":\"GOY53\",\"LogoUrl\":\"media\/fimage\/31389\/01_005_00038530\/logo_prome_nuevo_v_web.jpg\",\"TitolBoto\":\"Descuentos para grupos y escuelas\",\"Type\":\"discount\"},{\"InfoAddicional\":\".\",\"Url\":\"vip.promentrada.com\/ca\/product\/{#CODI#}\",\"Codi\":\"GOY53\",\"LogoUrl\":\"media\/fimage\/31389\/01_005_00038559\/logo_prome_vip_v_web.jpg\",\"TitolBoto\":\"Descuentos para particulares\",\"Type\":\"discount\"}]","contract_is_open":false,"in_tour":false,"foreign_production":false,"tour_end_date":"00010101000000"},"yoast_head":"<!-- This site is optimized with the Yoast SEO plugin v27.5 - https:\/\/yoast.com\/product\/yoast-seo-wordpress\/ -->\n<title>La autora de Las meninas - Focus<\/title>\n<meta name=\"robots\" content=\"index, follow, max-snippet:-1, max-image-preview:large, max-video-preview:-1\" \/>\n<link rel=\"canonical\" href=\"https:\/\/www.focus.cat\/ex\/la-autora-de-las-meninas\/\" \/>\n<meta property=\"og:locale\" content=\"ca_ES\" \/>\n<meta property=\"og:type\" content=\"article\" \/>\n<meta property=\"og:title\" content=\"La autora de Las meninas - Focus\" \/>\n<meta property=\"og:url\" content=\"https:\/\/www.focus.cat\/en\/ex\/la-autora-de-las-meninas\/\" \/>\n<meta property=\"og:site_name\" content=\"Focus\" \/>\n<meta property=\"article:modified_time\" content=\"2024-03-08T11:26:23+00:00\" \/>\n<meta name=\"twitter:card\" content=\"summary_large_image\" \/>\n<script type=\"application\/ld+json\" class=\"yoast-schema-graph\">{\"@context\":\"https:\\\/\\\/schema.org\",\"@graph\":[{\"@type\":\"WebPage\",\"@id\":\"https:\\\/\\\/www.focus.cat\\\/en\\\/ex\\\/la-autora-de-las-meninas\\\/\",\"url\":\"https:\\\/\\\/www.focus.cat\\\/en\\\/ex\\\/la-autora-de-las-meninas\\\/\",\"name\":\"La autora de Las meninas - Focus\",\"isPartOf\":{\"@id\":\"https:\\\/\\\/www.focus.cat\\\/#website\"},\"datePublished\":\"2022-05-26T10:04:05+00:00\",\"dateModified\":\"2024-03-08T11:26:23+00:00\",\"breadcrumb\":{\"@id\":\"https:\\\/\\\/www.focus.cat\\\/en\\\/ex\\\/la-autora-de-las-meninas\\\/#breadcrumb\"},\"inLanguage\":\"ca\",\"potentialAction\":[{\"@type\":\"ReadAction\",\"target\":[\"https:\\\/\\\/www.focus.cat\\\/en\\\/ex\\\/la-autora-de-las-meninas\\\/\"]}]},{\"@type\":\"BreadcrumbList\",\"@id\":\"https:\\\/\\\/www.focus.cat\\\/en\\\/ex\\\/la-autora-de-las-meninas\\\/#breadcrumb\",\"itemListElement\":[{\"@type\":\"ListItem\",\"position\":1,\"name\":\"Espectacles\",\"item\":\"https:\\\/\\\/www.focus.cat\\\/ex\\\/\"},{\"@type\":\"ListItem\",\"position\":2,\"name\":\"La autora de Las meninas\"}]},{\"@type\":\"WebSite\",\"@id\":\"https:\\\/\\\/www.focus.cat\\\/#website\",\"url\":\"https:\\\/\\\/www.focus.cat\\\/\",\"name\":\"Focus\",\"description\":\"\",\"publisher\":{\"@id\":\"https:\\\/\\\/www.focus.cat\\\/#organization\"},\"potentialAction\":[{\"@type\":\"SearchAction\",\"target\":{\"@type\":\"EntryPoint\",\"urlTemplate\":\"https:\\\/\\\/www.focus.cat\\\/?s={search_term_string}\"},\"query-input\":{\"@type\":\"PropertyValueSpecification\",\"valueRequired\":true,\"valueName\":\"search_term_string\"}}],\"inLanguage\":\"ca\"},{\"@type\":\"Organization\",\"@id\":\"https:\\\/\\\/www.focus.cat\\\/#organization\",\"name\":\"Focus\",\"url\":\"https:\\\/\\\/www.focus.cat\\\/\",\"logo\":{\"@type\":\"ImageObject\",\"inLanguage\":\"ca\",\"@id\":\"https:\\\/\\\/www.focus.cat\\\/#\\\/schema\\\/logo\\\/image\\\/\",\"url\":\"https:\\\/\\\/www.focus.cat\\\/wp-content\\\/uploads\\\/2022\\\/01\\\/logo-focus-any-35.svg\",\"contentUrl\":\"https:\\\/\\\/www.focus.cat\\\/wp-content\\\/uploads\\\/2022\\\/01\\\/logo-focus-any-35.svg\",\"width\":1,\"height\":1,\"caption\":\"Focus\"},\"image\":{\"@id\":\"https:\\\/\\\/www.focus.cat\\\/#\\\/schema\\\/logo\\\/image\\\/\"}}]}<\/script>\n<!-- \/ Yoast SEO plugin. -->","yoast_head_json":{"title":"La autora de Las meninas - Focus","robots":{"index":"index","follow":"follow","max-snippet":"max-snippet:-1","max-image-preview":"max-image-preview:large","max-video-preview":"max-video-preview:-1"},"canonical":"https:\/\/www.focus.cat\/ex\/la-autora-de-las-meninas\/","og_locale":"ca_ES","og_type":"article","og_title":"La autora de Las meninas - Focus","og_url":"https:\/\/www.focus.cat\/en\/ex\/la-autora-de-las-meninas\/","og_site_name":"Focus","article_modified_time":"2024-03-08T11:26:23+00:00","twitter_card":"summary_large_image","schema":{"@context":"https:\/\/schema.org","@graph":[{"@type":"WebPage","@id":"https:\/\/www.focus.cat\/en\/ex\/la-autora-de-las-meninas\/","url":"https:\/\/www.focus.cat\/en\/ex\/la-autora-de-las-meninas\/","name":"La autora de Las meninas - Focus","isPartOf":{"@id":"https:\/\/www.focus.cat\/#website"},"datePublished":"2022-05-26T10:04:05+00:00","dateModified":"2024-03-08T11:26:23+00:00","breadcrumb":{"@id":"https:\/\/www.focus.cat\/en\/ex\/la-autora-de-las-meninas\/#breadcrumb"},"inLanguage":"ca","potentialAction":[{"@type":"ReadAction","target":["https:\/\/www.focus.cat\/en\/ex\/la-autora-de-las-meninas\/"]}]},{"@type":"BreadcrumbList","@id":"https:\/\/www.focus.cat\/en\/ex\/la-autora-de-las-meninas\/#breadcrumb","itemListElement":[{"@type":"ListItem","position":1,"name":"Espectacles","item":"https:\/\/www.focus.cat\/ex\/"},{"@type":"ListItem","position":2,"name":"La autora de Las meninas"}]},{"@type":"WebSite","@id":"https:\/\/www.focus.cat\/#website","url":"https:\/\/www.focus.cat\/","name":"Focus","description":"","publisher":{"@id":"https:\/\/www.focus.cat\/#organization"},"potentialAction":[{"@type":"SearchAction","target":{"@type":"EntryPoint","urlTemplate":"https:\/\/www.focus.cat\/?s={search_term_string}"},"query-input":{"@type":"PropertyValueSpecification","valueRequired":true,"valueName":"search_term_string"}}],"inLanguage":"ca"},{"@type":"Organization","@id":"https:\/\/www.focus.cat\/#organization","name":"Focus","url":"https:\/\/www.focus.cat\/","logo":{"@type":"ImageObject","inLanguage":"ca","@id":"https:\/\/www.focus.cat\/#\/schema\/logo\/image\/","url":"https:\/\/www.focus.cat\/wp-content\/uploads\/2022\/01\/logo-focus-any-35.svg","contentUrl":"https:\/\/www.focus.cat\/wp-content\/uploads\/2022\/01\/logo-focus-any-35.svg","width":1,"height":1,"caption":"Focus"},"image":{"@id":"https:\/\/www.focus.cat\/#\/schema\/logo\/image\/"}}]}},"translations":[{"id":8346,"locale":"ca"},{"id":8347,"locale":"es"},{"id":8348,"locale":"en"}],"_links":{"self":[{"href":"https:\/\/www.focus.cat\/wp-json\/wp\/v2\/ex\/8348","targetHints":{"allow":["GET"]}}],"collection":[{"href":"https:\/\/www.focus.cat\/wp-json\/wp\/v2\/ex"}],"about":[{"href":"https:\/\/www.focus.cat\/wp-json\/wp\/v2\/types\/ex"}],"author":[{"embeddable":true,"href":"https:\/\/www.focus.cat\/wp-json\/wp\/v2\/users\/5"}],"replies":[{"embeddable":true,"href":"https:\/\/www.focus.cat\/wp-json\/wp\/v2\/comments?post=8348"}],"wp:attachment":[{"href":"https:\/\/www.focus.cat\/wp-json\/wp\/v2\/media?parent=8348"}],"wp:term":[{"taxonomy":"location","embeddable":true,"href":"https:\/\/www.focus.cat\/wp-json\/wp\/v2\/location?post=8348"}],"curies":[{"name":"wp","href":"https:\/\/api.w.org\/{rel}","templated":true}]}}