{"id":8927,"date":"2022-06-03T09:18:23","date_gmt":"2022-06-03T09:18:23","guid":{"rendered":"https:\/\/www.focus.cat\/ex\/assassinat-a-lorient-express\/"},"modified":"2022-11-21T11:43:22","modified_gmt":"2022-11-21T11:43:22","slug":"assassinat-a-lorient-express","status":"publish","type":"ex","link":"https:\/\/www.focus.cat\/en\/ex\/assassinat-a-lorient-express\/","title":{"rendered":"Assassinat a l&#8217;Orient Express"},"content":{"rendered":"","protected":false},"excerpt":{"rendered":"","protected":false},"author":5,"featured_media":0,"comment_status":"closed","ping_status":"closed","template":"","location":[],"class_list":["post-8927","ex","type-ex","status-publish","hentry"],"acf":{"txt_synopsis":"<p>Ens situem a la d\u00e8cada dels anys 30 del segle passat, H\u00e9rcules Poirot, un disciplinat i una mica exc\u00e8ntric belga que comen\u00e7a a llaurar-se la reputaci\u00f3 de ser, probablement, el millor detectiu del m\u00f3n, es troba a Istanbul, casualment, amb un vell amic una mica m\u00e9s llicenci\u00f3s que ell, Monsieur Bouc, qui el convida a viatjar amb ell en el fam\u00f3s Orient Express per a tornar a Londres. Estem a ple hivern.<\/p>\r\n<p>All\u00e0 se'ls unir\u00e0 un grup molt variat de viatgers, pertanyents a tots els confins del m\u00f3n: Entre altres, l'exc\u00e8ntrica nord-americana senyora Hubbard, la princesa Dragomiroff, una dona gran russa exiliada, el disciplinat militar brit\u00e0nic Coronel Arbuthnot, o la mateixa Comtessa Andreyi, una carism\u00e0tica dona hongaresa que despertar\u00e0 en Poirot alguna cosa m\u00e9s que un simple inter\u00e8s...<br \/>A plena nit, una tempesta de neu det\u00e9 el tren en algun lloc perdut de Iugosl\u00e0via. I al mat\u00ed seg\u00fcent, un dels passatgers \u00e9s trobat mort, apunyalat salvatgement en el seu llit: Samuel Ratchett, un desagradable home de negocis una mica t\u00e8rbols.<br \/>La neu els impedeix entrar o sortir del tren, aix\u00ed que l'assass\u00ed nom\u00e9s pot ser un dels vuit passatgers que viatgen a bord del Orient Express. Per\u00f2 quin d'ells ha estat? I per qu\u00e8?<\/p>\r\n<p>H\u00e9rcules Poirot es veur\u00e0 emp\u00e8s a solucionar un dels casos m\u00e9s especials de tota la seva traject\u00f2ria, un crim cruel que sense cap dubte marcar\u00e0 un abans i un despr\u00e9s en la seva vida.<\/p>\r\n<p>Els convido a acompanyar-nos, tenen un seient reservat en aquest lux\u00f3s tren ple de misteris i secrets.<\/p>\r\n<p>L\u2019adaptaci\u00f3 de Ken Ludwig al teatre es va estrenar al McCarter Theatre Center, a Princetone, NJ.<br \/>Directora art\u00edstica: Emily Mann. Productor executiu: Timothy J. Shields.<br \/>ASSASSINAT A L\u2019ORIENT EXPRESS, AGATHA CHRISTIE, POIROT i la firma d\u2019Agatha Christie s\u00f3n marca registrada d\u2019Agatha Christie Ltd. Tots els drets reservats.<\/p>\r\n<p>Els drets d\u2019aquesta obra a Espanya s\u00f3n cedits per Agatha Christie Ltd.<br \/>Per a m\u00e9s informaci\u00f3 sobre aquesta obra o d\u2019altres obres d\u2019Agatha Crhistie, visiteu:<br \/><a href=\"http:\/\/www.agathachristie.com\">http:\/\/www.agathachristie.com<\/a><br \/>Per a m\u00e9s informaci\u00f3 sobre Ken Ludwig, visiteu:<br \/><a href=\"http:\/\/www.nekludwig.com\">http:\/\/www.nekludwig.com<\/a><br \/><\/p>","main_buy_link":"","main_buy_links":"","show_language":"Espectacle en catal\u00e0","show_duration":"120","txt_genre":"DRAM\u00c0TIC","show_start_date":"20210914000000","show_end_date":"20220102000000","show_sort_date":"20210914000000","txt_custom_show_dates":"del 14 de septiembre de 2021 al 2 de enero de 2022 ","txt_additional_info":"","txt_present":"","txt_season":"[\"2021\/22\"]","txt_cycle":"","txt_claim":"Ens situem a la d\u00e8cada dels anys 30 del segle passat, H\u00e9rcules Poirot, un disciplinat i una mica exc\u00e8ntric belga que comen\u00e7a a llaurar-se la reputaci\u00f3 de ser, probablement, el millor detectiu del m\u00f3n, es troba a Istanbul, casualment, amb un vell amic una mica m\u00e9s llicenci\u00f3s que ell, Monsieur Bouc, qui el convida a viatjar amb ell en el fam\u00f3s Orient Express per a tornar a Londres. Estem a ple hivern.","txt_cast_excerpt":"","txt_cast":"<p>D'<strong> Agatha Christie<br \/><\/strong>Adaptaci\u00f3 de <strong>Ken Ludwig<\/strong> basada en la novel\u00b7la <strong>d\u2019Agatha Christie<br \/><\/strong>Versi\u00f3: <strong>Alicia Serrat i Iv\u00e1n Morales<br \/><\/strong>Direcci\u00f3: <strong>Iv\u00e1n Morales<\/strong><\/p>\r\n<p>Producci\u00f3:<strong> Focus<\/strong><\/p>\r\n<p><strong>Eduard Farelo &nbsp;&nbsp;<\/strong>H\u00e9rcules&nbsp; Poirot<br \/><strong>Ruben Ametll\u00e9&nbsp;&nbsp;<\/strong>Michel, encarregat del tren\/Cap de cambrers<br \/><strong>David Bag\u00e9s &nbsp;&nbsp;<\/strong>Monsieur Bouc<br \/><strong>Anna Barrachina&nbsp;&nbsp; <\/strong>Helen Hubbard<br \/><strong>Cl\u00e0udia Benito&nbsp;<\/strong>&nbsp;Condesa Andrenyi<br \/><strong>Maria Ribera&nbsp;&nbsp;<\/strong>Mary Debenham<br \/><strong>Isabel Rocatti &nbsp;&nbsp;<\/strong>La princesa Dragomiroff<br \/><strong>Vanessa Segura &nbsp;<\/strong>Greta Ohlsson<br \/><strong>Javi V\u00e9lez&nbsp;&nbsp;<\/strong>Hector MacQueen<br \/><strong>David Vert&nbsp;&nbsp;<\/strong>Coronel Arbuthnot\/Samuel Rachett<\/p>\r\n<p>Veus en off: <strong>Anna Alarc\u00f3n, Emma Clarke, Lola Darbra, Ivan Morales, Xavier Nicaise<\/strong><\/p>\r\n<p>Escenografia: <strong>Sebasti\u00e0 Brosa<br \/><\/strong>Il\u00b7luminaci\u00f3:&nbsp; <strong>David Bofarull<br \/><\/strong>Vestuari: <strong>M\u00edriam Compte<br \/><\/strong>Espai sonor:<strong> Jordi Ballb\u00e9<br \/><\/strong>Caracteritzaci\u00f3:<strong> \u00c0ngels Salinas<br \/><\/strong>Moviment: <strong>David Climent<br \/><\/strong>Ajudantia de direcci\u00f3: <strong>Merc\u00e8 Gran\u00e9<br \/><\/strong>Assessor de&nbsp;belga: <strong>Xavier Nicaise<br \/><\/strong>Ajudant d\u2019escenografia: <strong>Paula Font <\/strong><\/p>\r\n<p>Direcci\u00f3 de producci\u00f3: <strong>Maite Pijuan<br \/><\/strong>Cap de producci\u00f3:<strong> Marina Vilardell<br \/><\/strong>Producci\u00f3 executiva: <strong>Raquel Do\u00f1oro<br \/><\/strong>Direcci\u00f3 d\u2019oficina t\u00e8cnica: <strong>Moi Cuenca<br \/><\/strong>Oficina t\u00e8cnica:<strong> David Ruiz<\/strong><\/p>\r\n<p>Regidoria: <strong>Ainhoa Bernaola<br \/><\/strong>Sastreria: <strong>Esther Chercoles<br \/><\/strong>Perruqueria i maquillatge: <strong>Anna Pitarch<br \/><\/strong>Cap t\u00e8cnic del Teatre i operador de so: <strong>Jordi Ballb\u00e9 \/ V\u00edctor Bartolom\u00e9<br \/><\/strong>Operador de Llums: <strong>V\u00edctor C\u00e1rdenas <br \/><\/strong>Microfonista: <strong>V\u00edctor Bartolom\u00e9 <\/strong><strong>\/ David Garc\u00eda<\/strong><br \/>Maquinista: <strong>Jordi Larrea \/ Albert Bolinches<br \/><\/strong>Ajudant de maquin\u00e0ria: <strong>David Blanch<\/strong><br \/>Alumnes en pr\u00e0ctiques de vestuari: <strong>Laura Gar\u00eda-Duran, Cristina L\u00f3pez<\/strong><\/p>\r\n<p>Construcci\u00f3 de l\u2019escenografia:&nbsp; <strong>Arts Cenics, Pascualin Estructures, Pro-Escena<br \/><\/strong>Confecci\u00f3 de vestuari:<strong> Goretti Puente, Antonioa Perez Montiel, In\u00e9s Manchero, Trinidad Rodr\u00edguez<\/strong><\/p>\r\n<p>Premsa: <strong>Albert L\u00f3pez i Judit Hern\u00e1ndez<br \/><\/strong>M\u00e0rqueting i comunicaci\u00f3 <strong>Publispec<br \/><\/strong>Disseny gr\u00e0fic<strong> Santi&Kco<br \/><\/strong>Reportatge Fotogr\u00e0fic<strong> David Ruano<\/strong><\/p>\r\n<p>Col\u00b7laboradors: <strong>Slide & Swing, Jorge de La Garza, Montibello, Rowenta<br \/><\/strong>Agra\u00efments:&nbsp; <strong>Antonio Escanez, Marc Balaguer, Cristina Vidal<\/strong><br \/><\/p>\r\n<p><strong><br \/><\/strong><\/p>","txt_reviews":"Mag\u00ed Camps|La Vanguardia|\"Un repartiment de luxe\"\r\nFerran Baile|Recomana.cat|\"Un espectacular muntatge i un lux\u00f3s repartiment, com no potser menys tractant-se d\u00b4una de les obres m\u00e9s reconegudes de la gran escriptora anglesa\"","hashtag":"AssassinatOrientExpress","have_promo":"","slogan":"","id_exhibicio":1814,"id_versio":1461,"id_local":3,"txt_seo_desc":"L'espectacle Assassinat a l'Orient Express, basat en la novel\u00b7la d'Agatha Christie, protagonitzat per Eduard Farelo, al Teatre Condal de Barcelona","data_images":"[{\"localizer\":\"V3SLIDE\",\"url\":\"media\/ftgalslide\/v3\/3157A\/01_086_00051423\/I20_Orient_Express1280_V5.JPG\",\"thumb_url\":\"media\/ftgalslide\/v3\/3157A\/01_086_00051423\/I20_Orient_Express1280_V5_thumb.jpg\",\"title\":\"Assassinat a l'Orient Express - Teatre Condal\",\"description\":\"assassinat a l'orient express al teatre condal de barcelona\",\"copyright\":\"https:\/\/www.youtube.com\/watch?v=2vtNmXFdHt4\",\"order\":5},{\"localizer\":\"V3CARTELLDISTRI\",\"url\":\"media\/ver\/cartell\/v3\/3157B\/01_085_00051515\/cartell-web-orient_expres-teatre-condal-barcelona.jpg\",\"thumb_url\":\"media\/ver\/cartell\/v3\/3157B\/01_085_00051515\/cartell-web-orient_expres-teatre-condal-barcelona_thumb.jpg\",\"title\":\"Assassinat a l'Orient Express - Teatre Condal\",\"description\":\"assassinat a l'orient express al teatre condal de barcelona\",\"copyright\":\"\",\"order\":19},{\"localizer\":\"V2CARTELL\",\"url\":\"media\/ver\/cartell\/3157D\/01_079_00051711\/cartell-web-orient_expres-teatre-condal-barcelona.jpg\",\"thumb_url\":\"media\/ver\/cartell\/3157D\/01_079_00051711\/cartell-web-orient_expres-teatre-condal-barcelona_thumb.jpg\",\"title\":\"Assassinat a l'Orient Express\",\"description\":\"assassinat a lorient express al teatre condal de barcelona\",\"copyright\":\"\",\"order\":20},{\"localizer\":\"V3SLIDE\",\"url\":\"media\/ftgalslide\/v3\/3157D\/01_086_00051803\/T21_Orient_p1_320_v1.JPG\",\"thumb_url\":\"media\/ftgalslide\/v3\/3157D\/01_086_00051803\/T21_Orient_p1_320_v1_thumb.jpg\",\"title\":\"Assassinat a l'Orient Express - Teatre Condal\",\"description\":\"assassinat a lorient express al teatre condal de barcelona\",\"copyright\":\"\",\"order\":21},{\"localizer\":\"V3SLIDE\",\"url\":\"media\/ftgalslide\/v3\/3157D\/01_086_00051804\/T21_Orient_p2_015.JPG\",\"thumb_url\":\"media\/ftgalslide\/v3\/3157D\/01_086_00051804\/T21_Orient_p2_015_thumb.jpg\",\"title\":\"Assassinat a l'Orient Express - Teatre Condal\",\"description\":\"assassinat a lorient express al teatre condal de barcelona\",\"copyright\":\"\",\"order\":22},{\"localizer\":\"V3SLIDE\",\"url\":\"media\/ftgalslide\/v3\/3157D\/01_086_00051805\/T21_Orient_p1_150_v2.JPG\",\"thumb_url\":\"media\/ftgalslide\/v3\/3157D\/01_086_00051805\/T21_Orient_p1_150_v2_thumb.jpg\",\"title\":\"Assassinat a l'Orient Express - Teatre Condal\",\"description\":\"assassinat a lorient express al teatre condal de barcelona\",\"copyright\":\"\",\"order\":23},{\"localizer\":\"V3CARTELL\",\"url\":\"media\/ver\/cartell\/v3\/3157D\/01_085_00051841\/cartell-web-assassinat-a-lorient-express-teatre-condal.jpg\",\"thumb_url\":\"media\/ver\/cartell\/v3\/3157D\/01_085_00051841\/cartell-web-assassinat-a-lorient-express-teatre-condal_thumb.jpg\",\"title\":\"Assassinat a l'Orient Express - Teatre Condal\",\"description\":\"assassinat a l'orient express al teatre condal de barcelona\",\"copyright\":\"\",\"order\":26},{\"localizer\":\"V3PORTADAWIDE\",\"url\":\"media\/ver\/port\/v3wide\/31580\/01_088_00052624\/0-assassinat-a-lorient-express-teatre-condal-ultimes-setmanes.jpg\",\"thumb_url\":\"media\/ver\/port\/v3wide\/31580\/01_088_00052624\/0-assassinat-a-lorient-express-teatre-condal-ultimes-setmanes_thumb.jpg\",\"title\":\"assassinat a l'orient express - teatre condal\",\"description\":\"assassinat a l'orient express al teatre condal de barcelona\",\"copyright\":\"\",\"order\":35},{\"localizer\":\"V3PORTADA\",\"url\":\"media\/ver\/port\/v3\/31580\/01_084_00052933\/1-assassinat-a-lorient-express-teatre-condal-ultimes-funcions.jpg\",\"thumb_url\":\"media\/ver\/port\/v3\/31580\/01_084_00052933\/1-assassinat-a-lorient-express-teatre-condal-ultimes-funcions_thumb.jpg\",\"title\":\"Assassinat a l'Orient Express - \u00daltimes Funcions - Teatre Condal\",\"description\":\"assassinat a lorient express ultimes funcions al teatre condal de barcelona\",\"copyright\":\"\",\"order\":37}]","material__texto_intro":"","data_material":null,"data_gallery":"","data_discounts":"[]","contract_is_open":false,"in_tour":false,"foreign_production":false,"tour_end_date":"00010101000000"},"yoast_head":"<!-- This site is optimized with the Yoast SEO plugin v27.5 - https:\/\/yoast.com\/product\/yoast-seo-wordpress\/ -->\n<title>Assassinat a l&#039;Orient Express - Focus<\/title>\n<meta name=\"robots\" content=\"index, follow, max-snippet:-1, max-image-preview:large, max-video-preview:-1\" \/>\n<link rel=\"canonical\" href=\"https:\/\/www.focus.cat\/ex\/assassinat-a-lorient-express\/\" \/>\n<meta property=\"og:locale\" content=\"ca_ES\" \/>\n<meta property=\"og:type\" content=\"article\" \/>\n<meta property=\"og:title\" content=\"Assassinat a l&#039;Orient Express - Focus\" \/>\n<meta property=\"og:url\" content=\"https:\/\/www.focus.cat\/en\/ex\/assassinat-a-lorient-express\/\" \/>\n<meta property=\"og:site_name\" content=\"Focus\" \/>\n<meta property=\"article:modified_time\" content=\"2022-11-21T11:43:22+00:00\" \/>\n<meta name=\"twitter:card\" content=\"summary_large_image\" \/>\n<script type=\"application\/ld+json\" class=\"yoast-schema-graph\">{\"@context\":\"https:\\\/\\\/schema.org\",\"@graph\":[{\"@type\":\"WebPage\",\"@id\":\"https:\\\/\\\/www.focus.cat\\\/en\\\/ex\\\/assassinat-a-lorient-express\\\/\",\"url\":\"https:\\\/\\\/www.focus.cat\\\/en\\\/ex\\\/assassinat-a-lorient-express\\\/\",\"name\":\"Assassinat a l'Orient Express - Focus\",\"isPartOf\":{\"@id\":\"https:\\\/\\\/www.focus.cat\\\/#website\"},\"datePublished\":\"2022-06-03T09:18:23+00:00\",\"dateModified\":\"2022-11-21T11:43:22+00:00\",\"breadcrumb\":{\"@id\":\"https:\\\/\\\/www.focus.cat\\\/en\\\/ex\\\/assassinat-a-lorient-express\\\/#breadcrumb\"},\"inLanguage\":\"ca\",\"potentialAction\":[{\"@type\":\"ReadAction\",\"target\":[\"https:\\\/\\\/www.focus.cat\\\/en\\\/ex\\\/assassinat-a-lorient-express\\\/\"]}]},{\"@type\":\"BreadcrumbList\",\"@id\":\"https:\\\/\\\/www.focus.cat\\\/en\\\/ex\\\/assassinat-a-lorient-express\\\/#breadcrumb\",\"itemListElement\":[{\"@type\":\"ListItem\",\"position\":1,\"name\":\"Espectacles\",\"item\":\"https:\\\/\\\/www.focus.cat\\\/ex\\\/\"},{\"@type\":\"ListItem\",\"position\":2,\"name\":\"Assassinat a l&#8217;Orient Express\"}]},{\"@type\":\"WebSite\",\"@id\":\"https:\\\/\\\/www.focus.cat\\\/#website\",\"url\":\"https:\\\/\\\/www.focus.cat\\\/\",\"name\":\"Focus\",\"description\":\"\",\"publisher\":{\"@id\":\"https:\\\/\\\/www.focus.cat\\\/#organization\"},\"potentialAction\":[{\"@type\":\"SearchAction\",\"target\":{\"@type\":\"EntryPoint\",\"urlTemplate\":\"https:\\\/\\\/www.focus.cat\\\/?s={search_term_string}\"},\"query-input\":{\"@type\":\"PropertyValueSpecification\",\"valueRequired\":true,\"valueName\":\"search_term_string\"}}],\"inLanguage\":\"ca\"},{\"@type\":\"Organization\",\"@id\":\"https:\\\/\\\/www.focus.cat\\\/#organization\",\"name\":\"Focus\",\"url\":\"https:\\\/\\\/www.focus.cat\\\/\",\"logo\":{\"@type\":\"ImageObject\",\"inLanguage\":\"ca\",\"@id\":\"https:\\\/\\\/www.focus.cat\\\/#\\\/schema\\\/logo\\\/image\\\/\",\"url\":\"https:\\\/\\\/www.focus.cat\\\/wp-content\\\/uploads\\\/2022\\\/01\\\/logo-focus-any-35.svg\",\"contentUrl\":\"https:\\\/\\\/www.focus.cat\\\/wp-content\\\/uploads\\\/2022\\\/01\\\/logo-focus-any-35.svg\",\"width\":1,\"height\":1,\"caption\":\"Focus\"},\"image\":{\"@id\":\"https:\\\/\\\/www.focus.cat\\\/#\\\/schema\\\/logo\\\/image\\\/\"}}]}<\/script>\n<!-- \/ Yoast SEO plugin. -->","yoast_head_json":{"title":"Assassinat a l'Orient Express - Focus","robots":{"index":"index","follow":"follow","max-snippet":"max-snippet:-1","max-image-preview":"max-image-preview:large","max-video-preview":"max-video-preview:-1"},"canonical":"https:\/\/www.focus.cat\/ex\/assassinat-a-lorient-express\/","og_locale":"ca_ES","og_type":"article","og_title":"Assassinat a l'Orient Express - Focus","og_url":"https:\/\/www.focus.cat\/en\/ex\/assassinat-a-lorient-express\/","og_site_name":"Focus","article_modified_time":"2022-11-21T11:43:22+00:00","twitter_card":"summary_large_image","schema":{"@context":"https:\/\/schema.org","@graph":[{"@type":"WebPage","@id":"https:\/\/www.focus.cat\/en\/ex\/assassinat-a-lorient-express\/","url":"https:\/\/www.focus.cat\/en\/ex\/assassinat-a-lorient-express\/","name":"Assassinat a l'Orient Express - Focus","isPartOf":{"@id":"https:\/\/www.focus.cat\/#website"},"datePublished":"2022-06-03T09:18:23+00:00","dateModified":"2022-11-21T11:43:22+00:00","breadcrumb":{"@id":"https:\/\/www.focus.cat\/en\/ex\/assassinat-a-lorient-express\/#breadcrumb"},"inLanguage":"ca","potentialAction":[{"@type":"ReadAction","target":["https:\/\/www.focus.cat\/en\/ex\/assassinat-a-lorient-express\/"]}]},{"@type":"BreadcrumbList","@id":"https:\/\/www.focus.cat\/en\/ex\/assassinat-a-lorient-express\/#breadcrumb","itemListElement":[{"@type":"ListItem","position":1,"name":"Espectacles","item":"https:\/\/www.focus.cat\/ex\/"},{"@type":"ListItem","position":2,"name":"Assassinat a l&#8217;Orient Express"}]},{"@type":"WebSite","@id":"https:\/\/www.focus.cat\/#website","url":"https:\/\/www.focus.cat\/","name":"Focus","description":"","publisher":{"@id":"https:\/\/www.focus.cat\/#organization"},"potentialAction":[{"@type":"SearchAction","target":{"@type":"EntryPoint","urlTemplate":"https:\/\/www.focus.cat\/?s={search_term_string}"},"query-input":{"@type":"PropertyValueSpecification","valueRequired":true,"valueName":"search_term_string"}}],"inLanguage":"ca"},{"@type":"Organization","@id":"https:\/\/www.focus.cat\/#organization","name":"Focus","url":"https:\/\/www.focus.cat\/","logo":{"@type":"ImageObject","inLanguage":"ca","@id":"https:\/\/www.focus.cat\/#\/schema\/logo\/image\/","url":"https:\/\/www.focus.cat\/wp-content\/uploads\/2022\/01\/logo-focus-any-35.svg","contentUrl":"https:\/\/www.focus.cat\/wp-content\/uploads\/2022\/01\/logo-focus-any-35.svg","width":1,"height":1,"caption":"Focus"},"image":{"@id":"https:\/\/www.focus.cat\/#\/schema\/logo\/image\/"}}]}},"translations":[{"id":8925,"locale":"ca"},{"id":8926,"locale":"es"},{"id":8927,"locale":"en"}],"_links":{"self":[{"href":"https:\/\/www.focus.cat\/wp-json\/wp\/v2\/ex\/8927","targetHints":{"allow":["GET"]}}],"collection":[{"href":"https:\/\/www.focus.cat\/wp-json\/wp\/v2\/ex"}],"about":[{"href":"https:\/\/www.focus.cat\/wp-json\/wp\/v2\/types\/ex"}],"author":[{"embeddable":true,"href":"https:\/\/www.focus.cat\/wp-json\/wp\/v2\/users\/5"}],"replies":[{"embeddable":true,"href":"https:\/\/www.focus.cat\/wp-json\/wp\/v2\/comments?post=8927"}],"wp:attachment":[{"href":"https:\/\/www.focus.cat\/wp-json\/wp\/v2\/media?parent=8927"}],"wp:term":[{"taxonomy":"location","embeddable":true,"href":"https:\/\/www.focus.cat\/wp-json\/wp\/v2\/location?post=8927"}],"curies":[{"name":"wp","href":"https:\/\/api.w.org\/{rel}","templated":true}]}}