{"id":8933,"date":"2022-06-03T09:19:26","date_gmt":"2022-06-03T09:19:26","guid":{"rendered":"https:\/\/www.focus.cat\/ex\/eva-contra-eva\/"},"modified":"2025-01-14T15:36:05","modified_gmt":"2025-01-14T15:36:05","slug":"eva-contra-eva","status":"publish","type":"ex","link":"https:\/\/www.focus.cat\/en\/ex\/eva-contra-eva\/","title":{"rendered":"Eva contra Eva"},"content":{"rendered":"","protected":false},"excerpt":{"rendered":"","protected":false},"author":5,"featured_media":0,"comment_status":"closed","ping_status":"closed","template":"","location":[],"class_list":["post-8933","ex","type-ex","status-publish","hentry"],"acf":{"txt_synopsis":"<p><strong>Dues actrius de generacions diferents han d\u2019interpretar un mateix personatge.<\/strong><br \/><br \/>Eva contra Eva \u00e9s una com\u00e8dia inspirada en el cl\u00e0ssic All about Eve, de Joseph L. Mankiewicz. Dues actrius, de dues generacions ben diferenciades, han d\u2019interpretar un mateix personatge. En aquesta coincid\u00e8ncia topen dues maneres d\u2019entendre la vida i la professi\u00f3. L\u2019actriu m\u00e9s jove lluita per aconseguir l\u2019oportunitat de donar-se a con\u00e8ixer. L\u2019actriu m\u00e9s gran s\u2019esfor\u00e7a per no permetre que el pas dels anys la faci desapar\u00e8ixer dels escenaris. Per\u00f2 aix\u00f2 no les converteix necess\u00e0riament en enemigues, sin\u00f3 que tenen mirades complement\u00e0ries i poden aprendre l\u2019una de l\u2019altra, sense cap necessitat de destruir-se.&nbsp; Se n\u2019adonaran o acabaran devorant-se?<br \/><br \/>Els cinc personatges d'Eva contra Eva (el director, el cr\u00edtic, la representant i les dues actrius) fan servir el teatre per parlar de la vida i la vida per parlar del teatre. S\u2019entreguen a aquesta professi\u00f3 amb tanta intensitat i devoci\u00f3 que sovint perden la capacitat de riure\u2019s de si mateixos. I \u00e9s en l\u2019excessiva transcend\u00e8ncia que atorguen a les seves vulnerabilitats, que es converteixen en meres vanitats, on rau la com\u00e8dia. Shakespeare deia que l\u2019objectiu del teatre \u00e9s posar un mirall davant dels espectadors per poder-hi reflectir les virtuts i els defectes de cada \u00e8poca. Tant de bo al mirall que ofereix Eva contra Eva puguem veure algunes de les nostres imperfeccions contempor\u00e0nies amb un somriure a la cara.<\/p>\r\n<p><\/p>","main_buy_link":"","main_buy_links":"","show_language":"Espectacle en catal\u00e0","show_duration":"85","txt_genre":"COM\u00c8DIA","show_start_date":"20210902000000","show_end_date":"20211107000000","show_sort_date":"20210902000000","txt_custom_show_dates":"del 2 de septiembre al 7 de noviembre de 2021 ","txt_additional_info":"","txt_present":"","txt_season":"[\"2021\/22\"]","txt_cycle":"","txt_claim":"","txt_cast_excerpt":"","txt_cast":"<p>Adaptaci\u00f3&nbsp; i dramat\u00fargia: <strong>Pau Mir\u00f3<\/strong><br \/>Direcci\u00f3 <strong>S\u00edlvia Munt<\/strong><\/p>\r\n<p>Una producci\u00f3 de <strong>Bit\u00f2 i Focus<\/strong> <\/p>\r\n<p>Repartiment <strong>Emma Vilarasau, Nausicaa Bonn\u00edn, \u00c0lex Casanovas, Andreu Benito i M\u00edriam Alamany<\/strong><\/p>\r\n<p>Escenografia <strong>Enric Planas<br \/><\/strong>Vestuari <strong>M\u00edriam Compte \/ N\u00eddia Tusal<\/strong><br \/>Il\u00b7luminaci\u00f3 <strong>David Bofarull<\/strong><br \/>Creaci\u00f3&nbsp; i realitzaci\u00f3 de v\u00eddeo: <strong>Daniel Lacasa<\/strong> <br \/>Espai sonor <strong>Jordi Bonet<\/strong><br \/>Caracteritzaci\u00f3 <strong>Anna Rosillo<br \/><\/strong>Ajudant de direcci\u00f3 <strong>Tilda Espluga<\/strong><\/p>\r\n<p>Direcci\u00f3 de producci\u00f3 <strong>Josep Dom\u00e8nech<br \/><\/strong>Cap de producci\u00f3 <strong>Cl\u00e0udia Flores<\/strong><br \/>Producci\u00f3 executiva<strong> Macarena Garc\u00eda<br \/><\/strong>Ajudants de producci\u00f3 <strong>Marta Colell i Nunu Santal\u00f3<\/strong><br \/>Regidora <strong>Jana Morey<\/strong><\/p>\r\n<p><br \/>Ajudanta d\u2019escenografia:<strong> Merc\u00e8 Luchetti<\/strong><br \/>Piano: <strong>Jaume Vilaseca<\/strong><br \/>Disseny t\u00e8cnic de v\u00eddeo:<strong> Mart\u00edn Elena<\/strong><br \/>Confecci\u00f3 de vestuari: <strong>Taller Goretti Puente<\/strong><\/p>\r\n<p>Cap t\u00e8cnic del teatre <strong>Roger Mu\u00f1oz<br \/><\/strong>Construcci\u00f3 escenografia <strong>Jorba-Mir\u00f3 Taller d\u2019escenografia<\/strong><\/p>\r\n<p><br \/>Direcci\u00f3 t\u00e8cnica i t\u00e8cnic de llum: <strong>Ganecha Gil \/ Jordi Thom\u00e0s <\/strong><br \/>T\u00e8cnic de so: <strong>Efren Bellostes<br \/><\/strong>Maquin\u00e0ria: <strong>Andreu Mateu <\/strong><\/p>\r\n<p>Premsa <strong>Albert L\u00f3pez i Judit Hern\u00e1ndez<\/strong><br \/>M\u00e0rqueting i comunicaci\u00f3 <strong>Publispec<br \/><\/strong>Reportatge Fotogr\u00e0fic <strong>S\u00edlvia Poch<\/strong><\/p>","txt_reviews":"Santi Fondevila|Diari Ara|\u201cUna grand\u00edssima Emma Vilarasau\u201d\r\nJuan Carlos Olivares|LaVanguardia|\u201cS\u00edlvia Munt ent\u00e9n perfectament el laberint creat pel dramaturg i mou els int\u00e8rprets pels diferents registres sense temor de deixar-se portar pel clix\u00e9 (la paraula fetitxe del text) quan ho requereix l\u2019intricat joc teatral.\u201d \r\nSara Bandr\u00e9s|En el patio de butacas|\"\u2018Eva contra Eva\u2019 tiene luz, tiene humor, tiene talento, tiene car\u00e1cter\u2026 Tiene muchas cosas que la hacen especial\"","hashtag":"EvaContraEva","have_promo":"","slogan":"","id_exhibicio":1818,"id_versio":1385,"id_local":35,"txt_seo_desc":"Eva contra Eva al protagonitzat per Emma Vilarasau i Nausicaa Bonn\u00edn al Teatre Goya de Barcelona","data_images":"[{\"localizer\":\"V3SLIDE\",\"url\":\"media\/ftgalslide\/v3\/31511\/01_086_00050213\/eva-contra-eva-teatre-romea-barcelona-4.jpg\",\"thumb_url\":\"media\/ftgalslide\/v3\/31511\/01_086_00050213\/eva-contra-eva-teatre-romea-barcelona-4_thumb.jpg\",\"title\":\"Eva contra Eva - Teatre Romea\",\"description\":\"eva contra eva teatre romea barcelona\",\"copyright\":\"https:\/\/www.youtube.com\/watch?v=yAM11vazxCA&t=5s\",\"order\":1},{\"localizer\":\"V3SLIDE\",\"url\":\"media\/ftgalslide\/v3\/31512\/01_086_00050383\/eva-contra-eva-teatre-romea-barcelona-5.JPG\",\"thumb_url\":\"media\/ftgalslide\/v3\/31512\/01_086_00050383\/eva-contra-eva-teatre-romea-barcelona-5_thumb.jpg\",\"title\":\"Eva contra Eva - Teatre Romea\",\"description\":\"eva contra eva de silvia munt y con emma vilarasau al teatre romea de barcelona\",\"copyright\":\"\",\"order\":14},{\"localizer\":\"V3SLIDE\",\"url\":\"media\/ftgalslide\/v3\/31511\/01_086_00050216\/eva-contra-eva-teatre-romea-barcelona-3.jpg\",\"thumb_url\":\"media\/ftgalslide\/v3\/31511\/01_086_00050216\/eva-contra-eva-teatre-romea-barcelona-3_thumb.jpg\",\"title\":\"Eva contra Eva - Teatre Romea\",\"description\":\"eva contra eva teatre romea barcelona\",\"copyright\":\"\",\"order\":17},{\"localizer\":\"V3SLIDE\",\"url\":\"media\/ftgalslide\/v3\/31511\/01_086_00050217\/eva-contra-eva-teatre-romea-barcelona.jpg\",\"thumb_url\":\"media\/ftgalslide\/v3\/31511\/01_086_00050217\/eva-contra-eva-teatre-romea-barcelona_thumb.jpg\",\"title\":\"Eva contra Eva - Teatre Romea\",\"description\":\"eva contra eva teatre romea barcelona\",\"copyright\":\"\",\"order\":18},{\"localizer\":\"V3CARTELL\",\"url\":\"media\/ver\/cartell\/v3\/3157A\/01_085_00051433\/CARTELLWEB-eva-contra-eva-teatre-goya-barcelona.jpg\",\"thumb_url\":\"media\/ver\/cartell\/v3\/3157A\/01_085_00051433\/CARTELLWEB-eva-contra-eva-teatre-goya-barcelona_thumb.jpg\",\"title\":\"Eva contra Eva - Teatre Goya\",\"description\":\"eva contra eva al teatre goya de barcelona\",\"copyright\":\"\",\"order\":24},{\"localizer\":\"V2CARTELL\",\"url\":\"media\/ver\/cartell\/3157B\/01_079_00051536\/CARTELLWEB-eva-contra-eva-teatre-goya-barcelona.jpg\",\"thumb_url\":\"media\/ver\/cartell\/3157B\/01_079_00051536\/CARTELLWEB-eva-contra-eva-teatre-goya-barcelona_thumb.jpg\",\"title\":\"Eva contra Eva - Teatre Goya\",\"description\":\"eva contra eva\",\"copyright\":\"\",\"order\":25},{\"localizer\":\"V3PORTADAWIDE\",\"url\":\"media\/ver\/port\/v3wide\/3157E\/01_088_00051903\/0-eva-contra-eva-ultimes-funions-improrrogable-teatre-goya.jpg\",\"thumb_url\":\"media\/ver\/port\/v3wide\/3157E\/01_088_00051903\/0-eva-contra-eva-ultimes-funions-improrrogable-teatre-goya_thumb.jpg\",\"title\":\"Eva contra Eva - Teatre Goya \",\"description\":\"eva contra eva al teatre goya de barcelona\",\"copyright\":\"\",\"order\":27},{\"localizer\":\"V3PORTADA\",\"url\":\"media\/ver\/port\/v3\/3157E\/01_084_00051904\/1-eva-contra-eva-ultimes-funions-improrrogable-teatre-goya.jpg\",\"thumb_url\":\"media\/ver\/port\/v3\/3157E\/01_084_00051904\/1-eva-contra-eva-ultimes-funions-improrrogable-teatre-goya_thumb.jpg\",\"title\":\"Eva contra Eva - Teatre Goya\",\"description\":\"eva contra eva al teatre goya de barcelona\",\"copyright\":\"\",\"order\":28}]","material__texto_intro":"","data_material":null,"data_gallery":"","data_discounts":"[]","contract_is_open":false,"in_tour":false,"foreign_production":false,"tour_end_date":"00010101000000"},"yoast_head":"<!-- This site is optimized with the Yoast SEO plugin v27.5 - https:\/\/yoast.com\/product\/yoast-seo-wordpress\/ -->\n<title>Eva contra Eva - Focus<\/title>\n<meta name=\"robots\" content=\"index, follow, max-snippet:-1, max-image-preview:large, max-video-preview:-1\" \/>\n<link rel=\"canonical\" href=\"https:\/\/www.focus.cat\/ex\/eva-contra-eva\/\" \/>\n<meta property=\"og:locale\" content=\"ca_ES\" \/>\n<meta property=\"og:type\" content=\"article\" \/>\n<meta property=\"og:title\" content=\"Eva contra Eva - Focus\" \/>\n<meta property=\"og:url\" content=\"https:\/\/www.focus.cat\/en\/ex\/eva-contra-eva\/\" \/>\n<meta property=\"og:site_name\" content=\"Focus\" \/>\n<meta property=\"article:modified_time\" content=\"2025-01-14T15:36:05+00:00\" \/>\n<meta name=\"twitter:card\" content=\"summary_large_image\" \/>\n<script type=\"application\/ld+json\" class=\"yoast-schema-graph\">{\"@context\":\"https:\\\/\\\/schema.org\",\"@graph\":[{\"@type\":\"WebPage\",\"@id\":\"https:\\\/\\\/www.focus.cat\\\/en\\\/ex\\\/eva-contra-eva\\\/\",\"url\":\"https:\\\/\\\/www.focus.cat\\\/en\\\/ex\\\/eva-contra-eva\\\/\",\"name\":\"Eva contra Eva - Focus\",\"isPartOf\":{\"@id\":\"https:\\\/\\\/www.focus.cat\\\/#website\"},\"datePublished\":\"2022-06-03T09:19:26+00:00\",\"dateModified\":\"2025-01-14T15:36:05+00:00\",\"breadcrumb\":{\"@id\":\"https:\\\/\\\/www.focus.cat\\\/en\\\/ex\\\/eva-contra-eva\\\/#breadcrumb\"},\"inLanguage\":\"ca\",\"potentialAction\":[{\"@type\":\"ReadAction\",\"target\":[\"https:\\\/\\\/www.focus.cat\\\/en\\\/ex\\\/eva-contra-eva\\\/\"]}]},{\"@type\":\"BreadcrumbList\",\"@id\":\"https:\\\/\\\/www.focus.cat\\\/en\\\/ex\\\/eva-contra-eva\\\/#breadcrumb\",\"itemListElement\":[{\"@type\":\"ListItem\",\"position\":1,\"name\":\"Espectacles\",\"item\":\"https:\\\/\\\/www.focus.cat\\\/ex\\\/\"},{\"@type\":\"ListItem\",\"position\":2,\"name\":\"Eva contra Eva\"}]},{\"@type\":\"WebSite\",\"@id\":\"https:\\\/\\\/www.focus.cat\\\/#website\",\"url\":\"https:\\\/\\\/www.focus.cat\\\/\",\"name\":\"Focus\",\"description\":\"\",\"publisher\":{\"@id\":\"https:\\\/\\\/www.focus.cat\\\/#organization\"},\"potentialAction\":[{\"@type\":\"SearchAction\",\"target\":{\"@type\":\"EntryPoint\",\"urlTemplate\":\"https:\\\/\\\/www.focus.cat\\\/?s={search_term_string}\"},\"query-input\":{\"@type\":\"PropertyValueSpecification\",\"valueRequired\":true,\"valueName\":\"search_term_string\"}}],\"inLanguage\":\"ca\"},{\"@type\":\"Organization\",\"@id\":\"https:\\\/\\\/www.focus.cat\\\/#organization\",\"name\":\"Focus\",\"url\":\"https:\\\/\\\/www.focus.cat\\\/\",\"logo\":{\"@type\":\"ImageObject\",\"inLanguage\":\"ca\",\"@id\":\"https:\\\/\\\/www.focus.cat\\\/#\\\/schema\\\/logo\\\/image\\\/\",\"url\":\"https:\\\/\\\/www.focus.cat\\\/wp-content\\\/uploads\\\/2022\\\/01\\\/logo-focus-any-35.svg\",\"contentUrl\":\"https:\\\/\\\/www.focus.cat\\\/wp-content\\\/uploads\\\/2022\\\/01\\\/logo-focus-any-35.svg\",\"width\":1,\"height\":1,\"caption\":\"Focus\"},\"image\":{\"@id\":\"https:\\\/\\\/www.focus.cat\\\/#\\\/schema\\\/logo\\\/image\\\/\"}}]}<\/script>\n<!-- \/ Yoast SEO plugin. -->","yoast_head_json":{"title":"Eva contra Eva - Focus","robots":{"index":"index","follow":"follow","max-snippet":"max-snippet:-1","max-image-preview":"max-image-preview:large","max-video-preview":"max-video-preview:-1"},"canonical":"https:\/\/www.focus.cat\/ex\/eva-contra-eva\/","og_locale":"ca_ES","og_type":"article","og_title":"Eva contra Eva - Focus","og_url":"https:\/\/www.focus.cat\/en\/ex\/eva-contra-eva\/","og_site_name":"Focus","article_modified_time":"2025-01-14T15:36:05+00:00","twitter_card":"summary_large_image","schema":{"@context":"https:\/\/schema.org","@graph":[{"@type":"WebPage","@id":"https:\/\/www.focus.cat\/en\/ex\/eva-contra-eva\/","url":"https:\/\/www.focus.cat\/en\/ex\/eva-contra-eva\/","name":"Eva contra Eva - Focus","isPartOf":{"@id":"https:\/\/www.focus.cat\/#website"},"datePublished":"2022-06-03T09:19:26+00:00","dateModified":"2025-01-14T15:36:05+00:00","breadcrumb":{"@id":"https:\/\/www.focus.cat\/en\/ex\/eva-contra-eva\/#breadcrumb"},"inLanguage":"ca","potentialAction":[{"@type":"ReadAction","target":["https:\/\/www.focus.cat\/en\/ex\/eva-contra-eva\/"]}]},{"@type":"BreadcrumbList","@id":"https:\/\/www.focus.cat\/en\/ex\/eva-contra-eva\/#breadcrumb","itemListElement":[{"@type":"ListItem","position":1,"name":"Espectacles","item":"https:\/\/www.focus.cat\/ex\/"},{"@type":"ListItem","position":2,"name":"Eva contra Eva"}]},{"@type":"WebSite","@id":"https:\/\/www.focus.cat\/#website","url":"https:\/\/www.focus.cat\/","name":"Focus","description":"","publisher":{"@id":"https:\/\/www.focus.cat\/#organization"},"potentialAction":[{"@type":"SearchAction","target":{"@type":"EntryPoint","urlTemplate":"https:\/\/www.focus.cat\/?s={search_term_string}"},"query-input":{"@type":"PropertyValueSpecification","valueRequired":true,"valueName":"search_term_string"}}],"inLanguage":"ca"},{"@type":"Organization","@id":"https:\/\/www.focus.cat\/#organization","name":"Focus","url":"https:\/\/www.focus.cat\/","logo":{"@type":"ImageObject","inLanguage":"ca","@id":"https:\/\/www.focus.cat\/#\/schema\/logo\/image\/","url":"https:\/\/www.focus.cat\/wp-content\/uploads\/2022\/01\/logo-focus-any-35.svg","contentUrl":"https:\/\/www.focus.cat\/wp-content\/uploads\/2022\/01\/logo-focus-any-35.svg","width":1,"height":1,"caption":"Focus"},"image":{"@id":"https:\/\/www.focus.cat\/#\/schema\/logo\/image\/"}}]}},"translations":[{"id":8931,"locale":"ca"},{"id":8932,"locale":"es"},{"id":8933,"locale":"en"}],"_links":{"self":[{"href":"https:\/\/www.focus.cat\/wp-json\/wp\/v2\/ex\/8933","targetHints":{"allow":["GET"]}}],"collection":[{"href":"https:\/\/www.focus.cat\/wp-json\/wp\/v2\/ex"}],"about":[{"href":"https:\/\/www.focus.cat\/wp-json\/wp\/v2\/types\/ex"}],"author":[{"embeddable":true,"href":"https:\/\/www.focus.cat\/wp-json\/wp\/v2\/users\/5"}],"replies":[{"embeddable":true,"href":"https:\/\/www.focus.cat\/wp-json\/wp\/v2\/comments?post=8933"}],"wp:attachment":[{"href":"https:\/\/www.focus.cat\/wp-json\/wp\/v2\/media?parent=8933"}],"wp:term":[{"taxonomy":"location","embeddable":true,"href":"https:\/\/www.focus.cat\/wp-json\/wp\/v2\/location?post=8933"}],"curies":[{"name":"wp","href":"https:\/\/api.w.org\/{rel}","templated":true}]}}