{"version":"1.0","provider_name":"Focus","provider_url":"https:\/\/www.focus.cat\/es\/","title":"Finalitza La X\u00aa Edici\u00f3n de Mercartes - Focus","type":"rich","width":600,"height":338,"html":"<blockquote class=\"wp-embedded-content\" data-secret=\"1wfqq5J5X2\"><a href=\"https:\/\/www.focus.cat\/es\/finalitza-la-xa-edicion-de-mercartes\/\">Finalitza La X\u00aa Edici\u00f3n de Mercartes<\/a><\/blockquote><iframe sandbox=\"allow-scripts\" security=\"restricted\" src=\"https:\/\/www.focus.cat\/es\/finalitza-la-xa-edicion-de-mercartes\/embed\/#?secret=1wfqq5J5X2\" width=\"600\" height=\"338\" title=\"&#8220;Finalitza La X\u00aa Edici\u00f3n de Mercartes&#8221; &#8212; Focus\" data-secret=\"1wfqq5J5X2\" frameborder=\"0\" marginwidth=\"0\" marginheight=\"0\" scrolling=\"no\" class=\"wp-embedded-content\"><\/iframe><script type=\"text\/javascript\">\n\/* <![CDATA[ *\/\n\/*! This file is auto-generated *\/\n!function(d,l){\"use strict\";l.querySelector&&d.addEventListener&&\"undefined\"!=typeof URL&&(d.wp=d.wp||{},d.wp.receiveEmbedMessage||(d.wp.receiveEmbedMessage=function(e){var t=e.data;if((t||t.secret||t.message||t.value)&&!\/[^a-zA-Z0-9]\/.test(t.secret)){for(var s,r,n,a=l.querySelectorAll('iframe[data-secret=\"'+t.secret+'\"]'),o=l.querySelectorAll('blockquote[data-secret=\"'+t.secret+'\"]'),c=new RegExp(\"^https?:$\",\"i\"),i=0;i<o.length;i++)o[i].style.display=\"none\";for(i=0;i<a.length;i++)s=a[i],e.source===s.contentWindow&&(s.removeAttribute(\"style\"),\"height\"===t.message?(1e3<(r=parseInt(t.value,10))?r=1e3:~~r<200&&(r=200),s.height=r):\"link\"===t.message&&(r=new URL(s.getAttribute(\"src\")),n=new URL(t.value),c.test(n.protocol))&&n.host===r.host&&l.activeElement===s&&(d.top.location.href=t.value))}},d.addEventListener(\"message\",d.wp.receiveEmbedMessage,!1),l.addEventListener(\"DOMContentLoaded\",function(){for(var e,t,s=l.querySelectorAll(\"iframe.wp-embedded-content\"),r=0;r<s.length;r++)(t=(e=s[r]).getAttribute(\"data-secret\"))||(t=Math.random().toString(36).substring(2,12),e.src+=\"#?secret=\"+t,e.setAttribute(\"data-secret\",t)),e.contentWindow.postMessage({message:\"ready\",secret:t},\"*\")},!1)))}(window,document);\n\/\/# sourceURL=https:\/\/www.focus.cat\/wp-includes\/js\/wp-embed.min.js\n\/* ]]> *\/\n<\/script>\n","thumbnail_url":"https:\/\/www.focus.cat\/wp-content\/uploads\/2023\/11\/MicrosoftTeams-image-90.jpg","thumbnail_width":1600,"thumbnail_height":1067,"description":"Ha finalizado la X\u00aa edici\u00f3n de MERCARTES, que este a\u00f1o ha transcurrido entre el 7 y el 9 de noviembre de 2023 en la Feria de Valladolid. En esta nueva edici\u00f3n del Mercado de las Artes Esc\u00e9nicas, FOCUS ha tenido un papel protagonista. Isabel Vidal, directora general del Grupo Focus, particip\u00f3 en la feria como ... Llegeix m\u00e9s"}