{"id":15104,"date":"2024-01-02T09:22:03","date_gmt":"2024-01-02T09:22:03","guid":{"rendered":"https:\/\/www.focus.cat\/espectador\/bel-montoya\/"},"modified":"2024-01-09T12:09:32","modified_gmt":"2024-01-09T12:09:32","slug":"bel-montoya","status":"publish","type":"espectador","link":"https:\/\/www.focus.cat\/es\/espectador\/bel-montoya\/","title":{"rendered":"Bel Montoya"},"content":{"rendered":"<div class=\"row align-center x2\">\n<div class=\"shortcode_column columns large-8 small-12 medium-8   \">\n<p><em>\u00bfC\u00f3mo te autodefinir\u00edas como espectador\/a de teatro? \u00bfQu\u00e9 te gusta, qu\u00e9 no? \u00bfQu\u00e9 tipos de espect\u00e1culos te gustan? \u00bfQu\u00e9 &#8220;man\u00edas&#8221; tienes? \u00bfQu\u00e9 h\u00e1bitos? \u00bfCon qui\u00e9n acostumbras a ir?<\/em><br \/>\nSoy una teatroherida!!! Me gusta todo tipo de teatro\u2026 incluso los musicales que muchos amigos teatreros desprecian.<br \/>\nNo me gusta el teatro \u201ccomercial\u201d tipo Edu Soto o Baby Boom q priorizan el divertimento a la interpretaci\u00f3n.<br \/>\n\u00bfManias? Sigo de forma incondicional a algunos directores y\/o actores o actrices. Me encanta Shakespeare y menos los autores rusos.<br \/>\nHe visto varias versiones de una misma obra. Por ejemplo, Arte, interpretada por Flotats-Dar\u00edn-PereArquillu\u00e9\u2026igual he hecho con Hamlet\u2026<br \/>\nNo tengo inconveniente en comprar entradas pre-venta con meses de antelaci\u00f3n y reservarme fecha y espect\u00e1culo si vale la pena.<br \/>\nSuelo ir siempre acompa\u00f1ada. Antes con mi pareja y actualmente con alguna amiga o grupo de amigos teatreros, dependiendo de la obra.<\/p>\n<p><\/p><\/div>\n<div class=\"shortcode_column columns large-4 small-12 medium-4   \">\n<img decoding=\"async\" class=\"alignnone size-full wp-image-15184\" src=\"https:\/\/www.focus.cat\/wp-content\/uploads\/2024\/01\/TEATRE-CONDAL-Montoya-Isabel-02.png\" alt=\"\" width=\"156\" height=\"177\" srcset=\"https:\/\/www.focus.cat\/wp-content\/uploads\/2024\/01\/TEATRE-CONDAL-Montoya-Isabel-02.png 156w, https:\/\/www.focus.cat\/wp-content\/uploads\/2024\/01\/TEATRE-CONDAL-Montoya-Isabel-02-150x170.png 150w\" sizes=\"(max-width: 156px) 100vw, 156px\" \/><\/div>\n<div class=\"shortcode_column columns large-12 small-12 medium-12   \">\n<p><em>\u00bfQu\u00e9 otras actividades culturales, m\u00e1s all\u00e1 del teatro, practicas habitualmente?<\/em><br \/>\nCine y cineforum en Boliche, Gerona o Verdi, exposiciones, conciertos de jazz, cl\u00e1sica y \u00f3pera (si lo permite el presupuesto), y tambi\u00e9n rutas guiadas modernismo o similares; la \u00faltima fue en la Finca de la familia Viader en Cardedeu.<\/p>\n<p><em>\u00bfCu\u00e1l es el mejor recuerdo que tienes de un espect\u00e1culo del Teatre Condal?<\/em><br \/>\nHaber podido disfrutar del espect\u00e1culo La extra\u00f1a pareja con los padres y el musical de Ger\u00f3nimo Stilton junto a mi hija (que tiene una discapacidad y no le gusta el teatro).<\/p>\n<p><em>\u00bfY de los otros teatros de Focus (Teatro Romea, Teatro Goya, La Villarroel)?<\/em><br \/>\nRomea y Goya fueron los teatros de mis inicios cuando era universitaria. Del Romea destacar\u00eda el montaje Incendis, de Wajdi Mouawad; del Goya, Los Chicos de Historia y S\u00f3crates; de La Villarroel, Othelo, una versi\u00f3n de unos actores argentinos.<\/p>\n<p><em>\u00bfQu\u00e9 expectativas tienes de esta temporada del Teatro Condal? \u00bfQu\u00e9 destacar\u00edas de los espect\u00e1culos programados? \u00bfQu\u00e9 es lo que m\u00e1s te ha sorprendido? \u00bfQu\u00e9 es lo que m\u00e1s ganas tienes de ver?<\/em><br \/>\nDisfrutar de espect\u00e1culos que yo no habr\u00eda escogido por prejuicios o por desconocimiento\u2026 como Alan, Gordas, o Una luz t\u00edmida.<br \/>\nMe ha sorprendido que en el Teatre Condal se representen otras obras adem\u00e1s de musical o comedias.<\/p>\n<p><em>\u00bfCon qu\u00e9 3 valores asocias la experiencia de ir al Teatre Condal?<\/em><br \/>\nFamilia.<br \/>\nM\u00fasica.<br \/>\nDiversi\u00f3n.<\/p>\n<p><em>\u00bfCu\u00e1l es tu principal motivaci\u00f3n para ser miembro del Consejo de P\u00fablicos del Teatre Condal?<\/em><br \/>\nPoder compartir sensaciones y experiencias vividas yendo al teatro y participar en la programaci\u00f3n teatral.<\/p>\n<p><em>\u00bfPara qu\u00e9 crees que puede servir el Consejo de P\u00fablicos?<\/em><br \/>\nPara adecuar la oferta teatral a las expectativas del p\u00fablico actual, as\u00ed como a los cambios sociales.<\/p>\n<p><em>\u00bfQu\u00e9 crees que puedes aportar como miembro del Consejo de P\u00fablicos?<\/em><br \/>\nExperiencia, pasi\u00f3n por el teatro, conocimiento del colectivo single\/senior.<\/p>\n<p><\/p><\/div>\n<\/div>\n","protected":false},"featured_media":15186,"template":"","recinte":[46],"class_list":["post-15104","espectador","type-espectador","status-publish","has-post-thumbnail","hentry","recinte-teatre-condal"],"acf":[],"yoast_head":"<!-- This site is optimized with the Yoast SEO plugin v27.5 - https:\/\/yoast.com\/product\/yoast-seo-wordpress\/ -->\n<title>Bel Montoya - Focus<\/title>\n<meta name=\"robots\" content=\"index, follow, max-snippet:-1, max-image-preview:large, max-video-preview:-1\" \/>\n<link rel=\"canonical\" href=\"https:\/\/www.focus.cat\/espectador\/bel-montoya\/\" \/>\n<meta property=\"og:locale\" content=\"ca_ES\" \/>\n<meta property=\"og:type\" content=\"article\" \/>\n<meta property=\"og:title\" content=\"Bel Montoya - Focus\" \/>\n<meta property=\"og:url\" content=\"https:\/\/www.focus.cat\/es\/espectador\/bel-montoya\/\" \/>\n<meta property=\"og:site_name\" content=\"Focus\" \/>\n<meta property=\"article:modified_time\" content=\"2024-01-09T12:09:32+00:00\" \/>\n<meta property=\"og:image\" content=\"https:\/\/www.focus.cat\/wp-content\/uploads\/2024\/01\/TEATRE-CONDAL-Montoya-Isabel-02.png\" \/>\n\t<meta property=\"og:image:width\" content=\"156\" \/>\n\t<meta property=\"og:image:height\" content=\"177\" \/>\n\t<meta property=\"og:image:type\" content=\"image\/png\" \/>\n<meta name=\"twitter:card\" content=\"summary_large_image\" \/>\n<script type=\"application\/ld+json\" class=\"yoast-schema-graph\">{\"@context\":\"https:\\\/\\\/schema.org\",\"@graph\":[{\"@type\":\"WebPage\",\"@id\":\"https:\\\/\\\/www.focus.cat\\\/es\\\/espectador\\\/bel-montoya\\\/\",\"url\":\"https:\\\/\\\/www.focus.cat\\\/es\\\/espectador\\\/bel-montoya\\\/\",\"name\":\"Bel Montoya - Focus\",\"isPartOf\":{\"@id\":\"https:\\\/\\\/www.focus.cat\\\/#website\"},\"primaryImageOfPage\":{\"@id\":\"https:\\\/\\\/www.focus.cat\\\/es\\\/espectador\\\/bel-montoya\\\/#primaryimage\"},\"image\":{\"@id\":\"https:\\\/\\\/www.focus.cat\\\/es\\\/espectador\\\/bel-montoya\\\/#primaryimage\"},\"thumbnailUrl\":\"https:\\\/\\\/www.focus.cat\\\/wp-content\\\/uploads\\\/2024\\\/01\\\/TEATRE-CONDAL-Montoya-Isabel-02.png\",\"datePublished\":\"2024-01-02T09:22:03+00:00\",\"dateModified\":\"2024-01-09T12:09:32+00:00\",\"inLanguage\":\"ca\",\"potentialAction\":[{\"@type\":\"ReadAction\",\"target\":[\"https:\\\/\\\/www.focus.cat\\\/es\\\/espectador\\\/bel-montoya\\\/\"]}]},{\"@type\":\"ImageObject\",\"inLanguage\":\"ca\",\"@id\":\"https:\\\/\\\/www.focus.cat\\\/es\\\/espectador\\\/bel-montoya\\\/#primaryimage\",\"url\":\"https:\\\/\\\/www.focus.cat\\\/wp-content\\\/uploads\\\/2024\\\/01\\\/TEATRE-CONDAL-Montoya-Isabel-02.png\",\"contentUrl\":\"https:\\\/\\\/www.focus.cat\\\/wp-content\\\/uploads\\\/2024\\\/01\\\/TEATRE-CONDAL-Montoya-Isabel-02.png\",\"width\":156,\"height\":177},{\"@type\":\"WebSite\",\"@id\":\"https:\\\/\\\/www.focus.cat\\\/#website\",\"url\":\"https:\\\/\\\/www.focus.cat\\\/\",\"name\":\"Focus\",\"description\":\"\",\"publisher\":{\"@id\":\"https:\\\/\\\/www.focus.cat\\\/#organization\"},\"potentialAction\":[{\"@type\":\"SearchAction\",\"target\":{\"@type\":\"EntryPoint\",\"urlTemplate\":\"https:\\\/\\\/www.focus.cat\\\/?s={search_term_string}\"},\"query-input\":{\"@type\":\"PropertyValueSpecification\",\"valueRequired\":true,\"valueName\":\"search_term_string\"}}],\"inLanguage\":\"ca\"},{\"@type\":\"Organization\",\"@id\":\"https:\\\/\\\/www.focus.cat\\\/#organization\",\"name\":\"Focus\",\"url\":\"https:\\\/\\\/www.focus.cat\\\/\",\"logo\":{\"@type\":\"ImageObject\",\"inLanguage\":\"ca\",\"@id\":\"https:\\\/\\\/www.focus.cat\\\/#\\\/schema\\\/logo\\\/image\\\/\",\"url\":\"https:\\\/\\\/www.focus.cat\\\/wp-content\\\/uploads\\\/2022\\\/01\\\/logo-focus-any-35.svg\",\"contentUrl\":\"https:\\\/\\\/www.focus.cat\\\/wp-content\\\/uploads\\\/2022\\\/01\\\/logo-focus-any-35.svg\",\"width\":1,\"height\":1,\"caption\":\"Focus\"},\"image\":{\"@id\":\"https:\\\/\\\/www.focus.cat\\\/#\\\/schema\\\/logo\\\/image\\\/\"}}]}<\/script>\n<!-- \/ Yoast SEO plugin. -->","yoast_head_json":{"title":"Bel Montoya - Focus","robots":{"index":"index","follow":"follow","max-snippet":"max-snippet:-1","max-image-preview":"max-image-preview:large","max-video-preview":"max-video-preview:-1"},"canonical":"https:\/\/www.focus.cat\/espectador\/bel-montoya\/","og_locale":"ca_ES","og_type":"article","og_title":"Bel Montoya - Focus","og_url":"https:\/\/www.focus.cat\/es\/espectador\/bel-montoya\/","og_site_name":"Focus","article_modified_time":"2024-01-09T12:09:32+00:00","og_image":[{"width":156,"height":177,"url":"https:\/\/www.focus.cat\/wp-content\/uploads\/2024\/01\/TEATRE-CONDAL-Montoya-Isabel-02.png","type":"image\/png"}],"twitter_card":"summary_large_image","schema":{"@context":"https:\/\/schema.org","@graph":[{"@type":"WebPage","@id":"https:\/\/www.focus.cat\/es\/espectador\/bel-montoya\/","url":"https:\/\/www.focus.cat\/es\/espectador\/bel-montoya\/","name":"Bel Montoya - Focus","isPartOf":{"@id":"https:\/\/www.focus.cat\/#website"},"primaryImageOfPage":{"@id":"https:\/\/www.focus.cat\/es\/espectador\/bel-montoya\/#primaryimage"},"image":{"@id":"https:\/\/www.focus.cat\/es\/espectador\/bel-montoya\/#primaryimage"},"thumbnailUrl":"https:\/\/www.focus.cat\/wp-content\/uploads\/2024\/01\/TEATRE-CONDAL-Montoya-Isabel-02.png","datePublished":"2024-01-02T09:22:03+00:00","dateModified":"2024-01-09T12:09:32+00:00","inLanguage":"ca","potentialAction":[{"@type":"ReadAction","target":["https:\/\/www.focus.cat\/es\/espectador\/bel-montoya\/"]}]},{"@type":"ImageObject","inLanguage":"ca","@id":"https:\/\/www.focus.cat\/es\/espectador\/bel-montoya\/#primaryimage","url":"https:\/\/www.focus.cat\/wp-content\/uploads\/2024\/01\/TEATRE-CONDAL-Montoya-Isabel-02.png","contentUrl":"https:\/\/www.focus.cat\/wp-content\/uploads\/2024\/01\/TEATRE-CONDAL-Montoya-Isabel-02.png","width":156,"height":177},{"@type":"WebSite","@id":"https:\/\/www.focus.cat\/#website","url":"https:\/\/www.focus.cat\/","name":"Focus","description":"","publisher":{"@id":"https:\/\/www.focus.cat\/#organization"},"potentialAction":[{"@type":"SearchAction","target":{"@type":"EntryPoint","urlTemplate":"https:\/\/www.focus.cat\/?s={search_term_string}"},"query-input":{"@type":"PropertyValueSpecification","valueRequired":true,"valueName":"search_term_string"}}],"inLanguage":"ca"},{"@type":"Organization","@id":"https:\/\/www.focus.cat\/#organization","name":"Focus","url":"https:\/\/www.focus.cat\/","logo":{"@type":"ImageObject","inLanguage":"ca","@id":"https:\/\/www.focus.cat\/#\/schema\/logo\/image\/","url":"https:\/\/www.focus.cat\/wp-content\/uploads\/2022\/01\/logo-focus-any-35.svg","contentUrl":"https:\/\/www.focus.cat\/wp-content\/uploads\/2022\/01\/logo-focus-any-35.svg","width":1,"height":1,"caption":"Focus"},"image":{"@id":"https:\/\/www.focus.cat\/#\/schema\/logo\/image\/"}}]}},"_links":{"self":[{"href":"https:\/\/www.focus.cat\/wp-json\/wp\/v2\/espectador\/15104","targetHints":{"allow":["GET"]}}],"collection":[{"href":"https:\/\/www.focus.cat\/wp-json\/wp\/v2\/espectador"}],"about":[{"href":"https:\/\/www.focus.cat\/wp-json\/wp\/v2\/types\/espectador"}],"wp:featuredmedia":[{"embeddable":true,"href":"https:\/\/www.focus.cat\/wp-json\/wp\/v2\/media\/15186"}],"wp:attachment":[{"href":"https:\/\/www.focus.cat\/wp-json\/wp\/v2\/media?parent=15104"}],"wp:term":[{"taxonomy":"recinte","embeddable":true,"href":"https:\/\/www.focus.cat\/wp-json\/wp\/v2\/recinte?post=15104"}],"curies":[{"name":"wp","href":"https:\/\/api.w.org\/{rel}","templated":true}]}}