{"id":10713,"date":"2022-12-02T13:01:30","date_gmt":"2022-12-02T13:01:30","guid":{"rendered":"https:\/\/www.focus.cat\/ex\/els-tres-aniversaris\/"},"modified":"2022-12-22T16:04:14","modified_gmt":"2022-12-22T16:04:14","slug":"els-tres-aniversaris","status":"publish","type":"ex","link":"https:\/\/www.focus.cat\/es\/ex\/els-tres-aniversaris\/","title":{"rendered":"Els tres aniversaris"},"content":{"rendered":"","protected":false},"excerpt":{"rendered":"","protected":false},"author":5,"featured_media":0,"comment_status":"closed","ping_status":"closed","template":"","location":[],"class_list":["post-10713","ex","type-ex","status-publish","hentry"],"acf":{"txt_synopsis":"<p>Irina celebra su cumplea\u00f1os. Hab\u00eda planeado una gran fiesta con m\u00fasica, baile y muchos invitados. Pero Irina se aburre. Los pocos invitados que han venido est\u00e1n sentados en el suelo desganados y su hermano Andrei ha venido con una nueva pareja, embarazada.<br \/><br \/>Sus hermanas tampoco contribuyen mucho a que se extienda la alegr\u00eda: la Masha est\u00e1 atrapada en un matrimonio sin amor y flirtea con Georg, el \u00fanico amigo casado de Andrei. Olga es la \u00fanica de los cuatro que trabaja y debe financiar toda la familia. La herencia que dejaron sus padres fue desperdiciada hace tiempo y la casa familiar est\u00e1 muy deteriorada.<br \/><br \/>La fiesta de cumplea\u00f1os fracasa tambi\u00e9n los dos a\u00f1os siguientes a causa de un nuevo embarazo, una aventura amorosa, intentos de suicidio, deudas, falta de trabajo y perspectivas vitales. Y la solidaridad entre las tres hermanas se pone a prueba.<br \/><br \/>Los personajes de Kriecheldorf tienen una extrema capacidad anal\u00edtica, y esto les sumerge a\u00fan m\u00e1s en el dolor de saberse fracasados en lo personal y social, y de ver reflejado su propio fracaso en el del otro. La decadencia de la casa de los hermanos representa as\u00ed la exteriorizaci\u00f3n de este sentimiento de ruina y degradaci\u00f3n.<\/p>\r\n<p align=\"center\">&nbsp;<\/p>\r\n<p align=\"center\"><a href=\"http:\/\/bit.ly\/LaTemporada16-17-GrupFocus\"><strong>Consulta nuestra revista de La Temporada 2016-2017 con la programaci\u00f3n al detalle de todos los teatros del Grup Focus<\/strong><\/a>&nbsp;<\/p>","main_buy_link":"","main_buy_links":"","show_language":"","show_duration":"","txt_genre":"DRAM\u00c0TIC","show_start_date":"20170505000000","show_end_date":"20170611000000","show_sort_date":"20170505000000","txt_custom_show_dates":"del 5 de mayo al 11 de junio de 2017 ","txt_additional_info":"","txt_present":"","txt_season":"[\"2016\/17\"]","txt_cycle":"","txt_claim":"","txt_cast_excerpt":"","txt_cast":"<p><strong>Autor\u00eda:<\/strong> Rebekka Kricheldorf <br \/><strong>Traducci\u00f3n:<\/strong> Joan Negri\u00e9 <br \/><strong>Revisi\u00f3n texto:<\/strong> Montse Sard\u00e0 <br \/><strong>Direcci\u00f3n:<\/strong> Jordi Prat i Coll<\/p>\r\n<p><strong>Reparto: <br \/><\/strong>Anna Alarc\u00f3n (Masha) <br \/>Rosa Boladeras (Irina)<br \/>Miranda Gas (Janine)<br \/>Joan Negri\u00e9 (Andrei)<br \/>Vict\u00f2ria Pag\u00e8s (Olga)<br \/>Albert Triola (Georg)<\/p>\r\n<p><strong>Dise\u00f1o escenograf\u00eda:<\/strong> Enric Planas<br \/><strong>Dise\u00f1o de vestuario:<\/strong> Miriam Compte<br \/><strong>Dise\u00f1o de luces:<\/strong> David Bofarull<br \/><strong>Dise\u00f1o de sonido:<\/strong> Guillem Rodr\u00edguez i Joan Sol\u00e9 Mart\u00ed<br \/><strong>Dise\u00f1o gr\u00e1fico&nbsp;y fotograf\u00edas:<\/strong> Jordi Egea<br \/><strong>Confecci\u00f3n de vestuario:<\/strong> Nen\u00e9 Fern\u00e1ndez<br \/><strong>Ayud.de direcci\u00f3n&nbsp;y regidor\u00eda:<\/strong> Montse Tix\u00e9<\/p>\r\n<p><strong>Producci\u00f3n:<\/strong> Eloi lsern&nbsp;y Paloma Arza<br \/><strong>Prensa:<\/strong> Maria Bravo<br \/><strong>Jefe&nbsp;t\u00e9cnico:<\/strong> Ramon Beneito<\/p>\r\n<p><strong>Prensa La Villarroel:<\/strong> Marta Ferra&nbsp;y Anna Casasayas<br \/><strong>Marketing&nbsp;y comunicaci\u00f3n:<\/strong> Publispec<br \/><strong>Jefe&nbsp;t\u00e9cnico La Villarroel:<\/strong> Jaume Feixas<\/p>\r\n<p>Producci\u00f3n <strong>Sala Trono <\/strong>en coproducci\u00f3n&nbsp;con <strong>La Villarroel<\/strong>, <strong>Teatres de Tarragona<\/strong>, <strong>Teatre Bartrina de Reus<\/strong>&nbsp;y <strong>Teatres de Valls<\/strong>&nbsp;y la colaboraci\u00f3n <strong>Teatre de Salt<\/strong><br \/>Agradecimientos <strong>Nau lvanow, Sala Beckett, Xavi Buxeda, Cristina Repullo&nbsp;<\/strong>y <strong>Espai Dol\u00e7<\/strong><br \/><em><br \/><\/em><em>La traducci\u00f3n ha sido posible gracias al apoyo de Goethe-Institut Barcelona.<\/em><\/p>\r\n<p><strong>Edad recomendada:<\/strong> Mayores de&nbsp;7 a\u00f1os.*<\/p>\r\n<p><em>*Esta recomendaci\u00f3n no impide el acceso a la sala.<\/em><br \/><\/p>","txt_reviews":"","hashtag":"","have_promo":"","slogan":"","id_exhibicio":1357,"id_versio":1114,"id_local":4,"txt_seo_desc":"","data_images":"[{\"localizer\":\"V2CARTELL\",\"url\":\"media\/ver\/cartell\/313E7\/01_079_00040413\/3Aniv_Canal_405x579_Mar17.jpg\",\"thumb_url\":\"media\/ver\/cartell\/313E7\/01_079_00040413\/3Aniv_Canal_405x579_Mar17_thumb.jpg\",\"title\":\"Els tres aniversaris\",\"description\":\"Els tres aniversaris\",\"copyright\":\"\",\"order\":9},{\"localizer\":\"V2SLIDE\",\"url\":\"media\/ftgalslide\/313E7\/01_076_00040414\/3Aniv_Imatge_AR.jpg\",\"thumb_url\":\"media\/ftgalslide\/313E7\/01_076_00040414\/3Aniv_Imatge_AR_thumb.jpg\",\"title\":\"Els tres aniversaris\",\"description\":\"La Villarroel\",\"copyright\":\"\",\"order\":10},{\"localizer\":\"V2SLIDE\",\"url\":\"media\/ftgalslide\/313E7\/01_076_00040415\/DSC_0102_AR.jpg\",\"thumb_url\":\"media\/ftgalslide\/313E7\/01_076_00040415\/DSC_0102_AR_thumb.jpg\",\"title\":\"Els tres aniversaris\",\"description\":\"La Villarroel\",\"copyright\":\"\",\"order\":11},{\"localizer\":\"V2SLIDE\",\"url\":\"media\/ftgalslide\/313E7\/01_076_00040416\/DSC_0156_2_AR.jpg\",\"thumb_url\":\"media\/ftgalslide\/313E7\/01_076_00040416\/DSC_0156_2_AR_thumb.jpg\",\"title\":\"Els tres aniversaris\",\"description\":\"La Villarroel\",\"copyright\":\"\",\"order\":12},{\"localizer\":\"V2SLIDE\",\"url\":\"media\/ftgalslide\/313E7\/01_076_00040417\/DSC_0161_AR.jpg\",\"thumb_url\":\"media\/ftgalslide\/313E7\/01_076_00040417\/DSC_0161_AR_thumb.jpg\",\"title\":\"Els tres aniversaris\",\"description\":\"La Villarroel\",\"copyright\":\"\",\"order\":13},{\"localizer\":\"V2SLIDE\",\"url\":\"media\/ftgalslide\/313E7\/01_076_00040418\/DSC_0178_AR.jpg\",\"thumb_url\":\"media\/ftgalslide\/313E7\/01_076_00040418\/DSC_0178_AR_thumb.jpg\",\"title\":\"Els tres aniversaris\",\"description\":\"La Villarroel\",\"copyright\":\"\",\"order\":14},{\"localizer\":\"V2SLIDE\",\"url\":\"media\/ftgalslide\/313E7\/01_076_00040419\/DSC_0229_AR.jpg\",\"thumb_url\":\"media\/ftgalslide\/313E7\/01_076_00040419\/DSC_0229_AR_thumb.jpg\",\"title\":\"Els tres aniversaris\",\"description\":\"La Villarroel\",\"copyright\":\"\",\"order\":15},{\"localizer\":\"V2SLIDE\",\"url\":\"media\/ftgalslide\/313E7\/01_076_00040420\/DSC_0242_AR.jpg\",\"thumb_url\":\"media\/ftgalslide\/313E7\/01_076_00040420\/DSC_0242_AR_thumb.jpg\",\"title\":\"Els tres aniversaris\",\"description\":\"La Villarroel\",\"copyright\":\"\",\"order\":16},{\"localizer\":\"V2SLIDE\",\"url\":\"media\/ftgalslide\/313E7\/01_076_00040421\/DSC_0252_AR.jpg\",\"thumb_url\":\"media\/ftgalslide\/313E7\/01_076_00040421\/DSC_0252_AR_thumb.jpg\",\"title\":\"Les tres germanes\",\"description\":\"La Villarroel\",\"copyright\":\"\",\"order\":17},{\"localizer\":\"V2SLIDE\",\"url\":\"media\/ftgalslide\/313E7\/01_076_00040422\/DSC_0279_AR.jpg\",\"thumb_url\":\"media\/ftgalslide\/313E7\/01_076_00040422\/DSC_0279_AR_thumb.jpg\",\"title\":\"Els tres aniversaris\",\"description\":\"La Villarroel\",\"copyright\":\"\",\"order\":18},{\"localizer\":\"V2SLIDE\",\"url\":\"media\/ftgalslide\/313E7\/01_076_00040423\/DSC_0304_AR.jpg\",\"thumb_url\":\"media\/ftgalslide\/313E7\/01_076_00040423\/DSC_0304_AR_thumb.jpg\",\"title\":\"Els tres aniversaris\",\"description\":\"La Villarroel\",\"copyright\":\"\",\"order\":19},{\"localizer\":\"V2SLIDE\",\"url\":\"media\/ftgalslide\/313E7\/01_076_00040424\/DSC_0321_AR.jpg\",\"thumb_url\":\"media\/ftgalslide\/313E7\/01_076_00040424\/DSC_0321_AR_thumb.jpg\",\"title\":\"Els tres aniversaris\",\"description\":\"La Villarroel\",\"copyright\":\"\",\"order\":20},{\"localizer\":\"V2SLIDE\",\"url\":\"media\/ftgalslide\/313E7\/01_076_00040425\/DSC_0335_AR.jpg\",\"thumb_url\":\"media\/ftgalslide\/313E7\/01_076_00040425\/DSC_0335_AR_thumb.jpg\",\"title\":\"Els tres aniversaris\",\"description\":\"La Villarroel\",\"copyright\":\"\",\"order\":21},{\"localizer\":\"V2SLIDE\",\"url\":\"media\/ftgalslide\/313E7\/01_076_00040426\/DSC_0338_AR.jpg\",\"thumb_url\":\"media\/ftgalslide\/313E7\/01_076_00040426\/DSC_0338_AR_thumb.jpg\",\"title\":\"Els tres aniversaris\",\"description\":\"La Villarroel\",\"copyright\":\"\",\"order\":22},{\"localizer\":\"V2SLIDE\",\"url\":\"media\/ftgalslide\/313E7\/01_076_00040427\/DSC_0361_AR.jpg\",\"thumb_url\":\"media\/ftgalslide\/313E7\/01_076_00040427\/DSC_0361_AR_thumb.jpg\",\"title\":\"Els tres aniversaris\",\"description\":\"La Villarroel\",\"copyright\":\"\",\"order\":23},{\"localizer\":\"VERS_IMATGE_ESPECTACLE\",\"url\":\"media\/ftespect\/313E7\/01_020_00040445\/3AnivImatgeAR.jpg\",\"thumb_url\":\"media\/ftespect\/313E7\/01_020_00040445\/3AnivImatgeAR_thumb.jpg\",\"title\":\"Els tres aniversaris\",\"description\":\"Els tres aniversaris\",\"copyright\":\"\",\"order\":24},{\"localizer\":\"VERS_IMATGE_ESPECTACLE\",\"url\":\"media\/ftespect\/313E7\/01_020_00040446\/DSC_0102_AR.jpg\",\"thumb_url\":\"media\/ftespect\/313E7\/01_020_00040446\/DSC_0102_AR_thumb.jpg\",\"title\":\"Els tres aniversaris\",\"description\":\"Els tres aniversaris\",\"copyright\":\"\",\"order\":25},{\"localizer\":\"VERS_IMATGE_ESPECTACLE\",\"url\":\"media\/ftespect\/313E7\/01_020_00040447\/DSC_0156_2_AR.jpg\",\"thumb_url\":\"media\/ftespect\/313E7\/01_020_00040447\/DSC_0156_2_AR_thumb.jpg\",\"title\":\"Els tres aniversaris\",\"description\":\"Els tres aniversaris\",\"copyright\":\"\",\"order\":26},{\"localizer\":\"VERS_IMATGE_ESPECTACLE\",\"url\":\"media\/ftespect\/313E7\/01_020_00040448\/DSC_0161_AR.jpg\",\"thumb_url\":\"media\/ftespect\/313E7\/01_020_00040448\/DSC_0161_AR_thumb.jpg\",\"title\":\"Els tres aniversaris\",\"description\":\"Els tres aniversaris\",\"copyright\":\"\",\"order\":27},{\"localizer\":\"VERS_IMATGE_ESPECTACLE\",\"url\":\"media\/ftespect\/313E7\/01_020_00040449\/DSC_0178_AR.jpg\",\"thumb_url\":\"media\/ftespect\/313E7\/01_020_00040449\/DSC_0178_AR_thumb.jpg\",\"title\":\"Els tres aniversaris\",\"description\":\"Els tres aniversaris\",\"copyright\":\"\",\"order\":28},{\"localizer\":\"VERS_IMATGE_ESPECTACLE\",\"url\":\"media\/ftespect\/313E7\/01_020_00040450\/DSC_0229_AR.jpg\",\"thumb_url\":\"media\/ftespect\/313E7\/01_020_00040450\/DSC_0229_AR_thumb.jpg\",\"title\":\"Els tres aniversaris\",\"description\":\"Els tres aniversaris\",\"copyright\":\"\",\"order\":29},{\"localizer\":\"VERS_IMATGE_ESPECTACLE\",\"url\":\"media\/ftespect\/313E7\/01_020_00040451\/DSC_0242_AR.jpg\",\"thumb_url\":\"media\/ftespect\/313E7\/01_020_00040451\/DSC_0242_AR_thumb.jpg\",\"title\":\"Els tres aniversaris\",\"description\":\"Els tres aniversaris\",\"copyright\":\"\",\"order\":30},{\"localizer\":\"VERS_IMATGE_ESPECTACLE\",\"url\":\"media\/ftespect\/313E7\/01_020_00040452\/DSC_0252_AR.jpg\",\"thumb_url\":\"media\/ftespect\/313E7\/01_020_00040452\/DSC_0252_AR_thumb.jpg\",\"title\":\"Els tres aniversaris\",\"description\":\"Els tres aniversaris\",\"copyright\":\"\",\"order\":31},{\"localizer\":\"VERS_IMATGE_ESPECTACLE\",\"url\":\"media\/ftespect\/313E7\/01_020_00040453\/DSC_0279AR.jpg\",\"thumb_url\":\"media\/ftespect\/313E7\/01_020_00040453\/DSC_0279AR_thumb.jpg\",\"title\":\"Els tres aniversaris\",\"description\":\"Els tres aniversaris\",\"copyright\":\"\",\"order\":32},{\"localizer\":\"VERS_IMATGE_ESPECTACLE\",\"url\":\"media\/ftespect\/313E7\/01_020_00040454\/DSC_0304_AR.jpg\",\"thumb_url\":\"media\/ftespect\/313E7\/01_020_00040454\/DSC_0304_AR_thumb.jpg\",\"title\":\"Els tres aniversaris\",\"description\":\"Els tres aniversaris\",\"copyright\":\"\",\"order\":33},{\"localizer\":\"VERS_IMATGE_ESPECTACLE\",\"url\":\"media\/ftespect\/313E7\/01_020_00040455\/DSC_0321_AR.jpg\",\"thumb_url\":\"media\/ftespect\/313E7\/01_020_00040455\/DSC_0321_AR_thumb.jpg\",\"title\":\"Els tres aniversaris\",\"description\":\"Els tres aniversaris\",\"copyright\":\"\",\"order\":34},{\"localizer\":\"VERS_IMATGE_ESPECTACLE\",\"url\":\"media\/ftespect\/313E7\/01_020_00040456\/DSC_0335_AR.jpg\",\"thumb_url\":\"media\/ftespect\/313E7\/01_020_00040456\/DSC_0335_AR_thumb.jpg\",\"title\":\"Els tres aniversaris\",\"description\":\"Els tres aniversaris\",\"copyright\":\"\",\"order\":35},{\"localizer\":\"VERS_IMATGE_ESPECTACLE\",\"url\":\"media\/ftespect\/313E7\/01_020_00040457\/DSC_0338_AR.jpg\",\"thumb_url\":\"media\/ftespect\/313E7\/01_020_00040457\/DSC_0338_AR_thumb.jpg\",\"title\":\"Els tres aniversaris\",\"description\":\"Els tres aniversaris\",\"copyright\":\"\",\"order\":36},{\"localizer\":\"VERS_IMATGE_ESPECTACLE\",\"url\":\"media\/ftespect\/313E7\/01_020_00040458\/DSC_0361_AR.jpg\",\"thumb_url\":\"media\/ftespect\/313E7\/01_020_00040458\/DSC_0361_AR_thumb.jpg\",\"title\":\"Els tres aniversaris\",\"description\":\"Els tres aniversaris\",\"copyright\":\"\",\"order\":37},{\"localizer\":\"V2SLIDE\",\"url\":\"media\/ftgalslide\/313E9\/01_076_00040925\/DSC_0074_MR.jpg\",\"thumb_url\":\"media\/ftgalslide\/313E9\/01_076_00040925\/DSC_0074_MR_thumb.jpg\",\"title\":\"Els tres aniversaris\",\"description\":\"La Villarroel\",\"copyright\":\"\",\"order\":38},{\"localizer\":\"V2SLIDE\",\"url\":\"media\/ftgalslide\/313E9\/01_076_00040926\/DSC_0104_MR.jpg\",\"thumb_url\":\"media\/ftgalslide\/313E9\/01_076_00040926\/DSC_0104_MR_thumb.jpg\",\"title\":\"Els tres aniversaris\",\"description\":\"La Villarroel\",\"copyright\":\"\",\"order\":39},{\"localizer\":\"V2SLIDE\",\"url\":\"media\/ftgalslide\/313E9\/01_076_00040927\/DSC_0392_MR.jpg\",\"thumb_url\":\"media\/ftgalslide\/313E9\/01_076_00040927\/DSC_0392_MR_thumb.jpg\",\"title\":\"Els tres aniversaris\",\"description\":\"La Villarroel\",\"copyright\":\"\",\"order\":40},{\"localizer\":\"V2SLIDE\",\"url\":\"media\/ftgalslide\/313E9\/01_076_00040928\/DSC_0402_MR.jpg\",\"thumb_url\":\"media\/ftgalslide\/313E9\/01_076_00040928\/DSC_0402_MR_thumb.jpg\",\"title\":\"Els tres aniversaris\",\"description\":\"La Villarroel\",\"copyright\":\"\",\"order\":41},{\"localizer\":\"V2SLIDE\",\"url\":\"media\/ftgalslide\/313E9\/01_076_00040929\/DSC_0504_MR.jpg\",\"thumb_url\":\"media\/ftgalslide\/313E9\/01_076_00040929\/DSC_0504_MR_thumb.jpg\",\"title\":\"Els tres aniversaris\",\"description\":\"La Villarroel\",\"copyright\":\"\",\"order\":42},{\"localizer\":\"V2SLIDE\",\"url\":\"media\/ftgalslide\/313E9\/01_076_00040930\/DSC_0576_MR.jpg\",\"thumb_url\":\"media\/ftgalslide\/313E9\/01_076_00040930\/DSC_0576_MR_thumb.jpg\",\"title\":\"Els tres aniversaris\",\"description\":\"La Villarroel\",\"copyright\":\"\",\"order\":43},{\"localizer\":\"V2SLIDE\",\"url\":\"media\/ftgalslide\/313E9\/01_076_00040931\/DSC_0748_MR.jpg\",\"thumb_url\":\"media\/ftgalslide\/313E9\/01_076_00040931\/DSC_0748_MR_thumb.jpg\",\"title\":\"Els tres aniversaris\",\"description\":\"La Villarroel\",\"copyright\":\"\",\"order\":44},{\"localizer\":\"V2SLIDE\",\"url\":\"media\/ftgalslide\/313E9\/01_076_00040932\/DSC_0882_MR.jpg\",\"thumb_url\":\"media\/ftgalslide\/313E9\/01_076_00040932\/DSC_0882_MR_thumb.jpg\",\"title\":\"Els tres aniversaris\",\"description\":\"La Villarroel\",\"copyright\":\"\",\"order\":45},{\"localizer\":\"V2SLIDE\",\"url\":\"media\/ftgalslide\/313E9\/01_076_00040933\/DSC_0945_MR.jpg\",\"thumb_url\":\"media\/ftgalslide\/313E9\/01_076_00040933\/DSC_0945_MR_thumb.jpg\",\"title\":\"Els tres aniversaris\",\"description\":\"La Villarroel\",\"copyright\":\"\",\"order\":46},{\"localizer\":\"V2SLIDE\",\"url\":\"media\/ftgalslide\/313E9\/01_076_00040934\/DSC_0063_MR.jpg\",\"thumb_url\":\"media\/ftgalslide\/313E9\/01_076_00040934\/DSC_0063_MR_thumb.jpg\",\"title\":\"Els tres aniversaris\",\"description\":\"La Villarroel\",\"copyright\":\"\",\"order\":47},{\"localizer\":\"VERS_IMATGE_ESPECTACLE\",\"url\":\"media\/ftespect\/313E9\/01_020_00040935\/DSC_0063_MR.jpg\",\"thumb_url\":\"media\/ftespect\/313E9\/01_020_00040935\/DSC_0063_MR_thumb.jpg\",\"title\":\"Els tres aniversaris\",\"description\":\"Els tres aniversaris\",\"copyright\":\"\",\"order\":48},{\"localizer\":\"VERS_IMATGE_ESPECTACLE\",\"url\":\"media\/ftespect\/313E9\/01_020_00040936\/DSC_0074_MR.jpg\",\"thumb_url\":\"media\/ftespect\/313E9\/01_020_00040936\/DSC_0074_MR_thumb.jpg\",\"title\":\"Els tres aniversaris\",\"description\":\"Els tres aniversaris\",\"copyright\":\"\",\"order\":49},{\"localizer\":\"VERS_IMATGE_ESPECTACLE\",\"url\":\"media\/ftespect\/313E9\/01_020_00040937\/DSC_0104_MR.jpg\",\"thumb_url\":\"media\/ftespect\/313E9\/01_020_00040937\/DSC_0104_MR_thumb.jpg\",\"title\":\"Els tres aniversaris\",\"description\":\"Els tres aniversaris\",\"copyright\":\"\",\"order\":50},{\"localizer\":\"VERS_IMATGE_ESPECTACLE\",\"url\":\"media\/ftespect\/313E9\/01_020_00040938\/DSC_0323_MR.jpg\",\"thumb_url\":\"media\/ftespect\/313E9\/01_020_00040938\/DSC_0323_MR_thumb.jpg\",\"title\":\"Els tres aniversaris\",\"description\":\"Els tres aniversaris\",\"copyright\":\"\",\"order\":51},{\"localizer\":\"VERS_IMATGE_ESPECTACLE\",\"url\":\"media\/ftespect\/313E9\/01_020_00040939\/DSC_0375_MR.jpg\",\"thumb_url\":\"media\/ftespect\/313E9\/01_020_00040939\/DSC_0375_MR_thumb.jpg\",\"title\":\"Els tres aniversaris\",\"description\":\"Els tres aniversaris\",\"copyright\":\"\",\"order\":52},{\"localizer\":\"VERS_IMATGE_ESPECTACLE\",\"url\":\"media\/ftespect\/313E9\/01_020_00040940\/DSC_0392_MR.jpg\",\"thumb_url\":\"media\/ftespect\/313E9\/01_020_00040940\/DSC_0392_MR_thumb.jpg\",\"title\":\"Els tres aniversaris\",\"description\":\"Els tres aniversaris\",\"copyright\":\"\",\"order\":53},{\"localizer\":\"VERS_IMATGE_ESPECTACLE\",\"url\":\"media\/ftespect\/313E9\/01_020_00040941\/DSC_0402_MR.jpg\",\"thumb_url\":\"media\/ftespect\/313E9\/01_020_00040941\/DSC_0402_MR_thumb.jpg\",\"title\":\"Els tres aniversaris\",\"description\":\"Els tres aniversaris\",\"copyright\":\"\",\"order\":54},{\"localizer\":\"VERS_IMATGE_ESPECTACLE\",\"url\":\"media\/ftespect\/313E9\/01_020_00040942\/DSC_0504_MR.jpg\",\"thumb_url\":\"media\/ftespect\/313E9\/01_020_00040942\/DSC_0504_MR_thumb.jpg\",\"title\":\"Els tres aniversaris\",\"description\":\"Els tres aniversaris\",\"copyright\":\"\",\"order\":55},{\"localizer\":\"VERS_IMATGE_ESPECTACLE\",\"url\":\"media\/ftespect\/313E9\/01_020_00040943\/DSC_0532_MR.jpg\",\"thumb_url\":\"media\/ftespect\/313E9\/01_020_00040943\/DSC_0532_MR_thumb.jpg\",\"title\":\"Els tres aniversaris\",\"description\":\"Els tres aniversaris\",\"copyright\":\"\",\"order\":56},{\"localizer\":\"VERS_IMATGE_ESPECTACLE\",\"url\":\"media\/ftespect\/313E9\/01_020_00040944\/DSC_0576_MR.jpg\",\"thumb_url\":\"media\/ftespect\/313E9\/01_020_00040944\/DSC_0576_MR_thumb.jpg\",\"title\":\"Els tres aniversaris\",\"description\":\"Els tres aniversaris\",\"copyright\":\"\",\"order\":57},{\"localizer\":\"VERS_IMATGE_ESPECTACLE\",\"url\":\"media\/ftespect\/313E9\/01_020_00040945\/DSC_0576_MR.jpg\",\"thumb_url\":\"media\/ftespect\/313E9\/01_020_00040945\/DSC_0576_MR_thumb.jpg\",\"title\":\"Els tres aniversaris\",\"description\":\"Els tres aniversaris\",\"copyright\":\"\",\"order\":58},{\"localizer\":\"VERS_IMATGE_ESPECTACLE\",\"url\":\"media\/ftespect\/313E9\/01_020_00040946\/DSC_0748_MR.jpg\",\"thumb_url\":\"media\/ftespect\/313E9\/01_020_00040946\/DSC_0748_MR_thumb.jpg\",\"title\":\"Els tres aniversaris\",\"description\":\"Els tres aniversaris\",\"copyright\":\"\",\"order\":59},{\"localizer\":\"VERS_IMATGE_ESPECTACLE\",\"url\":\"media\/ftespect\/313E9\/01_020_00040947\/DSC_0804_MR.jpg\",\"thumb_url\":\"media\/ftespect\/313E9\/01_020_00040947\/DSC_0804_MR_thumb.jpg\",\"title\":\"Els tres aniversaris\",\"description\":\"Els tres aniversaris\",\"copyright\":\"\",\"order\":60},{\"localizer\":\"VERS_IMATGE_ESPECTACLE\",\"url\":\"media\/ftespect\/313E9\/01_020_00040948\/DSC_0882_MR.jpg\",\"thumb_url\":\"media\/ftespect\/313E9\/01_020_00040948\/DSC_0882_MR_thumb.jpg\",\"title\":\"Els tres aniversaris\",\"description\":\"Els tres aniversaris\",\"copyright\":\"\",\"order\":61},{\"localizer\":\"VERS_IMATGE_ESPECTACLE\",\"url\":\"media\/ftespect\/313E9\/01_020_00040949\/DSC_0945_MR.jpg\",\"thumb_url\":\"media\/ftespect\/313E9\/01_020_00040949\/DSC_0945_MR_thumb.jpg\",\"title\":\"Els tres aniversaris\",\"description\":\"Els tres aniversaris\",\"copyright\":\"\",\"order\":62},{\"localizer\":\"VERS_IMATGE_ESPECTACLE\",\"url\":\"media\/ftespect\/313E9\/01_020_00040950\/DSC_0955_MR.jpg\",\"thumb_url\":\"media\/ftespect\/313E9\/01_020_00040950\/DSC_0955_MR_thumb.jpg\",\"title\":\"Els tres aniversaris\",\"description\":\"Els tres aniversaris\",\"copyright\":\"\",\"order\":63},{\"localizer\":\"V2PORTADA\",\"url\":\"media\/ver\/port\/313E9\/01_078_00040952\/3Aniv581x327May17_critiques.png\",\"thumb_url\":\"media\/ver\/port\/313E9\/01_078_00040952\/3Aniv581x327May17_critiques_thumb.jpg\",\"title\":\"Els tres aniversaris\",\"description\":\"Els tres aniversaris\",\"copyright\":\"\",\"order\":64},{\"localizer\":\"V3CARTELL\",\"url\":\"media\/ver\/cartell\/v3\/315E4\/01_085_00055246\/MicrosoftTeams-image_(2).png\",\"thumb_url\":\"media\/ver\/cartell\/v3\/315E4\/01_085_00055246\/MicrosoftTeams-image_(2)_thumb.jpg\",\"title\":\"Els tres aniversaris\",\"description\":\"els tres aniversaris\",\"copyright\":\"\",\"order\":65}]","material__texto_intro":"","data_material":null,"data_gallery":"","data_discounts":"[{\"InfoAddicional\":\"<p><strong>Descuentos para grupos y escuelas<br \/><\/strong><\/p>\",\"Url\":\"https:\/\/www.promentrada.com\/es\/product\/{#CODI#}\",\"Codi\":\"VILL47\",\"LogoUrl\":\"media\/fimage\/31389\/01_005_00038530\/logo_prome_nuevo_v_web.jpg\",\"TitolBoto\":\"Descuentos para grupos y escuelas\",\"Type\":\"discount\"},{\"InfoAddicional\":\"<p><strong>Descuentos para particulares<br \/><\/strong><\/p>\",\"Url\":\"vip.promentrada.com\/es\/product\/{#CODI#}\",\"Codi\":\"VILL47\",\"LogoUrl\":\"media\/fimage\/31389\/01_005_00038559\/logo_prome_vip_v_web.jpg\",\"TitolBoto\":\"Descuentos para particulares\",\"Type\":\"discount\"}]","contract_is_open":false,"in_tour":false,"foreign_production":false,"tour_end_date":"00010101000000"},"yoast_head":"<!-- This site is optimized with the Yoast SEO plugin v27.5 - https:\/\/yoast.com\/product\/yoast-seo-wordpress\/ -->\n<title>Els tres aniversaris - Focus<\/title>\n<meta name=\"robots\" content=\"index, follow, max-snippet:-1, max-image-preview:large, max-video-preview:-1\" \/>\n<link rel=\"canonical\" href=\"https:\/\/www.focus.cat\/ex\/els-tres-aniversaris\/\" \/>\n<meta property=\"og:locale\" content=\"ca_ES\" \/>\n<meta property=\"og:type\" content=\"article\" \/>\n<meta property=\"og:title\" content=\"Els tres aniversaris - Focus\" \/>\n<meta property=\"og:url\" content=\"https:\/\/www.focus.cat\/es\/ex\/els-tres-aniversaris\/\" \/>\n<meta property=\"og:site_name\" content=\"Focus\" \/>\n<meta property=\"article:modified_time\" content=\"2022-12-22T16:04:14+00:00\" \/>\n<meta name=\"twitter:card\" content=\"summary_large_image\" \/>\n<script type=\"application\/ld+json\" class=\"yoast-schema-graph\">{\"@context\":\"https:\\\/\\\/schema.org\",\"@graph\":[{\"@type\":\"WebPage\",\"@id\":\"https:\\\/\\\/www.focus.cat\\\/es\\\/ex\\\/els-tres-aniversaris\\\/\",\"url\":\"https:\\\/\\\/www.focus.cat\\\/es\\\/ex\\\/els-tres-aniversaris\\\/\",\"name\":\"Els tres aniversaris - Focus\",\"isPartOf\":{\"@id\":\"https:\\\/\\\/www.focus.cat\\\/#website\"},\"datePublished\":\"2022-12-02T13:01:30+00:00\",\"dateModified\":\"2022-12-22T16:04:14+00:00\",\"breadcrumb\":{\"@id\":\"https:\\\/\\\/www.focus.cat\\\/es\\\/ex\\\/els-tres-aniversaris\\\/#breadcrumb\"},\"inLanguage\":\"ca\",\"potentialAction\":[{\"@type\":\"ReadAction\",\"target\":[\"https:\\\/\\\/www.focus.cat\\\/es\\\/ex\\\/els-tres-aniversaris\\\/\"]}]},{\"@type\":\"BreadcrumbList\",\"@id\":\"https:\\\/\\\/www.focus.cat\\\/es\\\/ex\\\/els-tres-aniversaris\\\/#breadcrumb\",\"itemListElement\":[{\"@type\":\"ListItem\",\"position\":1,\"name\":\"Espectacles\",\"item\":\"https:\\\/\\\/www.focus.cat\\\/ex\\\/\"},{\"@type\":\"ListItem\",\"position\":2,\"name\":\"Els tres aniversaris\"}]},{\"@type\":\"WebSite\",\"@id\":\"https:\\\/\\\/www.focus.cat\\\/#website\",\"url\":\"https:\\\/\\\/www.focus.cat\\\/\",\"name\":\"Focus\",\"description\":\"\",\"publisher\":{\"@id\":\"https:\\\/\\\/www.focus.cat\\\/#organization\"},\"potentialAction\":[{\"@type\":\"SearchAction\",\"target\":{\"@type\":\"EntryPoint\",\"urlTemplate\":\"https:\\\/\\\/www.focus.cat\\\/?s={search_term_string}\"},\"query-input\":{\"@type\":\"PropertyValueSpecification\",\"valueRequired\":true,\"valueName\":\"search_term_string\"}}],\"inLanguage\":\"ca\"},{\"@type\":\"Organization\",\"@id\":\"https:\\\/\\\/www.focus.cat\\\/#organization\",\"name\":\"Focus\",\"url\":\"https:\\\/\\\/www.focus.cat\\\/\",\"logo\":{\"@type\":\"ImageObject\",\"inLanguage\":\"ca\",\"@id\":\"https:\\\/\\\/www.focus.cat\\\/#\\\/schema\\\/logo\\\/image\\\/\",\"url\":\"https:\\\/\\\/www.focus.cat\\\/wp-content\\\/uploads\\\/2022\\\/01\\\/logo-focus-any-35.svg\",\"contentUrl\":\"https:\\\/\\\/www.focus.cat\\\/wp-content\\\/uploads\\\/2022\\\/01\\\/logo-focus-any-35.svg\",\"width\":1,\"height\":1,\"caption\":\"Focus\"},\"image\":{\"@id\":\"https:\\\/\\\/www.focus.cat\\\/#\\\/schema\\\/logo\\\/image\\\/\"}}]}<\/script>\n<!-- \/ Yoast SEO plugin. -->","yoast_head_json":{"title":"Els tres aniversaris - Focus","robots":{"index":"index","follow":"follow","max-snippet":"max-snippet:-1","max-image-preview":"max-image-preview:large","max-video-preview":"max-video-preview:-1"},"canonical":"https:\/\/www.focus.cat\/ex\/els-tres-aniversaris\/","og_locale":"ca_ES","og_type":"article","og_title":"Els tres aniversaris - Focus","og_url":"https:\/\/www.focus.cat\/es\/ex\/els-tres-aniversaris\/","og_site_name":"Focus","article_modified_time":"2022-12-22T16:04:14+00:00","twitter_card":"summary_large_image","schema":{"@context":"https:\/\/schema.org","@graph":[{"@type":"WebPage","@id":"https:\/\/www.focus.cat\/es\/ex\/els-tres-aniversaris\/","url":"https:\/\/www.focus.cat\/es\/ex\/els-tres-aniversaris\/","name":"Els tres aniversaris - Focus","isPartOf":{"@id":"https:\/\/www.focus.cat\/#website"},"datePublished":"2022-12-02T13:01:30+00:00","dateModified":"2022-12-22T16:04:14+00:00","breadcrumb":{"@id":"https:\/\/www.focus.cat\/es\/ex\/els-tres-aniversaris\/#breadcrumb"},"inLanguage":"ca","potentialAction":[{"@type":"ReadAction","target":["https:\/\/www.focus.cat\/es\/ex\/els-tres-aniversaris\/"]}]},{"@type":"BreadcrumbList","@id":"https:\/\/www.focus.cat\/es\/ex\/els-tres-aniversaris\/#breadcrumb","itemListElement":[{"@type":"ListItem","position":1,"name":"Espectacles","item":"https:\/\/www.focus.cat\/ex\/"},{"@type":"ListItem","position":2,"name":"Els tres aniversaris"}]},{"@type":"WebSite","@id":"https:\/\/www.focus.cat\/#website","url":"https:\/\/www.focus.cat\/","name":"Focus","description":"","publisher":{"@id":"https:\/\/www.focus.cat\/#organization"},"potentialAction":[{"@type":"SearchAction","target":{"@type":"EntryPoint","urlTemplate":"https:\/\/www.focus.cat\/?s={search_term_string}"},"query-input":{"@type":"PropertyValueSpecification","valueRequired":true,"valueName":"search_term_string"}}],"inLanguage":"ca"},{"@type":"Organization","@id":"https:\/\/www.focus.cat\/#organization","name":"Focus","url":"https:\/\/www.focus.cat\/","logo":{"@type":"ImageObject","inLanguage":"ca","@id":"https:\/\/www.focus.cat\/#\/schema\/logo\/image\/","url":"https:\/\/www.focus.cat\/wp-content\/uploads\/2022\/01\/logo-focus-any-35.svg","contentUrl":"https:\/\/www.focus.cat\/wp-content\/uploads\/2022\/01\/logo-focus-any-35.svg","width":1,"height":1,"caption":"Focus"},"image":{"@id":"https:\/\/www.focus.cat\/#\/schema\/logo\/image\/"}}]}},"translations":[{"id":10712,"locale":"ca"},{"id":10713,"locale":"es"},{"id":10714,"locale":"en"}],"_links":{"self":[{"href":"https:\/\/www.focus.cat\/wp-json\/wp\/v2\/ex\/10713","targetHints":{"allow":["GET"]}}],"collection":[{"href":"https:\/\/www.focus.cat\/wp-json\/wp\/v2\/ex"}],"about":[{"href":"https:\/\/www.focus.cat\/wp-json\/wp\/v2\/types\/ex"}],"author":[{"embeddable":true,"href":"https:\/\/www.focus.cat\/wp-json\/wp\/v2\/users\/5"}],"replies":[{"embeddable":true,"href":"https:\/\/www.focus.cat\/wp-json\/wp\/v2\/comments?post=10713"}],"wp:attachment":[{"href":"https:\/\/www.focus.cat\/wp-json\/wp\/v2\/media?parent=10713"}],"wp:term":[{"taxonomy":"location","embeddable":true,"href":"https:\/\/www.focus.cat\/wp-json\/wp\/v2\/location?post=10713"}],"curies":[{"name":"wp","href":"https:\/\/api.w.org\/{rel}","templated":true}]}}