{"id":10904,"date":"2022-12-21T12:52:18","date_gmt":"2022-12-21T12:52:18","guid":{"rendered":"https:\/\/www.focus.cat\/ex\/lhabitacio-del-costat-the-vibrator-play\/"},"modified":"2022-12-21T12:53:40","modified_gmt":"2022-12-21T12:53:40","slug":"lhabitacio-del-costat-the-vibrator-play","status":"publish","type":"ex","link":"https:\/\/www.focus.cat\/es\/ex\/lhabitacio-del-costat-the-vibrator-play\/","title":{"rendered":"L&#8217;habitaci\u00f3 del costat (The vibrator play)"},"content":{"rendered":"","protected":false},"excerpt":{"rendered":"","protected":false},"author":5,"featured_media":0,"comment_status":"closed","ping_status":"closed","template":"","location":[],"class_list":["post-10904","ex","type-ex","status-publish","hentry"],"acf":{"txt_synopsis":"<p>Segunda mitad del Siglo XIX, en las afueras de Nueva York, durante la llamada \u201c\u00e9poca victoriana\u201d.<br \/>Un m\u00e9dico fascinado por el progreso cient\u00edfico y tecnol\u00f3gico, el doctor Givings, experimenta con el uso de un ins\u00f3lito aparato el\u00e9ctrico que tendr\u00eda que servir para curar todo tipo de disfunciones y neurosis de naturaleza sexual: un vibrador (en su versi\u00f3n m\u00e1s primitiva).<br \/>Mientras tanto, su joven y vital esposa, la se\u00f1ora Givings, est\u00e1 sufriendo serias dificultades para amamantar y alimentar convenientemente el beb\u00e9 de ambos, cosa que la tiene muy preocupada. Y, a la vez, experimenta una creciente curiosidad respeto las extravagantes terapias que su marido, con el m\u00e1ximo secreto, practica en la habitaci\u00f3n del lado...<\/p>","main_buy_link":"","main_buy_links":"","show_language":"Espect\u00e1culo en catal\u00e1n","show_duration":"120","txt_genre":"COM\u00c8DIA","show_start_date":"20181119000000","show_end_date":"20190203000000","show_sort_date":"20181119000000","txt_custom_show_dates":"del 19 de noviembre de 2018 al 3 de febrero de 2019 ","txt_additional_info":"","txt_present":"","txt_season":"[\"2018\/19\"]","txt_cycle":"","txt_claim":"","txt_cast_excerpt":"","txt_cast":"<p>De <strong>Sarah Ruhl<br \/><\/strong>Traducci\u00f3n: <strong>Joan Sellent<\/strong> <br \/>Direcci\u00f3n: <strong>Julio Manrique<\/strong><\/p>\r\n<p>Con: <strong>Ivan Benet, Carlota Olcina, Pol L\u00f3pez, Mireia Aixal\u00e0, Xavi Ricart, Adeline Flaun <\/strong>y<strong> Alba Florejachs<\/strong>.<\/p>\r\n<p>Escenograf\u00eda y vestuario: <strong>Alejandro And\u00fajar<\/strong><br \/>Iluminaci\u00f3n: <strong>Jaume Ventura<\/strong><br \/>Dise\u00f1o de sonido: <strong>Damien Bazin<\/strong><br \/>Composici\u00f3n musical: <strong>Carles Pedragosa<\/strong><br \/>Confecci\u00f3n de vestuario: <strong>Maribel Rodr\u00edguez <\/strong>y<strong> Irene Fern\u00e1ndez \u201cNen\u00e9\u201d <br \/><\/strong>Construcci\u00f3n: <strong>Pascual\u00edn Estructures, Pro-esc\u00e8nic (Pilar Albadalejo)<\/strong> y <strong>Beno\u00eet Duchesne<\/strong>.<br \/>Ayudante de escenograf\u00eda: <strong>Merc\u00e8 Lucchetti<\/strong><\/p>\r\n<p>Regidor\u00eda: <strong>Ra\u00fal Gallegos<\/strong><br \/>Sastrer\u00eda: <strong>Irene Fern\u00e1ndez \u201cNen\u00e9\u201d <\/strong><\/p>\r\n<p>Jefe t\u00e9cnico del teatro: <strong>Jaume Feixas<\/strong><br \/>Jefe t\u00e9cnico La Brutal: <strong>Arnau Planchart<\/strong> <\/p>\r\n<p>Dise\u00f1o Gr\u00e1fico: <strong>Joan Aguad\u00e9<\/strong><br \/>Fotograf\u00eda: <strong>Felipe Mena<\/strong> <br \/>Prensa: <strong>Anna Casasayas<\/strong> y<strong> Clara M. Clavell<\/strong><br \/>Marketing y comunicaci\u00f3n:<strong> Publispec<\/strong><\/p>\r\n<p>Colabora: <strong>Fundaci\u00f3n Rocamora<\/strong><br \/>Agradecimientos: <strong>FOCUS, Dagoll Dagom, T de Teatre, Teatre Lliure<\/strong>&nbsp;y<strong> Rosa Mar\u00eda Arenas<\/strong>. <\/p>\r\n<p>Una coproducci\u00f3n de <strong>La Brutal<\/strong>&nbsp;y <strong>La Villarroel<br \/><br \/><\/strong>Primera funci\u00f3n en La Villarroel el 19 de noviembre de 2018<\/p>","txt_reviews":"Juan Carlos Olivares|Time Out|\"Una aut\u00e8ntica creaci\u00f3 amb un repertori meravell\u00f3s de mirades que parlen per elles mateixes.\" \r\nJuan Carlos Olivares|La Vanguardia|\"Una direcci\u00f3 sensible, detallista i escrupolosa.\" \r\nSanti Fondevila|Ara|\"La joia vital de Carlota Olcina \u00e9s encomanadissa.\" \r\nJordi Bordes|El Punt Avui|\"Pol L\u00f3pez sempre \u00e9s un magn\u00edfic antiheroi. Mireia Aixal\u00e0 torna a brillar, amb un preci\u00f3s secundari.\" ","hashtag":"lhabitaci\u00f3delcostat","have_promo":"","slogan":"","id_exhibicio":1580,"id_versio":1319,"id_local":4,"txt_seo_desc":"'L'habitaci\u00f3 del costat', un drama extravagante y divertido dirigido por Julio Manrique en el teatro La Villarroel de Barcelona.","data_images":"[{\"localizer\":\"V3SLIDE\",\"url\":\"media\/ftgalslide\/v3\/31453\/01_086_00046642\/la-habitacio-del-costat-la-villarroel-teatre-barcelona-9.jpg\",\"thumb_url\":\"media\/ftgalslide\/v3\/31453\/01_086_00046642\/la-habitacio-del-costat-la-villarroel-teatre-barcelona-9_thumb.jpg\",\"title\":\"L'habitaci\u00f3 del costat\",\"description\":\"l'habitaci\u00f3 del costat la villarroel teatre barcelona\",\"copyright\":\"https:\/\/www.youtube.com\/watch?v=75mD4nKwT1M\",\"order\":1},{\"localizer\":\"V3SLIDE\",\"url\":\"media\/ftgalslide\/v3\/31453\/01_086_00046440\/foto-la-habitacio-de-costat-la-villarroel-teatre-barcelona.jpg\",\"thumb_url\":\"media\/ftgalslide\/v3\/31453\/01_086_00046440\/foto-la-habitacio-de-costat-la-villarroel-teatre-barcelona_thumb.jpg\",\"title\":\"L'habitaci\u00f3 del costat\",\"description\":\"L'habitaci\u00f3 del costat la villarroel teatre barcelona\",\"copyright\":\"\",\"order\":2},{\"localizer\":\"V3CARTELL\",\"url\":\"media\/ver\/cartell\/v3\/31453\/01_085_00046441\/cartell_web.jpg\",\"thumb_url\":\"media\/ver\/cartell\/v3\/31453\/01_085_00046441\/cartell_web_thumb.jpg\",\"title\":\"L'habitaci\u00f3 del costat\",\"description\":\"l'habitaci\u00f3 del costat la villarroel teatre barcelona\",\"copyright\":\"\",\"order\":14},{\"localizer\":\"V2CARTELL\",\"url\":\"media\/ver\/cartell\/31453\/01_079_00046544\/cartell-habitacio-del-costat-la-villarroel.JPG\",\"thumb_url\":\"media\/ver\/cartell\/31453\/01_079_00046544\/cartell-habitacio-del-costat-la-villarroel_thumb.jpg\",\"title\":\"L'habitaci\u00f3 del costat\",\"description\":\"L'habitaci\u00f3 del costat la villarroel\",\"copyright\":\"\",\"order\":17},{\"localizer\":\"V3SLIDE\",\"url\":\"media\/ftgalslide\/v3\/31453\/01_086_00046592\/habitacio-del-costat-la-villarroel-teatre-barcelona-3.jpg\",\"thumb_url\":\"media\/ftgalslide\/v3\/31453\/01_086_00046592\/habitacio-del-costat-la-villarroel-teatre-barcelona-3_thumb.jpg\",\"title\":\"L'habitaci\u00f3 del costat (The vibrator play)\",\"description\":\"L'habitaci\u00f3 del costat (The vibrator play) la villarroel teatre barcelona\",\"copyright\":\"\",\"order\":18},{\"localizer\":\"V3SLIDE\",\"url\":\"media\/ftgalslide\/v3\/31453\/01_086_00046593\/habitacio-del-costat-la-villarroel-teatre-barcelona-2.jpg\",\"thumb_url\":\"media\/ftgalslide\/v3\/31453\/01_086_00046593\/habitacio-del-costat-la-villarroel-teatre-barcelona-2_thumb.jpg\",\"title\":\"L'habitaci\u00f3 del costat (The vibrator play)\",\"description\":\"L'habitaci\u00f3 del costat (The vibrator play) la villarroel teatre barcelona\",\"copyright\":\"\",\"order\":19},{\"localizer\":\"V3SLIDE\",\"url\":\"media\/ftgalslide\/v3\/31453\/01_086_00046595\/habitacio-del-costat-la-villarroel-teatre-barcelona-19.jpg\",\"thumb_url\":\"media\/ftgalslide\/v3\/31453\/01_086_00046595\/habitacio-del-costat-la-villarroel-teatre-barcelona-19_thumb.jpg\",\"title\":\"L'habitaci\u00f3 del costat (The vibrator play)\",\"description\":\"L'habitaci\u00f3 del costat (The vibrator play) la villarroel teatre barcelona\",\"copyright\":\"\",\"order\":20},{\"localizer\":\"V3SLIDE\",\"url\":\"media\/ftgalslide\/v3\/31453\/01_086_00046594\/habitacio-del-costat-la-villarroel-teatre-barcelona-20.jpg\",\"thumb_url\":\"media\/ftgalslide\/v3\/31453\/01_086_00046594\/habitacio-del-costat-la-villarroel-teatre-barcelona-20_thumb.jpg\",\"title\":\"L'habitaci\u00f3 del costat (The vibrator play) \",\"description\":\"L'habitaci\u00f3 del costat (The vibrator play) la villarroel teatre barcelona\",\"copyright\":\"\",\"order\":21},{\"localizer\":\"V3SLIDE\",\"url\":\"media\/ftgalslide\/v3\/31453\/01_086_00046596\/habitacio-del-costat-la-villarroel-teatre-barcelona-18.jpg\",\"thumb_url\":\"media\/ftgalslide\/v3\/31453\/01_086_00046596\/habitacio-del-costat-la-villarroel-teatre-barcelona-18_thumb.jpg\",\"title\":\"L'habitaci\u00f3 del costat (The vibrator play)\",\"description\":\"L'habitaci\u00f3 del costat (The vibrator play) la villarroel teatre barcelona\",\"copyright\":\"\",\"order\":22},{\"localizer\":\"V3SLIDE\",\"url\":\"media\/ftgalslide\/v3\/31453\/01_086_00046597\/habitacio-del-costat-la-villarroel-teatre-barcelona-17.jpg\",\"thumb_url\":\"media\/ftgalslide\/v3\/31453\/01_086_00046597\/habitacio-del-costat-la-villarroel-teatre-barcelona-17_thumb.jpg\",\"title\":\"L'habitaci\u00f3 del costat (The vibrator play) \",\"description\":\"L'habitaci\u00f3 del costat (The vibrator play) la villarroel teatre barcelona\",\"copyright\":\"\",\"order\":23},{\"localizer\":\"V3SLIDE\",\"url\":\"media\/ftgalslide\/v3\/31453\/01_086_00046598\/habitacio-del-costat-la-villarroel-teatre-barcelona-16.jpg\",\"thumb_url\":\"media\/ftgalslide\/v3\/31453\/01_086_00046598\/habitacio-del-costat-la-villarroel-teatre-barcelona-16_thumb.jpg\",\"title\":\"L'habitaci\u00f3 del costat (The vibrator play)\",\"description\":\"L'habitaci\u00f3 del costat (The vibrator play) la villarroel teatre barcelona\",\"copyright\":\"\",\"order\":24},{\"localizer\":\"V3SLIDE\",\"url\":\"media\/ftgalslide\/v3\/31453\/01_086_00046599\/habitacio-del-costat-la-villarroel-teatre-barcelona-15.jpg\",\"thumb_url\":\"media\/ftgalslide\/v3\/31453\/01_086_00046599\/habitacio-del-costat-la-villarroel-teatre-barcelona-15_thumb.jpg\",\"title\":\"L'habitaci\u00f3 del costat (The vibrator play)\",\"description\":\"L'habitaci\u00f3 del costat (The vibrator play) la villarroel teatre barcelona\",\"copyright\":\"\",\"order\":25},{\"localizer\":\"V3SLIDE\",\"url\":\"media\/ftgalslide\/v3\/31453\/01_086_00046600\/habitacio-del-costat-la-villarroel-teatre-barcelona-9.jpg\",\"thumb_url\":\"media\/ftgalslide\/v3\/31453\/01_086_00046600\/habitacio-del-costat-la-villarroel-teatre-barcelona-9_thumb.jpg\",\"title\":\"L'habitaci\u00f3 del costat (The vibrator play)\",\"description\":\"L'habitaci\u00f3 del costat (The vibrator play) la villarroel teatre barcelona\",\"copyright\":\"\",\"order\":26},{\"localizer\":\"V3SLIDE\",\"url\":\"media\/ftgalslide\/v3\/31453\/01_086_00046601\/habitacio-del-costat-la-villarroel-teatre-barcelona-1.jpg\",\"thumb_url\":\"media\/ftgalslide\/v3\/31453\/01_086_00046601\/habitacio-del-costat-la-villarroel-teatre-barcelona-1_thumb.jpg\",\"title\":\"L'habitaci\u00f3 del costat (The vibrator play)\",\"description\":\"L'habitaci\u00f3 del costat (The vibrator play) la villarroel teatre barcelona\",\"copyright\":\"\",\"order\":27},{\"localizer\":\"V3SLIDE\",\"url\":\"media\/ftgalslide\/v3\/31453\/01_086_00046602\/habitacio-del-costat-la-villarroel-teatre-barcelona-12.jpg\",\"thumb_url\":\"media\/ftgalslide\/v3\/31453\/01_086_00046602\/habitacio-del-costat-la-villarroel-teatre-barcelona-12_thumb.jpg\",\"title\":\"L'habitaci\u00f3 del costat (The vibrator play)\",\"description\":\"L'habitaci\u00f3 del costat (The vibrator play) la villarroel teatre barcelona\",\"copyright\":\"\",\"order\":28},{\"localizer\":\"V3SLIDE\",\"url\":\"media\/ftgalslide\/v3\/31453\/01_086_00046603\/habitacio-del-costat-la-villarroel-teatre-barcelona-11.jpg\",\"thumb_url\":\"media\/ftgalslide\/v3\/31453\/01_086_00046603\/habitacio-del-costat-la-villarroel-teatre-barcelona-11_thumb.jpg\",\"title\":\"L'habitaci\u00f3 del costat (The vibrator play)\",\"description\":\"L'habitaci\u00f3 del costat (The vibrator play) la villarroel teatre barcelona\",\"copyright\":\"\",\"order\":29},{\"localizer\":\"V3SLIDE\",\"url\":\"media\/ftgalslide\/v3\/31453\/01_086_00046604\/habitacio-del-costat-la-villarroel-teatre-barcelona-13.jpg\",\"thumb_url\":\"media\/ftgalslide\/v3\/31453\/01_086_00046604\/habitacio-del-costat-la-villarroel-teatre-barcelona-13_thumb.jpg\",\"title\":\"L'habitaci\u00f3 del costat (The vibrator play)\",\"description\":\"L'habitaci\u00f3 del costat (The vibrator play) la villarroel teatre barcelona\",\"copyright\":\"\",\"order\":30},{\"localizer\":\"V3SLIDE\",\"url\":\"media\/ftgalslide\/v3\/31453\/01_086_00046605\/habitacio-del-costat-la-villarroel-teatre-barcelona-14.jpg\",\"thumb_url\":\"media\/ftgalslide\/v3\/31453\/01_086_00046605\/habitacio-del-costat-la-villarroel-teatre-barcelona-14_thumb.jpg\",\"title\":\"L'habitaci\u00f3 del costat (The vibrator play)\",\"description\":\"L'habitaci\u00f3 del costat (The vibrator play) la villarroel teatre barcelona\",\"copyright\":\"\",\"order\":31},{\"localizer\":\"V3SLIDE\",\"url\":\"media\/ftgalslide\/v3\/31453\/01_086_00046610\/habitacio-del-costat-la-villarroel-teatre-barcelona-10.jpg\",\"thumb_url\":\"media\/ftgalslide\/v3\/31453\/01_086_00046610\/habitacio-del-costat-la-villarroel-teatre-barcelona-10_thumb.jpg\",\"title\":\"L'habitaci\u00f3 del costat (The vibrator play) \",\"description\":\"L'habitaci\u00f3 del costat (The vibrator play) la villarroel teatre barcelona\",\"copyright\":\"\",\"order\":31},{\"localizer\":\"V3SLIDE\",\"url\":\"media\/ftgalslide\/v3\/31453\/01_086_00046606\/habitacio-del-costat-la-villarroel-teatre-barcelona-8.jpg\",\"thumb_url\":\"media\/ftgalslide\/v3\/31453\/01_086_00046606\/habitacio-del-costat-la-villarroel-teatre-barcelona-8_thumb.jpg\",\"title\":\"L'habitaci\u00f3 del costat (The vibrator play) \",\"description\":\"L'habitaci\u00f3 del costat (The vibrator play) la villarroel teatre barcelona\",\"copyright\":\"\",\"order\":32},{\"localizer\":\"V3SLIDE\",\"url\":\"media\/ftgalslide\/v3\/31453\/01_086_00046607\/habitacio-del-costat-la-villarroel-teatre-barcelona-5.jpg\",\"thumb_url\":\"media\/ftgalslide\/v3\/31453\/01_086_00046607\/habitacio-del-costat-la-villarroel-teatre-barcelona-5_thumb.jpg\",\"title\":\"L'habitaci\u00f3 del costat (The vibrator play) \",\"description\":\"L'habitaci\u00f3 del costat (The vibrator play) la villarroel teatre barcelona\",\"copyright\":\"\",\"order\":33},{\"localizer\":\"V3SLIDE\",\"url\":\"media\/ftgalslide\/v3\/31453\/01_086_00046608\/habitacio-del-costat-la-villarroel-teatre-barcelona-6.jpg\",\"thumb_url\":\"media\/ftgalslide\/v3\/31453\/01_086_00046608\/habitacio-del-costat-la-villarroel-teatre-barcelona-6_thumb.jpg\",\"title\":\"L'habitaci\u00f3 del costat (The vibrator play) \",\"description\":\"L'habitaci\u00f3 del costat (The vibrator play) la villarroel teatre barcelona\",\"copyright\":\"\",\"order\":34},{\"localizer\":\"V3SLIDE\",\"url\":\"media\/ftgalslide\/v3\/31453\/01_086_00046609\/habitacio-del-costat-la-villarroel-teatre-barcelona-7.jpg\",\"thumb_url\":\"media\/ftgalslide\/v3\/31453\/01_086_00046609\/habitacio-del-costat-la-villarroel-teatre-barcelona-7_thumb.jpg\",\"title\":\"L'habitaci\u00f3 del costat (The vibrator play) \",\"description\":\"L'habitaci\u00f3 del costat (The vibrator play) la villarroel teatre barcelona\",\"copyright\":\"\",\"order\":35},{\"localizer\":\"V3SLIDE\",\"url\":\"media\/ftgalslide\/v3\/31454\/01_086_00046740\/habitacio-del-costat-la-villarroel-teatre-barcelona-21.jpg\",\"thumb_url\":\"media\/ftgalslide\/v3\/31454\/01_086_00046740\/habitacio-del-costat-la-villarroel-teatre-barcelona-21_thumb.jpg\",\"title\":\"L'habitaci\u00f3 del costat\",\"description\":\"l'habitaci\u00f3 del costat la villarroel barcelona\",\"copyright\":\"\",\"order\":36},{\"localizer\":\"V3SLIDE\",\"url\":\"media\/ftgalslide\/v3\/31454\/01_086_00046741\/habitacio-del-costat-la-villarroel-teatre-barcelona-22.jpg\",\"thumb_url\":\"media\/ftgalslide\/v3\/31454\/01_086_00046741\/habitacio-del-costat-la-villarroel-teatre-barcelona-22_thumb.jpg\",\"title\":\"l'habitaci\u00f3 del costat\",\"description\":\"l'habitaci\u00f3 del costat la villarroel barcelona\",\"copyright\":\"\",\"order\":37},{\"localizer\":\"V3SLIDE\",\"url\":\"media\/ftgalslide\/v3\/31454\/01_086_00046742\/habitacio-del-costat-la-villarroel-teatre-barcelona-23.jpg\",\"thumb_url\":\"media\/ftgalslide\/v3\/31454\/01_086_00046742\/habitacio-del-costat-la-villarroel-teatre-barcelona-23_thumb.jpg\",\"title\":\"l'habitaci\u00f3 del costat\",\"description\":\"l'habitaci\u00f3 del costat la villarroel barcelona\",\"copyright\":\"\",\"order\":38},{\"localizer\":\"V3PORTADA\",\"url\":\"media\/ver\/port\/v3\/314AD\/01_084_00046987\/1-la-habitacio-del-costat-la-villarroel-teatre-barcelona-ultimes-funcions.jpg\",\"thumb_url\":\"media\/ver\/port\/v3\/314AD\/01_084_00046987\/1-la-habitacio-del-costat-la-villarroel-teatre-barcelona-ultimes-funcions_thumb.jpg\",\"title\":\"L'habitaci\u00f3 del costat La Villarroel\",\"description\":\"L'habitaci\u00f3 del costat La Villarroel Teatre Barcelona\",\"copyright\":\"\",\"order\":41}]","material__texto_intro":"","data_material":null,"data_gallery":"","data_discounts":"[{\"InfoAddicional\":\"<p><strong>Descuentos para grupos y escuelas<br \/><\/strong><\/p>\",\"Url\":\"https:\/\/www.promentrada.com\/es\/product\/{#CODI#}\",\"Codi\":\"VILL71\",\"LogoUrl\":\"media\/fimage\/31389\/01_005_00038530\/logo_prome_nuevo_v_web.jpg\",\"TitolBoto\":\"Descuentos para grupos y escuelas\",\"Type\":\"discount\"},{\"InfoAddicional\":\"<p><strong>Descuentos para particulares<br \/><\/strong><\/p>\",\"Url\":\"vip.promentrada.com\/es\/product\/{#CODI#}\",\"Codi\":\"VILL71\",\"LogoUrl\":\"media\/fimage\/31389\/01_005_00038559\/logo_prome_vip_v_web.jpg\",\"TitolBoto\":\"Descuentos para particulares\",\"Type\":\"discount\"}]","contract_is_open":false,"in_tour":false,"foreign_production":false,"tour_end_date":"00010101000000"},"yoast_head":"<!-- This site is optimized with the Yoast SEO plugin v27.5 - https:\/\/yoast.com\/product\/yoast-seo-wordpress\/ -->\n<title>L&#039;habitaci\u00f3 del costat (The vibrator play) - Focus<\/title>\n<meta name=\"robots\" content=\"index, follow, max-snippet:-1, max-image-preview:large, max-video-preview:-1\" \/>\n<link rel=\"canonical\" href=\"https:\/\/www.focus.cat\/ex\/lhabitacio-del-costat-the-vibrator-play\/\" \/>\n<meta property=\"og:locale\" content=\"ca_ES\" \/>\n<meta property=\"og:type\" content=\"article\" \/>\n<meta property=\"og:title\" content=\"L&#039;habitaci\u00f3 del costat (The vibrator play) - Focus\" \/>\n<meta property=\"og:url\" content=\"https:\/\/www.focus.cat\/es\/ex\/lhabitacio-del-costat-the-vibrator-play\/\" \/>\n<meta property=\"og:site_name\" content=\"Focus\" \/>\n<meta property=\"article:modified_time\" content=\"2022-12-21T12:53:40+00:00\" \/>\n<meta name=\"twitter:card\" content=\"summary_large_image\" \/>\n<script type=\"application\/ld+json\" class=\"yoast-schema-graph\">{\"@context\":\"https:\\\/\\\/schema.org\",\"@graph\":[{\"@type\":\"WebPage\",\"@id\":\"https:\\\/\\\/www.focus.cat\\\/es\\\/ex\\\/lhabitacio-del-costat-the-vibrator-play\\\/\",\"url\":\"https:\\\/\\\/www.focus.cat\\\/es\\\/ex\\\/lhabitacio-del-costat-the-vibrator-play\\\/\",\"name\":\"L'habitaci\u00f3 del costat (The vibrator play) - Focus\",\"isPartOf\":{\"@id\":\"https:\\\/\\\/www.focus.cat\\\/#website\"},\"datePublished\":\"2022-12-21T12:52:18+00:00\",\"dateModified\":\"2022-12-21T12:53:40+00:00\",\"breadcrumb\":{\"@id\":\"https:\\\/\\\/www.focus.cat\\\/es\\\/ex\\\/lhabitacio-del-costat-the-vibrator-play\\\/#breadcrumb\"},\"inLanguage\":\"ca\",\"potentialAction\":[{\"@type\":\"ReadAction\",\"target\":[\"https:\\\/\\\/www.focus.cat\\\/es\\\/ex\\\/lhabitacio-del-costat-the-vibrator-play\\\/\"]}]},{\"@type\":\"BreadcrumbList\",\"@id\":\"https:\\\/\\\/www.focus.cat\\\/es\\\/ex\\\/lhabitacio-del-costat-the-vibrator-play\\\/#breadcrumb\",\"itemListElement\":[{\"@type\":\"ListItem\",\"position\":1,\"name\":\"Espectacles\",\"item\":\"https:\\\/\\\/www.focus.cat\\\/ex\\\/\"},{\"@type\":\"ListItem\",\"position\":2,\"name\":\"L&#8217;habitaci\u00f3 del costat (The vibrator play)\"}]},{\"@type\":\"WebSite\",\"@id\":\"https:\\\/\\\/www.focus.cat\\\/#website\",\"url\":\"https:\\\/\\\/www.focus.cat\\\/\",\"name\":\"Focus\",\"description\":\"\",\"publisher\":{\"@id\":\"https:\\\/\\\/www.focus.cat\\\/#organization\"},\"potentialAction\":[{\"@type\":\"SearchAction\",\"target\":{\"@type\":\"EntryPoint\",\"urlTemplate\":\"https:\\\/\\\/www.focus.cat\\\/?s={search_term_string}\"},\"query-input\":{\"@type\":\"PropertyValueSpecification\",\"valueRequired\":true,\"valueName\":\"search_term_string\"}}],\"inLanguage\":\"ca\"},{\"@type\":\"Organization\",\"@id\":\"https:\\\/\\\/www.focus.cat\\\/#organization\",\"name\":\"Focus\",\"url\":\"https:\\\/\\\/www.focus.cat\\\/\",\"logo\":{\"@type\":\"ImageObject\",\"inLanguage\":\"ca\",\"@id\":\"https:\\\/\\\/www.focus.cat\\\/#\\\/schema\\\/logo\\\/image\\\/\",\"url\":\"https:\\\/\\\/www.focus.cat\\\/wp-content\\\/uploads\\\/2022\\\/01\\\/logo-focus-any-35.svg\",\"contentUrl\":\"https:\\\/\\\/www.focus.cat\\\/wp-content\\\/uploads\\\/2022\\\/01\\\/logo-focus-any-35.svg\",\"width\":1,\"height\":1,\"caption\":\"Focus\"},\"image\":{\"@id\":\"https:\\\/\\\/www.focus.cat\\\/#\\\/schema\\\/logo\\\/image\\\/\"}}]}<\/script>\n<!-- \/ Yoast SEO plugin. -->","yoast_head_json":{"title":"L'habitaci\u00f3 del costat (The vibrator play) - Focus","robots":{"index":"index","follow":"follow","max-snippet":"max-snippet:-1","max-image-preview":"max-image-preview:large","max-video-preview":"max-video-preview:-1"},"canonical":"https:\/\/www.focus.cat\/ex\/lhabitacio-del-costat-the-vibrator-play\/","og_locale":"ca_ES","og_type":"article","og_title":"L'habitaci\u00f3 del costat (The vibrator play) - Focus","og_url":"https:\/\/www.focus.cat\/es\/ex\/lhabitacio-del-costat-the-vibrator-play\/","og_site_name":"Focus","article_modified_time":"2022-12-21T12:53:40+00:00","twitter_card":"summary_large_image","schema":{"@context":"https:\/\/schema.org","@graph":[{"@type":"WebPage","@id":"https:\/\/www.focus.cat\/es\/ex\/lhabitacio-del-costat-the-vibrator-play\/","url":"https:\/\/www.focus.cat\/es\/ex\/lhabitacio-del-costat-the-vibrator-play\/","name":"L'habitaci\u00f3 del costat (The vibrator play) - Focus","isPartOf":{"@id":"https:\/\/www.focus.cat\/#website"},"datePublished":"2022-12-21T12:52:18+00:00","dateModified":"2022-12-21T12:53:40+00:00","breadcrumb":{"@id":"https:\/\/www.focus.cat\/es\/ex\/lhabitacio-del-costat-the-vibrator-play\/#breadcrumb"},"inLanguage":"ca","potentialAction":[{"@type":"ReadAction","target":["https:\/\/www.focus.cat\/es\/ex\/lhabitacio-del-costat-the-vibrator-play\/"]}]},{"@type":"BreadcrumbList","@id":"https:\/\/www.focus.cat\/es\/ex\/lhabitacio-del-costat-the-vibrator-play\/#breadcrumb","itemListElement":[{"@type":"ListItem","position":1,"name":"Espectacles","item":"https:\/\/www.focus.cat\/ex\/"},{"@type":"ListItem","position":2,"name":"L&#8217;habitaci\u00f3 del costat (The vibrator play)"}]},{"@type":"WebSite","@id":"https:\/\/www.focus.cat\/#website","url":"https:\/\/www.focus.cat\/","name":"Focus","description":"","publisher":{"@id":"https:\/\/www.focus.cat\/#organization"},"potentialAction":[{"@type":"SearchAction","target":{"@type":"EntryPoint","urlTemplate":"https:\/\/www.focus.cat\/?s={search_term_string}"},"query-input":{"@type":"PropertyValueSpecification","valueRequired":true,"valueName":"search_term_string"}}],"inLanguage":"ca"},{"@type":"Organization","@id":"https:\/\/www.focus.cat\/#organization","name":"Focus","url":"https:\/\/www.focus.cat\/","logo":{"@type":"ImageObject","inLanguage":"ca","@id":"https:\/\/www.focus.cat\/#\/schema\/logo\/image\/","url":"https:\/\/www.focus.cat\/wp-content\/uploads\/2022\/01\/logo-focus-any-35.svg","contentUrl":"https:\/\/www.focus.cat\/wp-content\/uploads\/2022\/01\/logo-focus-any-35.svg","width":1,"height":1,"caption":"Focus"},"image":{"@id":"https:\/\/www.focus.cat\/#\/schema\/logo\/image\/"}}]}},"translations":[{"id":10903,"locale":"ca"},{"id":10904,"locale":"es"},{"id":10905,"locale":"en"}],"_links":{"self":[{"href":"https:\/\/www.focus.cat\/wp-json\/wp\/v2\/ex\/10904","targetHints":{"allow":["GET"]}}],"collection":[{"href":"https:\/\/www.focus.cat\/wp-json\/wp\/v2\/ex"}],"about":[{"href":"https:\/\/www.focus.cat\/wp-json\/wp\/v2\/types\/ex"}],"author":[{"embeddable":true,"href":"https:\/\/www.focus.cat\/wp-json\/wp\/v2\/users\/5"}],"replies":[{"embeddable":true,"href":"https:\/\/www.focus.cat\/wp-json\/wp\/v2\/comments?post=10904"}],"wp:attachment":[{"href":"https:\/\/www.focus.cat\/wp-json\/wp\/v2\/media?parent=10904"}],"wp:term":[{"taxonomy":"location","embeddable":true,"href":"https:\/\/www.focus.cat\/wp-json\/wp\/v2\/location?post=10904"}],"curies":[{"name":"wp","href":"https:\/\/api.w.org\/{rel}","templated":true}]}}