{"id":11881,"date":"2023-04-05T09:25:05","date_gmt":"2023-04-05T09:25:05","guid":{"rendered":"https:\/\/www.focus.cat\/ex\/quant-temps-em-queda-3\/"},"modified":"2025-01-07T11:45:50","modified_gmt":"2025-01-07T11:45:50","slug":"quant-temps-em-queda-3","status":"publish","type":"ex","link":"https:\/\/www.focus.cat\/es\/ex\/quant-temps-em-queda-3\/","title":{"rendered":"Quant temps em queda?"},"content":{"rendered":"","protected":false},"excerpt":{"rendered":"","protected":false},"author":5,"featured_media":0,"comment_status":"closed","ping_status":"closed","template":"","location":[],"class_list":["post-11881","ex","type-ex","status-publish","hentry"],"acf":{"txt_synopsis":"<p>\u00bfQu\u00e9 har\u00edas si te quedara un mes de vida? Pere tiene una lista enorme de cosas locas que quiere hacer antes del final: dejar el trabajo, hacer la vuelta al mundo, ser descaradamente sincero con todos, pasearse desnudo por Passeig de Gr\u00e0cia, subir de rodillas Montserrat, hacer un tr\u00edo\u2026 Y la m\u00e1s importante: asegurarse que su mujer ser\u00e1 feliz cuando \u00e9l falte. Tiene una estrategia preparada, que, seg\u00fan \u00e9l, no puede fallar. Pero\u2026 \u00bfLo conseguir\u00e1? <\/p>\r\n<p>Quant temps em queda? Una comedia para morirse de risa. <br \/><\/p>\r\n<p><\/p>","main_buy_link":"","main_buy_links":"","show_language":"Espect\u00e1culo en catal\u00e1n","show_duration":"90","txt_genre":"COM\u00c8DIA","show_start_date":"20230624000000","show_end_date":"20230806000000","show_sort_date":"20230624000000","txt_custom_show_dates":"del 24 de junio al 6 de agosto de 2023 ","txt_additional_info":"<p><i class=\"fa fa-deaf fa-2x fa-fw\"><\/i>Funci\u00f3n accesible: 1 de julio a las 18:00h<br \/>\u00b7 Audiodescripci\u00f3n<br \/>\u00b7 Subtitulado<br \/>\u00b7 Bucle magn\u00e9tico individual<\/p>","txt_present":"","txt_season":"[\"2022\/23\"]","txt_cycle":"","txt_claim":"\u201cQuant temps em queda\" es una obra que, cogiendo&nbsp;por excusa la muerte, reflexiona sobre la vida y plantea una pregunta clara al espectador: \"\u00bfQuieres saber cu\u00e1nto tiempo te queda de vida?\" Y de esta pregunta se deriva otra: \u201c\u00bfQu\u00e9 cambiar\u00edas de tu vida si supieras cu\u00e1nto tiempo te queda?\u201d","txt_cast_excerpt":"","txt_cast":"<p>Texto: <strong>Marta Buchaca<\/strong><\/p>\r\n<p>Direcci\u00f3n: <strong>Marta Buchaca<\/strong><\/p>\r\n<p>Ayudante de direcci\u00f3n: <strong>Xavi Buxeda<\/strong><\/p>\r\n<p>Reparto<br \/><strong>Llu\u00eds Villanueva<br \/>Betsy T\u00farnez<br \/>Marta Bayarri<br \/>David Vert<\/strong><\/p>\r\n<p>Dise\u00f1o de iluminaci\u00f3n: <strong>Jordi Berch<\/strong><br \/>Dise\u00f1o de sonido: <strong>Carles Bernal<\/strong><\/p>\r\n<p>Escenograf\u00eda: <strong>Sebasti\u00e0 Brosa<\/strong><br \/>Vestuario: <strong>Miriam Compte<\/strong><\/p>\r\n<p>Una producci\u00f3n de: <strong>La Pocket con coproducci\u00f3n de Grup Focus&nbsp;y Festival Grec<\/strong><\/p>","txt_reviews":"Maria Sanmart\u00ed|En Platea|\u201cLa obra presenta un guion muy bien estructurado, con juegos de palabras y dinamismo, y una alta gestualidad interpretativa que sabe c\u00f3mo provocar las risas en el patio de butacas.\u201d|http:\/\/enplatea.com\/?p=37366\r\nPablo-Ignacio de Dalmases|Catalunyapress|\u201cProvoca l'aplaudiment entusiasmat d'el p\u00fablic.\u201d| https:\/\/www.catalunyapress.cat\/article\/cultura\/2023-06-30\/4352720-goya-quant-temps-em-queda-refrescant-disbarat-cmic-estiuenc \r\nElia Tabuenca|Espect\u00e1culos BCN|\u201cEl gui\u00f3 \u00e9s original, diferent i molt fresc.\u201d|https:\/\/www.espectaculosbcn.com\/critica-quant-de-temps-em-queda\/\r\n","hashtag":"QuantTempsEmQueda","have_promo":"","slogan":"","id_exhibicio":2009,"id_versio":1513,"id_local":35,"txt_seo_desc":"Llu\u00eds Villanueva, Betsy T\u00farnez, Marta Bayarri y David Vert protagonizan \"Quant temps em queda?\", una obra escrita y dirigida por Marta Buchaca que se presentar\u00e1 en el Festival Grec de Barcelona 2022.","data_images":"[{\"localizer\":\"V4EXHBCARTELL\",\"url\":\"media\/ver\/cartell\/v4\/31643\/01_089_00056439\/Cartell-web-quant-temps-em-queda-teatre-goyav2.jpg\",\"thumb_url\":\"\",\"title\":\"Quant temps em queda? - Teatre Goya\",\"description\":\"quant temps em queda al teatre goya de barcelona\",\"copyright\":\"\",\"order\":1},{\"localizer\":\"V3SLIDEDISTRI\",\"url\":\"media\/ftgalslide\/v3\/315DB\/01_086_00053486\/Sin_titulo-1.jpg\",\"thumb_url\":\"media\/ftgalslide\/v3\/315DB\/01_086_00053486\/Sin_titulo-1_thumb.jpg\",\"title\":\"Quant temps em queda? - Teatre Goya\",\"description\":\"quant temps em queda al teatre goya de barcelona\",\"copyright\":\"\",\"order\":3},{\"localizer\":\"V3SLIDE\",\"url\":\"media\/ftgalslide\/v3\/3163D\/01_086_00055592\/QTEQ_EXPORT_GRUP_amb_XAVI_v1.jpg\",\"thumb_url\":\"media\/ftgalslide\/v3\/3163D\/01_086_00055592\/QTEQ_EXPORT_GRUP_amb_XAVI_v1_thumb.jpg\",\"title\":\"Quant temps em queda - Teatre Goya\",\"description\":\"quant temps em queda al teatre goya de barcelona\",\"copyright\":\"https:\/\/www.youtube.com\/watch?v=lwjFiPkuNw8\",\"order\":5},{\"localizer\":\"V3SLIDE\",\"url\":\"media\/ftgalslide\/v3\/315DF\/01_086_00054351\/FOTOS_QTEQ_TEATRE_5421.jpg\",\"thumb_url\":\"media\/ftgalslide\/v3\/315DF\/01_086_00054351\/FOTOS_QTEQ_TEATRE_5421_thumb.jpg\",\"title\":\"Quant temps em queda? - Teatre Goya\",\"description\":\"quant temps em queda a teatre goya de barcelona\",\"copyright\":\"\",\"order\":7},{\"localizer\":\"V3SLIDE\",\"url\":\"media\/ftgalslide\/v3\/3163D\/01_086_00055593\/FOTOS_QTEQ_TEATRE_5771.jpg\",\"thumb_url\":\"media\/ftgalslide\/v3\/3163D\/01_086_00055593\/FOTOS_QTEQ_TEATRE_5771_thumb.jpg\",\"title\":\"Quant temps em queda - Teatre Goya\",\"description\":\"quant temps em queda al teatre goya de barcelona\",\"copyright\":\"\",\"order\":17},{\"localizer\":\"V4PORTADAMOBILE\",\"url\":\"media\/ver\/portmob\/v4\/31641\/01_093_00056008\/portada-0-mobile.jpg\",\"thumb_url\":\"\",\"title\":\"Quant temps em queda - Teatre Goya\",\"description\":\"quant temps em queda al teatre goya de barcelona.\",\"copyright\":\"\",\"order\":23},{\"localizer\":\"V3PORTADAWIDE\",\"url\":\"media\/ver\/port\/v3wide\/31641\/01_088_00056095\/Portada-0-quant-temps-em-queda-teatre-goya.jpg\",\"thumb_url\":\"media\/ver\/port\/v3wide\/31641\/01_088_00056095\/Portada-0-quant-temps-em-queda-teatre-goya_thumb.jpg\",\"title\":\"Quant temps em queda?  - Teatre Goya\",\"description\":\"quant temps em queda al teatre goya de barcelona\",\"copyright\":\"\",\"order\":25},{\"localizer\":\"V3PORTADA\",\"url\":\"media\/ver\/port\/v3\/31641\/01_084_00056096\/Portada-1-quant-temps-em-queda-teatre-goya.jpg\",\"thumb_url\":\"media\/ver\/port\/v3\/31641\/01_084_00056096\/Portada-1-quant-temps-em-queda-teatre-goya_thumb.jpg\",\"title\":\"Quant temps em queda? - Teatre Goya\",\"description\":\"quant temps em queda al teatre goya de barcelona\",\"copyright\":\"\",\"order\":26},{\"localizer\":\"V3CARTELL\",\"url\":\"media\/ver\/cartell\/v3\/31641\/01_085_00056097\/Cartell-web-quant-temps-em-queda-teatre-goya.jpg\",\"thumb_url\":\"media\/ver\/cartell\/v3\/31641\/01_085_00056097\/Cartell-web-quant-temps-em-queda-teatre-goya_thumb.jpg\",\"title\":\"Quant temps em queda? - Teatre Goya\",\"description\":\"quant temps em queda al teatre goya de barcelona\",\"copyright\":\"\",\"order\":27},{\"localizer\":\"V4PORTADAWIDE\",\"url\":\"media\/ver\/port\/wide\/v4\/31641\/01_091_00056098\/Portada-0-quant-temps-em-queda-teatre-goya.jpg\",\"thumb_url\":\"\",\"title\":\"Quant temps em queda? - Teatre Goya\",\"description\":\"quant temps em queda al teatre goya de barcelona\",\"copyright\":\"\",\"order\":28},{\"localizer\":\"V4PORTADA\",\"url\":\"media\/ver\/port\/v4\/31641\/01_090_00056100\/Portada-1-quant-temps-em-queda-teatre-goya.jpg\",\"thumb_url\":\"\",\"title\":\"Quant temps em queda? - Teatre Goya\",\"description\":\"quant temps em queda al teatre goya de barcelona\",\"copyright\":\"\",\"order\":30},{\"localizer\":\"V4CARTELL\",\"url\":\"media\/ver\/cartell\/v4\/31641\/01_089_00056101\/Cartell-web-quant-temps-em-queda-teatre-goya.jpg\",\"thumb_url\":\"\",\"title\":\"Quant temps em queda? - Teatre Goya\",\"description\":\"quant temps em queda al teatre goya de barcelona\",\"copyright\":\"\",\"order\":31},{\"localizer\":\"V4PORTADAWIDEMOBILE\",\"url\":\"media\/ver\/port\/wide\/mobile\/v4\/31642\/01_092_00056279\/portada-mobile-copia.jpg\",\"thumb_url\":\"\",\"title\":\"Quant temps em queda - Teatre Goya foto 2\",\"description\":\"quant temps em queda teatre goya a barcelona foto 2 \",\"copyright\":\"\",\"order\":33}]","material__texto_intro":"","data_material":null,"data_gallery":"","data_discounts":"[]","contract_is_open":false,"in_tour":false,"foreign_production":false,"tour_end_date":"00010101000000"},"yoast_head":"<!-- This site is optimized with the Yoast SEO plugin v27.5 - https:\/\/yoast.com\/product\/yoast-seo-wordpress\/ -->\n<title>Quant temps em queda? - Focus<\/title>\n<meta name=\"robots\" content=\"index, follow, max-snippet:-1, max-image-preview:large, max-video-preview:-1\" \/>\n<link rel=\"canonical\" href=\"https:\/\/www.focus.cat\/ex\/quant-temps-em-queda-3\/\" \/>\n<meta property=\"og:locale\" content=\"ca_ES\" \/>\n<meta property=\"og:type\" content=\"article\" \/>\n<meta property=\"og:title\" content=\"Quant temps em queda? - Focus\" \/>\n<meta property=\"og:url\" content=\"https:\/\/www.focus.cat\/es\/ex\/quant-temps-em-queda-3\/\" \/>\n<meta property=\"og:site_name\" content=\"Focus\" \/>\n<meta property=\"article:modified_time\" content=\"2025-01-07T11:45:50+00:00\" \/>\n<meta name=\"twitter:card\" content=\"summary_large_image\" \/>\n<script type=\"application\/ld+json\" class=\"yoast-schema-graph\">{\"@context\":\"https:\\\/\\\/schema.org\",\"@graph\":[{\"@type\":\"WebPage\",\"@id\":\"https:\\\/\\\/www.focus.cat\\\/es\\\/ex\\\/quant-temps-em-queda-3\\\/\",\"url\":\"https:\\\/\\\/www.focus.cat\\\/es\\\/ex\\\/quant-temps-em-queda-3\\\/\",\"name\":\"Quant temps em queda? - Focus\",\"isPartOf\":{\"@id\":\"https:\\\/\\\/www.focus.cat\\\/#website\"},\"datePublished\":\"2023-04-05T09:25:05+00:00\",\"dateModified\":\"2025-01-07T11:45:50+00:00\",\"breadcrumb\":{\"@id\":\"https:\\\/\\\/www.focus.cat\\\/es\\\/ex\\\/quant-temps-em-queda-3\\\/#breadcrumb\"},\"inLanguage\":\"ca\",\"potentialAction\":[{\"@type\":\"ReadAction\",\"target\":[\"https:\\\/\\\/www.focus.cat\\\/es\\\/ex\\\/quant-temps-em-queda-3\\\/\"]}]},{\"@type\":\"BreadcrumbList\",\"@id\":\"https:\\\/\\\/www.focus.cat\\\/es\\\/ex\\\/quant-temps-em-queda-3\\\/#breadcrumb\",\"itemListElement\":[{\"@type\":\"ListItem\",\"position\":1,\"name\":\"Espectacles\",\"item\":\"https:\\\/\\\/www.focus.cat\\\/ex\\\/\"},{\"@type\":\"ListItem\",\"position\":2,\"name\":\"Quant temps em queda?\"}]},{\"@type\":\"WebSite\",\"@id\":\"https:\\\/\\\/www.focus.cat\\\/#website\",\"url\":\"https:\\\/\\\/www.focus.cat\\\/\",\"name\":\"Focus\",\"description\":\"\",\"publisher\":{\"@id\":\"https:\\\/\\\/www.focus.cat\\\/#organization\"},\"potentialAction\":[{\"@type\":\"SearchAction\",\"target\":{\"@type\":\"EntryPoint\",\"urlTemplate\":\"https:\\\/\\\/www.focus.cat\\\/?s={search_term_string}\"},\"query-input\":{\"@type\":\"PropertyValueSpecification\",\"valueRequired\":true,\"valueName\":\"search_term_string\"}}],\"inLanguage\":\"ca\"},{\"@type\":\"Organization\",\"@id\":\"https:\\\/\\\/www.focus.cat\\\/#organization\",\"name\":\"Focus\",\"url\":\"https:\\\/\\\/www.focus.cat\\\/\",\"logo\":{\"@type\":\"ImageObject\",\"inLanguage\":\"ca\",\"@id\":\"https:\\\/\\\/www.focus.cat\\\/#\\\/schema\\\/logo\\\/image\\\/\",\"url\":\"https:\\\/\\\/www.focus.cat\\\/wp-content\\\/uploads\\\/2022\\\/01\\\/logo-focus-any-35.svg\",\"contentUrl\":\"https:\\\/\\\/www.focus.cat\\\/wp-content\\\/uploads\\\/2022\\\/01\\\/logo-focus-any-35.svg\",\"width\":1,\"height\":1,\"caption\":\"Focus\"},\"image\":{\"@id\":\"https:\\\/\\\/www.focus.cat\\\/#\\\/schema\\\/logo\\\/image\\\/\"}}]}<\/script>\n<!-- \/ Yoast SEO plugin. -->","yoast_head_json":{"title":"Quant temps em queda? - Focus","robots":{"index":"index","follow":"follow","max-snippet":"max-snippet:-1","max-image-preview":"max-image-preview:large","max-video-preview":"max-video-preview:-1"},"canonical":"https:\/\/www.focus.cat\/ex\/quant-temps-em-queda-3\/","og_locale":"ca_ES","og_type":"article","og_title":"Quant temps em queda? - Focus","og_url":"https:\/\/www.focus.cat\/es\/ex\/quant-temps-em-queda-3\/","og_site_name":"Focus","article_modified_time":"2025-01-07T11:45:50+00:00","twitter_card":"summary_large_image","schema":{"@context":"https:\/\/schema.org","@graph":[{"@type":"WebPage","@id":"https:\/\/www.focus.cat\/es\/ex\/quant-temps-em-queda-3\/","url":"https:\/\/www.focus.cat\/es\/ex\/quant-temps-em-queda-3\/","name":"Quant temps em queda? - Focus","isPartOf":{"@id":"https:\/\/www.focus.cat\/#website"},"datePublished":"2023-04-05T09:25:05+00:00","dateModified":"2025-01-07T11:45:50+00:00","breadcrumb":{"@id":"https:\/\/www.focus.cat\/es\/ex\/quant-temps-em-queda-3\/#breadcrumb"},"inLanguage":"ca","potentialAction":[{"@type":"ReadAction","target":["https:\/\/www.focus.cat\/es\/ex\/quant-temps-em-queda-3\/"]}]},{"@type":"BreadcrumbList","@id":"https:\/\/www.focus.cat\/es\/ex\/quant-temps-em-queda-3\/#breadcrumb","itemListElement":[{"@type":"ListItem","position":1,"name":"Espectacles","item":"https:\/\/www.focus.cat\/ex\/"},{"@type":"ListItem","position":2,"name":"Quant temps em queda?"}]},{"@type":"WebSite","@id":"https:\/\/www.focus.cat\/#website","url":"https:\/\/www.focus.cat\/","name":"Focus","description":"","publisher":{"@id":"https:\/\/www.focus.cat\/#organization"},"potentialAction":[{"@type":"SearchAction","target":{"@type":"EntryPoint","urlTemplate":"https:\/\/www.focus.cat\/?s={search_term_string}"},"query-input":{"@type":"PropertyValueSpecification","valueRequired":true,"valueName":"search_term_string"}}],"inLanguage":"ca"},{"@type":"Organization","@id":"https:\/\/www.focus.cat\/#organization","name":"Focus","url":"https:\/\/www.focus.cat\/","logo":{"@type":"ImageObject","inLanguage":"ca","@id":"https:\/\/www.focus.cat\/#\/schema\/logo\/image\/","url":"https:\/\/www.focus.cat\/wp-content\/uploads\/2022\/01\/logo-focus-any-35.svg","contentUrl":"https:\/\/www.focus.cat\/wp-content\/uploads\/2022\/01\/logo-focus-any-35.svg","width":1,"height":1,"caption":"Focus"},"image":{"@id":"https:\/\/www.focus.cat\/#\/schema\/logo\/image\/"}}]}},"translations":[{"id":11880,"locale":"ca"},{"id":11881,"locale":"es"},{"id":11882,"locale":"en"}],"_links":{"self":[{"href":"https:\/\/www.focus.cat\/wp-json\/wp\/v2\/ex\/11881","targetHints":{"allow":["GET"]}}],"collection":[{"href":"https:\/\/www.focus.cat\/wp-json\/wp\/v2\/ex"}],"about":[{"href":"https:\/\/www.focus.cat\/wp-json\/wp\/v2\/types\/ex"}],"author":[{"embeddable":true,"href":"https:\/\/www.focus.cat\/wp-json\/wp\/v2\/users\/5"}],"replies":[{"embeddable":true,"href":"https:\/\/www.focus.cat\/wp-json\/wp\/v2\/comments?post=11881"}],"wp:attachment":[{"href":"https:\/\/www.focus.cat\/wp-json\/wp\/v2\/media?parent=11881"}],"wp:term":[{"taxonomy":"location","embeddable":true,"href":"https:\/\/www.focus.cat\/wp-json\/wp\/v2\/location?post=11881"}],"curies":[{"name":"wp","href":"https:\/\/api.w.org\/{rel}","templated":true}]}}