{"id":16431,"date":"2024-02-27T11:44:10","date_gmt":"2024-02-27T11:44:10","guid":{"rendered":"https:\/\/www.focus.cat\/ex\/platanos-cacahuetes-y-lo-que-el-viento-se-llevo\/"},"modified":"2024-05-02T07:42:53","modified_gmt":"2024-05-02T07:42:53","slug":"platanos-cacahuetes-y-lo-que-el-viento-se-llevo","status":"publish","type":"ex","link":"https:\/\/www.focus.cat\/es\/ex\/platanos-cacahuetes-y-lo-que-el-viento-se-llevo\/","title":{"rendered":"Pl\u00e1tanos, cacahuetes y lo que el viento se llev\u00f3"},"content":{"rendered":"","protected":false},"excerpt":{"rendered":"","protected":false},"author":5,"featured_media":0,"comment_status":"closed","ping_status":"closed","template":"","location":[],"class_list":["post-16431","ex","type-ex","status-publish","hentry"],"acf":{"txt_synopsis":"<p>El rodaje de \u201cLo que el viento se llev\u00f3\u201d es un aut\u00e9ntico desastre. El productor cinematogr\u00e1fico, David O. Selznick, ha decidido frenarlo en seco para poder reconducirlo y que la pel\u00edcula no deje de ser la que \u00e9l siempre so\u00f1\u00f3. Pero el tiempo corre en su contra y cada segundo de par\u00f3n le est\u00e1 costando una aut\u00e9ntica fortuna.<br \/>Acompa\u00f1ado de su aguda e infalible secretaria, la Srta. Poppenghul, decide convocar en su oficina a dos grandes de la \u00e9poca para intentar resolver la situaci\u00f3n: su gran amigo y excelente guionista, Ben Hetch y el talentoso, aunque de car\u00e1cter imposible director, Victor Fleming.<\/p>\r\n<p>Pero ninguno de los dos apostar\u00e1 por este \u201cfollet\u00edn\u201d ambientado en la guerra civil norteamericana y protagonizado por una hero\u00edna como Escarlata O\u2019Hara, engre\u00edda y de moral dudosa. Ambos intentar\u00e1n persuadirlo de su error una y otra vez, pero les ser\u00e1 imposible. El productor est\u00e1 totalmente imbuido por la personalidad de Escarlata y al igual que ella, no parar\u00e1 hasta conseguir lo que quiere. Y al igual que ella, se saldr\u00e1 con la suya cueste lo que cueste.<\/p>\r\n<p>Y s\u00ed, sabemos que conseguir\u00e1n hacer la pel\u00edcula y que fue uno de los mayores \u00e9xitos de la historia del cine, pero s\u00f3lo nosotros podremos asistir a los acontecimientos reales que ocurrieron durante el periplo de este rodaje. Una fascinante historia sobre el dorado Hollywood de los a\u00f1os 30. Luces, c\u00e1mara\u2026 \u00a1Acci\u00f3n!<br \/><\/p>","main_buy_link":"","main_buy_links":"","show_language":"Espect\u00e1culo en castellano","show_duration":"90","txt_genre":"COM\u00c8DIA","show_start_date":"20221223000000","show_end_date":"20230205000000","show_sort_date":"20221223000000","txt_custom_show_dates":"del 23 de diciembre de 2022 al 5 de febrero de 2023 ","txt_additional_info":"","txt_present":"","txt_season":"[\"2022\/23\"]","txt_cycle":"","txt_claim":"El rodaje de \u201cLo que el viento se llev\u00f3\u201d es un aut\u00e9ntico desastre. El productor cinematogr\u00e1fico, David O. Selznick, ha decidido frenarlo en seco para poder reconducirlo y que la pel\u00edcula no deje de ser la que \u00e9l siempre so\u00f1\u00f3. ","txt_cast_excerpt":"","txt_cast":"<p>T\u00edtulo original: <strong>Moonlight and magnolias<br \/><\/strong>Autor\u00eda: <strong>Ron Hutchinson<\/strong><br \/>Adaptaci\u00f3n al castellano: <strong>Daniel Angl\u00e8s<br \/><\/strong>Versi\u00f3n: <strong>Jos\u00e9 Troncoso<\/strong> <br \/>Direcci\u00f3n: <strong>Jos\u00e9 Troncoso<\/strong><\/p>\r\n<p>Int\u00e9rpretes<br \/><strong>Gonzalo de Castro<\/strong>&nbsp;&nbsp;&nbsp;&nbsp; David Selznick<br \/><strong>Pedro Mari S\u00e1nchez<\/strong>&nbsp;&nbsp;Ben Hecht<br \/><strong>Jos\u00e9 Bustos<\/strong>&nbsp;&nbsp;&nbsp;&nbsp;&nbsp;&nbsp;&nbsp;&nbsp;&nbsp;&nbsp;&nbsp;&nbsp;&nbsp;&nbsp; Vic Fleming<br \/><strong>Carmen Barrantes<\/strong>&nbsp;&nbsp;&nbsp; Srta. Poppenghul<\/p>\r\n<p>Escenograf\u00eda: <strong>Silvia de Marta<br \/><\/strong>Vestuario: <strong>Guadalupe Valero<\/strong><br \/>Iluminaci\u00f3n: <strong>Javier Alegr\u00eda<br \/><\/strong>M\u00fasica original y espacio sonoro: <strong>Mariano Mar\u00edn<\/strong><br \/>Movimiento: <strong>Lu\u00eds Santamar\u00eda<br \/><\/strong>Caracterizaci\u00f3n: <strong>Chema Noci<\/strong><\/p>\r\n<p>Direcci\u00f3n de producci\u00f3n y producci\u00f3n ejecutiva: <strong>Maite Pijuan <br \/><\/strong>Ayudante de producci\u00f3n: <strong>Aitor Aguado <br \/><\/strong>Direcci\u00f3n t\u00e9cnica: <strong>Moi Cuenca <br \/><\/strong>Coordinaci\u00f3n t\u00e9cnica: <strong>David Ruiz <\/strong><\/p>\r\n<p>Ayudant\u00eda de direcci\u00f3n: <strong>Mariana Kmaid Levy<br \/><\/strong>Ayudant\u00eda de escenograf\u00eda:\u202f<strong>Irene Enguita <br \/><\/strong>Ayudant\u00eda de producci\u00f3n y regidur\u00eda:\u202f<strong>Aitor Aguado <br \/><\/strong>Sastrer\u00eda: <strong>Elena Ballester <br \/><\/strong>Jefe t\u00e9cnico del teatro: <strong>Roger Mu\u00f1oz <\/strong><\/p>\r\n<p>Construcci\u00f3n de la escenograf\u00eda:<strong> Pascual\u00edn Estructures <br \/><\/strong>Confecci\u00f3n del vestuario: <strong>Taller Gabriel Besa <\/strong><\/p>\r\n<p>M\u00e1rquetin y comunicaci\u00f3n: <strong>Focus<\/strong><br \/>Dise\u00f1o gr\u00e1fico: <strong>Santi&Kco<\/strong> <br \/>Reportaje Fotogr\u00e1fico:&nbsp;<strong> David Ruano<\/strong><\/p>\r\n<p>Colaboradores: <strong>Jorge de la Garza, Montibello, Rowenta<\/strong> <\/p>\r\n<p>Es una producci\u00f3n de <strong>Focus.<\/strong><\/p>\r\n<p>Patrocinador: <strong>Seesound <\/strong><\/p>\r\n<p>Con el apoyo de:<br \/><strong>ICEC<\/strong><\/p>\r\n<p>Distribuci\u00f3n: <strong>Sergi Calleja (<\/strong><a href=\"mailto:scalleja@focus.cat\"><strong>scalleja@focus.cat<\/strong><\/a><strong>)<br \/><\/strong><\/p>\r\n<p><strong><\/strong><br \/><\/p>","txt_reviews":"","hashtag":"Pl\u00e1tanosCacahuetes","have_promo":"","slogan":"","id_exhibicio":1948,"id_versio":1556,"id_local":35,"txt_seo_desc":"","data_images":"[{\"localizer\":\"V3CARTELL\",\"url\":\"media\/ver\/cartell\/v3\/315E1\/01_085_00054602\/Cartell-Web-platanos-cacahuetes-y-lo-que-el-viento-se-llevo-teatre-goya.jpg\",\"thumb_url\":\"media\/ver\/cartell\/v3\/315E1\/01_085_00054602\/Cartell-Web-platanos-cacahuetes-y-lo-que-el-viento-se-llevo-teatre-goya_thumb.jpg\",\"title\":\"Pl\u00e1tanos, cacahuetesy lo que el viento se llev\u00f3 - Teatre Goya\",\"description\":\"platanos cacahuetes y lo que el viento se llevo al teatre goya de barcelona\",\"copyright\":\"\",\"order\":3},{\"localizer\":\"V3SLIDE\",\"url\":\"media\/ftgalslide\/v3\/315E4\/01_086_00055385\/T22_Platanos_019.jpg\",\"thumb_url\":\"media\/ftgalslide\/v3\/315E4\/01_086_00055385\/T22_Platanos_019_thumb.jpg\",\"title\":\"Pl\u00e1tanos, cacahuetes y lo que el viento se llev\u00f3 - Teatre Goya\",\"description\":\"platanos, cacahuetes y lo que el viento se llevo al teatre goya de barcelona\",\"copyright\":\"\",\"order\":6},{\"localizer\":\"V3SLIDE\",\"url\":\"media\/ftgalslide\/v3\/315E4\/01_086_00055386\/T22_Platanos_057.jpg\",\"thumb_url\":\"media\/ftgalslide\/v3\/315E4\/01_086_00055386\/T22_Platanos_057_thumb.jpg\",\"title\":\"Pl\u00e1tanos, cacahuetes y lo que el viento se llev\u00f3 - Teatre Goya\",\"description\":\"platanos, cacahuetes y lo que el viento se llevo al teatre goya de barcelona\",\"copyright\":\"\",\"order\":7},{\"localizer\":\"V3SLIDE\",\"url\":\"media\/ftgalslide\/v3\/315E4\/01_086_00055388\/T22_Platanos_031.jpg\",\"thumb_url\":\"media\/ftgalslide\/v3\/315E4\/01_086_00055388\/T22_Platanos_031_thumb.jpg\",\"title\":\"Pl\u00e1tanos, cacahuetes y lo que el viento se llev\u00f3 - Teatre Goya\",\"description\":\"platanos, cacahuetes y lo que el viento se llevo al teatre goya de barcelona\",\"copyright\":\"\",\"order\":8},{\"localizer\":\"V3PORTADAWIDE\",\"url\":\"media\/ver\/port\/v3wide\/3163D\/01_088_00055571\/1160x580-PORTADA-0-cat.jpg\",\"thumb_url\":\"media\/ver\/port\/v3wide\/3163D\/01_088_00055571\/1160x580-PORTADA-0-cat_thumb.jpg\",\"title\":\"Pl\u00e1tanos, cacahuetes y lo que el viento se llev\u00f3 - Teatre Goya\",\"description\":\"platanos, cacahuetes y lo que el viento se llevo al teatre goya de barcelona\",\"copyright\":\"\",\"order\":9},{\"localizer\":\"V3PORTADA\",\"url\":\"media\/ver\/port\/v3\/3163D\/01_084_00055572\/900x900-Portada-1-cat.jpg\",\"thumb_url\":\"media\/ver\/port\/v3\/3163D\/01_084_00055572\/900x900-Portada-1-cat_thumb.jpg\",\"title\":\"Pl\u00e1tanos, cacahuetes y lo que el viento se llev\u00f3 - Teatre Goya\",\"description\":\"platanos, cacahuetes y lo que el viento se llevo al teatre goya de barcelona\",\"copyright\":\"\",\"order\":10}]","material__texto_intro":"","data_material":null,"data_gallery":"","data_discounts":"[]","contract_is_open":false,"in_tour":false,"foreign_production":false,"tour_end_date":"00010101000000"},"yoast_head":"<!-- This site is optimized with the Yoast SEO plugin v27.5 - https:\/\/yoast.com\/product\/yoast-seo-wordpress\/ -->\n<title>Pl\u00e1tanos, cacahuetes y lo que el viento se llev\u00f3 - Focus<\/title>\n<meta name=\"robots\" content=\"index, follow, max-snippet:-1, max-image-preview:large, max-video-preview:-1\" \/>\n<link rel=\"canonical\" href=\"https:\/\/www.focus.cat\/ex\/platanos-cacahuetes-y-lo-que-el-viento-se-llevo\/\" \/>\n<meta property=\"og:locale\" content=\"ca_ES\" \/>\n<meta property=\"og:type\" content=\"article\" \/>\n<meta property=\"og:title\" content=\"Pl\u00e1tanos, cacahuetes y lo que el viento se llev\u00f3 - Focus\" \/>\n<meta property=\"og:url\" content=\"https:\/\/www.focus.cat\/es\/ex\/platanos-cacahuetes-y-lo-que-el-viento-se-llevo\/\" \/>\n<meta property=\"og:site_name\" content=\"Focus\" \/>\n<meta property=\"article:modified_time\" content=\"2024-05-02T07:42:53+00:00\" \/>\n<meta name=\"twitter:card\" content=\"summary_large_image\" \/>\n<script type=\"application\/ld+json\" class=\"yoast-schema-graph\">{\"@context\":\"https:\\\/\\\/schema.org\",\"@graph\":[{\"@type\":\"WebPage\",\"@id\":\"https:\\\/\\\/www.focus.cat\\\/es\\\/ex\\\/platanos-cacahuetes-y-lo-que-el-viento-se-llevo\\\/\",\"url\":\"https:\\\/\\\/www.focus.cat\\\/es\\\/ex\\\/platanos-cacahuetes-y-lo-que-el-viento-se-llevo\\\/\",\"name\":\"Pl\u00e1tanos, cacahuetes y lo que el viento se llev\u00f3 - Focus\",\"isPartOf\":{\"@id\":\"https:\\\/\\\/www.focus.cat\\\/#website\"},\"datePublished\":\"2024-02-27T11:44:10+00:00\",\"dateModified\":\"2024-05-02T07:42:53+00:00\",\"breadcrumb\":{\"@id\":\"https:\\\/\\\/www.focus.cat\\\/es\\\/ex\\\/platanos-cacahuetes-y-lo-que-el-viento-se-llevo\\\/#breadcrumb\"},\"inLanguage\":\"ca\",\"potentialAction\":[{\"@type\":\"ReadAction\",\"target\":[\"https:\\\/\\\/www.focus.cat\\\/es\\\/ex\\\/platanos-cacahuetes-y-lo-que-el-viento-se-llevo\\\/\"]}]},{\"@type\":\"BreadcrumbList\",\"@id\":\"https:\\\/\\\/www.focus.cat\\\/es\\\/ex\\\/platanos-cacahuetes-y-lo-que-el-viento-se-llevo\\\/#breadcrumb\",\"itemListElement\":[{\"@type\":\"ListItem\",\"position\":1,\"name\":\"Espectacles\",\"item\":\"https:\\\/\\\/www.focus.cat\\\/ex\\\/\"},{\"@type\":\"ListItem\",\"position\":2,\"name\":\"Pl\u00e1tanos, cacahuetes y lo que el viento se llev\u00f3\"}]},{\"@type\":\"WebSite\",\"@id\":\"https:\\\/\\\/www.focus.cat\\\/#website\",\"url\":\"https:\\\/\\\/www.focus.cat\\\/\",\"name\":\"Focus\",\"description\":\"\",\"publisher\":{\"@id\":\"https:\\\/\\\/www.focus.cat\\\/#organization\"},\"potentialAction\":[{\"@type\":\"SearchAction\",\"target\":{\"@type\":\"EntryPoint\",\"urlTemplate\":\"https:\\\/\\\/www.focus.cat\\\/?s={search_term_string}\"},\"query-input\":{\"@type\":\"PropertyValueSpecification\",\"valueRequired\":true,\"valueName\":\"search_term_string\"}}],\"inLanguage\":\"ca\"},{\"@type\":\"Organization\",\"@id\":\"https:\\\/\\\/www.focus.cat\\\/#organization\",\"name\":\"Focus\",\"url\":\"https:\\\/\\\/www.focus.cat\\\/\",\"logo\":{\"@type\":\"ImageObject\",\"inLanguage\":\"ca\",\"@id\":\"https:\\\/\\\/www.focus.cat\\\/#\\\/schema\\\/logo\\\/image\\\/\",\"url\":\"https:\\\/\\\/www.focus.cat\\\/wp-content\\\/uploads\\\/2022\\\/01\\\/logo-focus-any-35.svg\",\"contentUrl\":\"https:\\\/\\\/www.focus.cat\\\/wp-content\\\/uploads\\\/2022\\\/01\\\/logo-focus-any-35.svg\",\"width\":1,\"height\":1,\"caption\":\"Focus\"},\"image\":{\"@id\":\"https:\\\/\\\/www.focus.cat\\\/#\\\/schema\\\/logo\\\/image\\\/\"}}]}<\/script>\n<!-- \/ Yoast SEO plugin. -->","yoast_head_json":{"title":"Pl\u00e1tanos, cacahuetes y lo que el viento se llev\u00f3 - Focus","robots":{"index":"index","follow":"follow","max-snippet":"max-snippet:-1","max-image-preview":"max-image-preview:large","max-video-preview":"max-video-preview:-1"},"canonical":"https:\/\/www.focus.cat\/ex\/platanos-cacahuetes-y-lo-que-el-viento-se-llevo\/","og_locale":"ca_ES","og_type":"article","og_title":"Pl\u00e1tanos, cacahuetes y lo que el viento se llev\u00f3 - Focus","og_url":"https:\/\/www.focus.cat\/es\/ex\/platanos-cacahuetes-y-lo-que-el-viento-se-llevo\/","og_site_name":"Focus","article_modified_time":"2024-05-02T07:42:53+00:00","twitter_card":"summary_large_image","schema":{"@context":"https:\/\/schema.org","@graph":[{"@type":"WebPage","@id":"https:\/\/www.focus.cat\/es\/ex\/platanos-cacahuetes-y-lo-que-el-viento-se-llevo\/","url":"https:\/\/www.focus.cat\/es\/ex\/platanos-cacahuetes-y-lo-que-el-viento-se-llevo\/","name":"Pl\u00e1tanos, cacahuetes y lo que el viento se llev\u00f3 - Focus","isPartOf":{"@id":"https:\/\/www.focus.cat\/#website"},"datePublished":"2024-02-27T11:44:10+00:00","dateModified":"2024-05-02T07:42:53+00:00","breadcrumb":{"@id":"https:\/\/www.focus.cat\/es\/ex\/platanos-cacahuetes-y-lo-que-el-viento-se-llevo\/#breadcrumb"},"inLanguage":"ca","potentialAction":[{"@type":"ReadAction","target":["https:\/\/www.focus.cat\/es\/ex\/platanos-cacahuetes-y-lo-que-el-viento-se-llevo\/"]}]},{"@type":"BreadcrumbList","@id":"https:\/\/www.focus.cat\/es\/ex\/platanos-cacahuetes-y-lo-que-el-viento-se-llevo\/#breadcrumb","itemListElement":[{"@type":"ListItem","position":1,"name":"Espectacles","item":"https:\/\/www.focus.cat\/ex\/"},{"@type":"ListItem","position":2,"name":"Pl\u00e1tanos, cacahuetes y lo que el viento se llev\u00f3"}]},{"@type":"WebSite","@id":"https:\/\/www.focus.cat\/#website","url":"https:\/\/www.focus.cat\/","name":"Focus","description":"","publisher":{"@id":"https:\/\/www.focus.cat\/#organization"},"potentialAction":[{"@type":"SearchAction","target":{"@type":"EntryPoint","urlTemplate":"https:\/\/www.focus.cat\/?s={search_term_string}"},"query-input":{"@type":"PropertyValueSpecification","valueRequired":true,"valueName":"search_term_string"}}],"inLanguage":"ca"},{"@type":"Organization","@id":"https:\/\/www.focus.cat\/#organization","name":"Focus","url":"https:\/\/www.focus.cat\/","logo":{"@type":"ImageObject","inLanguage":"ca","@id":"https:\/\/www.focus.cat\/#\/schema\/logo\/image\/","url":"https:\/\/www.focus.cat\/wp-content\/uploads\/2022\/01\/logo-focus-any-35.svg","contentUrl":"https:\/\/www.focus.cat\/wp-content\/uploads\/2022\/01\/logo-focus-any-35.svg","width":1,"height":1,"caption":"Focus"},"image":{"@id":"https:\/\/www.focus.cat\/#\/schema\/logo\/image\/"}}]}},"translations":[{"id":16430,"locale":"ca"},{"id":16431,"locale":"es"},{"id":16432,"locale":"en"}],"_links":{"self":[{"href":"https:\/\/www.focus.cat\/wp-json\/wp\/v2\/ex\/16431","targetHints":{"allow":["GET"]}}],"collection":[{"href":"https:\/\/www.focus.cat\/wp-json\/wp\/v2\/ex"}],"about":[{"href":"https:\/\/www.focus.cat\/wp-json\/wp\/v2\/types\/ex"}],"author":[{"embeddable":true,"href":"https:\/\/www.focus.cat\/wp-json\/wp\/v2\/users\/5"}],"replies":[{"embeddable":true,"href":"https:\/\/www.focus.cat\/wp-json\/wp\/v2\/comments?post=16431"}],"wp:attachment":[{"href":"https:\/\/www.focus.cat\/wp-json\/wp\/v2\/media?parent=16431"}],"wp:term":[{"taxonomy":"location","embeddable":true,"href":"https:\/\/www.focus.cat\/wp-json\/wp\/v2\/location?post=16431"}],"curies":[{"name":"wp","href":"https:\/\/api.w.org\/{rel}","templated":true}]}}