{"id":17535,"date":"2024-05-07T09:13:55","date_gmt":"2024-05-07T09:13:55","guid":{"rendered":"https:\/\/www.focus.cat\/ex\/paloma-san-basilio-en-la-decima-musa\/"},"modified":"2024-05-07T09:13:55","modified_gmt":"2024-05-07T09:13:55","slug":"paloma-san-basilio-en-la-decima-musa","status":"publish","type":"ex","link":"https:\/\/www.focus.cat\/es\/ex\/paloma-san-basilio-en-la-decima-musa\/","title":{"rendered":"Paloma San Basilio en &#8220;La D\u00e9cima Musa&#8221;"},"content":{"rendered":"","protected":false},"excerpt":{"rendered":"","protected":false},"author":5,"featured_media":0,"comment_status":"open","ping_status":"closed","template":"","location":[],"class_list":["post-17535","ex","type-ex","status-publish","hentry"],"acf":{"txt_synopsis":"<p align=\"justify\">Unos altos personajes (\u00bfunos dioses?) pretenden contar algunos mitos de otros dioses y h\u00e9roes famosos de la Antig\u00fcedad, pero un misterioso personaje, la Musa Desconocida, no est\u00e1 de acuerdo con la visi\u00f3n que se da de la mitolog\u00eda, siempre desde un punto de vista masculino. Se suceden, pues, con una quincena de temas musicales, solos y d\u00faos, las historias de Pigmali\u00f3n y Galatea, de Paris y Helena, de J\u00fapiter y Europa, de J\u00fapiter suplantando a Anfitri\u00f3n, de Fedra, Teseo e Hip\u00f3lito, y finalmente de Prometeo y Pandora, siempre confrontando la visi\u00f3n habitual con las nuevas versiones que propone el misterioso personaje. Al final de este trayecto, esmaltado con temas de los mejores musicales, y mucha iron\u00eda y humor, sabremos la identidad de esa \u201cd\u00e9cima musa\u201d que ha dado nueva luz a esos mitos cl\u00e1sicos... <br \/><br \/>Guillem-Jordi Graells.<\/p><p align=\"justify\"><\/p>","main_buy_link":"","main_buy_links":"","show_language":"","show_duration":"","txt_genre":"DRAM\u00c0TIC","show_start_date":"20160706000000","show_end_date":"20160710000000","show_sort_date":"20160706000000","txt_custom_show_dates":"del 6 al 10 de julio de 2016 ","txt_additional_info":"","txt_present":"","txt_season":"[]","txt_cycle":"","txt_claim":"","txt_cast_excerpt":"","txt_cast":"<strong>Reparto:<\/strong> Paloma San Basilio&nbsp;e Ignasi Vidal <br \/><strong>Direcci\u00f3n:<\/strong> Josep Maria Mestres <br \/><strong>Dramaturgia:<\/strong> Guillem-Jordi Graells <br \/><strong>Direcci\u00f3n Musical:<\/strong> Juan Esteban Cuacci <br \/><strong>Producci\u00f3n:<\/strong> Festival Internacional M\u00e9rida y Teatre Romea <br \/><strong>Agradecimientos:<\/strong> Josep Maria Pou","txt_reviews":"","hashtag":"","have_promo":"","slogan":"","id_exhibicio":1365,"id_versio":1088,"id_local":44,"txt_seo_desc":"","data_images":"[{\"localizer\":\"V2CARTELLDISTRI\",\"url\":\"media\/cartell\/distrib\/31384\/01_082_00036949\/37_cartel_1.jpg\",\"thumb_url\":\"media\/cartell\/distrib\/31384\/01_082_00036949\/37_cartel_1_thumb.jpg\",\"title\":\"D\u00e9cima musa\",\"description\":\"D\u00e9cima musa\",\"copyright\":\"\",\"order\":1},{\"localizer\":\"V2CARTELL\",\"url\":\"media\/ver\/cartell\/31388\/01_079_00038197\/37_cartel_1.jpg\",\"thumb_url\":\"media\/ver\/cartell\/31388\/01_079_00038197\/37_cartel_1_thumb.jpg\",\"title\":\"La D\u00e9cima Musa\",\"description\":\"La D\u00e9cima Musa\",\"copyright\":\"\",\"order\":2},{\"localizer\":\"V3CARTELL\",\"url\":\"media\/ver\/cartell\/v3\/316A3\/01_085_00057592\/Paloma_San_Basilio_v.jpg\",\"thumb_url\":\"media\/ver\/cartell\/v3\/316A3\/01_085_00057592\/Paloma_San_Basilio_v_thumb.jpg\",\"title\":\"CARTEL LA D\u00c9CIMA MUSA\",\"description\":\"CARTEL LA D\u00c9CIMA MUSA\",\"copyright\":\"\",\"order\":3}]","material__texto_intro":"","data_material":null,"data_gallery":"","data_discounts":"[]","contract_is_open":false,"in_tour":false,"foreign_production":false,"tour_end_date":"00010101000000"},"yoast_head":"<!-- This site is optimized with the Yoast SEO plugin v27.5 - https:\/\/yoast.com\/product\/yoast-seo-wordpress\/ -->\n<title>Paloma San Basilio en &quot;La D\u00e9cima Musa&quot; - Focus<\/title>\n<meta name=\"robots\" content=\"index, follow, max-snippet:-1, max-image-preview:large, max-video-preview:-1\" \/>\n<link rel=\"canonical\" href=\"https:\/\/www.focus.cat\/ex\/paloma-san-basilio-en-la-decima-musa\/\" \/>\n<meta property=\"og:locale\" content=\"ca_ES\" \/>\n<meta property=\"og:type\" content=\"article\" \/>\n<meta property=\"og:title\" content=\"Paloma San Basilio en &quot;La D\u00e9cima Musa&quot; - Focus\" \/>\n<meta property=\"og:url\" content=\"https:\/\/www.focus.cat\/es\/ex\/paloma-san-basilio-en-la-decima-musa\/\" \/>\n<meta property=\"og:site_name\" content=\"Focus\" \/>\n<meta name=\"twitter:card\" content=\"summary_large_image\" \/>\n<script type=\"application\/ld+json\" class=\"yoast-schema-graph\">{\"@context\":\"https:\\\/\\\/schema.org\",\"@graph\":[{\"@type\":\"WebPage\",\"@id\":\"https:\\\/\\\/www.focus.cat\\\/es\\\/ex\\\/paloma-san-basilio-en-la-decima-musa\\\/\",\"url\":\"https:\\\/\\\/www.focus.cat\\\/es\\\/ex\\\/paloma-san-basilio-en-la-decima-musa\\\/\",\"name\":\"Paloma San Basilio en \\\"La D\u00e9cima Musa\\\" - Focus\",\"isPartOf\":{\"@id\":\"https:\\\/\\\/www.focus.cat\\\/#website\"},\"datePublished\":\"2024-05-07T09:13:55+00:00\",\"breadcrumb\":{\"@id\":\"https:\\\/\\\/www.focus.cat\\\/es\\\/ex\\\/paloma-san-basilio-en-la-decima-musa\\\/#breadcrumb\"},\"inLanguage\":\"ca\",\"potentialAction\":[{\"@type\":\"ReadAction\",\"target\":[\"https:\\\/\\\/www.focus.cat\\\/es\\\/ex\\\/paloma-san-basilio-en-la-decima-musa\\\/\"]}]},{\"@type\":\"BreadcrumbList\",\"@id\":\"https:\\\/\\\/www.focus.cat\\\/es\\\/ex\\\/paloma-san-basilio-en-la-decima-musa\\\/#breadcrumb\",\"itemListElement\":[{\"@type\":\"ListItem\",\"position\":1,\"name\":\"Espectacles\",\"item\":\"https:\\\/\\\/www.focus.cat\\\/ex\\\/\"},{\"@type\":\"ListItem\",\"position\":2,\"name\":\"Paloma San Basilio en \u00abLa D\u00e9cima Musa\u00bb\"}]},{\"@type\":\"WebSite\",\"@id\":\"https:\\\/\\\/www.focus.cat\\\/#website\",\"url\":\"https:\\\/\\\/www.focus.cat\\\/\",\"name\":\"Focus\",\"description\":\"\",\"publisher\":{\"@id\":\"https:\\\/\\\/www.focus.cat\\\/#organization\"},\"potentialAction\":[{\"@type\":\"SearchAction\",\"target\":{\"@type\":\"EntryPoint\",\"urlTemplate\":\"https:\\\/\\\/www.focus.cat\\\/?s={search_term_string}\"},\"query-input\":{\"@type\":\"PropertyValueSpecification\",\"valueRequired\":true,\"valueName\":\"search_term_string\"}}],\"inLanguage\":\"ca\"},{\"@type\":\"Organization\",\"@id\":\"https:\\\/\\\/www.focus.cat\\\/#organization\",\"name\":\"Focus\",\"url\":\"https:\\\/\\\/www.focus.cat\\\/\",\"logo\":{\"@type\":\"ImageObject\",\"inLanguage\":\"ca\",\"@id\":\"https:\\\/\\\/www.focus.cat\\\/#\\\/schema\\\/logo\\\/image\\\/\",\"url\":\"https:\\\/\\\/www.focus.cat\\\/wp-content\\\/uploads\\\/2022\\\/01\\\/logo-focus-any-35.svg\",\"contentUrl\":\"https:\\\/\\\/www.focus.cat\\\/wp-content\\\/uploads\\\/2022\\\/01\\\/logo-focus-any-35.svg\",\"width\":1,\"height\":1,\"caption\":\"Focus\"},\"image\":{\"@id\":\"https:\\\/\\\/www.focus.cat\\\/#\\\/schema\\\/logo\\\/image\\\/\"}}]}<\/script>\n<!-- \/ Yoast SEO plugin. -->","yoast_head_json":{"title":"Paloma San Basilio en \"La D\u00e9cima Musa\" - Focus","robots":{"index":"index","follow":"follow","max-snippet":"max-snippet:-1","max-image-preview":"max-image-preview:large","max-video-preview":"max-video-preview:-1"},"canonical":"https:\/\/www.focus.cat\/ex\/paloma-san-basilio-en-la-decima-musa\/","og_locale":"ca_ES","og_type":"article","og_title":"Paloma San Basilio en \"La D\u00e9cima Musa\" - Focus","og_url":"https:\/\/www.focus.cat\/es\/ex\/paloma-san-basilio-en-la-decima-musa\/","og_site_name":"Focus","twitter_card":"summary_large_image","schema":{"@context":"https:\/\/schema.org","@graph":[{"@type":"WebPage","@id":"https:\/\/www.focus.cat\/es\/ex\/paloma-san-basilio-en-la-decima-musa\/","url":"https:\/\/www.focus.cat\/es\/ex\/paloma-san-basilio-en-la-decima-musa\/","name":"Paloma San Basilio en \"La D\u00e9cima Musa\" - Focus","isPartOf":{"@id":"https:\/\/www.focus.cat\/#website"},"datePublished":"2024-05-07T09:13:55+00:00","breadcrumb":{"@id":"https:\/\/www.focus.cat\/es\/ex\/paloma-san-basilio-en-la-decima-musa\/#breadcrumb"},"inLanguage":"ca","potentialAction":[{"@type":"ReadAction","target":["https:\/\/www.focus.cat\/es\/ex\/paloma-san-basilio-en-la-decima-musa\/"]}]},{"@type":"BreadcrumbList","@id":"https:\/\/www.focus.cat\/es\/ex\/paloma-san-basilio-en-la-decima-musa\/#breadcrumb","itemListElement":[{"@type":"ListItem","position":1,"name":"Espectacles","item":"https:\/\/www.focus.cat\/ex\/"},{"@type":"ListItem","position":2,"name":"Paloma San Basilio en \u00abLa D\u00e9cima Musa\u00bb"}]},{"@type":"WebSite","@id":"https:\/\/www.focus.cat\/#website","url":"https:\/\/www.focus.cat\/","name":"Focus","description":"","publisher":{"@id":"https:\/\/www.focus.cat\/#organization"},"potentialAction":[{"@type":"SearchAction","target":{"@type":"EntryPoint","urlTemplate":"https:\/\/www.focus.cat\/?s={search_term_string}"},"query-input":{"@type":"PropertyValueSpecification","valueRequired":true,"valueName":"search_term_string"}}],"inLanguage":"ca"},{"@type":"Organization","@id":"https:\/\/www.focus.cat\/#organization","name":"Focus","url":"https:\/\/www.focus.cat\/","logo":{"@type":"ImageObject","inLanguage":"ca","@id":"https:\/\/www.focus.cat\/#\/schema\/logo\/image\/","url":"https:\/\/www.focus.cat\/wp-content\/uploads\/2022\/01\/logo-focus-any-35.svg","contentUrl":"https:\/\/www.focus.cat\/wp-content\/uploads\/2022\/01\/logo-focus-any-35.svg","width":1,"height":1,"caption":"Focus"},"image":{"@id":"https:\/\/www.focus.cat\/#\/schema\/logo\/image\/"}}]}},"translations":[{"id":17534,"locale":"ca"},{"id":17535,"locale":"es"},{"id":17536,"locale":"en"}],"_links":{"self":[{"href":"https:\/\/www.focus.cat\/wp-json\/wp\/v2\/ex\/17535","targetHints":{"allow":["GET"]}}],"collection":[{"href":"https:\/\/www.focus.cat\/wp-json\/wp\/v2\/ex"}],"about":[{"href":"https:\/\/www.focus.cat\/wp-json\/wp\/v2\/types\/ex"}],"author":[{"embeddable":true,"href":"https:\/\/www.focus.cat\/wp-json\/wp\/v2\/users\/5"}],"replies":[{"embeddable":true,"href":"https:\/\/www.focus.cat\/wp-json\/wp\/v2\/comments?post=17535"}],"wp:attachment":[{"href":"https:\/\/www.focus.cat\/wp-json\/wp\/v2\/media?parent=17535"}],"wp:term":[{"taxonomy":"location","embeddable":true,"href":"https:\/\/www.focus.cat\/wp-json\/wp\/v2\/location?post=17535"}],"curies":[{"name":"wp","href":"https:\/\/api.w.org\/{rel}","templated":true}]}}