{"id":19176,"date":"2024-08-08T08:59:08","date_gmt":"2024-08-08T08:59:08","guid":{"rendered":"https:\/\/www.focus.cat\/ex\/els-veins-de-dalt-2\/"},"modified":"2025-01-13T14:37:04","modified_gmt":"2025-01-13T14:37:04","slug":"els-veins-de-dalt-2","status":"publish","type":"ex","link":"https:\/\/www.focus.cat\/es\/ex\/els-veins-de-dalt-2\/","title":{"rendered":"Els ve\u00efns de dalt"},"content":{"rendered":"","protected":false},"excerpt":{"rendered":"","protected":false},"author":5,"featured_media":0,"comment_status":"closed","ping_status":"closed","template":"","location":[],"class_list":["post-19176","ex","type-ex","status-publish","hentry"],"acf":{"txt_synopsis":"<p align=\"justify\">Una de las aventuras m\u00e1s grandes y ambiciosas que cualquiera de nosotros puede llegar a experimentar en esta vida es, sin duda, la de vivir en pareja. Un reto may\u00fasculo, lleno de adversidades, obst\u00e1culos y lucha constante, las trincheras son infinitas y el consuelo ante las heridas y los rasgu\u00f1os sufridos a menudo es escaso o poco saludable. Aun as\u00ed, hombres y mujeres seguimos intent\u00e1ndolo de forma inexplicable.<\/p>\r\n<p align=\"justify\">Por eso mismo, estoy convencido de que \u00fanicamente con iron\u00eda y sentido del humor es posible escribir sobre esta tragedia que nos persigue desde los or\u00edgenes de los tiempos y de la que no nos podemos librar.<\/p>\r\n<p align=\"justify\">Y \u00bfqu\u00e9 tienen que ver los vecinos de arriba con todo esto? Pues que ellos son los culpables de que ahora est\u00e9is leyendo estas l\u00edneas.<\/p>\r\n<p align=\"justify\">Hace un par de a\u00f1os, unos nuevos vecinos ocuparon el piso sobre el que vivimos mi familia y yo. Enseguida empezamos a escuchar ruidos extra\u00f1os, a cualquier hora, siempre seguidos de una gran variedad de gemidos y suspiros. Sin duda para m\u00ed fue inspirador, y de esta manera, sin quererlo, me acabaron regalando la que ha acabado siendo mi primera obra de teatro. As\u00ed que va por ellos.<strong> Cesc Gay<\/strong><br \/><\/p>\r\n<p align=\"justify\"><strong>Duraci\u00f3n:<\/strong> 1 hora&nbsp;y 25 minutos<\/p><br \/><br \/>\r\n<p align=\"center\"><a href=\"http:\/\/issuu.com\/grupfocus\/docs\/revista_latemporada_grupfocus_1516\/\"><strong>Clique aqu\u00ed para consultar la temporada 15\/16 del Grup Focus<\/strong><\/a>&nbsp;<\/p>","main_buy_link":"","main_buy_links":"","show_language":"","show_duration":"","txt_genre":"COM\u00c8DIA","show_start_date":"20151111000000","show_end_date":"20160124000000","show_sort_date":"20151111000000","txt_custom_show_dates":"del 11 de noviembre de 2015 al 24 de enero de 2016 ","txt_additional_info":"","txt_present":"","txt_season":"[\"2015\/16\"]","txt_cycle":"","txt_claim":"","txt_cast_excerpt":"","txt_cast":"","txt_reviews":"","hashtag":"","have_promo":"","slogan":"","id_exhibicio":1185,"id_versio":792,"id_local":1,"txt_seo_desc":"","data_images":"[{\"localizer\":\"VERS_IMATGE_ESPECTACLE\",\"url\":\"media\/ftespect\/3131F\/01_020_00033267\/gal09.jpg\",\"thumb_url\":\"media\/ftespect\/3131F\/01_020_00033267\/gal09_thumb.jpg\",\"title\":\"Els ve\u00efns de dalt\",\"description\":\"Els ve\u00efns de dalt\",\"copyright\":\"\",\"order\":17},{\"localizer\":\"V2SLIDE\",\"url\":\"media\/ftgalslide\/3131F\/01_076_00033273\/slide06.jpg\",\"thumb_url\":\"media\/ftgalslide\/3131F\/01_076_00033273\/slide06_thumb.jpg\",\"title\":\"Els ve\u00efns de dalt\",\"description\":\"Pere Arquillu\u00e9, \u00c0gata Roca, Carme Pla y Jordi Rico\",\"copyright\":\"https:\/\/www.youtube.com\/watch?v=eroKDuYqmi0\",\"order\":23},{\"localizer\":\"V2SLIDE\",\"url\":\"media\/ftgalslide\/3131F\/01_076_00033276\/slide09.jpg\",\"thumb_url\":\"media\/ftgalslide\/3131F\/01_076_00033276\/slide09_thumb.jpg\",\"title\":\"Els ve\u00efns de dalt\",\"description\":\"Pere Arquillu\u00e9, \u00c0gata Roca\",\"copyright\":\"\",\"order\":26},{\"localizer\":\"V2CARTELL\",\"url\":\"media\/ver\/cartell\/31328\/01_079_00035755\/Cartell_complert_web_A.jpg\",\"thumb_url\":\"media\/ver\/cartell\/31328\/01_079_00035755\/Cartell_complert_web_A_thumb.jpg\",\"title\":\"Cartell Carme Pla\",\"description\":\"Cartell Carme Pla\",\"copyright\":\"https:\/\/d1wfclq6bigznq.cloudfront.net\/tkrfc\/default\/104veinscarme.jpg\",\"order\":32},{\"localizer\":\"V2PORTADA\",\"url\":\"media\/ver\/port\/31328\/01_078_00035756\/Imatge_horitzontal_WEB.jpg\",\"thumb_url\":\"media\/ver\/port\/31328\/01_078_00035756\/Imatge_horitzontal_WEB_thumb.jpg\",\"title\":\"Portada Carme Pla\",\"description\":\"Portada Carme Pla\",\"copyright\":\"\",\"order\":33},{\"localizer\":\"VERS_IMATGE_ESPECTACLE\",\"url\":\"media\/ftespect\/31328\/01_020_00035761\/galeria_web_carme2.jpg\",\"thumb_url\":\"media\/ftespect\/31328\/01_020_00035761\/galeria_web_carme2_thumb.jpg\",\"title\":\"Els ve\u00efns de dalt\",\"description\":\"\",\"copyright\":\"\",\"order\":36},{\"localizer\":\"VERS_IMATGE_ESPECTACLE\",\"url\":\"media\/ftespect\/31328\/01_020_00035762\/galeria_web_carme3.jpg\",\"thumb_url\":\"media\/ftespect\/31328\/01_020_00035762\/galeria_web_carme3_thumb.jpg\",\"title\":\"Els ve\u00efns de dalt\",\"description\":\"\",\"copyright\":\"\",\"order\":37},{\"localizer\":\"VERS_IMATGE_ESPECTACLE\",\"url\":\"media\/ftespect\/31328\/01_020_00035763\/galeria_web_carme4.jpg\",\"thumb_url\":\"media\/ftespect\/31328\/01_020_00035763\/galeria_web_carme4_thumb.jpg\",\"title\":\"Els ve\u00efns de dalt\",\"description\":\"\",\"copyright\":\"\",\"order\":38},{\"localizer\":\"VERS_IMATGE_ESPECTACLE\",\"url\":\"media\/ftespect\/31328\/01_020_00035764\/galeria_web_carme5.jpg\",\"thumb_url\":\"media\/ftespect\/31328\/01_020_00035764\/galeria_web_carme5_thumb.jpg\",\"title\":\"Els ve\u00efns de dalt\",\"description\":\"\",\"copyright\":\"\",\"order\":39},{\"localizer\":\"VERS_IMATGE_ESPECTACLE\",\"url\":\"media\/ftespect\/31328\/01_020_00035765\/galeria_web_carme6.jpg\",\"thumb_url\":\"media\/ftespect\/31328\/01_020_00035765\/galeria_web_carme6_thumb.jpg\",\"title\":\"Els ve\u00efns de dalt\",\"description\":\"\",\"copyright\":\"\",\"order\":40},{\"localizer\":\"VERS_IMATGE_ESPECTACLE\",\"url\":\"media\/ftespect\/31328\/01_020_00035766\/galeria_web_carme7.jpg\",\"thumb_url\":\"media\/ftespect\/31328\/01_020_00035766\/galeria_web_carme7_thumb.jpg\",\"title\":\"Els ve\u00efns de dalt\",\"description\":\"\",\"copyright\":\"\",\"order\":41},{\"localizer\":\"VERS_IMATGE_ESPECTACLE\",\"url\":\"media\/ftespect\/31328\/01_020_00035767\/galeria_web_carme8.jpg\",\"thumb_url\":\"media\/ftespect\/31328\/01_020_00035767\/galeria_web_carme8_thumb.jpg\",\"title\":\"Els ve\u00efns de dalt\",\"description\":\"\",\"copyright\":\"\",\"order\":42},{\"localizer\":\"V2SLIDE\",\"url\":\"media\/ftgalslide\/31328\/01_076_00035768\/slide.jpg\",\"thumb_url\":\"media\/ftgalslide\/31328\/01_076_00035768\/slide_thumb.jpg\",\"title\":\"Els ve\u00efns de dalt\",\"description\":\"\",\"copyright\":\"\",\"order\":43},{\"localizer\":\"V2SLIDE\",\"url\":\"media\/ftgalslide\/31328\/01_076_00035769\/slide2.jpg\",\"thumb_url\":\"media\/ftgalslide\/31328\/01_076_00035769\/slide2_thumb.jpg\",\"title\":\"Els ve\u00efns de dalt\",\"description\":\"\",\"copyright\":\"\",\"order\":44},{\"localizer\":\"V2SLIDE\",\"url\":\"media\/ftgalslide\/31328\/01_076_00035770\/slide3.jpg\",\"thumb_url\":\"media\/ftgalslide\/31328\/01_076_00035770\/slide3_thumb.jpg\",\"title\":\"Els ve\u00efns de dalt\",\"description\":\"\",\"copyright\":\"\",\"order\":45},{\"localizer\":\"V2SLIDE\",\"url\":\"media\/ftgalslide\/31328\/01_076_00035771\/slide4.jpg\",\"thumb_url\":\"media\/ftgalslide\/31328\/01_076_00035771\/slide4_thumb.jpg\",\"title\":\"Els ve\u00efns de dalt\",\"description\":\"\",\"copyright\":\"\",\"order\":46},{\"localizer\":\"V2SLIDE\",\"url\":\"media\/ftgalslide\/31328\/01_076_00035772\/slide5.jpg\",\"thumb_url\":\"media\/ftgalslide\/31328\/01_076_00035772\/slide5_thumb.jpg\",\"title\":\"Els ve\u00efns de dalt\",\"description\":\"\",\"copyright\":\"\",\"order\":47},{\"localizer\":\"V2SLIDE\",\"url\":\"media\/ftgalslide\/31328\/01_076_00035773\/slide6.jpg\",\"thumb_url\":\"media\/ftgalslide\/31328\/01_076_00035773\/slide6_thumb.jpg\",\"title\":\"Els ve\u00efns de dalt\",\"description\":\"\",\"copyright\":\"\",\"order\":48},{\"localizer\":\"V2SLIDE\",\"url\":\"media\/ftgalslide\/31328\/01_076_00035774\/slide7.jpg\",\"thumb_url\":\"media\/ftgalslide\/31328\/01_076_00035774\/slide7_thumb.jpg\",\"title\":\"Els ve\u00efns de dalt\",\"description\":\"\",\"copyright\":\"\",\"order\":49},{\"localizer\":\"V3CARTELL\",\"url\":\"media\/ver\/cartell\/v3\/316A8\/01_085_00058196\/Cartell_70x100_CP.jpg\",\"thumb_url\":\"media\/ver\/cartell\/v3\/316A8\/01_085_00058196\/Cartell_70x100_CP_thumb.jpg\",\"title\":\"Cartel ELS VE\u00cfNS DE DALT\",\"description\":\"Cartel ELS VE\u00cfNS DE DALT\",\"copyright\":\"\",\"order\":50}]","material__texto_intro":"","data_material":null,"data_gallery":"","data_discounts":"[{\"InfoAddicional\":\"<p><strong>Descuentos para grupos y escuelas<br \/><\/strong><\/p>\",\"Url\":\"https:\/\/www.promentrada.com\/es\/product\/{#CODI#}\",\"Codi\":\"0\",\"LogoUrl\":\"media\/fimage\/31389\/01_005_00038530\/logo_prome_nuevo_v_web.jpg\",\"TitolBoto\":\"Descuentos para grupos y escuelas\",\"Type\":\"discount\"},{\"InfoAddicional\":\"<p><strong>Descuentos para particulares<br \/><\/strong><\/p>\",\"Url\":\"vip.promentrada.com\/es\/product\/{#CODI#}\",\"Codi\":\"0\",\"LogoUrl\":\"media\/fimage\/31389\/01_005_00038559\/logo_prome_vip_v_web.jpg\",\"TitolBoto\":\"Descuentos para particulares\",\"Type\":\"discount\"}]","contract_is_open":false,"in_tour":false,"foreign_production":false,"tour_end_date":"00010101000000"},"yoast_head":"<!-- This site is optimized with the Yoast SEO plugin v27.5 - https:\/\/yoast.com\/product\/yoast-seo-wordpress\/ -->\n<title>Els ve\u00efns de dalt - Focus<\/title>\n<meta name=\"robots\" content=\"index, follow, max-snippet:-1, max-image-preview:large, max-video-preview:-1\" \/>\n<link rel=\"canonical\" href=\"https:\/\/www.focus.cat\/ex\/els-veins-de-dalt-2\/\" \/>\n<meta property=\"og:locale\" content=\"ca_ES\" \/>\n<meta property=\"og:type\" content=\"article\" \/>\n<meta property=\"og:title\" content=\"Els ve\u00efns de dalt - Focus\" \/>\n<meta property=\"og:url\" content=\"https:\/\/www.focus.cat\/es\/ex\/els-veins-de-dalt-2\/\" \/>\n<meta property=\"og:site_name\" content=\"Focus\" \/>\n<meta property=\"article:modified_time\" content=\"2025-01-13T14:37:04+00:00\" \/>\n<meta name=\"twitter:card\" content=\"summary_large_image\" \/>\n<script type=\"application\/ld+json\" class=\"yoast-schema-graph\">{\"@context\":\"https:\\\/\\\/schema.org\",\"@graph\":[{\"@type\":\"WebPage\",\"@id\":\"https:\\\/\\\/www.focus.cat\\\/es\\\/ex\\\/els-veins-de-dalt-2\\\/\",\"url\":\"https:\\\/\\\/www.focus.cat\\\/es\\\/ex\\\/els-veins-de-dalt-2\\\/\",\"name\":\"Els ve\u00efns de dalt - Focus\",\"isPartOf\":{\"@id\":\"https:\\\/\\\/www.focus.cat\\\/#website\"},\"datePublished\":\"2024-08-08T08:59:08+00:00\",\"dateModified\":\"2025-01-13T14:37:04+00:00\",\"breadcrumb\":{\"@id\":\"https:\\\/\\\/www.focus.cat\\\/es\\\/ex\\\/els-veins-de-dalt-2\\\/#breadcrumb\"},\"inLanguage\":\"ca\",\"potentialAction\":[{\"@type\":\"ReadAction\",\"target\":[\"https:\\\/\\\/www.focus.cat\\\/es\\\/ex\\\/els-veins-de-dalt-2\\\/\"]}]},{\"@type\":\"BreadcrumbList\",\"@id\":\"https:\\\/\\\/www.focus.cat\\\/es\\\/ex\\\/els-veins-de-dalt-2\\\/#breadcrumb\",\"itemListElement\":[{\"@type\":\"ListItem\",\"position\":1,\"name\":\"Espectacles\",\"item\":\"https:\\\/\\\/www.focus.cat\\\/ex\\\/\"},{\"@type\":\"ListItem\",\"position\":2,\"name\":\"Els ve\u00efns de dalt\"}]},{\"@type\":\"WebSite\",\"@id\":\"https:\\\/\\\/www.focus.cat\\\/#website\",\"url\":\"https:\\\/\\\/www.focus.cat\\\/\",\"name\":\"Focus\",\"description\":\"\",\"publisher\":{\"@id\":\"https:\\\/\\\/www.focus.cat\\\/#organization\"},\"potentialAction\":[{\"@type\":\"SearchAction\",\"target\":{\"@type\":\"EntryPoint\",\"urlTemplate\":\"https:\\\/\\\/www.focus.cat\\\/?s={search_term_string}\"},\"query-input\":{\"@type\":\"PropertyValueSpecification\",\"valueRequired\":true,\"valueName\":\"search_term_string\"}}],\"inLanguage\":\"ca\"},{\"@type\":\"Organization\",\"@id\":\"https:\\\/\\\/www.focus.cat\\\/#organization\",\"name\":\"Focus\",\"url\":\"https:\\\/\\\/www.focus.cat\\\/\",\"logo\":{\"@type\":\"ImageObject\",\"inLanguage\":\"ca\",\"@id\":\"https:\\\/\\\/www.focus.cat\\\/#\\\/schema\\\/logo\\\/image\\\/\",\"url\":\"https:\\\/\\\/www.focus.cat\\\/wp-content\\\/uploads\\\/2022\\\/01\\\/logo-focus-any-35.svg\",\"contentUrl\":\"https:\\\/\\\/www.focus.cat\\\/wp-content\\\/uploads\\\/2022\\\/01\\\/logo-focus-any-35.svg\",\"width\":1,\"height\":1,\"caption\":\"Focus\"},\"image\":{\"@id\":\"https:\\\/\\\/www.focus.cat\\\/#\\\/schema\\\/logo\\\/image\\\/\"}}]}<\/script>\n<!-- \/ Yoast SEO plugin. -->","yoast_head_json":{"title":"Els ve\u00efns de dalt - Focus","robots":{"index":"index","follow":"follow","max-snippet":"max-snippet:-1","max-image-preview":"max-image-preview:large","max-video-preview":"max-video-preview:-1"},"canonical":"https:\/\/www.focus.cat\/ex\/els-veins-de-dalt-2\/","og_locale":"ca_ES","og_type":"article","og_title":"Els ve\u00efns de dalt - Focus","og_url":"https:\/\/www.focus.cat\/es\/ex\/els-veins-de-dalt-2\/","og_site_name":"Focus","article_modified_time":"2025-01-13T14:37:04+00:00","twitter_card":"summary_large_image","schema":{"@context":"https:\/\/schema.org","@graph":[{"@type":"WebPage","@id":"https:\/\/www.focus.cat\/es\/ex\/els-veins-de-dalt-2\/","url":"https:\/\/www.focus.cat\/es\/ex\/els-veins-de-dalt-2\/","name":"Els ve\u00efns de dalt - Focus","isPartOf":{"@id":"https:\/\/www.focus.cat\/#website"},"datePublished":"2024-08-08T08:59:08+00:00","dateModified":"2025-01-13T14:37:04+00:00","breadcrumb":{"@id":"https:\/\/www.focus.cat\/es\/ex\/els-veins-de-dalt-2\/#breadcrumb"},"inLanguage":"ca","potentialAction":[{"@type":"ReadAction","target":["https:\/\/www.focus.cat\/es\/ex\/els-veins-de-dalt-2\/"]}]},{"@type":"BreadcrumbList","@id":"https:\/\/www.focus.cat\/es\/ex\/els-veins-de-dalt-2\/#breadcrumb","itemListElement":[{"@type":"ListItem","position":1,"name":"Espectacles","item":"https:\/\/www.focus.cat\/ex\/"},{"@type":"ListItem","position":2,"name":"Els ve\u00efns de dalt"}]},{"@type":"WebSite","@id":"https:\/\/www.focus.cat\/#website","url":"https:\/\/www.focus.cat\/","name":"Focus","description":"","publisher":{"@id":"https:\/\/www.focus.cat\/#organization"},"potentialAction":[{"@type":"SearchAction","target":{"@type":"EntryPoint","urlTemplate":"https:\/\/www.focus.cat\/?s={search_term_string}"},"query-input":{"@type":"PropertyValueSpecification","valueRequired":true,"valueName":"search_term_string"}}],"inLanguage":"ca"},{"@type":"Organization","@id":"https:\/\/www.focus.cat\/#organization","name":"Focus","url":"https:\/\/www.focus.cat\/","logo":{"@type":"ImageObject","inLanguage":"ca","@id":"https:\/\/www.focus.cat\/#\/schema\/logo\/image\/","url":"https:\/\/www.focus.cat\/wp-content\/uploads\/2022\/01\/logo-focus-any-35.svg","contentUrl":"https:\/\/www.focus.cat\/wp-content\/uploads\/2022\/01\/logo-focus-any-35.svg","width":1,"height":1,"caption":"Focus"},"image":{"@id":"https:\/\/www.focus.cat\/#\/schema\/logo\/image\/"}}]}},"translations":[{"id":19175,"locale":"ca"},{"id":19176,"locale":"es"},{"id":19177,"locale":"en"}],"_links":{"self":[{"href":"https:\/\/www.focus.cat\/wp-json\/wp\/v2\/ex\/19176","targetHints":{"allow":["GET"]}}],"collection":[{"href":"https:\/\/www.focus.cat\/wp-json\/wp\/v2\/ex"}],"about":[{"href":"https:\/\/www.focus.cat\/wp-json\/wp\/v2\/types\/ex"}],"author":[{"embeddable":true,"href":"https:\/\/www.focus.cat\/wp-json\/wp\/v2\/users\/5"}],"replies":[{"embeddable":true,"href":"https:\/\/www.focus.cat\/wp-json\/wp\/v2\/comments?post=19176"}],"wp:attachment":[{"href":"https:\/\/www.focus.cat\/wp-json\/wp\/v2\/media?parent=19176"}],"wp:term":[{"taxonomy":"location","embeddable":true,"href":"https:\/\/www.focus.cat\/wp-json\/wp\/v2\/location?post=19176"}],"curies":[{"name":"wp","href":"https:\/\/api.w.org\/{rel}","templated":true}]}}