{"id":19191,"date":"2024-08-08T15:51:55","date_gmt":"2024-08-08T15:51:55","guid":{"rendered":"https:\/\/www.focus.cat\/ex\/desde-berlin-tributo-a-lou-reed-2\/"},"modified":"2025-01-13T15:22:27","modified_gmt":"2025-01-13T15:22:27","slug":"desde-berlin-tributo-a-lou-reed-2","status":"publish","type":"ex","link":"https:\/\/www.focus.cat\/es\/ex\/desde-berlin-tributo-a-lou-reed-2\/","title":{"rendered":"Desde Berl\u00edn. Tributo a Lou Reed"},"content":{"rendered":"","protected":false},"excerpt":{"rendered":"","protected":false},"author":5,"featured_media":0,"comment_status":"closed","ping_status":"closed","template":"","location":[],"class_list":["post-19191","ex","type-ex","status-publish","hentry"],"acf":{"txt_synopsis":"<p align=\"left\"><em><strong>No me gustaba la escuela<br \/>No me gustaban los grupos<br \/>No me gustaba la autoridad\u2026<br \/>Estaba hecho para el Rock&Roll<br \/>(Lou Reed)<\/strong><\/em><\/p>\r\n<p align=\"justify\">Nueva York, The Factory, Warhol, creaci\u00f3n explosiva, mucha poes\u00eda, realidad e irrealidad, mucha ambig\u00fcedad y sobretodo, mucho Rock and Roll.<br \/><br \/>Por encima de todo este panorama, un m\u00fasico, poeta, agitador, ciudadano de su ciudad y no de otra, heredero de la m\u00e1s pura tradici\u00f3n po\u00e9tica urbana de Delmore Schwartz, Saul Below o Allen Ginsberg y alguien que se convierte en una influencia fundamental para diversas generaciones de m\u00fasicos, poetas y personas de la cultura, Lou Reed.<br \/><br \/>De la mano de Andr\u00e9s Lima, Pablo Derqui y Nathalie Poza nos invitar\u00e1n a hacer un paseo por este universo m\u00e1gico, contradictorio y extremadamente brillante que ha marcado el paso a tantos y tantos artistas de todas las disciplinas del arte de los \u00faltimos 60 a\u00f1os.<\/p>\r\n<p align=\"justify\"><strong><em>Espect\u00e1culo en castellano<\/em><\/strong><\/p>\r\n<p align=\"justify\"><strong>Duraci\u00f3n:<\/strong> 1h&nbsp;y 10 minutos (sin entreacto)<\/p>","main_buy_link":"","main_buy_links":"","show_language":"","show_duration":"","txt_genre":"DRAM\u00c0TIC","show_start_date":"20141105000000","show_end_date":"20141207000000","show_sort_date":"20141105000000","txt_custom_show_dates":"del 5 de noviembre al 7 de diciembre de 2014 ","txt_additional_info":"","txt_present":"","txt_season":"[]","txt_cycle":"","txt_claim":"","txt_cast_excerpt":"","txt_cast":"","txt_reviews":"","hashtag":"","have_promo":"","slogan":"","id_exhibicio":1148,"id_versio":787,"id_local":123,"txt_seo_desc":"","data_images":"[{\"localizer\":\"V2SLIDE\",\"url\":\"media\/ftgalslide\/312C1\/01_076_00031176\/slide01.jpg\",\"thumb_url\":\"media\/ftgalslide\/312C1\/01_076_00031176\/slide01_thumb.jpg\",\"title\":\"Desde Berl\u00edn. Tributo a Lou Reed\",\"description\":\"Nathalie Poza y Pablo Derqui\",\"copyright\":\"http:\/\/www.youtube.com\/watch?v=KMX2kkAtq6A\",\"order\":1},{\"localizer\":\"V2CARTELL\",\"url\":\"media\/ver\/cartell\/312C0\/01_079_00030994\/a4DesdeBerlinlogoblanco.jpg\",\"thumb_url\":\"media\/ver\/cartell\/312C0\/01_079_00030994\/a4DesdeBerlinlogoblanco_thumb.jpg\",\"title\":\"Desde Berl\u00edn\",\"description\":\"Desde Berl\u00edn\",\"copyright\":\"https:\/\/d1wfclq6bigznq.cloudfront.net\/tkrfc\/default\/046desdeberlin.jpg\",\"order\":10},{\"localizer\":\"V2CARTELLDISTRI\",\"url\":\"media\/cartell\/distrib\/312C1\/01_082_00031073\/list3.jpg\",\"thumb_url\":\"media\/cartell\/distrib\/312C1\/01_082_00031073\/list3_thumb.jpg\",\"title\":\"Desde Berl\u00edn. Tributo a Lou Reed\",\"description\":\"Desde Berl\u00edn. Tributo a Lou Reed\",\"copyright\":\"\",\"order\":11},{\"localizer\":\"V2SLIDE\",\"url\":\"media\/ftgalslide\/312C1\/01_076_00031144\/slide01.jpg\",\"thumb_url\":\"media\/ftgalslide\/312C1\/01_076_00031144\/slide01_thumb.jpg\",\"title\":\"Desde Berl\u00edn. Tributo a Lou Reed\",\"description\":\"Pablo Derqui\",\"copyright\":\"\",\"order\":12},{\"localizer\":\"V2SLIDE\",\"url\":\"media\/ftgalslide\/312C1\/01_076_00031145\/slide02.jpg\",\"thumb_url\":\"media\/ftgalslide\/312C1\/01_076_00031145\/slide02_thumb.jpg\",\"title\":\"Desde Berl\u00edn. Tributo a Lou Reed\",\"description\":\"Nathalie Poza y Pablo Derqui\",\"copyright\":\"\",\"order\":13},{\"localizer\":\"V2SLIDE\",\"url\":\"media\/ftgalslide\/312C1\/01_076_00031146\/slide03.jpg\",\"thumb_url\":\"media\/ftgalslide\/312C1\/01_076_00031146\/slide03_thumb.jpg\",\"title\":\"Desde Berl\u00edn. Tributo a Lou Reed\",\"description\":\"Nathalie Poza y Pablo Derqui\",\"copyright\":\"\",\"order\":14},{\"localizer\":\"V2SLIDE\",\"url\":\"media\/ftgalslide\/312C1\/01_076_00031147\/slide04.jpg\",\"thumb_url\":\"media\/ftgalslide\/312C1\/01_076_00031147\/slide04_thumb.jpg\",\"title\":\"Desde Berl\u00edn. Tributo a Lou Reed\",\"description\":\"Pablo Derqui\",\"copyright\":\"\",\"order\":15},{\"localizer\":\"V2SLIDE\",\"url\":\"media\/ftgalslide\/312C1\/01_076_00031148\/slide05.jpg\",\"thumb_url\":\"media\/ftgalslide\/312C1\/01_076_00031148\/slide05_thumb.jpg\",\"title\":\"Desde Berl\u00edn. Tributo a Lou Reed\",\"description\":\"Nathalie Poza y Pablo Derqui\",\"copyright\":\"\",\"order\":16},{\"localizer\":\"V2SLIDE\",\"url\":\"media\/ftgalslide\/312C1\/01_076_00031149\/slide06.jpg\",\"thumb_url\":\"media\/ftgalslide\/312C1\/01_076_00031149\/slide06_thumb.jpg\",\"title\":\"Desde Berl\u00edn. Tributo a Lou Reed\",\"description\":\"Nathalie Poza y Pablo Derqui\",\"copyright\":\"\",\"order\":17},{\"localizer\":\"V2SLIDE\",\"url\":\"media\/ftgalslide\/312C1\/01_076_00031150\/slide07.jpg\",\"thumb_url\":\"media\/ftgalslide\/312C1\/01_076_00031150\/slide07_thumb.jpg\",\"title\":\"Desde Berl\u00edn. Tributo a Lou Reed\",\"description\":\"Nathalie Poza y Pablo Derqui\",\"copyright\":\"\",\"order\":18},{\"localizer\":\"V2SLIDE\",\"url\":\"media\/ftgalslide\/312C1\/01_076_00031151\/slide08.jpg\",\"thumb_url\":\"media\/ftgalslide\/312C1\/01_076_00031151\/slide08_thumb.jpg\",\"title\":\"Desde Berl\u00edn. Tributo a Lou Reed\",\"description\":\"Nathalie Poza\",\"copyright\":\"\",\"order\":19},{\"localizer\":\"V2SLIDE\",\"url\":\"media\/ftgalslide\/312C1\/01_076_00031152\/slide09.jpg\",\"thumb_url\":\"media\/ftgalslide\/312C1\/01_076_00031152\/slide09_thumb.jpg\",\"title\":\"Desde Berl\u00edn. Tributo a Lou Reed\",\"description\":\"Nathalie Poza y Pablo Derqui\",\"copyright\":\"\",\"order\":20},{\"localizer\":\"VERS_IMATGE_ESPECTACLE\",\"url\":\"media\/ftespect\/312C1\/01_020_00031153\/gal01.jpg\",\"thumb_url\":\"media\/ftespect\/312C1\/01_020_00031153\/gal01_thumb.jpg\",\"title\":\"Desde Berl\u00edn. Tributo a Lou Reed\",\"description\":\"Desde Berl\u00edn. Tributo a Lou Reed\",\"copyright\":\"\",\"order\":21},{\"localizer\":\"VERS_IMATGE_ESPECTACLE\",\"url\":\"media\/ftespect\/312C1\/01_020_00031154\/gal02.jpg\",\"thumb_url\":\"media\/ftespect\/312C1\/01_020_00031154\/gal02_thumb.jpg\",\"title\":\"Desde Berl\u00edn. Tributo a Lou Reed\",\"description\":\"Desde Berl\u00edn. Tributo a Lou Reed\",\"copyright\":\"\",\"order\":22},{\"localizer\":\"VERS_IMATGE_ESPECTACLE\",\"url\":\"media\/ftespect\/312C1\/01_020_00031155\/gal03.jpg\",\"thumb_url\":\"media\/ftespect\/312C1\/01_020_00031155\/gal03_thumb.jpg\",\"title\":\"Desde Berl\u00edn. Tributo a Lou Reed\",\"description\":\"Desde Berl\u00edn. Tributo a Lou Reed\",\"copyright\":\"\",\"order\":23},{\"localizer\":\"VERS_IMATGE_ESPECTACLE\",\"url\":\"media\/ftespect\/312C1\/01_020_00031156\/gal04.jpg\",\"thumb_url\":\"media\/ftespect\/312C1\/01_020_00031156\/gal04_thumb.jpg\",\"title\":\"Desde Berl\u00edn. Tributo a Lou Reed\",\"description\":\"Desde Berl\u00edn. Tributo a Lou Reed\",\"copyright\":\"\",\"order\":24},{\"localizer\":\"VERS_IMATGE_ESPECTACLE\",\"url\":\"media\/ftespect\/312C1\/01_020_00031157\/gal05.jpg\",\"thumb_url\":\"media\/ftespect\/312C1\/01_020_00031157\/gal05_thumb.jpg\",\"title\":\"Desde Berl\u00edn. Tributo a Lou Reed\",\"description\":\"Desde Berl\u00edn. Tributo a Lou Reed\",\"copyright\":\"\",\"order\":25},{\"localizer\":\"VERS_IMATGE_ESPECTACLE\",\"url\":\"media\/ftespect\/312C1\/01_020_00031158\/gal06.jpg\",\"thumb_url\":\"media\/ftespect\/312C1\/01_020_00031158\/gal06_thumb.jpg\",\"title\":\"Desde Berl\u00edn. Tributo a Lou Reed\",\"description\":\"Desde Berl\u00edn. Tributo a Lou Reed\",\"copyright\":\"\",\"order\":26},{\"localizer\":\"VERS_IMATGE_ESPECTACLE\",\"url\":\"media\/ftespect\/312C1\/01_020_00031159\/gal07.jpg\",\"thumb_url\":\"media\/ftespect\/312C1\/01_020_00031159\/gal07_thumb.jpg\",\"title\":\"Desde Berl\u00edn. Tributo a Lou Reed\",\"description\":\"Desde Berl\u00edn. Tributo a Lou Reed\",\"copyright\":\"\",\"order\":27},{\"localizer\":\"VERS_IMATGE_ESPECTACLE\",\"url\":\"media\/ftespect\/312C1\/01_020_00031160\/gal08.jpg\",\"thumb_url\":\"media\/ftespect\/312C1\/01_020_00031160\/gal08_thumb.jpg\",\"title\":\"Desde Berl\u00edn. Tributo a Lou Reed\",\"description\":\"Desde Berl\u00edn. Tributo a Lou Reed\",\"copyright\":\"\",\"order\":28},{\"localizer\":\"VERS_IMATGE_ESPECTACLE\",\"url\":\"media\/ftespect\/312C1\/01_020_00031161\/gal09.jpg\",\"thumb_url\":\"media\/ftespect\/312C1\/01_020_00031161\/gal09_thumb.jpg\",\"title\":\"Desde Berl\u00edn. Tributo a Lou Reed\",\"description\":\"Desde Berl\u00edn. Tributo a Lou Reed\",\"copyright\":\"\",\"order\":29},{\"localizer\":\"V2PORTADA\",\"url\":\"media\/ver\/port\/312C2\/01_078_00031365\/Loureedweb.jpg\",\"thumb_url\":\"media\/ver\/port\/312C2\/01_078_00031365\/Loureedweb_thumb.jpg\",\"title\":\"Desde Berl\u00edn\",\"description\":\"Desde Berl\u00edn\",\"copyright\":\"\",\"order\":32},{\"localizer\":\"V3CARTELL\",\"url\":\"media\/ver\/cartell\/v3\/316A8\/01_085_00058204\/a4_MADRID.jpg\",\"thumb_url\":\"media\/ver\/cartell\/v3\/316A8\/01_085_00058204\/a4_MADRID_thumb.jpg\",\"title\":\"Cartel DESDE BERL\u00cdN. TRIBUTO A LOU REED\",\"description\":\"Cartel DESDE BERL\u00cdN. TRIBUTO A LOU REED\",\"copyright\":\"\",\"order\":33}]","material__texto_intro":"","data_material":null,"data_gallery":"","data_discounts":"[]","contract_is_open":false,"in_tour":false,"foreign_production":false,"tour_end_date":"00010101000000"},"yoast_head":"<!-- This site is optimized with the Yoast SEO plugin v27.5 - https:\/\/yoast.com\/product\/yoast-seo-wordpress\/ -->\n<title>Desde Berl\u00edn. Tributo a Lou Reed - Focus<\/title>\n<meta name=\"robots\" content=\"index, follow, max-snippet:-1, max-image-preview:large, max-video-preview:-1\" \/>\n<link rel=\"canonical\" href=\"https:\/\/www.focus.cat\/ex\/desde-berlin-tributo-a-lou-reed-2\/\" \/>\n<meta property=\"og:locale\" content=\"ca_ES\" \/>\n<meta property=\"og:type\" content=\"article\" \/>\n<meta property=\"og:title\" content=\"Desde Berl\u00edn. Tributo a Lou Reed - Focus\" \/>\n<meta property=\"og:url\" content=\"https:\/\/www.focus.cat\/es\/ex\/desde-berlin-tributo-a-lou-reed-2\/\" \/>\n<meta property=\"og:site_name\" content=\"Focus\" \/>\n<meta property=\"article:modified_time\" content=\"2025-01-13T15:22:27+00:00\" \/>\n<meta name=\"twitter:card\" content=\"summary_large_image\" \/>\n<script type=\"application\/ld+json\" class=\"yoast-schema-graph\">{\"@context\":\"https:\\\/\\\/schema.org\",\"@graph\":[{\"@type\":\"WebPage\",\"@id\":\"https:\\\/\\\/www.focus.cat\\\/es\\\/ex\\\/desde-berlin-tributo-a-lou-reed-2\\\/\",\"url\":\"https:\\\/\\\/www.focus.cat\\\/es\\\/ex\\\/desde-berlin-tributo-a-lou-reed-2\\\/\",\"name\":\"Desde Berl\u00edn. Tributo a Lou Reed - Focus\",\"isPartOf\":{\"@id\":\"https:\\\/\\\/www.focus.cat\\\/#website\"},\"datePublished\":\"2024-08-08T15:51:55+00:00\",\"dateModified\":\"2025-01-13T15:22:27+00:00\",\"breadcrumb\":{\"@id\":\"https:\\\/\\\/www.focus.cat\\\/es\\\/ex\\\/desde-berlin-tributo-a-lou-reed-2\\\/#breadcrumb\"},\"inLanguage\":\"ca\",\"potentialAction\":[{\"@type\":\"ReadAction\",\"target\":[\"https:\\\/\\\/www.focus.cat\\\/es\\\/ex\\\/desde-berlin-tributo-a-lou-reed-2\\\/\"]}]},{\"@type\":\"BreadcrumbList\",\"@id\":\"https:\\\/\\\/www.focus.cat\\\/es\\\/ex\\\/desde-berlin-tributo-a-lou-reed-2\\\/#breadcrumb\",\"itemListElement\":[{\"@type\":\"ListItem\",\"position\":1,\"name\":\"Espectacles\",\"item\":\"https:\\\/\\\/www.focus.cat\\\/ex\\\/\"},{\"@type\":\"ListItem\",\"position\":2,\"name\":\"Desde Berl\u00edn. Tributo a Lou Reed\"}]},{\"@type\":\"WebSite\",\"@id\":\"https:\\\/\\\/www.focus.cat\\\/#website\",\"url\":\"https:\\\/\\\/www.focus.cat\\\/\",\"name\":\"Focus\",\"description\":\"\",\"publisher\":{\"@id\":\"https:\\\/\\\/www.focus.cat\\\/#organization\"},\"potentialAction\":[{\"@type\":\"SearchAction\",\"target\":{\"@type\":\"EntryPoint\",\"urlTemplate\":\"https:\\\/\\\/www.focus.cat\\\/?s={search_term_string}\"},\"query-input\":{\"@type\":\"PropertyValueSpecification\",\"valueRequired\":true,\"valueName\":\"search_term_string\"}}],\"inLanguage\":\"ca\"},{\"@type\":\"Organization\",\"@id\":\"https:\\\/\\\/www.focus.cat\\\/#organization\",\"name\":\"Focus\",\"url\":\"https:\\\/\\\/www.focus.cat\\\/\",\"logo\":{\"@type\":\"ImageObject\",\"inLanguage\":\"ca\",\"@id\":\"https:\\\/\\\/www.focus.cat\\\/#\\\/schema\\\/logo\\\/image\\\/\",\"url\":\"https:\\\/\\\/www.focus.cat\\\/wp-content\\\/uploads\\\/2022\\\/01\\\/logo-focus-any-35.svg\",\"contentUrl\":\"https:\\\/\\\/www.focus.cat\\\/wp-content\\\/uploads\\\/2022\\\/01\\\/logo-focus-any-35.svg\",\"width\":1,\"height\":1,\"caption\":\"Focus\"},\"image\":{\"@id\":\"https:\\\/\\\/www.focus.cat\\\/#\\\/schema\\\/logo\\\/image\\\/\"}}]}<\/script>\n<!-- \/ Yoast SEO plugin. -->","yoast_head_json":{"title":"Desde Berl\u00edn. Tributo a Lou Reed - Focus","robots":{"index":"index","follow":"follow","max-snippet":"max-snippet:-1","max-image-preview":"max-image-preview:large","max-video-preview":"max-video-preview:-1"},"canonical":"https:\/\/www.focus.cat\/ex\/desde-berlin-tributo-a-lou-reed-2\/","og_locale":"ca_ES","og_type":"article","og_title":"Desde Berl\u00edn. Tributo a Lou Reed - Focus","og_url":"https:\/\/www.focus.cat\/es\/ex\/desde-berlin-tributo-a-lou-reed-2\/","og_site_name":"Focus","article_modified_time":"2025-01-13T15:22:27+00:00","twitter_card":"summary_large_image","schema":{"@context":"https:\/\/schema.org","@graph":[{"@type":"WebPage","@id":"https:\/\/www.focus.cat\/es\/ex\/desde-berlin-tributo-a-lou-reed-2\/","url":"https:\/\/www.focus.cat\/es\/ex\/desde-berlin-tributo-a-lou-reed-2\/","name":"Desde Berl\u00edn. Tributo a Lou Reed - Focus","isPartOf":{"@id":"https:\/\/www.focus.cat\/#website"},"datePublished":"2024-08-08T15:51:55+00:00","dateModified":"2025-01-13T15:22:27+00:00","breadcrumb":{"@id":"https:\/\/www.focus.cat\/es\/ex\/desde-berlin-tributo-a-lou-reed-2\/#breadcrumb"},"inLanguage":"ca","potentialAction":[{"@type":"ReadAction","target":["https:\/\/www.focus.cat\/es\/ex\/desde-berlin-tributo-a-lou-reed-2\/"]}]},{"@type":"BreadcrumbList","@id":"https:\/\/www.focus.cat\/es\/ex\/desde-berlin-tributo-a-lou-reed-2\/#breadcrumb","itemListElement":[{"@type":"ListItem","position":1,"name":"Espectacles","item":"https:\/\/www.focus.cat\/ex\/"},{"@type":"ListItem","position":2,"name":"Desde Berl\u00edn. Tributo a Lou Reed"}]},{"@type":"WebSite","@id":"https:\/\/www.focus.cat\/#website","url":"https:\/\/www.focus.cat\/","name":"Focus","description":"","publisher":{"@id":"https:\/\/www.focus.cat\/#organization"},"potentialAction":[{"@type":"SearchAction","target":{"@type":"EntryPoint","urlTemplate":"https:\/\/www.focus.cat\/?s={search_term_string}"},"query-input":{"@type":"PropertyValueSpecification","valueRequired":true,"valueName":"search_term_string"}}],"inLanguage":"ca"},{"@type":"Organization","@id":"https:\/\/www.focus.cat\/#organization","name":"Focus","url":"https:\/\/www.focus.cat\/","logo":{"@type":"ImageObject","inLanguage":"ca","@id":"https:\/\/www.focus.cat\/#\/schema\/logo\/image\/","url":"https:\/\/www.focus.cat\/wp-content\/uploads\/2022\/01\/logo-focus-any-35.svg","contentUrl":"https:\/\/www.focus.cat\/wp-content\/uploads\/2022\/01\/logo-focus-any-35.svg","width":1,"height":1,"caption":"Focus"},"image":{"@id":"https:\/\/www.focus.cat\/#\/schema\/logo\/image\/"}}]}},"translations":[{"id":19190,"locale":"ca"},{"id":19191,"locale":"es"},{"id":19192,"locale":"en"}],"_links":{"self":[{"href":"https:\/\/www.focus.cat\/wp-json\/wp\/v2\/ex\/19191","targetHints":{"allow":["GET"]}}],"collection":[{"href":"https:\/\/www.focus.cat\/wp-json\/wp\/v2\/ex"}],"about":[{"href":"https:\/\/www.focus.cat\/wp-json\/wp\/v2\/types\/ex"}],"author":[{"embeddable":true,"href":"https:\/\/www.focus.cat\/wp-json\/wp\/v2\/users\/5"}],"replies":[{"embeddable":true,"href":"https:\/\/www.focus.cat\/wp-json\/wp\/v2\/comments?post=19191"}],"wp:attachment":[{"href":"https:\/\/www.focus.cat\/wp-json\/wp\/v2\/media?parent=19191"}],"wp:term":[{"taxonomy":"location","embeddable":true,"href":"https:\/\/www.focus.cat\/wp-json\/wp\/v2\/location?post=19191"}],"curies":[{"name":"wp","href":"https:\/\/api.w.org\/{rel}","templated":true}]}}