{"id":22540,"date":"2025-04-15T15:59:14","date_gmt":"2025-04-15T15:59:14","guid":{"rendered":"https:\/\/www.focus.cat\/ex\/germans-de-sang-2\/"},"modified":"2026-03-09T09:53:24","modified_gmt":"2026-03-09T09:53:24","slug":"germans-de-sang-2025-26","status":"publish","type":"ex","link":"https:\/\/www.focus.cat\/es\/ex\/germans-de-sang-2025-26\/","title":{"rendered":"Germans de Sang"},"content":{"rendered":"","protected":false},"excerpt":{"rendered":"","protected":false},"author":5,"featured_media":0,"comment_status":"closed","ping_status":"closed","template":"","location":[],"class_list":["post-22540","ex","type-ex","status-publish","hentry"],"acf":{"txt_synopsis":"<strong>No puede ser verdad. Solo es una historia...<\/strong><br \/><br \/><em>Germans de sang<\/em> narra la historia de dos hermanos gemelos, separados cuando nacen. Crecen en dos mundos opuestos, sin saber nunca la verdad. A pesar de los esfuerzos de las respectivas madres para impedirlo, el destino hace que se conozcan, se hagan amigos y acaben enamorados de la misma chica. La tragedia final ser\u00e1 inevitable. <br \/><br \/>Este legendario musical, uno de los tres que ha superado las 10.000 representaciones al West End, ha sido un \u00e9xito de cr\u00edtica y p\u00fablico desde su estreno, en 1983. En Barcelona, se estren\u00f3 en este mismo teatro, producido por Focus, en 1994. Hoy, sigue emocionando las plateas de todo el mundo.","main_buy_link":"https:\/\/tickets.oneboxtds.com\/teatrecondal\/events\/42858?hl=ca-ES","main_buy_links":"[\"https:\/\/tickets.oneboxtds.com\/teatrecondal\/events\/42858?hl=es-ES\"]","show_language":"Espect\u00e1culo en catal\u00e1n","show_duration":"160","txt_genre":"MUSICAL","show_start_date":"20251210000000","show_end_date":"20260308000000","show_sort_date":"20251210000000","txt_custom_show_dates":"hasta el 8 de marzo de 2026 ","txt_additional_info":"<ul>\r\n<li>Dentro del tiempo estimado, se incluye entreacto de 20 minutos. \r\n<\/li><li>Recomendado a partir de 10 a\u00f1os \r\n<\/li><li>Puedes escuchar \"No pot ser veritat\" aqu\u00ed: <a href=\"https:\/\/youtu.be\/35jqkigolXg\">https:\/\/youtu.be\/35jqkigolXg<\/a> \r\n<\/li><li>Web oficial del espect\u00e1culo: <a href=\"https:\/\/www.germansdesang.cat\">https:\/\/www.germansdesang.cat<\/a><\/li><\/ul>","txt_present":"","txt_season":"[\"2025\/26\"]","txt_cycle":"","txt_claim":"No puede ser verdad. Solo es una historia...","txt_cast_excerpt":"","txt_cast":"<p>T\u00edtulo original: <strong>Blood brothers<\/strong> <br \/>Libreto, m\u00fasica y letras: <strong>Willy Russell <br \/><\/strong>Adaptaci\u00f3n al catal\u00e1n: <strong>Albert Mas-Griera<br \/><\/strong>Arreglos musicales:<strong> Andreu Gall\u00e9n<\/strong> <br \/>&nbsp;<br \/>Direcci\u00f3n: <strong>Daniel Angl\u00e8s<\/strong> <br \/>Direcci\u00f3n coreogr\u00e1fica: <strong>Ariadna Peya <br \/><\/strong>Direcci\u00f3n musical:<strong> Andreu Gall\u00e9n <\/strong><br \/>Adjunta a la direcci\u00f3n: <strong>\u00c1gata Casanovas<br \/><\/strong>Escenograf\u00eda: <strong>Alessio Meloni<\/strong><br \/>Vestuario: <strong>Marc Udina <br \/><\/strong>Iluminaci\u00f3n: <strong>David Bofarull<\/strong><br \/>Sonido: <strong>Jordi Ballb\u00e9<\/strong><br \/>Caracterizaci\u00f3n: <strong>\u00c0ngels Salinas<\/strong><br \/>&nbsp;<br \/>Int\u00e9rpretes:<br \/><strong>Mariona Castillo<\/strong> - Sra. Johnstone<br \/><strong>Triquell<\/strong> - Narrador<br \/><strong>Xavi Navarro<\/strong> - Narrador alterno<br \/><strong>Albert Salazar<\/strong> - Mickey<br \/><strong>Roc Bernad\u00ed -<\/strong> Eddie<br \/><strong>Luc\u00eda Torres<\/strong> - Sra. Lyons <br \/><strong>Tai Fati<\/strong> - Linda <br \/><strong>Toni Vi\u00f1als<\/strong> - Sr. Lyons<br \/><strong>Cisco Cruz<\/strong> - Sammy<br \/><strong>Aleix Colomer<\/strong> - Elenco<br \/><strong>Elena Escorcia<\/strong> - Elenco<br \/><strong>Joan Mas<\/strong> - Elenco<br \/><strong>Carla Pizan<\/strong> - Elenco<br \/><strong>Guillem Ripoll<\/strong> - Elenco <br \/><strong>Pol Rosell\u00f3 Weisz<\/strong>&nbsp;- Elenco <br \/><strong>J\u00falia Sanz<\/strong> - Elenco<br \/><strong>Ferran Soler<\/strong> - Elenco<br \/><strong>Meritxell Val\u00e8ncia<\/strong> - Elenco <br \/><strong>Aran V\u00e1zquez<\/strong> - Elenco<br \/><strong>Guillem Cabra <\/strong>- Swing<\/p>\r\n<p>Covers:<br \/><strong>Luc\u00eda Torres<\/strong>: Sra. Johnstone; <strong>Joan Mas<\/strong>: Narrador\/Mickey; <strong>Pol Rosell\u00f3 Weisz<\/strong>: Eddie;&nbsp; <br \/><strong>Meritxell Val\u00e8ncia<\/strong>: Sra. Lyons; <strong>Carla Pizan: <\/strong>Linda; <strong>Guillem Ripoll:<\/strong> Sr. Lyons\/Sammy<\/p>\r\n<p>M\u00fasicos:<br \/><strong>Andreu Gall\u00e9n<\/strong> - Direcci\u00f3n y teclados<br \/><strong>Toni Pag\u00e8s \/ Eloi L\u00f3pez<\/strong> - Bater\u00eda<br \/><strong>Vicent P\u00e9rez<\/strong> - Tromb\u00f3n<br \/><strong>Dai Mar L\u00f3pez<\/strong> - Viol\u00edn<br \/><strong>Pendent de confirmar<\/strong> - Guitarra<br \/><strong>Blai Ma\u00f1er<\/strong> - Suplente de direcci\u00f3n y teclados<br \/><strong>Ernest Mart\u00ednez<\/strong> - Suplente de viol\u00edn<\/p>\r\n<p>Direcci\u00f3n de producci\u00f3n: <strong>Maite Pijuan<br \/><\/strong>Producci\u00f3n ejecutiva: <strong>Carmen \u00c1lvarez<\/strong><br \/>Producci\u00f3n ejecutiva audiciones: <strong>Raquel Do\u00f1oro<\/strong><br \/>Direcci\u00f3n t\u00e9cnica: <strong>Moi Cuenca<\/strong><br \/>Coordinaci\u00f3n t\u00e9cnica: <strong>Jordi Farr\u00e0s<\/strong><\/p>\r\n<p>Producci\u00f3n musical: Roger <strong>Argem\u00ed y Uri Plana<\/strong><br \/>Asistente de direcci\u00f3n: <strong>Joan Mas<\/strong><br \/>Capitana de baile: <strong>J\u00falia Sanz<\/strong><br \/>Ayudant\u00eda de producci\u00f3n: <strong>Sara L\u00f3pez<\/strong><br \/>Coach vocal Albert Salazar: <strong>V\u00edctor Arbelo<\/strong><br \/>Pianista ensayos: <strong>Blai Ma\u00f1\u00e9<\/strong><br \/>Repetidora casting: <strong>Tatiana Monells<\/strong><br \/>&nbsp; <\/p>\r\n<p>M\u00e1rquetin y comunicaci\u00f3n: <strong>Focus <\/strong><br \/>Reportaje fotogr\u00e1fico:<strong> David Ruano<br \/><\/strong>Cartel: <strong>Steph Pyne<\/strong><\/p>\r\n<p>Agradecimientos: <strong>Aules \u00b7 Arts Esc\u00e8niques<\/strong><br \/>&nbsp;<br \/>Con el apoyo de <strong>Generalitat de Catalunya \u2013 ICEC Institut Catal\u00e0 de les Empreses Culturals, y Uni\u00f3n Europea, Fondos Next Generation, Plan de Recuperaci\u00f3n, Transformaci\u00f3n y Resiliencia (Gobierno de Espa\u00f1a) y Next Generation Catalunya (Generalitat de Catalunya)<\/strong><br \/>&nbsp;<br \/>Es una producci\u00f3n de <strong>Focus<\/strong><br \/>&nbsp;<\/p>","txt_reviews":"Jordi Bordes| El Punt Avui | \u201cLa emoci\u00f3n atrapa hasta el punto que el p\u00fablico avanza el aplauso, como una necesidad impetuosa de conectar y de agradecer el trabajo generoso a escena.\u201d\r\nMart\u00ed Figueras | N\u00favol | \u201cLas coreograf\u00edas no son solo bailes para acompa\u00f1ar las canciones, sino que sirven para impulsar las acciones y definir la emoci\u00f3n\u201d \r\nAndreu Sotorra |Recomana | \u201c\u00abGermans de sang\u00bb Es uno de los musicales que tiene todos los ingredientes para convocar a espectadores en masa, sin fronteras de edad.\u201d ","hashtag":"GermansdeSang","have_promo":"","slogan":"","id_exhibicio":2246,"id_versio":1766,"id_local":3,"txt_seo_desc":"Germans de Sang, un espect\u00e1culo musical en el Teatre Condal de Barcelona","data_images":"[{\"localizer\":\"V4PORTADAWIDE\",\"url\":\"media\/ver\/port\/wide\/v4\/31706\/01_091_00058699\/Portada_0_2880x1260.jpg\",\"thumb_url\":\"\",\"title\":\"Germans de Sang - Teatre Condal\",\"description\":\"germans de sang en el teatre condal\",\"copyright\":\"\",\"order\":1},{\"localizer\":\"V4PORTADAWIDEMOBILE\",\"url\":\"media\/ver\/port\/wide\/mobile\/v4\/31706\/01_092_00058700\/Portada_0_mobile_828x1800.jpg\",\"thumb_url\":\"\",\"title\":\"Germans de Sang - Teatre Condal\",\"description\":\"germans de sang en el teatre condal\",\"copyright\":\"\",\"order\":2},{\"localizer\":\"V4PORTADA\",\"url\":\"media\/ver\/port\/v4\/31706\/01_090_00058701\/Portada_1_760x760.jpg\",\"thumb_url\":\"\",\"title\":\"Germans de Sang - Teatre Condal\",\"description\":\"germans de sang en el teatre condal\",\"copyright\":\"\",\"order\":3},{\"localizer\":\"V4CARTELL\",\"url\":\"media\/ver\/cartell\/v4\/3170A\/01_089_00058945\/Cartell_web_720x1100_GDS.jpg\",\"thumb_url\":\"\",\"title\":\"Germans de sang - Teatre Condal\",\"description\":\"germans de sang en el teatre condal\",\"copyright\":\"\",\"order\":9},{\"localizer\":\"V3CARTELL\",\"url\":\"media\/ver\/cartell\/v3\/3170A\/01_085_00058946\/Cartell_web_722x1030_GDS.jpg\",\"thumb_url\":\"media\/ver\/cartell\/v3\/3170A\/01_085_00058946\/Cartell_web_722x1030_GDS_thumb.jpg\",\"title\":\"Germans de sang - Teatre Condal\",\"description\":\"germans de sang en el teatre condal\",\"copyright\":\"\",\"order\":10},{\"localizer\":\"V3SLIDE\",\"url\":\"media\/ftgalslide\/v3\/31769\/01_086_00059518\/T25_GdS_018.jpg\",\"thumb_url\":\"media\/ftgalslide\/v3\/31769\/01_086_00059518\/T25_GdS_018_thumb.jpg\",\"title\":\"Germans de Sang - Teatre Condal - Barcelona\",\"description\":\"germans de sang al teatre condal de barcelona\",\"copyright\":\"https:\/\/youtu.be\/4qAXLA5s6aI\",\"order\":15},{\"localizer\":\"V3SLIDE\",\"url\":\"media\/ftgalslide\/v3\/31769\/01_086_00059520\/T25_GdS_027.jpg\",\"thumb_url\":\"media\/ftgalslide\/v3\/31769\/01_086_00059520\/T25_GdS_027_thumb.jpg\",\"title\":\"Germans de Sang - Teatre Condal - Barcelona\",\"description\":\"germans de sang al teatre condal de barcelona\",\"copyright\":\"\",\"order\":17},{\"localizer\":\"V3SLIDE\",\"url\":\"media\/ftgalslide\/v3\/31769\/01_086_00059521\/T25_GdS_090.jpg\",\"thumb_url\":\"media\/ftgalslide\/v3\/31769\/01_086_00059521\/T25_GdS_090_thumb.jpg\",\"title\":\"Germans de Sang - Teatre Condal - Barcelona\",\"description\":\"germans de sang al teatre condal de barcelona\",\"copyright\":\"\",\"order\":18}]","material__texto_intro":"","data_material":null,"data_gallery":"","data_discounts":"[]","contract_is_open":false,"in_tour":false,"foreign_production":false,"tour_end_date":"20260831000000"},"yoast_head":"<!-- This site is optimized with the Yoast SEO plugin v27.5 - https:\/\/yoast.com\/product\/yoast-seo-wordpress\/ -->\n<title>Germans de Sang - Focus<\/title>\n<meta name=\"robots\" content=\"index, follow, max-snippet:-1, max-image-preview:large, max-video-preview:-1\" \/>\n<link rel=\"canonical\" href=\"https:\/\/www.focus.cat\/ex\/germans-de-sang-2025-26\/\" \/>\n<meta property=\"og:locale\" content=\"ca_ES\" \/>\n<meta property=\"og:type\" content=\"article\" \/>\n<meta property=\"og:title\" content=\"Germans de Sang - Focus\" \/>\n<meta property=\"og:url\" content=\"https:\/\/www.focus.cat\/es\/ex\/germans-de-sang-2025-26\/\" \/>\n<meta property=\"og:site_name\" content=\"Focus\" \/>\n<meta property=\"article:modified_time\" content=\"2026-03-09T09:53:24+00:00\" \/>\n<meta name=\"twitter:card\" content=\"summary_large_image\" \/>\n<script type=\"application\/ld+json\" class=\"yoast-schema-graph\">{\"@context\":\"https:\\\/\\\/schema.org\",\"@graph\":[{\"@type\":\"WebPage\",\"@id\":\"https:\\\/\\\/www.focus.cat\\\/es\\\/ex\\\/germans-de-sang-2025-26\\\/\",\"url\":\"https:\\\/\\\/www.focus.cat\\\/es\\\/ex\\\/germans-de-sang-2025-26\\\/\",\"name\":\"Germans de Sang - Focus\",\"isPartOf\":{\"@id\":\"https:\\\/\\\/www.focus.cat\\\/#website\"},\"datePublished\":\"2025-04-15T15:59:14+00:00\",\"dateModified\":\"2026-03-09T09:53:24+00:00\",\"breadcrumb\":{\"@id\":\"https:\\\/\\\/www.focus.cat\\\/es\\\/ex\\\/germans-de-sang-2025-26\\\/#breadcrumb\"},\"inLanguage\":\"ca\",\"potentialAction\":[{\"@type\":\"ReadAction\",\"target\":[\"https:\\\/\\\/www.focus.cat\\\/es\\\/ex\\\/germans-de-sang-2025-26\\\/\"]}]},{\"@type\":\"BreadcrumbList\",\"@id\":\"https:\\\/\\\/www.focus.cat\\\/es\\\/ex\\\/germans-de-sang-2025-26\\\/#breadcrumb\",\"itemListElement\":[{\"@type\":\"ListItem\",\"position\":1,\"name\":\"Espectacles\",\"item\":\"https:\\\/\\\/www.focus.cat\\\/ex\\\/\"},{\"@type\":\"ListItem\",\"position\":2,\"name\":\"Germans de Sang\"}]},{\"@type\":\"WebSite\",\"@id\":\"https:\\\/\\\/www.focus.cat\\\/#website\",\"url\":\"https:\\\/\\\/www.focus.cat\\\/\",\"name\":\"Focus\",\"description\":\"\",\"publisher\":{\"@id\":\"https:\\\/\\\/www.focus.cat\\\/#organization\"},\"potentialAction\":[{\"@type\":\"SearchAction\",\"target\":{\"@type\":\"EntryPoint\",\"urlTemplate\":\"https:\\\/\\\/www.focus.cat\\\/?s={search_term_string}\"},\"query-input\":{\"@type\":\"PropertyValueSpecification\",\"valueRequired\":true,\"valueName\":\"search_term_string\"}}],\"inLanguage\":\"ca\"},{\"@type\":\"Organization\",\"@id\":\"https:\\\/\\\/www.focus.cat\\\/#organization\",\"name\":\"Focus\",\"url\":\"https:\\\/\\\/www.focus.cat\\\/\",\"logo\":{\"@type\":\"ImageObject\",\"inLanguage\":\"ca\",\"@id\":\"https:\\\/\\\/www.focus.cat\\\/#\\\/schema\\\/logo\\\/image\\\/\",\"url\":\"https:\\\/\\\/www.focus.cat\\\/wp-content\\\/uploads\\\/2022\\\/01\\\/logo-focus-any-35.svg\",\"contentUrl\":\"https:\\\/\\\/www.focus.cat\\\/wp-content\\\/uploads\\\/2022\\\/01\\\/logo-focus-any-35.svg\",\"width\":1,\"height\":1,\"caption\":\"Focus\"},\"image\":{\"@id\":\"https:\\\/\\\/www.focus.cat\\\/#\\\/schema\\\/logo\\\/image\\\/\"}}]}<\/script>\n<!-- \/ Yoast SEO plugin. -->","yoast_head_json":{"title":"Germans de Sang - Focus","robots":{"index":"index","follow":"follow","max-snippet":"max-snippet:-1","max-image-preview":"max-image-preview:large","max-video-preview":"max-video-preview:-1"},"canonical":"https:\/\/www.focus.cat\/ex\/germans-de-sang-2025-26\/","og_locale":"ca_ES","og_type":"article","og_title":"Germans de Sang - Focus","og_url":"https:\/\/www.focus.cat\/es\/ex\/germans-de-sang-2025-26\/","og_site_name":"Focus","article_modified_time":"2026-03-09T09:53:24+00:00","twitter_card":"summary_large_image","schema":{"@context":"https:\/\/schema.org","@graph":[{"@type":"WebPage","@id":"https:\/\/www.focus.cat\/es\/ex\/germans-de-sang-2025-26\/","url":"https:\/\/www.focus.cat\/es\/ex\/germans-de-sang-2025-26\/","name":"Germans de Sang - Focus","isPartOf":{"@id":"https:\/\/www.focus.cat\/#website"},"datePublished":"2025-04-15T15:59:14+00:00","dateModified":"2026-03-09T09:53:24+00:00","breadcrumb":{"@id":"https:\/\/www.focus.cat\/es\/ex\/germans-de-sang-2025-26\/#breadcrumb"},"inLanguage":"ca","potentialAction":[{"@type":"ReadAction","target":["https:\/\/www.focus.cat\/es\/ex\/germans-de-sang-2025-26\/"]}]},{"@type":"BreadcrumbList","@id":"https:\/\/www.focus.cat\/es\/ex\/germans-de-sang-2025-26\/#breadcrumb","itemListElement":[{"@type":"ListItem","position":1,"name":"Espectacles","item":"https:\/\/www.focus.cat\/ex\/"},{"@type":"ListItem","position":2,"name":"Germans de Sang"}]},{"@type":"WebSite","@id":"https:\/\/www.focus.cat\/#website","url":"https:\/\/www.focus.cat\/","name":"Focus","description":"","publisher":{"@id":"https:\/\/www.focus.cat\/#organization"},"potentialAction":[{"@type":"SearchAction","target":{"@type":"EntryPoint","urlTemplate":"https:\/\/www.focus.cat\/?s={search_term_string}"},"query-input":{"@type":"PropertyValueSpecification","valueRequired":true,"valueName":"search_term_string"}}],"inLanguage":"ca"},{"@type":"Organization","@id":"https:\/\/www.focus.cat\/#organization","name":"Focus","url":"https:\/\/www.focus.cat\/","logo":{"@type":"ImageObject","inLanguage":"ca","@id":"https:\/\/www.focus.cat\/#\/schema\/logo\/image\/","url":"https:\/\/www.focus.cat\/wp-content\/uploads\/2022\/01\/logo-focus-any-35.svg","contentUrl":"https:\/\/www.focus.cat\/wp-content\/uploads\/2022\/01\/logo-focus-any-35.svg","width":1,"height":1,"caption":"Focus"},"image":{"@id":"https:\/\/www.focus.cat\/#\/schema\/logo\/image\/"}}]}},"translations":[{"id":22539,"locale":"ca"},{"id":22540,"locale":"es"},{"id":22541,"locale":"en"}],"_links":{"self":[{"href":"https:\/\/www.focus.cat\/wp-json\/wp\/v2\/ex\/22540","targetHints":{"allow":["GET"]}}],"collection":[{"href":"https:\/\/www.focus.cat\/wp-json\/wp\/v2\/ex"}],"about":[{"href":"https:\/\/www.focus.cat\/wp-json\/wp\/v2\/types\/ex"}],"author":[{"embeddable":true,"href":"https:\/\/www.focus.cat\/wp-json\/wp\/v2\/users\/5"}],"replies":[{"embeddable":true,"href":"https:\/\/www.focus.cat\/wp-json\/wp\/v2\/comments?post=22540"}],"wp:attachment":[{"href":"https:\/\/www.focus.cat\/wp-json\/wp\/v2\/media?parent=22540"}],"wp:term":[{"taxonomy":"location","embeddable":true,"href":"https:\/\/www.focus.cat\/wp-json\/wp\/v2\/location?post=22540"}],"curies":[{"name":"wp","href":"https:\/\/api.w.org\/{rel}","templated":true}]}}