{"id":23158,"date":"2025-06-05T14:14:13","date_gmt":"2025-06-05T14:14:13","guid":{"rendered":"https:\/\/www.focus.cat\/ex\/el-fil-invisible\/"},"modified":"2026-01-27T15:29:00","modified_gmt":"2026-01-27T15:29:00","slug":"el-fil-invisible","status":"publish","type":"ex","link":"https:\/\/www.focus.cat\/es\/ex\/el-fil-invisible\/","title":{"rendered":"El fil invisible"},"content":{"rendered":"","protected":false},"excerpt":{"rendered":"","protected":false},"author":5,"featured_media":0,"comment_status":"closed","ping_status":"closed","template":"","location":[],"class_list":["post-23158","ex","type-ex","status-publish","hentry"],"acf":{"txt_synopsis":"<p><strong>Un musical sobre los v\u00ednculos que nos unen con quienes m\u00e1s queremos.<\/strong><\/p>\r\n<p>M\u00edriam es una escritora que busca inspiraci\u00f3n para escribir un cuento muy especial: el relato de Nura, una ni\u00f1a que descubre un secreto escondido en su ombligo; la existencia de un hilo invisible que la conecta con las personas que ama m\u00e1s all\u00e1 del tiempo y del espacio.&nbsp; <br \/>Nura, junto con sus amigos Quim y Lia, emprender\u00e1 una emocionante y divertida aventura para intentar recuperar la sonrisa perdida de su compa\u00f1ero \u00c0lex, y los cuatro descubrir\u00e1n la magia de los v\u00ednculos que establecemos con los dem\u00e1s.&nbsp; <br \/>\u201cEl fil invisible, el musical\u201d habla sobre los v\u00ednculos que nos unen con quienes m\u00e1s amamos. <br \/><br \/><strong>Valores:<\/strong> <\/p>\r\n<ul>\r\n<li>Los v\u00ednculos personales del ni\u00f1o (familia, amigos y otras relaciones) a trav\u00e9s de la reflexi\u00f3n interna aut\u00f3noma.&nbsp;&nbsp; \r\n<\/li><li>Sentir el v\u00ednculo existente con los compa\u00f1eros y compa\u00f1eras de clase y fortalecerlo con emociones positivas.&nbsp;&nbsp; \r\n<\/li><li>La m\u00fasica como transmisor de emociones y sentimientos.&nbsp;&nbsp; \r\n<\/li><li>La imaginaci\u00f3n creativa y la capacidad interpretativa <\/li><\/ul>","main_buy_link":"","main_buy_links":"","show_language":"Espect\u00e1culo musical en catal\u00e1n. ","show_duration":"75","txt_genre":"TEATRE MUSICAL","show_start_date":"20241117000000","show_end_date":"20250126000000","show_sort_date":"20241117000000","txt_custom_show_dates":"del 17 de noviembre de 2024 al 26 de enero de 2025 ","txt_additional_info":"<ul>\r\n<li><i class=\"fa fa-deaf fa-2x fa-fw\"><\/i>Edad recomendada para ni\u00f1os a partir de 3 a\u00f1os. \r\n<\/li><li>Todos los menores de 2 a\u00f1os no pagar\u00e1n entrada siempre y cuando no ocupen butaca. Tendr\u00e1n que sentarse en el regazo&nbsp;de una persona adulta. \r\n<\/li><li><span data-olk-copy-source=\"MessageBody\"><\/span>Puedes escuchar las canciones&nbsp;del musical aqu\u00ed: <a href=\"https:\/\/bit.ly\/El_fil_invisible-YT\">https:\/\/bit.ly\/El_fil_invisible-YT<\/a> <br \/>\r\n<\/li><li>Funci\u00f3n accesible: 15 de febrero de 2026 a las 12:30 h<br \/><br \/>La funci\u00f3n contar\u00e1 con:<br \/>\u00b7Lengua de signos catalana (LSC)<br \/>\u00b7Bucle magn\u00e9tico<br \/>\u00b7Sonido amplificado<\/li><\/ul>","txt_present":"","txt_season":"[\"2024\/25\"]","txt_cycle":"Goya en fam\u00edlia","txt_claim":"El cuento de M\u00edriam Tirado que ha cautivado a miles de lectores, habla sobre los v\u00ednculos que nos unen con quienes m\u00e1s amamos.","txt_cast_excerpt":"","txt_cast":"<p>Dramaturgia: <strong>Al\u00edcia Serrat, Daniel Angl\u00e8s y V\u00edctor Arbelo<\/strong> (basado en el libro \u201cEl fil invisible\u201d de <strong>M\u00edriam Tirado<\/strong>, publicado por B de Blok Penguin Random House Grupo Editorial) <br \/>Texto: <strong>Al\u00edcia Serrat <br \/><\/strong>Letras: <strong>Daniel Angl\u00e8s, V\u00edctor Arbelo y Al\u00edcia Serrat <br \/><\/strong>M\u00fasica: <strong>V\u00edctor Arbelo y Al\u00edcia Serrat <\/strong><\/p>\r\n<p>Direcci\u00f3n: <strong>Al\u00edcia Serrat<br \/><\/strong>Direcci\u00f3n musical: <strong>V\u00edctor Arbelo<\/strong><br \/>Coreograf\u00eda: <strong>Oscar Reyes<\/strong><br \/>Escenograf\u00eda y vestuario: <strong>Joana Mart\u00ed<\/strong><br \/>Iluminaci\u00f3n: <strong>Paula Costas<\/strong><br \/>Espacio sonoro: <strong>Jordi Ballb\u00e9 y Cristian Nadal<\/strong><\/p>\r\n<p>Int\u00e9rpretes:<br \/><strong>Beth \u2013 <\/strong>Narradora<br \/><strong>Alba Serrano \u2013 <\/strong>Nura<br \/><strong>Aina da Silva \u2013 <\/strong>Lia<br \/><strong>Rub\u00e9n Albaladejo \u2013 <\/strong>Quim<br \/><strong>Sergi Espina \u2013 <\/strong>\u00c0lex<br \/><strong>Javi V\u00e9lez \u2013 <\/strong>Swing de \u00c0lex y Quim<br \/><strong>Marina Requero \u2013 <\/strong>Swing de Nura y Lia<br \/><strong>Lourdes Fabr\u00e9s - <\/strong>Swing de Narradora<br \/><\/p>\r\n<p>Producci\u00f3n musical: <strong>Roger Argem\u00ed y Uri Plana <br \/><\/strong>Producci\u00f3n art\u00edstica: <strong>Daniel Angl\u00e8s<\/strong> <br \/>Producci\u00f3n ejecutiva: <strong>Gisela Juanet <br \/><\/strong>Discogr\u00e1fica: <strong>U98&nbsp; (Jordi Puig)<\/strong> <\/p>\r\n<p>Ayudante de producci\u00f3n: <strong>Martina de Cabo<br \/><\/strong>Ayudante de escenograf\u00eda y vestuario: <strong>Helena Mateos<\/strong><br \/>T\u00e9cnicos: <strong>Carles Merodio y Cristian Nadal<br \/><\/strong>Jefe t\u00e9cnico del teatro: <strong>Roger Mu\u00f1oz<\/strong><\/p>\r\n<p>Construcci\u00f3n de la escenograf\u00eda: <strong>Eloi Linuesa, Santi Ponce, Adri\u00e0 Teixeira y Emiliano Gonzalez<\/strong><\/p><strong><\/strong>\r\n<p>M\u00e1rquetin y comunicaci\u00f3n: <strong>Focus y Viu el Teatre<\/strong><br \/>Redes sociales: <strong>Focus i Viu el Teatre<\/strong><br \/>Videomakers: <strong>Raquel Artu\u00f1edo, Lara Stolzenberger y Gusto Audiovisual<br \/><\/strong>Cartel: <strong>Steph Pyne<\/strong> <br \/>Dise\u00f1o gr\u00e1fico: <strong>Pere Pujades<\/strong><br \/>Ortograf\u00eda: <strong>Merc\u00e8 Espuny y Anna Vidal<br \/><\/strong>Asesoramiento en lengua de signos: <strong>Rocio G\u00f3mez Serrano<br \/><\/strong>Administraci\u00f3n: <strong>Ana Montero<\/strong><\/p>\r\n<p>Agradecimientos: <strong>\u00c0lex Medrano, Begonya Ferrer, C\u00e9sar Martinez, Conxita Estruga, Isabel Sbert, Marc G\u00f3mez, Moi Cuenca, Nat\u00e0lia Ros, N\u00faria Minguell, Queralt Simeone, Santi Puche, Teatre Merc\u00e8 Rodoreda de Sant Joan Desp\u00ed, Escola de Fonollosa, Cia. Marie de Jongh, a todas las personas que han donado libros y a nuestras familias.<\/strong><\/p>\r\n<p>Distribuci\u00f3n Catalu\u00f1a: <strong>Mariona Barba<\/strong> (<a href=\"mailto:distribucio@viuelteatre.com\">distribucio@viuelteatre.com<\/a>)<br \/>Distribuci\u00f3n fuera de Catalu\u00f1a: <strong>Anita L\u00fcscher<\/strong> (<a href=\"mailto:aluscher@mediterraneagira.com\">aluscher@mediterraneagira.com<\/a>)<\/p>\r\n<p>Es una producci\u00f3n: <strong>Viu el Teatre <\/strong><\/p>\r\n<p><\/p>","txt_reviews":"Andreu Rami|Teatre Barcelona|\u201cUn \u00e9xito instant\u00e1neo\u201d\r\nJaume For\u00e9s Juliana|N\u00favol|\"Una obra de factura impecable que est\u00e1 llamada a ser un nuevo \u00e9xito familiar\"","hashtag":"ElFilInvisible ","have_promo":"","slogan":"","id_exhibicio":2159,"id_versio":1710,"id_local":35,"txt_seo_desc":"El fil invisible en Teatre Goya de Barcelona","data_images":"[{\"localizer\":\"V4PORTADAWIDE\",\"url\":\"media\/ver\/port\/wide\/v4\/316A6\/01_091_00057920\/Portada-0-fil-invisible-goya.jpg\",\"thumb_url\":\"\",\"title\":\"El fil invisible al Teatre Goya de Barcelona\",\"description\":\"El fil invisible al teatre goya de barcelona\",\"copyright\":\"\",\"order\":1},{\"localizer\":\"V4PORTADA\",\"url\":\"media\/ver\/port\/v4\/316A6\/01_090_00057921\/Portada-1-fil-invisible-goya.jpg\",\"thumb_url\":\"\",\"title\":\"El fil invisible al Teatre Goya de Barcelona\",\"description\":\"El fil invisible al teatre goya de barcelona\",\"copyright\":\"\",\"order\":2},{\"localizer\":\"V4CARTELL\",\"url\":\"media\/ver\/cartell\/v4\/316A6\/01_089_00057922\/Cartell-web-fil-invisible-goya.jpg\",\"thumb_url\":\"\",\"title\":\"El fil invisible al Teatre Goya de Barcelona\",\"description\":\"El fil invisible al teatre goya de barcelona\",\"copyright\":\"\",\"order\":3},{\"localizer\":\"V4PORTADAMOBILE\",\"url\":\"media\/ver\/portmob\/v4\/316A6\/01_093_00057923\/Portada-mobile-fil-invisible-goya.jpg\",\"thumb_url\":\"\",\"title\":\"El fil invisible al Teatre Goya de Barcelona\",\"description\":\"El fil invisible al teatre goya de barcelona\",\"copyright\":\"\",\"order\":4},{\"localizer\":\"V3SLIDE\",\"url\":\"media\/ftgalslide\/v3\/316AB\/01_086_00058537\/T24_EL_FIL_131.jpg\",\"thumb_url\":\"media\/ftgalslide\/v3\/316AB\/01_086_00058537\/T24_EL_FIL_131_thumb.jpg\",\"title\":\"El fil invisible - Teatre Goya\",\"description\":\"el fil invisible en el teatre goya\",\"copyright\":\"\",\"order\":11},{\"localizer\":\"V3SLIDE\",\"url\":\"media\/ftgalslide\/v3\/316AB\/01_086_00058535\/T24_EL_FIL_123.jpg\",\"thumb_url\":\"media\/ftgalslide\/v3\/316AB\/01_086_00058535\/T24_EL_FIL_123_thumb.jpg\",\"title\":\"El fil invisible - Teatre Goya\",\"description\":\"el fil invisible en el teatre goya\",\"copyright\":\"\",\"order\":12},{\"localizer\":\"V3SLIDE\",\"url\":\"media\/ftgalslide\/v3\/316AB\/01_086_00058536\/T24_EL_FIL_139.jpg\",\"thumb_url\":\"media\/ftgalslide\/v3\/316AB\/01_086_00058536\/T24_EL_FIL_139_thumb.jpg\",\"title\":\"El fil invisible - Teatre Goya\",\"description\":\"el fil invisible en el teatre goya\",\"copyright\":\"\",\"order\":13},{\"localizer\":\"V3SLIDE\",\"url\":\"media\/ftgalslide\/v3\/316AB\/01_086_00058534\/T24_EL_FIL_083.jpg\",\"thumb_url\":\"media\/ftgalslide\/v3\/316AB\/01_086_00058534\/T24_EL_FIL_083_thumb.jpg\",\"title\":\"El fil invisible - Teatre Goya\",\"description\":\"el fil invisible en el teatre goya\",\"copyright\":\"https:\/\/youtu.be\/jxVMc9C5-uw\",\"order\":15},{\"localizer\":\"V3CARTELLDISTRI\",\"url\":\"media\/ver\/cartell\/v3\/3170A\/01_085_00058941\/MEDITERRANEA_CARTELLS.png\",\"thumb_url\":\"media\/ver\/cartell\/v3\/3170A\/01_085_00058941\/MEDITERRANEA_CARTELLS_thumb.jpg\",\"title\":\"El fil invisible - Mediterranea\",\"description\":\"el fil invisible mediterranea\",\"copyright\":\"\",\"order\":16},{\"localizer\":\"V4PORTADAWIDEMOBILE\",\"url\":\"media\/ver\/port\/wide\/mobile\/v4\/3170D\/01_092_00059271\/Portada-mobile-fil-invisible-goya.jpg\",\"thumb_url\":\"\",\"title\":\"El fil invisible al Teatre Goya de Barcelona\",\"description\":\"el fil invisible al teatre goya de barcelona\",\"copyright\":\"\",\"order\":17}]","material__texto_intro":"","data_material":null,"data_gallery":"","data_discounts":"[]","contract_is_open":false,"in_tour":false,"foreign_production":false,"tour_end_date":"00010101000000"},"yoast_head":"<!-- This site is optimized with the Yoast SEO plugin v27.5 - https:\/\/yoast.com\/product\/yoast-seo-wordpress\/ -->\n<title>El fil invisible - Focus<\/title>\n<meta name=\"robots\" content=\"index, follow, max-snippet:-1, max-image-preview:large, max-video-preview:-1\" \/>\n<link rel=\"canonical\" href=\"https:\/\/www.focus.cat\/ex\/el-fil-invisible\/\" \/>\n<meta property=\"og:locale\" content=\"ca_ES\" \/>\n<meta property=\"og:type\" content=\"article\" \/>\n<meta property=\"og:title\" content=\"El fil invisible - Focus\" \/>\n<meta property=\"og:url\" content=\"https:\/\/www.focus.cat\/es\/ex\/el-fil-invisible\/\" \/>\n<meta property=\"og:site_name\" content=\"Focus\" \/>\n<meta property=\"article:modified_time\" content=\"2026-01-27T15:29:00+00:00\" \/>\n<meta name=\"twitter:card\" content=\"summary_large_image\" \/>\n<script type=\"application\/ld+json\" class=\"yoast-schema-graph\">{\"@context\":\"https:\\\/\\\/schema.org\",\"@graph\":[{\"@type\":\"WebPage\",\"@id\":\"https:\\\/\\\/www.focus.cat\\\/es\\\/ex\\\/el-fil-invisible\\\/\",\"url\":\"https:\\\/\\\/www.focus.cat\\\/es\\\/ex\\\/el-fil-invisible\\\/\",\"name\":\"El fil invisible - Focus\",\"isPartOf\":{\"@id\":\"https:\\\/\\\/www.focus.cat\\\/#website\"},\"datePublished\":\"2025-06-05T14:14:13+00:00\",\"dateModified\":\"2026-01-27T15:29:00+00:00\",\"breadcrumb\":{\"@id\":\"https:\\\/\\\/www.focus.cat\\\/es\\\/ex\\\/el-fil-invisible\\\/#breadcrumb\"},\"inLanguage\":\"ca\",\"potentialAction\":[{\"@type\":\"ReadAction\",\"target\":[\"https:\\\/\\\/www.focus.cat\\\/es\\\/ex\\\/el-fil-invisible\\\/\"]}]},{\"@type\":\"BreadcrumbList\",\"@id\":\"https:\\\/\\\/www.focus.cat\\\/es\\\/ex\\\/el-fil-invisible\\\/#breadcrumb\",\"itemListElement\":[{\"@type\":\"ListItem\",\"position\":1,\"name\":\"Espectacles\",\"item\":\"https:\\\/\\\/www.focus.cat\\\/ex\\\/\"},{\"@type\":\"ListItem\",\"position\":2,\"name\":\"El fil invisible\"}]},{\"@type\":\"WebSite\",\"@id\":\"https:\\\/\\\/www.focus.cat\\\/#website\",\"url\":\"https:\\\/\\\/www.focus.cat\\\/\",\"name\":\"Focus\",\"description\":\"\",\"publisher\":{\"@id\":\"https:\\\/\\\/www.focus.cat\\\/#organization\"},\"potentialAction\":[{\"@type\":\"SearchAction\",\"target\":{\"@type\":\"EntryPoint\",\"urlTemplate\":\"https:\\\/\\\/www.focus.cat\\\/?s={search_term_string}\"},\"query-input\":{\"@type\":\"PropertyValueSpecification\",\"valueRequired\":true,\"valueName\":\"search_term_string\"}}],\"inLanguage\":\"ca\"},{\"@type\":\"Organization\",\"@id\":\"https:\\\/\\\/www.focus.cat\\\/#organization\",\"name\":\"Focus\",\"url\":\"https:\\\/\\\/www.focus.cat\\\/\",\"logo\":{\"@type\":\"ImageObject\",\"inLanguage\":\"ca\",\"@id\":\"https:\\\/\\\/www.focus.cat\\\/#\\\/schema\\\/logo\\\/image\\\/\",\"url\":\"https:\\\/\\\/www.focus.cat\\\/wp-content\\\/uploads\\\/2022\\\/01\\\/logo-focus-any-35.svg\",\"contentUrl\":\"https:\\\/\\\/www.focus.cat\\\/wp-content\\\/uploads\\\/2022\\\/01\\\/logo-focus-any-35.svg\",\"width\":1,\"height\":1,\"caption\":\"Focus\"},\"image\":{\"@id\":\"https:\\\/\\\/www.focus.cat\\\/#\\\/schema\\\/logo\\\/image\\\/\"}}]}<\/script>\n<!-- \/ Yoast SEO plugin. -->","yoast_head_json":{"title":"El fil invisible - Focus","robots":{"index":"index","follow":"follow","max-snippet":"max-snippet:-1","max-image-preview":"max-image-preview:large","max-video-preview":"max-video-preview:-1"},"canonical":"https:\/\/www.focus.cat\/ex\/el-fil-invisible\/","og_locale":"ca_ES","og_type":"article","og_title":"El fil invisible - Focus","og_url":"https:\/\/www.focus.cat\/es\/ex\/el-fil-invisible\/","og_site_name":"Focus","article_modified_time":"2026-01-27T15:29:00+00:00","twitter_card":"summary_large_image","schema":{"@context":"https:\/\/schema.org","@graph":[{"@type":"WebPage","@id":"https:\/\/www.focus.cat\/es\/ex\/el-fil-invisible\/","url":"https:\/\/www.focus.cat\/es\/ex\/el-fil-invisible\/","name":"El fil invisible - Focus","isPartOf":{"@id":"https:\/\/www.focus.cat\/#website"},"datePublished":"2025-06-05T14:14:13+00:00","dateModified":"2026-01-27T15:29:00+00:00","breadcrumb":{"@id":"https:\/\/www.focus.cat\/es\/ex\/el-fil-invisible\/#breadcrumb"},"inLanguage":"ca","potentialAction":[{"@type":"ReadAction","target":["https:\/\/www.focus.cat\/es\/ex\/el-fil-invisible\/"]}]},{"@type":"BreadcrumbList","@id":"https:\/\/www.focus.cat\/es\/ex\/el-fil-invisible\/#breadcrumb","itemListElement":[{"@type":"ListItem","position":1,"name":"Espectacles","item":"https:\/\/www.focus.cat\/ex\/"},{"@type":"ListItem","position":2,"name":"El fil invisible"}]},{"@type":"WebSite","@id":"https:\/\/www.focus.cat\/#website","url":"https:\/\/www.focus.cat\/","name":"Focus","description":"","publisher":{"@id":"https:\/\/www.focus.cat\/#organization"},"potentialAction":[{"@type":"SearchAction","target":{"@type":"EntryPoint","urlTemplate":"https:\/\/www.focus.cat\/?s={search_term_string}"},"query-input":{"@type":"PropertyValueSpecification","valueRequired":true,"valueName":"search_term_string"}}],"inLanguage":"ca"},{"@type":"Organization","@id":"https:\/\/www.focus.cat\/#organization","name":"Focus","url":"https:\/\/www.focus.cat\/","logo":{"@type":"ImageObject","inLanguage":"ca","@id":"https:\/\/www.focus.cat\/#\/schema\/logo\/image\/","url":"https:\/\/www.focus.cat\/wp-content\/uploads\/2022\/01\/logo-focus-any-35.svg","contentUrl":"https:\/\/www.focus.cat\/wp-content\/uploads\/2022\/01\/logo-focus-any-35.svg","width":1,"height":1,"caption":"Focus"},"image":{"@id":"https:\/\/www.focus.cat\/#\/schema\/logo\/image\/"}}]}},"translations":[{"id":23157,"locale":"ca"},{"id":23158,"locale":"es"},{"id":23159,"locale":"en"}],"_links":{"self":[{"href":"https:\/\/www.focus.cat\/wp-json\/wp\/v2\/ex\/23158","targetHints":{"allow":["GET"]}}],"collection":[{"href":"https:\/\/www.focus.cat\/wp-json\/wp\/v2\/ex"}],"about":[{"href":"https:\/\/www.focus.cat\/wp-json\/wp\/v2\/types\/ex"}],"author":[{"embeddable":true,"href":"https:\/\/www.focus.cat\/wp-json\/wp\/v2\/users\/5"}],"replies":[{"embeddable":true,"href":"https:\/\/www.focus.cat\/wp-json\/wp\/v2\/comments?post=23158"}],"wp:attachment":[{"href":"https:\/\/www.focus.cat\/wp-json\/wp\/v2\/media?parent=23158"}],"wp:term":[{"taxonomy":"location","embeddable":true,"href":"https:\/\/www.focus.cat\/wp-json\/wp\/v2\/location?post=23158"}],"curies":[{"name":"wp","href":"https:\/\/api.w.org\/{rel}","templated":true}]}}