{"id":27844,"date":"2026-04-07T12:13:47","date_gmt":"2026-04-07T10:13:47","guid":{"rendered":"https:\/\/www.focus.cat\/ex\/la-presencia-2\/"},"modified":"2026-04-07T12:32:22","modified_gmt":"2026-04-07T10:32:22","slug":"la-presencia-2","status":"publish","type":"ex","link":"https:\/\/www.focus.cat\/es\/ex\/la-presencia-2\/","title":{"rendered":"La pres\u00e8ncia"},"content":{"rendered":"","protected":false},"excerpt":{"rendered":"","protected":false},"author":5,"featured_media":0,"comment_status":"closed","ping_status":"closed","template":"","location":[26],"class_list":["post-27844","ex","type-ex","status-publish","hentry","location-home"],"acf":{"txt_synopsis":"<p><strong><em>La Pres\u00e8ncia<\/em> se desarrolla durante una noche de tormenta. Una noche llena de adrenalina y comedia en la que los fantasmas de una familia saldr\u00e1n a la luz.<\/strong>  <\/p>\r\n<p>Ernest y Sandra se encuentran en la mas\u00eda de su padre para acompa\u00f1arle durante sus \u00faltimas horas de vida. Miki, la pareja de Sandra, tambi\u00e9n est\u00e1 all\u00ed para apoyarles. Mientras los hermanos, que no tienen mucha relaci\u00f3n, se ponen al d\u00eda, llega la m\u00e9dica del CAP a visitarle. Pocos minutos despu\u00e9s, Climent muere. Lo que ninguno espera es que la campana que utilizaba para llamarles vuelva a sonar.  Si el padre est\u00e1 muerto, \u00bfqui\u00e9n la ha tocado? <br \/><br \/>A partir de ese momento, el escepticismo y la fe chocan, y los fen\u00f3menos inexplicables ir\u00e1n en aumento, as\u00ed como la tensi\u00f3n entre los protagonistas. \u00bfSe trata de un hecho paranormal? \u00bfEs simplemente una noche de tormenta? \u00bfAcaso Climent ten\u00eda algo pendiente de aclarar y por eso se manifiesta? \u00bfEs el \u00fanico que guarda secretos? <br \/>Una serie de confesiones, de verdades escondidas, comienzan a salir a la luz. Entre los hermanos, entre la pareja, e incluso con la m\u00e9dica, que revela un pasado de Climent que ninguno de ellos conoc\u00eda.<\/p>\r\n<p><\/p>","main_buy_link":"https:\/\/www.balanaenviu.com\/espectaculo\/la-presencia","main_buy_links":"[\"https:\/\/www.balanaenviu.com\/espectaculo\/la-presencia\"]","show_language":"Espect\u00e1culo en catal\u00e1n","show_duration":"90","txt_genre":"TEATRO","show_start_date":"20251209000000","show_end_date":"20260412000000","show_sort_date":"20251209000000","txt_custom_show_dates":"","txt_additional_info":"","txt_present":"","txt_season":"[\"2025\/26\"]","txt_cycle":"","txt_claim":"La Pres\u00e8ncia se desarrolla durante una noche de tormenta. Una noche llena de adrenalina y comedia en la que los fantasmas de una familia saldr\u00e1n a la luz.","txt_cast_excerpt":"","txt_cast":"","txt_reviews":"Sergi Doria|ABC|\u201cRe\u00edr y sentir miedo a la vez. El c\u00f3ctel perfecto\u201d\r\nMiquel Gasc\u00f3n i Imma Barba|Voltar i voltar|\u201cIntriga, humor y suspense conforman esta pieza en la que hay que destacar la magn\u00edfica interpretaci\u00f3n de los cuatro actores protagonistas\u201d\r\nLlu\u00efsa Guardia|Espect\u00e1culos BCN|\"Buen texto y direcci\u00f3n, grandes interpretaciones, secretos inconfesables y muchas risas\"","hashtag":"","have_promo":"","slogan":"","id_exhibicio":2147,"id_versio":1701,"id_local":24,"txt_seo_desc":"","data_images":"[{\"localizer\":\"V3CARTELL\",\"url\":\"media\/ver\/cartell\/v3\/2026\/03\/8e10c47a-701d-4843-94b1-307bff9e8e49.png\",\"thumb_url\":\"media\/ver\/cartell\/v3\/2026\/03\/8e10c47a-701d-4843-94b1-307bff9e8e49.png\",\"title\":\"La pres\u00e8ncia - distribuci\u00f3\",\"description\":\"la presencia distribuci\u00f3\",\"copyright\":\"\",\"order\":6},{\"localizer\":\"V3CARTELLDISTRI\",\"url\":\"media\/ver\/cartell\/v3\/2026\/04\/64825178-e257-4095-ad71-b7e8d92fe1a4.png\",\"thumb_url\":\"media\/ver\/cartell\/v3\/2026\/04\/64825178-e257-4095-ad71-b7e8d92fe1a4.png\",\"title\":\"La pres\u00e8ncia - Focus\",\"description\":\"<p>la&nbsp;presencia&nbsp;focus<\/p>\",\"copyright\":\"\",\"order\":0},{\"localizer\":\"V3SLIDE\",\"url\":\"media\/ftgalslide\/v3\/316AC\/01_086_00058631\/Disseny_sense_titol_(25).jpg\",\"thumb_url\":\"media\/ftgalslide\/v3\/316AC\/01_086_00058631\/Disseny_sense_titol_(25).jpg\",\"title\":\"La pres\u00e8ncia - La Villarroel\",\"description\":\"la presencia en el teatre la villarroel\",\"copyright\":\"https:\/\/youtu.be\/SOpLw2VvdGI\",\"order\":14},{\"localizer\":\"V3SLIDE\",\"url\":\"media\/ftgalslide\/v3\/316AC\/01_086_00058632\/Disseny_sense_titol_(26).jpg\",\"thumb_url\":\"media\/ftgalslide\/v3\/316AC\/01_086_00058632\/Disseny_sense_titol_(26).jpg\",\"title\":\"La pres\u00e8ncia - La Villarroel\",\"description\":\"la presencia en el teatre la villarroel\",\"copyright\":\"\",\"order\":15},{\"localizer\":\"V3SLIDE\",\"url\":\"media\/ftgalslide\/v3\/316AC\/01_086_00058633\/Disseny_sense_titol_(24).jpg\",\"thumb_url\":\"media\/ftgalslide\/v3\/316AC\/01_086_00058633\/Disseny_sense_titol_(24).jpg\",\"title\":\"La Pres\u00e8ncia - La Villarroel\",\"description\":\"la presencia en el teatre la villarroel\",\"copyright\":\"\",\"order\":16},{\"localizer\":\"V4CARTELL\",\"url\":\"media\/ver\/cartell\/v4\/316A8\/01_089_00058215\/Cartell-web-la-presencia-villarroel.jpg\",\"thumb_url\":\"media\/ver\/cartell\/v4\/316A8\/01_089_00058215\/Cartell-web-la-presencia-villarroel.jpg\",\"title\":\"La presencia - La Villarroel\",\"description\":\"la presencia a la villarroel\",\"copyright\":\"\",\"order\":5},{\"localizer\":\"V4PORTADA\",\"url\":\"media\/ver\/port\/v4\/316A8\/01_090_00058214\/Portada-1-la-presencia-villarroel.jpg\",\"thumb_url\":\"media\/ver\/port\/v4\/316A8\/01_090_00058214\/Portada-1-la-presencia-villarroel.jpg\",\"title\":\"La pres\u00e8ncia - la Villarroel\",\"description\":\"la presencia a la villarroel\",\"copyright\":\"\",\"order\":4},{\"localizer\":\"V4PORTADAWIDE\",\"url\":\"media\/ver\/port\/wide\/v4\/31705\/01_091_00058661\/UF-Portada-0-la-presencia-villarroel.jpg\",\"thumb_url\":\"media\/ver\/port\/wide\/v4\/31705\/01_091_00058661\/UF-Portada-0-la-presencia-villarroel.jpg\",\"title\":\"La pres\u00e8ncia - La Villarroel\",\"description\":\"la presencia en la villarroel\",\"copyright\":\"\",\"order\":17},{\"localizer\":\"V4PORTADAWIDEMOBILE\",\"url\":\"media\/ver\/port\/wide\/mobile\/v4\/31705\/01_092_00058662\/UF-Portada-mobile-la-presencia-villarroel.jpg\",\"thumb_url\":\"media\/ver\/port\/wide\/mobile\/v4\/31705\/01_092_00058662\/UF-Portada-mobile-la-presencia-villarroel.jpg\",\"title\":\"La pres\u00e8ncia - La Villarroel\",\"description\":\"la presencia en la villarroel\",\"copyright\":\"\",\"order\":18}]","material__texto_intro":"","data_material":null,"data_gallery":"","data_discounts":"[]","contract_is_open":false,"in_tour":false,"foreign_production":false,"tour_end_date":""},"yoast_head":"<!-- This site is optimized with the Yoast SEO plugin v27.5 - https:\/\/yoast.com\/product\/yoast-seo-wordpress\/ -->\n<title>La pres\u00e8ncia - Focus<\/title>\n<meta name=\"robots\" content=\"index, follow, max-snippet:-1, max-image-preview:large, max-video-preview:-1\" \/>\n<link rel=\"canonical\" href=\"https:\/\/www.focus.cat\/ex\/la-presencia-2\/\" \/>\n<meta property=\"og:locale\" content=\"ca_ES\" \/>\n<meta property=\"og:type\" content=\"article\" \/>\n<meta property=\"og:title\" content=\"La pres\u00e8ncia - Focus\" \/>\n<meta property=\"og:url\" content=\"https:\/\/www.focus.cat\/es\/ex\/la-presencia-2\/\" \/>\n<meta property=\"og:site_name\" content=\"Focus\" \/>\n<meta property=\"article:modified_time\" content=\"2026-04-07T10:32:22+00:00\" \/>\n<meta name=\"twitter:card\" content=\"summary_large_image\" \/>\n<script type=\"application\/ld+json\" class=\"yoast-schema-graph\">{\"@context\":\"https:\\\/\\\/schema.org\",\"@graph\":[{\"@type\":\"WebPage\",\"@id\":\"https:\\\/\\\/www.focus.cat\\\/es\\\/ex\\\/la-presencia-2\\\/\",\"url\":\"https:\\\/\\\/www.focus.cat\\\/es\\\/ex\\\/la-presencia-2\\\/\",\"name\":\"La pres\u00e8ncia - Focus\",\"isPartOf\":{\"@id\":\"https:\\\/\\\/www.focus.cat\\\/#website\"},\"datePublished\":\"2026-04-07T10:13:47+00:00\",\"dateModified\":\"2026-04-07T10:32:22+00:00\",\"breadcrumb\":{\"@id\":\"https:\\\/\\\/www.focus.cat\\\/es\\\/ex\\\/la-presencia-2\\\/#breadcrumb\"},\"inLanguage\":\"ca\",\"potentialAction\":[{\"@type\":\"ReadAction\",\"target\":[\"https:\\\/\\\/www.focus.cat\\\/es\\\/ex\\\/la-presencia-2\\\/\"]}]},{\"@type\":\"BreadcrumbList\",\"@id\":\"https:\\\/\\\/www.focus.cat\\\/es\\\/ex\\\/la-presencia-2\\\/#breadcrumb\",\"itemListElement\":[{\"@type\":\"ListItem\",\"position\":1,\"name\":\"Espectacles\",\"item\":\"https:\\\/\\\/www.focus.cat\\\/ex\\\/\"},{\"@type\":\"ListItem\",\"position\":2,\"name\":\"La pres\u00e8ncia\"}]},{\"@type\":\"WebSite\",\"@id\":\"https:\\\/\\\/www.focus.cat\\\/#website\",\"url\":\"https:\\\/\\\/www.focus.cat\\\/\",\"name\":\"Focus\",\"description\":\"\",\"publisher\":{\"@id\":\"https:\\\/\\\/www.focus.cat\\\/#organization\"},\"potentialAction\":[{\"@type\":\"SearchAction\",\"target\":{\"@type\":\"EntryPoint\",\"urlTemplate\":\"https:\\\/\\\/www.focus.cat\\\/?s={search_term_string}\"},\"query-input\":{\"@type\":\"PropertyValueSpecification\",\"valueRequired\":true,\"valueName\":\"search_term_string\"}}],\"inLanguage\":\"ca\"},{\"@type\":\"Organization\",\"@id\":\"https:\\\/\\\/www.focus.cat\\\/#organization\",\"name\":\"Focus\",\"url\":\"https:\\\/\\\/www.focus.cat\\\/\",\"logo\":{\"@type\":\"ImageObject\",\"inLanguage\":\"ca\",\"@id\":\"https:\\\/\\\/www.focus.cat\\\/#\\\/schema\\\/logo\\\/image\\\/\",\"url\":\"https:\\\/\\\/www.focus.cat\\\/wp-content\\\/uploads\\\/2022\\\/01\\\/logo-focus-any-35.svg\",\"contentUrl\":\"https:\\\/\\\/www.focus.cat\\\/wp-content\\\/uploads\\\/2022\\\/01\\\/logo-focus-any-35.svg\",\"width\":1,\"height\":1,\"caption\":\"Focus\"},\"image\":{\"@id\":\"https:\\\/\\\/www.focus.cat\\\/#\\\/schema\\\/logo\\\/image\\\/\"}}]}<\/script>\n<!-- \/ Yoast SEO plugin. -->","yoast_head_json":{"title":"La pres\u00e8ncia - Focus","robots":{"index":"index","follow":"follow","max-snippet":"max-snippet:-1","max-image-preview":"max-image-preview:large","max-video-preview":"max-video-preview:-1"},"canonical":"https:\/\/www.focus.cat\/ex\/la-presencia-2\/","og_locale":"ca_ES","og_type":"article","og_title":"La pres\u00e8ncia - Focus","og_url":"https:\/\/www.focus.cat\/es\/ex\/la-presencia-2\/","og_site_name":"Focus","article_modified_time":"2026-04-07T10:32:22+00:00","twitter_card":"summary_large_image","schema":{"@context":"https:\/\/schema.org","@graph":[{"@type":"WebPage","@id":"https:\/\/www.focus.cat\/es\/ex\/la-presencia-2\/","url":"https:\/\/www.focus.cat\/es\/ex\/la-presencia-2\/","name":"La pres\u00e8ncia - Focus","isPartOf":{"@id":"https:\/\/www.focus.cat\/#website"},"datePublished":"2026-04-07T10:13:47+00:00","dateModified":"2026-04-07T10:32:22+00:00","breadcrumb":{"@id":"https:\/\/www.focus.cat\/es\/ex\/la-presencia-2\/#breadcrumb"},"inLanguage":"ca","potentialAction":[{"@type":"ReadAction","target":["https:\/\/www.focus.cat\/es\/ex\/la-presencia-2\/"]}]},{"@type":"BreadcrumbList","@id":"https:\/\/www.focus.cat\/es\/ex\/la-presencia-2\/#breadcrumb","itemListElement":[{"@type":"ListItem","position":1,"name":"Espectacles","item":"https:\/\/www.focus.cat\/ex\/"},{"@type":"ListItem","position":2,"name":"La pres\u00e8ncia"}]},{"@type":"WebSite","@id":"https:\/\/www.focus.cat\/#website","url":"https:\/\/www.focus.cat\/","name":"Focus","description":"","publisher":{"@id":"https:\/\/www.focus.cat\/#organization"},"potentialAction":[{"@type":"SearchAction","target":{"@type":"EntryPoint","urlTemplate":"https:\/\/www.focus.cat\/?s={search_term_string}"},"query-input":{"@type":"PropertyValueSpecification","valueRequired":true,"valueName":"search_term_string"}}],"inLanguage":"ca"},{"@type":"Organization","@id":"https:\/\/www.focus.cat\/#organization","name":"Focus","url":"https:\/\/www.focus.cat\/","logo":{"@type":"ImageObject","inLanguage":"ca","@id":"https:\/\/www.focus.cat\/#\/schema\/logo\/image\/","url":"https:\/\/www.focus.cat\/wp-content\/uploads\/2022\/01\/logo-focus-any-35.svg","contentUrl":"https:\/\/www.focus.cat\/wp-content\/uploads\/2022\/01\/logo-focus-any-35.svg","width":1,"height":1,"caption":"Focus"},"image":{"@id":"https:\/\/www.focus.cat\/#\/schema\/logo\/image\/"}}]}},"translations":[{"id":27843,"locale":"ca"},{"id":27844,"locale":"es"},{"id":27845,"locale":"en"}],"_links":{"self":[{"href":"https:\/\/www.focus.cat\/wp-json\/wp\/v2\/ex\/27844","targetHints":{"allow":["GET"]}}],"collection":[{"href":"https:\/\/www.focus.cat\/wp-json\/wp\/v2\/ex"}],"about":[{"href":"https:\/\/www.focus.cat\/wp-json\/wp\/v2\/types\/ex"}],"author":[{"embeddable":true,"href":"https:\/\/www.focus.cat\/wp-json\/wp\/v2\/users\/5"}],"replies":[{"embeddable":true,"href":"https:\/\/www.focus.cat\/wp-json\/wp\/v2\/comments?post=27844"}],"wp:attachment":[{"href":"https:\/\/www.focus.cat\/wp-json\/wp\/v2\/media?parent=27844"}],"wp:term":[{"taxonomy":"location","embeddable":true,"href":"https:\/\/www.focus.cat\/wp-json\/wp\/v2\/location?post=27844"}],"curies":[{"name":"wp","href":"https:\/\/api.w.org\/{rel}","templated":true}]}}