{"id":7181,"date":"2022-05-11T15:58:13","date_gmt":"2022-05-11T15:58:13","guid":{"rendered":"https:\/\/www.focus.cat\/ex\/la-filla-del-mar-2\/"},"modified":"2023-07-19T13:59:15","modified_gmt":"2023-07-19T13:59:15","slug":"la-filla-del-mar-2","status":"publish","type":"ex","link":"https:\/\/www.focus.cat\/es\/ex\/la-filla-del-mar-2\/","title":{"rendered":"La Filla del Mar"},"content":{"rendered":"","protected":false},"excerpt":{"rendered":"","protected":false},"author":5,"featured_media":0,"comment_status":"closed","ping_status":"closed","template":"","location":[],"class_list":["post-7181","ex","type-ex","status-publish","hentry"],"acf":{"txt_synopsis":"<p><strong>Ganador de 3 Premis de la Cr\u00edtica<\/strong><\/p>\r\n<ul>\r\n<li><strong>Mejor Musical<\/strong><\/li>\r\n<li><strong>Mejor Actriz Musical para Clara Sol\u00e9<\/strong><\/li>\r\n<li><strong>Mejor Musica Original para Marc Sambola<\/strong><\/li><\/ul>\r\n<p>\u00c1gata, una joven rescatada del mar cuando era ni\u00f1a, ha crecido en un peque\u00f1o pueblo de la costa, rechazada constantemente por todos a causa de sus desconocidos or\u00edgenes. Una animalota, una paria, una forastera. Pero \u00c1gata encuentra la paz en aquello que justamente le rob\u00f3 su familia en aquel refugio, el mar. Con la inocencia de alguien que s\u00f3lo piensa en el horizonte, la pesca y su \u201chermana\u201d Mariona, la llegada al pueblo de Pere M\u00e0rtir har\u00e1 que \u00c1gata se vea involucrada en un complejo tri\u00e1ngulo amoroso que, a pesar de nacer como un enga\u00f1o, la llevar\u00e1 a vivir un amor rom\u00e1ntico, extremo, puramente instintivo y loco, que&nbsp;desencadenar\u00e1 tr\u00e1gicas consecuencias.<\/p>\r\n<p>La filla del mar, de \u00c0ngel Guimer\u00e0 es una de las piezas m\u00e1s memorables de la literatura dram\u00e1tica catalana. Una historia de una&nbsp;vigencia absoluta que nos habla de la discriminaci\u00f3n y la resistencia de las comunidades a incorporar la diferencia y que permite cuestionarnos el papel de los instintos en el comportamiento humano.<br \/>La compa\u00f1\u00eda LA BARNI TEATRE la trae de nuevo a los escenarios en forma de teatro musical con la voluntad de acercar uno de los grandes cl\u00e1sicos del teatro catal\u00e1n, cargado de fuerza po\u00e9tica y grandes pasiones, al p\u00fablico de nuestros d\u00edas.<\/p>","main_buy_link":"","main_buy_links":"","show_language":"Espect\u00e1culo en catal\u00e1n","show_duration":"100","txt_genre":"MUSICAL","show_start_date":"20220209000000","show_end_date":"20220508000000","show_sort_date":"20210925000000","txt_custom_show_dates":"del 9 de febrero al 8 de mayo de 2022 ","txt_additional_info":"<p><i class=\"fa fa-info fa-2x fa-fw\"><\/i>El d\u00eda 06\/04 se llevar\u00e1 a cabo una postfunci\u00f3n.<\/p>\r\n<p><i class=\" fa fa-solid fa-trophy fa-2x fa-fw\"><\/i><strong>3 Premis de la Cr\u00edtica<\/strong>\r\n<\/p><ul>\r\n<li>Mejor Musical<\/li>\r\n<li>Millor actriz musical para Clara Sol\u00e9<\/li>\r\n<li>Mejor musica original para Marc Sambola<\/li><\/ul>","txt_present":"","txt_season":"[\"2021\/22\"]","txt_cycle":"","txt_claim":"Con La Filla del Mar, estrenada en 1899, \u00c0ngel Guimer\u00e0 consigue una obra que en<br \/>sus elementos esenciales transciende su tiempo, acontece universal, y que hoy en d\u00eda<br \/>nos pone ante el espejo para hacernos reflexionar sobre qui\u00e9n somos, que estamos haciendo, y por qu\u00e9<br \/>nos comportamos como sociedad de este modo.<br \/>","txt_cast_excerpt":"","txt_cast":"<p>Una creaci\u00f3n de<strong> La Barni Teatre<\/strong> a partir de la obra de <strong>\u00c0ngel Guimer\u00e0<\/strong><br \/>Texto y letras: <strong>Jaume Vi\u00f1as<\/strong> <br \/>M\u00fasica y letras: <strong>Marc Sambola<\/strong><\/p>\r\n<p>Int\u00e9rpretes: <br \/><strong>Xavi Casan<br \/>Mariona Castillo<br \/>Candela D\u00edaz Sanz <br \/>Gracia Fern\u00e1ndez<br \/>Irene J\u00f3dar Garcia \/ Neus Soler<br \/>Albert Mora<br \/>Arnau Puig<br \/>Marc Sambola<br \/>Clara Sol\u00e9<br \/>Toni Vi\u00f1als<br \/><\/strong>Covers: <br \/><strong>Mireia Morera, Carles Vall\u00e8s, Marc Vilavella y Candela D\u00edaz Sanz<\/strong><\/p>\r\n<p>Direcci\u00f3n: <strong>Marc Vilavella<\/strong><br \/>Direcci\u00f3n musical:<strong> Marc Sambola<\/strong><br \/>Orquestaci\u00f3n: <strong>\u00d3scar Pe\u00f1arroya<\/strong> <br \/>Movimiento: <strong>Teresa G. Valenzuela<\/strong><br \/>Escenograf\u00eda y vestuario: <strong>Jordi Bulbena y Marc Udina<\/strong><br \/>Dise\u00f1o de la iluminaci\u00f3n: <strong>Jordi Berch<\/strong><br \/>Dise\u00f1o del sonido: <strong>Jordi Ballb\u00e9<\/strong><br \/>Caracterizaci\u00f3n: <strong>N\u00faria Llunell<\/strong><br \/>Ayudant\u00eda de direcci\u00f3n: <strong>Mara Fern\u00e1ndez<\/strong><br \/>Ayudanta de iluminaci\u00f3n: <strong>Mariona Ubia<\/strong><br \/>Asesoramiento Eneagrama: <strong>Sergio Monge<\/strong><\/p>\r\n<p><br \/>Direcci\u00f3n de producci\u00f3n: <strong>Maite Pijuan<\/strong><br \/>Jefa de producci\u00f3n: <strong>Marina Vilardell<\/strong><br \/>Producci\u00f3n ejecutiva: <strong>Raquel Do\u00f1oro<\/strong><br \/>Direcci\u00f3n de oficina t\u00e9cnica: <strong>Moi Cuenca<\/strong><br \/>Oficina t\u00e9cnica: <strong>David Ruiz<\/strong><\/p>\r\n<p>Regidora: <strong>Ainhoa Bernaola\/Olga C\u00e1mara<\/strong><br \/>Sastra: <strong>Rosario Macias<\/strong><br \/>Jefe t\u00e9cnico del teatro y operador de sonido: <strong>Jordi Ballb\u00e9<\/strong><br \/>Operador de luces: <strong>V\u00edctor C\u00e1rdenas<\/strong><br \/>Microfonista: <strong>V\u00edctor Bartolom\u00e9<\/strong><\/p>\r\n<p><br \/>Construcci\u00f3n Escenograf\u00eda: <strong>Jorba-Mir\u00f3 Estudi-Taller d\u2019escenografia, Pascualin Estructures, Taller d\u2019escenografia Castells, S.L.<\/strong>&nbsp; <br \/>Confecci\u00f3n de Vestuario: <strong>Dress Art<\/strong><\/p>\r\n<p><br \/>Premsa: <strong>Albert L\u00f3pez i Judit Hern\u00e1ndez<\/strong> <br \/>M\u00e1rquetin y comunicaci\u00f3n: <strong>Publispec<\/strong><br \/>Dise\u00f1o gr\u00e1fico: <strong>Zuhaitz San Buenaventura<\/strong><br \/>Reportaje fotogr\u00e1fico: <strong>David Ruano<\/strong><\/p>\r\n<p>Colaboradores: <strong>Jorge de la Garza, Montibello, Rowenta<\/strong>&nbsp; <\/p>\r\n<p>Una producci\u00f3n de <strong>Focus y Grec 2021 Festival de Barcelona<\/strong><\/p>","txt_reviews":"Jordi Bordes|El Punt Avui|\"La producci\u00f3 \u00e9s valenta i honesta perqu\u00e8 construeix un musical des de la narraci\u00f3, trencant aix\u00f2 s\u00ed, l\u2019ordre cronol\u00f2gic, posant la m\u00fasica a escena que ressona com la remor del mar en quasi tot l\u2019espectacle.\"\r\nJuan Carlos Olivares|Recomana.cat|\"Se impone un sobresaliente trabajo global, con remarcables actuaciones personales de Mariona Castillo (una Mariona alejada del f\u00e1cil melodrama, poderosa en su deseo) y Toni Vi\u00f1als (Pere M\u00e0rtir), tan virtuoso en todas las disciplinas y tan firme en la construcci\u00f3n del car\u00e1cter.\"","hashtag":"LaFillaDelMar","have_promo":"","slogan":"","id_exhibicio":1842,"id_versio":1447,"id_local":3,"txt_seo_desc":"La Filla del Mar, el espect\u00e1culo musical de \u00c0ngel Guimer\u00e0 en el Teatre Condal de Barcelona","data_images":"[{\"localizer\":\"V3EXHBCARTELL\",\"url\":\"media\/ver\/cartell\/v3\/3157F\/01_085_00052018\/cartell-web-la-filla-del-mar-teatre-condal.jpg\",\"thumb_url\":\"media\/ver\/cartell\/v3\/3157F\/01_085_00052018\/cartell-web-la-filla-del-mar-teatre-condal_thumb.jpg\",\"title\":\"La Filla del Mar - Teatre Condal\",\"description\":\"la filla del mar al teatre condal de barcelona\",\"copyright\":\"\",\"order\":2},{\"localizer\":\"V3CARTELL\",\"url\":\"media\/ver\/cartell\/v3\/31578\/01_085_00051269\/cartell-web-la-filla-del-mar-teatre-condal-barcelona.jpg\",\"thumb_url\":\"media\/ver\/cartell\/v3\/31578\/01_085_00051269\/cartell-web-la-filla-del-mar-teatre-condal-barcelona_thumb.jpg\",\"title\":\"La filla del Mar - Teatre Condal\",\"description\":\"la filla del mar al teatre condal de barcelona en el festival grec\",\"copyright\":\"\",\"order\":3},{\"localizer\":\"V3EXHBCARTELL\",\"url\":\"media\/ver\/cartell\/v3\/315DB\/01_085_00053473\/700x1000_bolos_OK.jpg\",\"thumb_url\":\"media\/ver\/cartell\/v3\/315DB\/01_085_00053473\/700x1000_bolos_OK_thumb.jpg\",\"title\":\"La Filla del Mar - Focus Distribuci\u00f3\",\"description\":\"la filla del mar focus distribuci\u00f3\",\"copyright\":\"\",\"order\":3},{\"localizer\":\"V2CARTELLDISTRI\",\"url\":\"media\/cartell\/distrib\/31579\/01_082_00051328\/cartell-web-la-filla-del-mar-teatre-condal-barcelona.jpg\",\"thumb_url\":\"media\/cartell\/distrib\/31579\/01_082_00051328\/cartell-web-la-filla-del-mar-teatre-condal-barcelona_thumb.jpg\",\"title\":\"La filla del Mar\",\"description\":\"la filla del mar\",\"copyright\":\"\",\"order\":9},{\"localizer\":\"V3SLIDE\",\"url\":\"media\/ftgalslide\/v3\/3157A\/01_086_00051496\/La_Filla_del_Mar_2.png\",\"thumb_url\":\"media\/ftgalslide\/v3\/3157A\/01_086_00051496\/La_Filla_del_Mar_2_thumb.jpg\",\"title\":\"La Filla del Mar - Teatre Condal\",\"description\":\"la filla del mar al teatre condal de barcelona\",\"copyright\":\"https:\/\/www.youtube.com\/watch?v=9YIO0hAKgdQ&list=PLjXKcNAq7U1tTj1WMSlNiZdd4F8wU8sAp&index=6\",\"order\":11},{\"localizer\":\"V3SLIDE\",\"url\":\"media\/ftgalslide\/v3\/3157A\/01_086_00051495\/La_Filla_del_Mar_1.png\",\"thumb_url\":\"media\/ftgalslide\/v3\/3157A\/01_086_00051495\/La_Filla_del_Mar_1_thumb.jpg\",\"title\":\"La Filla del Mar - Teatre Condal\",\"description\":\"la filla del mar al teatre condal de barcelona\",\"copyright\":\"\",\"order\":12},{\"localizer\":\"V3SLIDE\",\"url\":\"media\/ftgalslide\/v3\/3157A\/01_086_00051497\/La_Filla_del_Mar_4.png\",\"thumb_url\":\"media\/ftgalslide\/v3\/3157A\/01_086_00051497\/La_Filla_del_Mar_4_thumb.jpg\",\"title\":\"La Filla del Mar - Teatre Condal\",\"description\":\"la filla del mar al teatre condal de barcelona\",\"copyright\":\"\",\"order\":14},{\"localizer\":\"V2CARTELL\",\"url\":\"media\/ver\/cartell\/3157B\/01_079_00051501\/cartell-web-la-filla-del-mar-teatre-condal-barcelona.jpg\",\"thumb_url\":\"media\/ver\/cartell\/3157B\/01_079_00051501\/cartell-web-la-filla-del-mar-teatre-condal-barcelona_thumb.jpg\",\"title\":\"La Filla del Mar\",\"description\":\"la filla del mar\",\"copyright\":\"\",\"order\":15},{\"localizer\":\"V3SLIDEDISTRI\",\"url\":\"media\/ftgalslide\/v3\/3157D\/01_086_00051832\/protagonistas_v5.jpg\",\"thumb_url\":\"media\/ftgalslide\/v3\/3157D\/01_086_00051832\/protagonistas_v5_thumb.jpg\",\"title\":\"La Filla del Mar\",\"description\":\"la filla del mar focus distribuci\u00f3\",\"copyright\":\"\",\"order\":17},{\"localizer\":\"V3SLIDE\",\"url\":\"media\/ftgalslide\/v3\/3157F\/01_086_00052020\/T21_filla_088_a.jpg\",\"thumb_url\":\"media\/ftgalslide\/v3\/3157F\/01_086_00052020\/T21_filla_088_a_thumb.jpg\",\"title\":\"La Filla del Mar - Teatre Condal\",\"description\":\"la filla del mar al teatre condal de barcelona\",\"copyright\":\"\",\"order\":22},{\"localizer\":\"V3SLIDE\",\"url\":\"media\/ftgalslide\/v3\/3157F\/01_086_00052021\/T21_filla_145_a.jpg\",\"thumb_url\":\"media\/ftgalslide\/v3\/3157F\/01_086_00052021\/T21_filla_145_a_thumb.jpg\",\"title\":\"La Filla del Mar - Teatre Condal\",\"description\":\"la filla del mar al teatre condal de barcelona\",\"copyright\":\"\",\"order\":23},{\"localizer\":\"V3PORTADAWIDE\",\"url\":\"media\/ver\/port\/v3wide\/315DA\/01_088_00053296\/0-la-filla-del-mar-teatre-condal.jpg\",\"thumb_url\":\"media\/ver\/port\/v3wide\/315DA\/01_088_00053296\/0-la-filla-del-mar-teatre-condal_thumb.jpg\",\"title\":\"La filla del mar - Teatre Condal\",\"description\":\"La filla del mar - Teatre Condal\",\"copyright\":\"\",\"order\":29},{\"localizer\":\"V3PORTADA\",\"url\":\"media\/ver\/port\/v3\/315DC\/01_084_00053626\/MicrosoftTeams-image_(5).png\",\"thumb_url\":\"media\/ver\/port\/v3\/315DC\/01_084_00053626\/MicrosoftTeams-image_(5)_thumb.jpg\",\"title\":\"La filla del mar - Teatre Condal - \u00daltimes funcions\",\"description\":\"la filla del mar al teatre condal de barcelona\",\"copyright\":\"\",\"order\":35}]","material__texto_intro":"","data_material":null,"data_gallery":"","data_discounts":"[]","contract_is_open":false,"in_tour":false,"foreign_production":false,"tour_end_date":"00010101000000"},"yoast_head":"<!-- This site is optimized with the Yoast SEO plugin v27.5 - https:\/\/yoast.com\/product\/yoast-seo-wordpress\/ -->\n<title>La Filla del Mar - Focus<\/title>\n<meta name=\"robots\" content=\"index, follow, max-snippet:-1, max-image-preview:large, max-video-preview:-1\" \/>\n<link rel=\"canonical\" href=\"https:\/\/www.focus.cat\/ex\/la-filla-del-mar-2\/\" \/>\n<meta property=\"og:locale\" content=\"ca_ES\" \/>\n<meta property=\"og:type\" content=\"article\" \/>\n<meta property=\"og:title\" content=\"La Filla del Mar - Focus\" \/>\n<meta property=\"og:url\" content=\"https:\/\/www.focus.cat\/es\/ex\/la-filla-del-mar-2\/\" \/>\n<meta property=\"og:site_name\" content=\"Focus\" \/>\n<meta property=\"article:modified_time\" content=\"2023-07-19T13:59:15+00:00\" \/>\n<meta name=\"twitter:card\" content=\"summary_large_image\" \/>\n<script type=\"application\/ld+json\" class=\"yoast-schema-graph\">{\"@context\":\"https:\\\/\\\/schema.org\",\"@graph\":[{\"@type\":\"WebPage\",\"@id\":\"https:\\\/\\\/www.focus.cat\\\/es\\\/ex\\\/la-filla-del-mar-2\\\/\",\"url\":\"https:\\\/\\\/www.focus.cat\\\/es\\\/ex\\\/la-filla-del-mar-2\\\/\",\"name\":\"La Filla del Mar - Focus\",\"isPartOf\":{\"@id\":\"https:\\\/\\\/www.focus.cat\\\/#website\"},\"datePublished\":\"2022-05-11T15:58:13+00:00\",\"dateModified\":\"2023-07-19T13:59:15+00:00\",\"breadcrumb\":{\"@id\":\"https:\\\/\\\/www.focus.cat\\\/es\\\/ex\\\/la-filla-del-mar-2\\\/#breadcrumb\"},\"inLanguage\":\"ca\",\"potentialAction\":[{\"@type\":\"ReadAction\",\"target\":[\"https:\\\/\\\/www.focus.cat\\\/es\\\/ex\\\/la-filla-del-mar-2\\\/\"]}]},{\"@type\":\"BreadcrumbList\",\"@id\":\"https:\\\/\\\/www.focus.cat\\\/es\\\/ex\\\/la-filla-del-mar-2\\\/#breadcrumb\",\"itemListElement\":[{\"@type\":\"ListItem\",\"position\":1,\"name\":\"Espectacles\",\"item\":\"https:\\\/\\\/www.focus.cat\\\/ex\\\/\"},{\"@type\":\"ListItem\",\"position\":2,\"name\":\"La Filla del Mar\"}]},{\"@type\":\"WebSite\",\"@id\":\"https:\\\/\\\/www.focus.cat\\\/#website\",\"url\":\"https:\\\/\\\/www.focus.cat\\\/\",\"name\":\"Focus\",\"description\":\"\",\"publisher\":{\"@id\":\"https:\\\/\\\/www.focus.cat\\\/#organization\"},\"potentialAction\":[{\"@type\":\"SearchAction\",\"target\":{\"@type\":\"EntryPoint\",\"urlTemplate\":\"https:\\\/\\\/www.focus.cat\\\/?s={search_term_string}\"},\"query-input\":{\"@type\":\"PropertyValueSpecification\",\"valueRequired\":true,\"valueName\":\"search_term_string\"}}],\"inLanguage\":\"ca\"},{\"@type\":\"Organization\",\"@id\":\"https:\\\/\\\/www.focus.cat\\\/#organization\",\"name\":\"Focus\",\"url\":\"https:\\\/\\\/www.focus.cat\\\/\",\"logo\":{\"@type\":\"ImageObject\",\"inLanguage\":\"ca\",\"@id\":\"https:\\\/\\\/www.focus.cat\\\/#\\\/schema\\\/logo\\\/image\\\/\",\"url\":\"https:\\\/\\\/www.focus.cat\\\/wp-content\\\/uploads\\\/2022\\\/01\\\/logo-focus-any-35.svg\",\"contentUrl\":\"https:\\\/\\\/www.focus.cat\\\/wp-content\\\/uploads\\\/2022\\\/01\\\/logo-focus-any-35.svg\",\"width\":1,\"height\":1,\"caption\":\"Focus\"},\"image\":{\"@id\":\"https:\\\/\\\/www.focus.cat\\\/#\\\/schema\\\/logo\\\/image\\\/\"}}]}<\/script>\n<!-- \/ Yoast SEO plugin. -->","yoast_head_json":{"title":"La Filla del Mar - Focus","robots":{"index":"index","follow":"follow","max-snippet":"max-snippet:-1","max-image-preview":"max-image-preview:large","max-video-preview":"max-video-preview:-1"},"canonical":"https:\/\/www.focus.cat\/ex\/la-filla-del-mar-2\/","og_locale":"ca_ES","og_type":"article","og_title":"La Filla del Mar - Focus","og_url":"https:\/\/www.focus.cat\/es\/ex\/la-filla-del-mar-2\/","og_site_name":"Focus","article_modified_time":"2023-07-19T13:59:15+00:00","twitter_card":"summary_large_image","schema":{"@context":"https:\/\/schema.org","@graph":[{"@type":"WebPage","@id":"https:\/\/www.focus.cat\/es\/ex\/la-filla-del-mar-2\/","url":"https:\/\/www.focus.cat\/es\/ex\/la-filla-del-mar-2\/","name":"La Filla del Mar - Focus","isPartOf":{"@id":"https:\/\/www.focus.cat\/#website"},"datePublished":"2022-05-11T15:58:13+00:00","dateModified":"2023-07-19T13:59:15+00:00","breadcrumb":{"@id":"https:\/\/www.focus.cat\/es\/ex\/la-filla-del-mar-2\/#breadcrumb"},"inLanguage":"ca","potentialAction":[{"@type":"ReadAction","target":["https:\/\/www.focus.cat\/es\/ex\/la-filla-del-mar-2\/"]}]},{"@type":"BreadcrumbList","@id":"https:\/\/www.focus.cat\/es\/ex\/la-filla-del-mar-2\/#breadcrumb","itemListElement":[{"@type":"ListItem","position":1,"name":"Espectacles","item":"https:\/\/www.focus.cat\/ex\/"},{"@type":"ListItem","position":2,"name":"La Filla del Mar"}]},{"@type":"WebSite","@id":"https:\/\/www.focus.cat\/#website","url":"https:\/\/www.focus.cat\/","name":"Focus","description":"","publisher":{"@id":"https:\/\/www.focus.cat\/#organization"},"potentialAction":[{"@type":"SearchAction","target":{"@type":"EntryPoint","urlTemplate":"https:\/\/www.focus.cat\/?s={search_term_string}"},"query-input":{"@type":"PropertyValueSpecification","valueRequired":true,"valueName":"search_term_string"}}],"inLanguage":"ca"},{"@type":"Organization","@id":"https:\/\/www.focus.cat\/#organization","name":"Focus","url":"https:\/\/www.focus.cat\/","logo":{"@type":"ImageObject","inLanguage":"ca","@id":"https:\/\/www.focus.cat\/#\/schema\/logo\/image\/","url":"https:\/\/www.focus.cat\/wp-content\/uploads\/2022\/01\/logo-focus-any-35.svg","contentUrl":"https:\/\/www.focus.cat\/wp-content\/uploads\/2022\/01\/logo-focus-any-35.svg","width":1,"height":1,"caption":"Focus"},"image":{"@id":"https:\/\/www.focus.cat\/#\/schema\/logo\/image\/"}}]}},"translations":[{"id":7180,"locale":"ca"},{"id":7181,"locale":"es"},{"id":7182,"locale":"en"}],"_links":{"self":[{"href":"https:\/\/www.focus.cat\/wp-json\/wp\/v2\/ex\/7181","targetHints":{"allow":["GET"]}}],"collection":[{"href":"https:\/\/www.focus.cat\/wp-json\/wp\/v2\/ex"}],"about":[{"href":"https:\/\/www.focus.cat\/wp-json\/wp\/v2\/types\/ex"}],"author":[{"embeddable":true,"href":"https:\/\/www.focus.cat\/wp-json\/wp\/v2\/users\/5"}],"replies":[{"embeddable":true,"href":"https:\/\/www.focus.cat\/wp-json\/wp\/v2\/comments?post=7181"}],"wp:attachment":[{"href":"https:\/\/www.focus.cat\/wp-json\/wp\/v2\/media?parent=7181"}],"wp:term":[{"taxonomy":"location","embeddable":true,"href":"https:\/\/www.focus.cat\/wp-json\/wp\/v2\/location?post=7181"}],"curies":[{"name":"wp","href":"https:\/\/api.w.org\/{rel}","templated":true}]}}