{"id":7414,"date":"2022-05-12T11:15:48","date_gmt":"2022-05-12T11:15:48","guid":{"rendered":"https:\/\/www.focus.cat\/ex\/comencar\/"},"modified":"2022-11-21T11:43:54","modified_gmt":"2022-11-21T11:43:54","slug":"comencar","status":"publish","type":"ex","link":"https:\/\/www.focus.cat\/es\/ex\/comencar\/","title":{"rendered":"Comen\u00e7ar"},"content":{"rendered":"","protected":false},"excerpt":{"rendered":"","protected":false},"author":5,"featured_media":0,"comment_status":"closed","ping_status":"closed","template":"","location":[],"class_list":["post-7414","ex","type-ex","status-publish","hentry"],"acf":{"txt_synopsis":"La fiesta que Laura ha hecho para estrenar su piso se ha acabado, pero queda el \u00faltimo invitado, Dani. No se conocen. Los dos tienen casi 40 a\u00f1os. Ella tiene un trabajo de alta direcci\u00f3n que le gusta y no tiene familia pr\u00f3xima. \u00c9l tiene un trabajo de administrativo que detesta y est\u00e1 divorciado. Dos personas inteligentes y divertidas, a punto de decidir, una delante de la otra. Los dos est\u00e1n solos. Podr\u00edan irse a la cama esta noche y no volverse a ver. O ni tan solo eso. \u00bfO tal vez est\u00e1 a punto de empezar?","main_buy_link":"","main_buy_links":"","show_language":"Espect\u00e1culo en catal\u00e1n","show_duration":"90","txt_genre":"DRAM\u00c0TIC","show_start_date":"20210907000000","show_end_date":"20211121000000","show_sort_date":"20210907000000","txt_custom_show_dates":"del 7 de septiembre al 21 de noviembre de 2021 ","txt_additional_info":"","txt_present":"","txt_season":"[\"2021\/22\"]","txt_cycle":"","txt_claim":"La fiesta que Laura ha hecho para estrenar su piso se ha acabado, pero queda el \u00faltimo invitado, Dani. No se conocen. ","txt_cast_excerpt":"","txt_cast":"<p>Autor: <strong>David Eldridge<\/strong><\/p>\r\n<p>Traducci\u00f3n, adaptaci\u00f3n y direcci\u00f3n: <strong>Pau Carri\u00f3<\/strong><\/p>\r\n<p>Producci\u00f3n: <strong>La Villarroel<\/strong><\/p>\r\n<p><strong>Mar Ulldemolins<\/strong>: Laura<br \/><strong>David Verdaguer<\/strong>: Dani<\/p>\r\n<p>Escenograf\u00eda: <strong>Sebasti\u00e0 Brosa<\/strong><br \/>Vestuario: <strong>Zaida Crespo<\/strong><br \/>Iluminaci\u00f3n: <strong>Raimon Rius<\/strong><br \/>Espacio sonoro: <strong>Pau Carri\u00f3<\/strong><br \/>Caracterizaci\u00f3n: <strong>Julia Ram\u00edrez<\/strong><\/p>\r\n<p><br \/>Direcci\u00f3n de producci\u00f3n: <strong>Maite Pijuan<\/strong><br \/>Jefa de producci\u00f3n: <strong>Marina Vilardell<\/strong><br \/>Producci\u00f3n ejecutiva: <strong>\u00c0lvar Rovira<\/strong><br \/>Direcci\u00f3n de oficina t\u00e9cnica: <strong>Moi Cuenca<\/strong><br \/>Oficina t\u00e9cnica: <strong>David Ruiz<\/strong><\/p>\r\n<p>Ayudant\u00eda de direcci\u00f3n: <strong>Marcel Sol\u00e9<\/strong><br \/>Ayudante de escenograf\u00eda: <strong>Francesc Colomina<\/strong><br \/>Regidor\u00eda: <strong>Vicen\u00e7 Beltran<\/strong> <br \/>Jefe t\u00e9cnico del teatro: <strong>Iker Gabald\u00f3n y Jaume Feixas<\/strong><br \/>Construcci\u00f3n de la escenograf\u00eda: <strong>Taller Jorba-Mir\u00f3<\/strong><\/p>\r\n<p>Prensa: <strong>Albert L\u00f3pez&nbsp;y Judit Hern\u00e1ndez<\/strong><br \/>M\u00e1rqueting y comunicaci\u00f3n: <strong>Publispec<\/strong><br \/>Dise\u00f1o gr\u00e1fico: <strong>Santi&Kco<\/strong><br \/>Reportaje Fotogr\u00e1fico: <strong>David Ruano<\/strong><\/p>\r\n<p>Colaboradores: <strong>Smeg, Damm, DO Catalunya<\/strong><\/p>\r\n<p><strong><\/strong><br \/><\/p>","txt_reviews":"","hashtag":"Comen\u00e7ar","have_promo":"","slogan":"","id_exhibicio":1819,"id_versio":1465,"id_local":4,"txt_seo_desc":"Comen\u00e7ar, la obra de teatro protagonizada por David Verdaguer y Mar Ulldemolins en La Villarroel de Barcelona","data_images":"[{\"localizer\":\"V3CARTELLDISTRI\",\"url\":\"media\/ver\/cartell\/v3\/3157A\/01_085_00051488\/cartell-web-comencar-la-villarroel-teatre-barcelona.jpg\",\"thumb_url\":\"media\/ver\/cartell\/v3\/3157A\/01_085_00051488\/cartell-web-comencar-la-villarroel-teatre-barcelona_thumb.jpg\",\"title\":\"Comen\u00e7ar - La Villarroel\",\"description\":\"comen\u00e7ar a la villarroel de barcelona\",\"copyright\":\"\",\"order\":4},{\"localizer\":\"V3SLIDEDISTRI\",\"url\":\"media\/ftgalslide\/v3\/3157A\/01_086_00051489\/0-comencar-la-villarroel-teatre-barcelona.jpg\",\"thumb_url\":\"media\/ftgalslide\/v3\/3157A\/01_086_00051489\/0-comencar-la-villarroel-teatre-barcelona_thumb.jpg\",\"title\":\"Comen\u00e7ar - La Villarroel\",\"description\":\"comen\u00e7ar a la villarroel de barcelona\",\"copyright\":\"\",\"order\":5},{\"localizer\":\"V3CARTELL\",\"url\":\"media\/ver\/cartell\/v3\/3157A\/01_085_00051493\/cartell-web-comencar-teatre-la-villarroel.jpg\",\"thumb_url\":\"media\/ver\/cartell\/v3\/3157A\/01_085_00051493\/cartell-web-comencar-teatre-la-villarroel_thumb.jpg\",\"title\":\"Comen\u00e7ar - La Villarroel\",\"description\":\"comen\u00e7ar a la villarroel de barcelona\",\"copyright\":\"\",\"order\":7},{\"localizer\":\"V2CARTELL\",\"url\":\"media\/ver\/cartell\/3157D\/01_079_00051712\/cartell-web-comencar-teatre-la-villarroel.jpg\",\"thumb_url\":\"media\/ver\/cartell\/3157D\/01_079_00051712\/cartell-web-comencar-teatre-la-villarroel_thumb.jpg\",\"title\":\"Comen\u00e7ar\",\"description\":\"comen\u00e7ar la villarroel de barcelona\",\"copyright\":\"\",\"order\":9},{\"localizer\":\"V3SLIDE\",\"url\":\"media\/ftgalslide\/v3\/3157D\/01_086_00051774\/T21_comencar_005.jpg\",\"thumb_url\":\"media\/ftgalslide\/v3\/3157D\/01_086_00051774\/T21_comencar_005_thumb.jpg\",\"title\":\"Comen\u00e7ar - La Villarroel\",\"description\":\"comen\u00e7ar a la villarroel de barcelona\",\"copyright\":\"https:\/\/youtu.be\/H_XuQFd_tjY\",\"order\":9},{\"localizer\":\"V3SLIDE\",\"url\":\"media\/ftgalslide\/v3\/3157D\/01_086_00051773\/T21_comencar_015.jpg\",\"thumb_url\":\"media\/ftgalslide\/v3\/3157D\/01_086_00051773\/T21_comencar_015_thumb.jpg\",\"title\":\"Comen\u00e7ar - La Villarroel\",\"description\":\"comen\u00e7ar a la villarroel de barcelona\",\"copyright\":\"\",\"order\":10},{\"localizer\":\"V3PORTADA\",\"url\":\"media\/ver\/port\/v3\/3157F\/01_084_00051950\/portada-1-ultimas.jpg\",\"thumb_url\":\"media\/ver\/port\/v3\/3157F\/01_084_00051950\/portada-1-ultimas_thumb.jpg\",\"title\":\"Comen\u00e7ar - La Villarroel\",\"description\":\"comen\u00e7ar a la villarroel de barcelona\",\"copyright\":\"\",\"order\":12},{\"localizer\":\"V3PORTADAWIDE\",\"url\":\"media\/ver\/port\/v3wide\/3157F\/01_088_00051965\/PORTADA-0-ultimes.jpg\",\"thumb_url\":\"media\/ver\/port\/v3wide\/3157F\/01_088_00051965\/PORTADA-0-ultimes_thumb.jpg\",\"title\":\"Comen\u00e7ar - La Villarroel\",\"description\":\"comen\u00e7ar al teatre la villarroel de barcelona\",\"copyright\":\"\",\"order\":14}]","material__texto_intro":"","data_material":null,"data_gallery":"","data_discounts":"[]","contract_is_open":false,"in_tour":false,"foreign_production":false,"tour_end_date":"00010101000000"},"yoast_head":"<!-- This site is optimized with the Yoast SEO plugin v27.5 - https:\/\/yoast.com\/product\/yoast-seo-wordpress\/ -->\n<title>Comen\u00e7ar - Focus<\/title>\n<meta name=\"robots\" content=\"index, follow, max-snippet:-1, max-image-preview:large, max-video-preview:-1\" \/>\n<link rel=\"canonical\" href=\"https:\/\/www.focus.cat\/ex\/comencar\/\" \/>\n<meta property=\"og:locale\" content=\"ca_ES\" \/>\n<meta property=\"og:type\" content=\"article\" \/>\n<meta property=\"og:title\" content=\"Comen\u00e7ar - Focus\" \/>\n<meta property=\"og:url\" content=\"https:\/\/www.focus.cat\/es\/ex\/comencar\/\" \/>\n<meta property=\"og:site_name\" content=\"Focus\" \/>\n<meta property=\"article:modified_time\" content=\"2022-11-21T11:43:54+00:00\" \/>\n<meta name=\"twitter:card\" content=\"summary_large_image\" \/>\n<script type=\"application\/ld+json\" class=\"yoast-schema-graph\">{\"@context\":\"https:\\\/\\\/schema.org\",\"@graph\":[{\"@type\":\"WebPage\",\"@id\":\"https:\\\/\\\/www.focus.cat\\\/es\\\/ex\\\/comencar\\\/\",\"url\":\"https:\\\/\\\/www.focus.cat\\\/es\\\/ex\\\/comencar\\\/\",\"name\":\"Comen\u00e7ar - Focus\",\"isPartOf\":{\"@id\":\"https:\\\/\\\/www.focus.cat\\\/#website\"},\"datePublished\":\"2022-05-12T11:15:48+00:00\",\"dateModified\":\"2022-11-21T11:43:54+00:00\",\"breadcrumb\":{\"@id\":\"https:\\\/\\\/www.focus.cat\\\/es\\\/ex\\\/comencar\\\/#breadcrumb\"},\"inLanguage\":\"ca\",\"potentialAction\":[{\"@type\":\"ReadAction\",\"target\":[\"https:\\\/\\\/www.focus.cat\\\/es\\\/ex\\\/comencar\\\/\"]}]},{\"@type\":\"BreadcrumbList\",\"@id\":\"https:\\\/\\\/www.focus.cat\\\/es\\\/ex\\\/comencar\\\/#breadcrumb\",\"itemListElement\":[{\"@type\":\"ListItem\",\"position\":1,\"name\":\"Espectacles\",\"item\":\"https:\\\/\\\/www.focus.cat\\\/ex\\\/\"},{\"@type\":\"ListItem\",\"position\":2,\"name\":\"Comen\u00e7ar\"}]},{\"@type\":\"WebSite\",\"@id\":\"https:\\\/\\\/www.focus.cat\\\/#website\",\"url\":\"https:\\\/\\\/www.focus.cat\\\/\",\"name\":\"Focus\",\"description\":\"\",\"publisher\":{\"@id\":\"https:\\\/\\\/www.focus.cat\\\/#organization\"},\"potentialAction\":[{\"@type\":\"SearchAction\",\"target\":{\"@type\":\"EntryPoint\",\"urlTemplate\":\"https:\\\/\\\/www.focus.cat\\\/?s={search_term_string}\"},\"query-input\":{\"@type\":\"PropertyValueSpecification\",\"valueRequired\":true,\"valueName\":\"search_term_string\"}}],\"inLanguage\":\"ca\"},{\"@type\":\"Organization\",\"@id\":\"https:\\\/\\\/www.focus.cat\\\/#organization\",\"name\":\"Focus\",\"url\":\"https:\\\/\\\/www.focus.cat\\\/\",\"logo\":{\"@type\":\"ImageObject\",\"inLanguage\":\"ca\",\"@id\":\"https:\\\/\\\/www.focus.cat\\\/#\\\/schema\\\/logo\\\/image\\\/\",\"url\":\"https:\\\/\\\/www.focus.cat\\\/wp-content\\\/uploads\\\/2022\\\/01\\\/logo-focus-any-35.svg\",\"contentUrl\":\"https:\\\/\\\/www.focus.cat\\\/wp-content\\\/uploads\\\/2022\\\/01\\\/logo-focus-any-35.svg\",\"width\":1,\"height\":1,\"caption\":\"Focus\"},\"image\":{\"@id\":\"https:\\\/\\\/www.focus.cat\\\/#\\\/schema\\\/logo\\\/image\\\/\"}}]}<\/script>\n<!-- \/ Yoast SEO plugin. -->","yoast_head_json":{"title":"Comen\u00e7ar - Focus","robots":{"index":"index","follow":"follow","max-snippet":"max-snippet:-1","max-image-preview":"max-image-preview:large","max-video-preview":"max-video-preview:-1"},"canonical":"https:\/\/www.focus.cat\/ex\/comencar\/","og_locale":"ca_ES","og_type":"article","og_title":"Comen\u00e7ar - Focus","og_url":"https:\/\/www.focus.cat\/es\/ex\/comencar\/","og_site_name":"Focus","article_modified_time":"2022-11-21T11:43:54+00:00","twitter_card":"summary_large_image","schema":{"@context":"https:\/\/schema.org","@graph":[{"@type":"WebPage","@id":"https:\/\/www.focus.cat\/es\/ex\/comencar\/","url":"https:\/\/www.focus.cat\/es\/ex\/comencar\/","name":"Comen\u00e7ar - Focus","isPartOf":{"@id":"https:\/\/www.focus.cat\/#website"},"datePublished":"2022-05-12T11:15:48+00:00","dateModified":"2022-11-21T11:43:54+00:00","breadcrumb":{"@id":"https:\/\/www.focus.cat\/es\/ex\/comencar\/#breadcrumb"},"inLanguage":"ca","potentialAction":[{"@type":"ReadAction","target":["https:\/\/www.focus.cat\/es\/ex\/comencar\/"]}]},{"@type":"BreadcrumbList","@id":"https:\/\/www.focus.cat\/es\/ex\/comencar\/#breadcrumb","itemListElement":[{"@type":"ListItem","position":1,"name":"Espectacles","item":"https:\/\/www.focus.cat\/ex\/"},{"@type":"ListItem","position":2,"name":"Comen\u00e7ar"}]},{"@type":"WebSite","@id":"https:\/\/www.focus.cat\/#website","url":"https:\/\/www.focus.cat\/","name":"Focus","description":"","publisher":{"@id":"https:\/\/www.focus.cat\/#organization"},"potentialAction":[{"@type":"SearchAction","target":{"@type":"EntryPoint","urlTemplate":"https:\/\/www.focus.cat\/?s={search_term_string}"},"query-input":{"@type":"PropertyValueSpecification","valueRequired":true,"valueName":"search_term_string"}}],"inLanguage":"ca"},{"@type":"Organization","@id":"https:\/\/www.focus.cat\/#organization","name":"Focus","url":"https:\/\/www.focus.cat\/","logo":{"@type":"ImageObject","inLanguage":"ca","@id":"https:\/\/www.focus.cat\/#\/schema\/logo\/image\/","url":"https:\/\/www.focus.cat\/wp-content\/uploads\/2022\/01\/logo-focus-any-35.svg","contentUrl":"https:\/\/www.focus.cat\/wp-content\/uploads\/2022\/01\/logo-focus-any-35.svg","width":1,"height":1,"caption":"Focus"},"image":{"@id":"https:\/\/www.focus.cat\/#\/schema\/logo\/image\/"}}]}},"translations":[{"id":7413,"locale":"ca"},{"id":7414,"locale":"es"},{"id":7415,"locale":"en"}],"_links":{"self":[{"href":"https:\/\/www.focus.cat\/wp-json\/wp\/v2\/ex\/7414","targetHints":{"allow":["GET"]}}],"collection":[{"href":"https:\/\/www.focus.cat\/wp-json\/wp\/v2\/ex"}],"about":[{"href":"https:\/\/www.focus.cat\/wp-json\/wp\/v2\/types\/ex"}],"author":[{"embeddable":true,"href":"https:\/\/www.focus.cat\/wp-json\/wp\/v2\/users\/5"}],"replies":[{"embeddable":true,"href":"https:\/\/www.focus.cat\/wp-json\/wp\/v2\/comments?post=7414"}],"wp:attachment":[{"href":"https:\/\/www.focus.cat\/wp-json\/wp\/v2\/media?parent=7414"}],"wp:term":[{"taxonomy":"location","embeddable":true,"href":"https:\/\/www.focus.cat\/wp-json\/wp\/v2\/location?post=7414"}],"curies":[{"name":"wp","href":"https:\/\/api.w.org\/{rel}","templated":true}]}}