{"id":8260,"date":"2022-05-24T10:48:33","date_gmt":"2022-05-24T10:48:33","guid":{"rendered":"https:\/\/www.focus.cat\/ex\/el-pare-de-la-nuvia-2\/"},"modified":"2022-11-29T13:10:59","modified_gmt":"2022-11-29T13:10:59","slug":"el-pare-de-la-nuvia-2","status":"publish","type":"ex","link":"https:\/\/www.focus.cat\/es\/ex\/el-pare-de-la-nuvia-2\/","title":{"rendered":"El pare de la n\u00favia"},"content":{"rendered":"","protected":false},"excerpt":{"rendered":"","protected":false},"author":5,"featured_media":0,"comment_status":"closed","ping_status":"closed","template":"","location":[],"class_list":["post-8260","ex","type-ex","status-publish","hentry"],"acf":{"txt_synopsis":"<p>Francesc Ramon Pujols-Pinyol, maestro galletero y art\u00edfice de la marca global de las Galletas Pujols-Pinyol, est\u00e1 de enhorabuena. Meritxell, su \u00fanica hija, est\u00e1 a punto de casarse con Bernat, un chico como es debido y que es el ojito derecho de Francesc Ramon. El yerno ideal.<\/p>\r\n<p>Llevado por la emoci\u00f3n, Francesc Ramon ha organizado el bodorrio del siglo. Ha invitado a amigos, conocidos y desconocidos, ha contratado a la mejor compa\u00f1\u00eda de circo para los ni\u00f1os, a la orquesta sinf\u00f3nica m\u00e1s importante del pa\u00eds para amenizar la velada, y a la empresa de pirotecnia m\u00e1s puntera para la traca final.<\/p>\r\n<p>Pero todo da un giro inesperado cuando, el d\u00eda antes de la boda, Francesc Ramon descubre con espanto que la madre de su futuro yerno fue una antigua amante y que dio a luz a Bernat nuevo meses despu\u00e9s de su \u00faltima infidelidad\u2026 La peor pesadilla de Francesc Ramon est\u00e1 a punto de hacerse realidad: \u00bfy si resulta que los novios tambi\u00e9n son hermanos?<\/p>","main_buy_link":"","main_buy_links":"","show_language":"Espect\u00e1culo en catal\u00e1n","show_duration":"105","txt_genre":"COM\u00c8DIA","show_start_date":"20201216000000","show_end_date":"20210131000000","show_sort_date":"20201130000000","txt_custom_show_dates":"del 16 de diciembre de 2020 al 31 de enero de 2021 ","txt_additional_info":"","txt_present":"","txt_season":"[\"2020\/21\"]","txt_cycle":"","txt_claim":"Francesc-Ramon Pujols-Pinyol, maestro galletero, est\u00e1 de enhorabuena. Meritxell, su \u00fanica hija, est\u00e1 a punto de casarse con Bernat, el yerno ideal. Pero... \u00bfy si resulta que los novios tambi\u00e9n son hermanos?","txt_cast_excerpt":"","txt_cast":"<p>De: <strong>Joel Joan y H\u00e8ctor Claramunt<\/strong> <br \/>Direcci\u00f3n: <strong>Joel Joan<\/strong><br \/>Int\u00e9rpretes: <strong>Joan Pera, <\/strong><strong>David Olivares<\/strong><strong>, Maife Gil, Anna Carre\u00f1o, Oriol Casals, Josep Sobrevals y Sergi Vall\u00e9s.<\/strong> <\/p>\r\n<p>Escenograf\u00eda: <strong>Marc Salicr\u00fa Con la colaboraci\u00f3n de Merc\u00e8 Lucchetti<\/strong><br \/>Vestuario: <strong>Ariadna Juli\u00e0<\/strong><br \/>Iluminaci\u00f3n: <strong>Ignasi Camprodon<\/strong> <br \/>M\u00fasica: <strong>Xavier Capellas<\/strong><br \/>Espacio sonoro: <strong>Jordi Ballb\u00e9<\/strong><br \/>Caracterizaci\u00f3n: <strong>Imma Capell<\/strong><br \/>Ayudante de direcci\u00f3n: <strong>Marcel Sol\u00e9<\/strong><br \/>Ayudante de escenograf\u00eda: <strong>Paula Gonz\u00e1lez<\/strong><\/p>\r\n<p>Direcci\u00f3n de producci\u00f3n: <strong>Maite Pijuan<\/strong><br \/>Jefa de producci\u00f3n: <strong>Marina Vilardell<\/strong><br \/>Producci\u00f3n ejecutiva: <strong>Raquel Do\u00f1oro<\/strong><br \/>Director oficina t\u00e9cnica: <strong>Moi Cuenca<\/strong><br \/>Oficina t\u00e9cnica: <strong>David Ruiz<\/strong><\/p>\r\n<p>Regidor\u00eda: <strong>Blai Pera<\/strong><br \/>Sastrer\u00eda: <strong>To\u00f1i Chamorro<\/strong><\/p>\r\n<p>Jefe t\u00e9cnico del Teatro y operador de sonido: <strong>Jordi Ballb\u00e9<\/strong><br \/>Operador de luces: <strong>V\u00edctor C\u00e1rdenas<\/strong><br \/>Microfonista: <strong>V\u00edctor Bartolom\u00e9<\/strong><br \/>Practiques de vestuario: <strong>Sara L\u00f3pez (IDEP)<\/strong><\/p>\r\n<p>Construcci\u00f3n de escenograf\u00eda: <strong>Pascualin Estructures<\/strong><br \/>Atrezzo:&nbsp; <strong>Estudi-Taller d\u2019escenografia Jorba-Mir\u00f3, Roger Pablo, Chopinart, Pedrotoolart, Xavi Valls (n9u tr3s), David Ruano<br \/><\/strong>Confeccion ciclorama: <strong>Marc Mart\u00ed<\/strong> <br \/>Creaci\u00f3n y confecci\u00f3n vestidos Novios: <strong>Jordi Dalmau<br \/><\/strong><br \/>Prensa: <strong>Albert L\u00f3pez y Judit Hern\u00e1ndez<\/strong><br \/>M\u00e1rquetin y comunicaci\u00f3n <strong>Publispec<\/strong><br \/>Reportaje Fotogr\u00e1fico:&nbsp; <strong>David Ruano<\/strong><br \/>Dise\u00f1o gr\u00e1fico: <strong>Santi&Kco<\/strong><\/p>\r\n<p>Una producci\u00f3n de <strong>Focus y Verteatro<\/strong><\/p>\r\n<p>Agradecimientos: <strong>Blai Pera, Laia Alberch.<\/strong><\/p>\r\n<p>COLABORADORES: <br \/><strong>MONTIBELLO, JORGE DE LA GARZA, AMANTIS<\/strong>&nbsp; <\/p>","txt_reviews":"Jos\u00e9 Carlos Sorribes|El Peri\u00f3dico|\u201cPera torna a demostrar que \u00e9s capa\u00e7 de provocar el riure de l\u2019espectador fins i tot quan badalla.\u201d\r\nSanti Fondevila|Time Out|\u201cAtenci\u00f3 amb el duo amb Pep Sa\u00eds que augura una nova i estranya parella.\u201d","hashtag":"elparedelan\u00favia","have_promo":"","slogan":"","id_exhibicio":1757,"id_versio":1370,"id_local":3,"txt_seo_desc":"El Pare de la N\u00favia de Joel Joan y H\u00e8ctor Claramunt con Joan Pera en el Teatro Condal de Barcelona","data_images":"[{\"localizer\":\"V3SLIDE\",\"url\":\"media\/ftgalslide\/v3\/3151C\/01_086_00050938\/t_pare_003_f_134.JPG\",\"thumb_url\":\"media\/ftgalslide\/v3\/3151C\/01_086_00050938\/t_pare_003_f_134_thumb.jpg\",\"title\":\"El Pare de la N\u00favia - Teatre Condal\",\"description\":\"el pare de la nuvia al teatre condal de barcelona\",\"copyright\":\"https:\/\/youtu.be\/IF3IawvsGeg\",\"order\":1},{\"localizer\":\"V3SLIDEDISTRI\",\"url\":\"media\/ftgalslide\/v3\/31517\/01_086_00050561\/t_pare_035_v1.JPG\",\"thumb_url\":\"media\/ftgalslide\/v3\/31517\/01_086_00050561\/t_pare_035_v1_thumb.jpg\",\"title\":\"El Pare de la N\u00favia - Teatre Condal\",\"description\":\"l pare de la nuvia al teatre condal de barcelona\",\"copyright\":\"\",\"order\":1},{\"localizer\":\"V3CARTELLDISTRI\",\"url\":\"media\/ver\/cartell\/v3\/314B2\/01_085_00048306\/nou-cartell-gira-el-pare-de-la-nuvia-focus-distribucio.jpg\",\"thumb_url\":\"media\/ver\/cartell\/v3\/314B2\/01_085_00048306\/nou-cartell-gira-el-pare-de-la-nuvia-focus-distribucio_thumb.jpg\",\"title\":\"El pare de la n\u00favia\",\"description\":\"el pare de la n\u00favia focus distribuci\u00f3n\",\"copyright\":\"\",\"order\":3},{\"localizer\":\"V2CARTELLDISTRI\",\"url\":\"media\/cartell\/distrib\/314B2\/01_082_00048455\/cartell-gira-el-pare-de-la-nuvia.jpg\",\"thumb_url\":\"media\/cartell\/distrib\/314B2\/01_082_00048455\/cartell-gira-el-pare-de-la-nuvia_thumb.jpg\",\"title\":\"El pare de la n\u00favia\",\"description\":\"El pare de la n\u00favia\",\"copyright\":\"\",\"order\":8},{\"localizer\":\"V2SLIDE\",\"url\":\"media\/ftgalslide\/314B2\/01_076_00048457\/el-pare-de-la-nuvia-focus-distribucio-2.jpg\",\"thumb_url\":\"media\/ftgalslide\/314B2\/01_076_00048457\/el-pare-de-la-nuvia-focus-distribucio-2_thumb.jpg\",\"title\":\"El pare de la n\u00favia\",\"description\":\"El pare de la n\u00favia\",\"copyright\":\"\",\"order\":10},{\"localizer\":\"V3SLIDE\",\"url\":\"media\/ftgalslide\/v3\/314B6\/01_086_00049600\/t_pare_011_f_071.jpg\",\"thumb_url\":\"media\/ftgalslide\/v3\/314B6\/01_086_00049600\/t_pare_011_f_071_thumb.jpg\",\"title\":\"El Pare de la N\u00favia - Teatre Condal\",\"description\":\"el pare de la nuvia al teatre condal de barcelona\",\"copyright\":\"\",\"order\":16},{\"localizer\":\"V3SLIDE\",\"url\":\"media\/ftgalslide\/v3\/314B6\/01_086_00049601\/t_pare_035_f_042.jpg\",\"thumb_url\":\"media\/ftgalslide\/v3\/314B6\/01_086_00049601\/t_pare_035_f_042_thumb.jpg\",\"title\":\"El Pare de la N\u00favia - Teatre Condal\",\"description\":\"el pare de la nuvia al teatre condal de barcelona\",\"copyright\":\"\",\"order\":17},{\"localizer\":\"V3SLIDE\",\"url\":\"media\/ftgalslide\/v3\/314B6\/01_086_00049602\/t_pare_039_f_064.jpg\",\"thumb_url\":\"media\/ftgalslide\/v3\/314B6\/01_086_00049602\/t_pare_039_f_064_thumb.jpg\",\"title\":\"El Pare de la N\u00favia - Teatre Condal\",\"description\":\"el pare de la nuvia al teatre condal de barcelona\",\"copyright\":\"\",\"order\":18},{\"localizer\":\"V3SLIDE\",\"url\":\"media\/ftgalslide\/v3\/314B6\/01_086_00049603\/t_pare_049_f_098.jpg\",\"thumb_url\":\"media\/ftgalslide\/v3\/314B6\/01_086_00049603\/t_pare_049_f_098_thumb.jpg\",\"title\":\"El Pare de la N\u00favia - Teatre Condal\",\"description\":\"el pare de la nuvia al teatre condal de barcelona\",\"copyright\":\"\",\"order\":19},{\"localizer\":\"V3SLIDE\",\"url\":\"media\/ftgalslide\/v3\/314B6\/01_086_00049604\/t_pare_062_f_143.jpg\",\"thumb_url\":\"media\/ftgalslide\/v3\/314B6\/01_086_00049604\/t_pare_062_f_143_thumb.jpg\",\"title\":\"El Pare de la N\u00favia - Teatre Condal\",\"description\":\"el pare de la nuvia al teatre condal de barcelona\",\"copyright\":\"\",\"order\":20},{\"localizer\":\"V3SLIDE\",\"url\":\"media\/ftgalslide\/v3\/314B6\/01_086_00049605\/t_pare_133_f_117.jpg\",\"thumb_url\":\"media\/ftgalslide\/v3\/314B6\/01_086_00049605\/t_pare_133_f_117_thumb.jpg\",\"title\":\"El Pare de la N\u00favia - Teatre Condal\",\"description\":\"el pare de la nuvia al teatre condal de barcelona\",\"copyright\":\"\",\"order\":21},{\"localizer\":\"V3SLIDEDISTRI\",\"url\":\"media\/ftgalslide\/v3\/31517\/01_086_00050550\/t_pare_003_f_134.JPG\",\"thumb_url\":\"media\/ftgalslide\/v3\/31517\/01_086_00050550\/t_pare_003_f_134_thumb.jpg\",\"title\":\"El Pare de la N\u00favia - Teatre Condal\",\"description\":\"el pare de la nuvia del teatre condal de barcelona a focus distribucio\",\"copyright\":\"\",\"order\":35},{\"localizer\":\"V3SLIDEDISTRI\",\"url\":\"media\/ftgalslide\/v3\/31517\/01_086_00050551\/t_pare_011_f_071.JPG\",\"thumb_url\":\"media\/ftgalslide\/v3\/31517\/01_086_00050551\/t_pare_011_f_071_thumb.jpg\",\"title\":\"El Pare de la N\u00favia - Teatre Condal\",\"description\":\"el pare de la nuvia del teatre condal de barcelona a focus distribucio\",\"copyright\":\"\",\"order\":36},{\"localizer\":\"V3SLIDEDISTRI\",\"url\":\"media\/ftgalslide\/v3\/31517\/01_086_00050552\/t_pare_035_f_042.JPG\",\"thumb_url\":\"media\/ftgalslide\/v3\/31517\/01_086_00050552\/t_pare_035_f_042_thumb.jpg\",\"title\":\"El Pare de la N\u00favia - Teatre Condal\",\"description\":\"el pare de la nuvia del teatre condal de barcelona a focus distribucio\",\"copyright\":\"\",\"order\":37},{\"localizer\":\"V3SLIDEDISTRI\",\"url\":\"media\/ftgalslide\/v3\/31517\/01_086_00050553\/t_pare_049_f_098.JPG\",\"thumb_url\":\"media\/ftgalslide\/v3\/31517\/01_086_00050553\/t_pare_049_f_098_thumb.jpg\",\"title\":\"El Pare de la N\u00favia - Teatre Condal\",\"description\":\"el pare de la nuvia del teatre condal de barcelona a focus distribucio\",\"copyright\":\"\",\"order\":38},{\"localizer\":\"V3SLIDEDISTRI\",\"url\":\"media\/ftgalslide\/v3\/31517\/01_086_00050554\/t_pare_145_f_006.JPG\",\"thumb_url\":\"media\/ftgalslide\/v3\/31517\/01_086_00050554\/t_pare_145_f_006_thumb.jpg\",\"title\":\"El Pare de la N\u00favia - Teatre Condal\",\"description\":\"el pare de la nuvia del teatre condal de barcelona a focus distribucio\",\"copyright\":\"\",\"order\":39},{\"localizer\":\"V3PORTADAWIDE\",\"url\":\"media\/ver\/port\/v3wide\/31575\/01_088_00051008\/0-el-pare-de-la-nuvia-teatre-condal-ultimes-funcions.jpg\",\"thumb_url\":\"media\/ver\/port\/v3wide\/31575\/01_088_00051008\/0-el-pare-de-la-nuvia-teatre-condal-ultimes-funcions_thumb.jpg\",\"title\":\"El Pare de la N\u00favia - Teatre Condal\",\"description\":\"el pare de la nuvia al teatre condal de barcelona\",\"copyright\":\"\",\"order\":57},{\"localizer\":\"V3PORTADA\",\"url\":\"media\/ver\/port\/v3\/31575\/01_084_00051009\/1-el-pare-de-la-nuvia-_teatre-condal-barcelona-ultimes-funcions.jpg\",\"thumb_url\":\"media\/ver\/port\/v3\/31575\/01_084_00051009\/1-el-pare-de-la-nuvia-_teatre-condal-barcelona-ultimes-funcions_thumb.jpg\",\"title\":\"El Pare de la N\u00favia - Teatre Condal\",\"description\":\"el pare de la nuvia al teatre condal de barcelona\",\"copyright\":\"\",\"order\":58},{\"localizer\":\"V3CARTELL\",\"url\":\"media\/ver\/cartell\/v3\/31575\/01_085_00051010\/cartell-web-el-pare-de-la-nuvia-teatre-condal-ultimes-funcions.jpg\",\"thumb_url\":\"media\/ver\/cartell\/v3\/31575\/01_085_00051010\/cartell-web-el-pare-de-la-nuvia-teatre-condal-ultimes-funcions_thumb.jpg\",\"title\":\"El Pare de la N\u00favia - Teatre Condal\",\"description\":\"el pare de la nuvia al teatre condal de barcelona\",\"copyright\":\"\",\"order\":59},{\"localizer\":\"V2CARTELL\",\"url\":\"media\/ver\/cartell\/31575\/01_079_00051011\/cartell-web-el-pare-de-la-nuvia-teatre-condal-ultimes-funcions.jpg\",\"thumb_url\":\"media\/ver\/cartell\/31575\/01_079_00051011\/cartell-web-el-pare-de-la-nuvia-teatre-condal-ultimes-funcions_thumb.jpg\",\"title\":\"El Pare de la N\u00favia - Teatre Condal\",\"description\":\"el pare de la nuvia al teatre condal de barcelona\",\"copyright\":\"\",\"order\":60}]","material__texto_intro":"","data_material":null,"data_gallery":"","data_discounts":"[]","contract_is_open":false,"in_tour":false,"foreign_production":false,"tour_end_date":"00010101000000"},"yoast_head":"<!-- This site is optimized with the Yoast SEO plugin v27.5 - https:\/\/yoast.com\/product\/yoast-seo-wordpress\/ -->\n<title>El pare de la n\u00favia - Focus<\/title>\n<meta name=\"robots\" content=\"index, follow, max-snippet:-1, max-image-preview:large, max-video-preview:-1\" \/>\n<link rel=\"canonical\" href=\"https:\/\/www.focus.cat\/ex\/el-pare-de-la-nuvia-2\/\" \/>\n<meta property=\"og:locale\" content=\"ca_ES\" \/>\n<meta property=\"og:type\" content=\"article\" \/>\n<meta property=\"og:title\" content=\"El pare de la n\u00favia - Focus\" \/>\n<meta property=\"og:url\" content=\"https:\/\/www.focus.cat\/es\/ex\/el-pare-de-la-nuvia-2\/\" \/>\n<meta property=\"og:site_name\" content=\"Focus\" \/>\n<meta property=\"article:modified_time\" content=\"2022-11-29T13:10:59+00:00\" \/>\n<meta name=\"twitter:card\" content=\"summary_large_image\" \/>\n<script type=\"application\/ld+json\" class=\"yoast-schema-graph\">{\"@context\":\"https:\\\/\\\/schema.org\",\"@graph\":[{\"@type\":\"WebPage\",\"@id\":\"https:\\\/\\\/www.focus.cat\\\/es\\\/ex\\\/el-pare-de-la-nuvia-2\\\/\",\"url\":\"https:\\\/\\\/www.focus.cat\\\/es\\\/ex\\\/el-pare-de-la-nuvia-2\\\/\",\"name\":\"El pare de la n\u00favia - Focus\",\"isPartOf\":{\"@id\":\"https:\\\/\\\/www.focus.cat\\\/#website\"},\"datePublished\":\"2022-05-24T10:48:33+00:00\",\"dateModified\":\"2022-11-29T13:10:59+00:00\",\"breadcrumb\":{\"@id\":\"https:\\\/\\\/www.focus.cat\\\/es\\\/ex\\\/el-pare-de-la-nuvia-2\\\/#breadcrumb\"},\"inLanguage\":\"ca\",\"potentialAction\":[{\"@type\":\"ReadAction\",\"target\":[\"https:\\\/\\\/www.focus.cat\\\/es\\\/ex\\\/el-pare-de-la-nuvia-2\\\/\"]}]},{\"@type\":\"BreadcrumbList\",\"@id\":\"https:\\\/\\\/www.focus.cat\\\/es\\\/ex\\\/el-pare-de-la-nuvia-2\\\/#breadcrumb\",\"itemListElement\":[{\"@type\":\"ListItem\",\"position\":1,\"name\":\"Espectacles\",\"item\":\"https:\\\/\\\/www.focus.cat\\\/ex\\\/\"},{\"@type\":\"ListItem\",\"position\":2,\"name\":\"El pare de la n\u00favia\"}]},{\"@type\":\"WebSite\",\"@id\":\"https:\\\/\\\/www.focus.cat\\\/#website\",\"url\":\"https:\\\/\\\/www.focus.cat\\\/\",\"name\":\"Focus\",\"description\":\"\",\"publisher\":{\"@id\":\"https:\\\/\\\/www.focus.cat\\\/#organization\"},\"potentialAction\":[{\"@type\":\"SearchAction\",\"target\":{\"@type\":\"EntryPoint\",\"urlTemplate\":\"https:\\\/\\\/www.focus.cat\\\/?s={search_term_string}\"},\"query-input\":{\"@type\":\"PropertyValueSpecification\",\"valueRequired\":true,\"valueName\":\"search_term_string\"}}],\"inLanguage\":\"ca\"},{\"@type\":\"Organization\",\"@id\":\"https:\\\/\\\/www.focus.cat\\\/#organization\",\"name\":\"Focus\",\"url\":\"https:\\\/\\\/www.focus.cat\\\/\",\"logo\":{\"@type\":\"ImageObject\",\"inLanguage\":\"ca\",\"@id\":\"https:\\\/\\\/www.focus.cat\\\/#\\\/schema\\\/logo\\\/image\\\/\",\"url\":\"https:\\\/\\\/www.focus.cat\\\/wp-content\\\/uploads\\\/2022\\\/01\\\/logo-focus-any-35.svg\",\"contentUrl\":\"https:\\\/\\\/www.focus.cat\\\/wp-content\\\/uploads\\\/2022\\\/01\\\/logo-focus-any-35.svg\",\"width\":1,\"height\":1,\"caption\":\"Focus\"},\"image\":{\"@id\":\"https:\\\/\\\/www.focus.cat\\\/#\\\/schema\\\/logo\\\/image\\\/\"}}]}<\/script>\n<!-- \/ Yoast SEO plugin. -->","yoast_head_json":{"title":"El pare de la n\u00favia - Focus","robots":{"index":"index","follow":"follow","max-snippet":"max-snippet:-1","max-image-preview":"max-image-preview:large","max-video-preview":"max-video-preview:-1"},"canonical":"https:\/\/www.focus.cat\/ex\/el-pare-de-la-nuvia-2\/","og_locale":"ca_ES","og_type":"article","og_title":"El pare de la n\u00favia - Focus","og_url":"https:\/\/www.focus.cat\/es\/ex\/el-pare-de-la-nuvia-2\/","og_site_name":"Focus","article_modified_time":"2022-11-29T13:10:59+00:00","twitter_card":"summary_large_image","schema":{"@context":"https:\/\/schema.org","@graph":[{"@type":"WebPage","@id":"https:\/\/www.focus.cat\/es\/ex\/el-pare-de-la-nuvia-2\/","url":"https:\/\/www.focus.cat\/es\/ex\/el-pare-de-la-nuvia-2\/","name":"El pare de la n\u00favia - Focus","isPartOf":{"@id":"https:\/\/www.focus.cat\/#website"},"datePublished":"2022-05-24T10:48:33+00:00","dateModified":"2022-11-29T13:10:59+00:00","breadcrumb":{"@id":"https:\/\/www.focus.cat\/es\/ex\/el-pare-de-la-nuvia-2\/#breadcrumb"},"inLanguage":"ca","potentialAction":[{"@type":"ReadAction","target":["https:\/\/www.focus.cat\/es\/ex\/el-pare-de-la-nuvia-2\/"]}]},{"@type":"BreadcrumbList","@id":"https:\/\/www.focus.cat\/es\/ex\/el-pare-de-la-nuvia-2\/#breadcrumb","itemListElement":[{"@type":"ListItem","position":1,"name":"Espectacles","item":"https:\/\/www.focus.cat\/ex\/"},{"@type":"ListItem","position":2,"name":"El pare de la n\u00favia"}]},{"@type":"WebSite","@id":"https:\/\/www.focus.cat\/#website","url":"https:\/\/www.focus.cat\/","name":"Focus","description":"","publisher":{"@id":"https:\/\/www.focus.cat\/#organization"},"potentialAction":[{"@type":"SearchAction","target":{"@type":"EntryPoint","urlTemplate":"https:\/\/www.focus.cat\/?s={search_term_string}"},"query-input":{"@type":"PropertyValueSpecification","valueRequired":true,"valueName":"search_term_string"}}],"inLanguage":"ca"},{"@type":"Organization","@id":"https:\/\/www.focus.cat\/#organization","name":"Focus","url":"https:\/\/www.focus.cat\/","logo":{"@type":"ImageObject","inLanguage":"ca","@id":"https:\/\/www.focus.cat\/#\/schema\/logo\/image\/","url":"https:\/\/www.focus.cat\/wp-content\/uploads\/2022\/01\/logo-focus-any-35.svg","contentUrl":"https:\/\/www.focus.cat\/wp-content\/uploads\/2022\/01\/logo-focus-any-35.svg","width":1,"height":1,"caption":"Focus"},"image":{"@id":"https:\/\/www.focus.cat\/#\/schema\/logo\/image\/"}}]}},"translations":[{"id":8259,"locale":"ca"},{"id":8260,"locale":"es"},{"id":8261,"locale":"en"}],"_links":{"self":[{"href":"https:\/\/www.focus.cat\/wp-json\/wp\/v2\/ex\/8260","targetHints":{"allow":["GET"]}}],"collection":[{"href":"https:\/\/www.focus.cat\/wp-json\/wp\/v2\/ex"}],"about":[{"href":"https:\/\/www.focus.cat\/wp-json\/wp\/v2\/types\/ex"}],"author":[{"embeddable":true,"href":"https:\/\/www.focus.cat\/wp-json\/wp\/v2\/users\/5"}],"replies":[{"embeddable":true,"href":"https:\/\/www.focus.cat\/wp-json\/wp\/v2\/comments?post=8260"}],"wp:attachment":[{"href":"https:\/\/www.focus.cat\/wp-json\/wp\/v2\/media?parent=8260"}],"wp:term":[{"taxonomy":"location","embeddable":true,"href":"https:\/\/www.focus.cat\/wp-json\/wp\/v2\/location?post=8260"}],"curies":[{"name":"wp","href":"https:\/\/api.w.org\/{rel}","templated":true}]}}