{"id":8263,"date":"2022-05-24T11:08:07","date_gmt":"2022-05-24T11:08:07","guid":{"rendered":"https:\/\/www.focus.cat\/ex\/una-historia-real\/"},"modified":"2022-11-28T11:06:20","modified_gmt":"2022-11-28T11:06:20","slug":"una-historia-real","status":"publish","type":"ex","link":"https:\/\/www.focus.cat\/es\/ex\/una-historia-real\/","title":{"rendered":"Una hist\u00f2ria real"},"content":{"rendered":"","protected":false},"excerpt":{"rendered":"","protected":false},"author":5,"featured_media":0,"comment_status":"closed","ping_status":"closed","template":"","location":[],"class_list":["post-8263","ex","type-ex","status-publish","hentry"],"acf":{"txt_synopsis":"Gestionar un luto no es f\u00e1cil. Pero sanar es una necesidad, una terapia beneficiosa para el alma para poder salir adelante. Cada persona encuentra su manera de llevarla a cabo, algunos lo consiguen solos y otros necesitan una peque\u00f1a ayuda externa. Pero \u00bfqu\u00e9 pasa cuando los vac\u00edos emocionales y educativos hacen que un joven busque refugio desesperadamente? \u00bfQu\u00e9 puede llevar a un joven de familia progresista a coquetear con la ultra derecha supremacista? \u00bfEs el miedo? \u00bfLa soledad? O \u00bfla carencia de referentes s\u00f3lidos?<br \/><br \/>Un adolescente que se siente desamparado e incomprendido. Un padre absorbido por su profesi\u00f3n. Un luto para gestionar. Una novela pendiente de ser publicada. Una butaca destartalada, llena de recuerdos, en medio del comedor. Un secreto que puede acabar con todo. Y al exterior, el mundo no parece ir mejor: el discurso del miedo coge fuerza, las grietas del pensamiento progresista son cada vez m\u00e1s grandes, el individualismo feroz impera. La clave es la supervivencia.","main_buy_link":"","main_buy_links":"","show_language":"Espect\u00e1culo en catal\u00e1n","show_duration":"90","txt_genre":"DRAM\u00c0TIC","show_start_date":"20191026000000","show_end_date":"20191229000000","show_sort_date":"20191026000000","txt_custom_show_dates":"del 26 de octubre al 29 de diciembre de 2019 ","txt_additional_info":"<p><i class=\"fa fa-info fa-2x fa-fw\"><\/i>&nbsp;28 de noviembre: charla postfunci\u00f3n&nbsp;con la compa\u00f1ia de <strong><em>Una hist\u00f2ria real<\/em><\/strong>. Esta actividad se enmarca en el itinerario \u201cMent Oberta\u201d de <strong>Travessia Recomana<\/strong>. <a href=\"https:\/\/www.4tickets.es\/LaVillarroel\/public\/janto\/main.php?Nivel=DetalleAforo&idSesion=0000000000153193&Idioma=ES\"><strong>Compra tu entrada<\/strong><\/a><\/p>","txt_present":"","txt_season":"[\"2019\/20\"]","txt_cycle":"","txt_claim":"Un adolescente que se siente desamparado e incomprendido. Un padre absorbido por su profesi\u00f3n. Un luto para gestionar. Una novela pendiente de ser publicada. Una butaca destartalada, llena de recuerdos, en medio del comedor. Un secreto que puede acabar con todo.","txt_cast_excerpt":"","txt_cast":"<p>Autor&nbsp;y director:<strong> Pau Mir\u00f3<br \/><br \/><\/strong>Con: <strong>Julio Manrique<\/strong>, <strong>Laura Conejero<\/strong>, <strong>Mireia Aixal\u00e0 <\/strong>i <strong>Nil Cardoner<br \/><br \/><\/strong>Escenograf\u00eda:<strong> Enric Planas<br \/><\/strong>Vestuario:<strong> Berta Riera<br \/><\/strong>Iluminaci\u00f3n:<strong> Jaume Ventura<br \/><\/strong>Espacio sonoro:<strong> Marta Folch<br \/><\/strong>Caracterizaci\u00f3n:<strong> Alicia Machin<br \/><br \/><\/strong>Direcci\u00f3n de producci\u00f3n: <strong>Maite Pijuan<br \/><\/strong>Jefa&nbsp;de producci\u00f3n:<strong> Marina Vilardell<br \/><\/strong>Producci\u00f3n ejecutiva:<strong> Maria Muntan\u00e9<br \/><\/strong>Direcci\u00f3n de oficina t\u00e9cnica: <strong>Moi Cuenca<br \/><br \/><\/strong>Ayudante de direcci\u00f3n:<strong> Tilda Espluga<br \/><\/strong>Regidor<strong>: Rub\u00e8n Homar<br \/><\/strong>Jefe t\u00e9cnico del teatro: <strong>Jaume Freixas<br \/><br \/><\/strong>Construcci\u00f3 de la escenograf\u00eda: <strong>Taller d'Escenografia Castells<\/strong><br \/>Comunicaci\u00f3n:<strong>&nbsp;L\u00eddia Gim\u00e9nez&nbsp;<\/strong>y <strong>Albert L\u00f3pez<br \/><\/strong>M\u00e1rqueting:<strong> Publispec<br \/><\/strong>Dise\u00f1o gr\u00e1fico: <strong>Santi&Kco<br \/><\/strong>Reportaje Fotogr\u00e1fico: <strong>David Ruano<br \/><br \/><\/strong>Producci\u00f3n: <strong>La Villarroel<\/strong>, <strong>Verteatro<\/strong>&nbsp;y <strong>Bit\u00f2<\/strong><br \/><\/p>","txt_reviews":"Marcos Ord\u00f3\u00f1ez|El Pa\u00eds|\"Pau Mir\u00f3 se luce de nuevo en <i>Una hist\u00f2ria real<\/i>. Deber\u00eda girar por toda  Espa\u00f1a. El reparto es fenomenal, medid\u00edsimo y muy bien dirigido.\" \r\nSanti Fondevila|Ara|\"Una de les obres m\u00e9s ambicioses de Pau Mir\u00f3. Mesurada, prec\u00edsa i emotiva.\"\r\nJordi Bordes|El Punt Avui|\u201cEl thriller mant\u00e9 l\u2019atenci\u00f3 del p\u00fablic des del primer instant.\u201d\r\nJos\u00e9 Carlos Sorribes|El Peri\u00f3dico|\u201cJulio Manrique interpreta amb resoluci\u00f3 i aplom el personatge de l\u2019escriptor.\u201d","hashtag":"UnaHist\u00f2riaReal","have_promo":"","slogan":"","id_exhibicio":1703,"id_versio":1388,"id_local":4,"txt_seo_desc":"Una hist\u00f2ria real, con Julio Manrique y Laura Conejero, bajo la direcci\u00f3n de Pau Mir\u00f3 en el Teatre La Villarroel de Barcelona.","data_images":"[{\"localizer\":\"V3SLIDEDISTRI\",\"url\":\"media\/ftgalslide\/v3\/3151A\/01_086_00050805\/una-historia-real-v3slide.jpg\",\"thumb_url\":\"media\/ftgalslide\/v3\/3151A\/01_086_00050805\/una-historia-real-v3slide_thumb.jpg\",\"title\":\"Una hist\u00f2ria real\",\"description\":\"Una hist\u00f2ria real\",\"copyright\":\"\",\"order\":1},{\"localizer\":\"V3SLIDE\",\"url\":\"media\/ftgalslide\/v3\/314B4\/01_086_00049013\/un-historia-real.jpg\",\"thumb_url\":\"media\/ftgalslide\/v3\/314B4\/01_086_00049013\/un-historia-real_thumb.jpg\",\"title\":\"Una hist\u00f2ria real - La Villarroel\",\"description\":\"una historia real teatre la villarroel barcelona\",\"copyright\":\"\",\"order\":4},{\"localizer\":\"V3SLIDE\",\"url\":\"media\/ftgalslide\/v3\/314B4\/01_086_00049004\/una-historia-real-teatre-la-villarroel-barcelona.jpg\",\"thumb_url\":\"media\/ftgalslide\/v3\/314B4\/01_086_00049004\/una-historia-real-teatre-la-villarroel-barcelona_thumb.jpg\",\"title\":\"Una hist\u00f2ria real - La Villarroel\",\"description\":\"una hist\u00f2ria real teatre la villarroel barcelona\",\"copyright\":\"\",\"order\":6},{\"localizer\":\"V2SLIDE\",\"url\":\"media\/ftgalslide\/314B4\/01_076_00049016\/un-historia-real.jpg\",\"thumb_url\":\"media\/ftgalslide\/314B4\/01_076_00049016\/un-historia-real_thumb.jpg\",\"title\":\"Una hist\u00f2ria real - La Villarroel \",\"description\":\"una historia real la villarroel barcelona\",\"copyright\":\"\",\"order\":9},{\"localizer\":\"V3CARTELL\",\"url\":\"media\/ver\/cartell\/v3\/314B6\/01_085_00049442\/Cartellweb-una-historia-real-la-villarroel-teatre-barcelona.jpg\",\"thumb_url\":\"media\/ver\/cartell\/v3\/314B6\/01_085_00049442\/Cartellweb-una-historia-real-la-villarroel-teatre-barcelona_thumb.jpg\",\"title\":\"Una hist\u00f2ria real - La Villarroel\",\"description\":\"una historia real la villarroel en barcelona\",\"copyright\":\"\",\"order\":12},{\"localizer\":\"V3SLIDE\",\"url\":\"media\/ftgalslide\/v3\/314B6\/01_086_00049597\/una-historia-real-teatre-la-villarroel-barcelona.jpg\",\"thumb_url\":\"media\/ftgalslide\/v3\/314B6\/01_086_00049597\/una-historia-real-teatre-la-villarroel-barcelona_thumb.jpg\",\"title\":\"Una hist\u00f2ria real - La Villarroel\",\"description\":\"una hist\u00f2ria real teatre la villarroel barcelona\",\"copyright\":\"\",\"order\":17},{\"localizer\":\"V3SLIDE\",\"url\":\"media\/ftgalslide\/v3\/314B6\/01_086_00049598\/una-historia-real-teatre-la-villarroel-barcelona1.jpg\",\"thumb_url\":\"media\/ftgalslide\/v3\/314B6\/01_086_00049598\/una-historia-real-teatre-la-villarroel-barcelona1_thumb.jpg\",\"title\":\"Una hist\u00f2ria real - La Villarroel\",\"description\":\"una hist\u00f2ria real teatre la villarroel barcelona\",\"copyright\":\"\",\"order\":18},{\"localizer\":\"V3SLIDE\",\"url\":\"media\/ftgalslide\/v3\/314B6\/01_086_00049599\/una-historia-real-teatre-la-villarroel-barcelona2.jpg\",\"thumb_url\":\"media\/ftgalslide\/v3\/314B6\/01_086_00049599\/una-historia-real-teatre-la-villarroel-barcelona2_thumb.jpg\",\"title\":\"Una hist\u00f2ria real - La Villarroel\",\"description\":\"una hist\u00f2ria real teatre la villarroel barcelona\",\"copyright\":\"\",\"order\":19},{\"localizer\":\"V2CARTELL\",\"url\":\"media\/ver\/cartell\/314B6\/01_079_00049698\/cartellweb-una-historia-real-la-villarroel-teatre-barcelona.jpg\",\"thumb_url\":\"media\/ver\/cartell\/314B6\/01_079_00049698\/cartellweb-una-historia-real-la-villarroel-teatre-barcelona_thumb.jpg\",\"title\":\"Una Hist\u00f2ria Real - La Villarroel\",\"description\":\"una historia real al teatre de la villarroel de barcelona\",\"copyright\":\"\",\"order\":22},{\"localizer\":\"V3SLIDEDISTRI\",\"url\":\"media\/ftgalslide\/v3\/314B8\/01_086_00049956\/t_real_002_f_010.JPG\",\"thumb_url\":\"media\/ftgalslide\/v3\/314B8\/01_086_00049956\/t_real_002_f_010_thumb.jpg\",\"title\":\"Una hist\u00f2ria real\",\"description\":\"Una hist\u00f2ria real\",\"copyright\":\"\",\"order\":44},{\"localizer\":\"V3SLIDEDISTRI\",\"url\":\"media\/ftgalslide\/v3\/314B8\/01_086_00049957\/t_real_006_f_045.JPG\",\"thumb_url\":\"media\/ftgalslide\/v3\/314B8\/01_086_00049957\/t_real_006_f_045_thumb.jpg\",\"title\":\"Una hist\u00f2ria real\",\"description\":\"Una hist\u00f2ria real\",\"copyright\":\"\",\"order\":45},{\"localizer\":\"V3SLIDEDISTRI\",\"url\":\"media\/ftgalslide\/v3\/314B8\/01_086_00049958\/t_real_014_f_030.JPG\",\"thumb_url\":\"media\/ftgalslide\/v3\/314B8\/01_086_00049958\/t_real_014_f_030_thumb.jpg\",\"title\":\"Una hist\u00f2ria real\",\"description\":\"Una hist\u00f2ria real\",\"copyright\":\"\",\"order\":46},{\"localizer\":\"V3PORTADA\",\"url\":\"media\/ver\/port\/v3\/314B8\/01_084_00049998\/1-una-historia-real-la-villarroel-teatre-barcelona-ultimes-setmanes.jpg\",\"thumb_url\":\"media\/ver\/port\/v3\/314B8\/01_084_00049998\/1-una-historia-real-la-villarroel-teatre-barcelona-ultimes-setmanes_thumb.jpg\",\"title\":\"Una hist\u00f2ria real - La Villarroel\",\"description\":\"una historia real al teatre la villarroel de barcelona\",\"copyright\":\"\",\"order\":50},{\"localizer\":\"V3PORTADAWIDE\",\"url\":\"media\/ver\/port\/v3wide\/314B8\/01_088_00050055\/0-una-historia-real-la-villarroel-teatre-barcelona-ultimes-funcions-regala.jpg\",\"thumb_url\":\"media\/ver\/port\/v3wide\/314B8\/01_088_00050055\/0-una-historia-real-la-villarroel-teatre-barcelona-ultimes-funcions-regala_thumb.jpg\",\"title\":\"Una hist\u00f2ria real - La Villarroel\",\"description\":\"una hist\u00f2ria real teatre la villarroel barcelona\",\"copyright\":\"\",\"order\":51},{\"localizer\":\"V3CARTELLDISTRI\",\"url\":\"media\/ver\/cartell\/v3\/31513\/01_085_00050451\/cartell-bolos-a3-722x1030.jpg\",\"thumb_url\":\"media\/ver\/cartell\/v3\/31513\/01_085_00050451\/cartell-bolos-a3-722x1030_thumb.jpg\",\"title\":\"Una hist\u00f2ria real - Focus Distribuci\u00f3\",\"description\":\"una historia real a focus distribucio giras\",\"copyright\":\"\",\"order\":54},{\"localizer\":\"V2CARTELLDISTRI\",\"url\":\"media\/cartell\/distrib\/31513\/01_082_00050452\/cartell-bolos-a3-722x1030.jpg\",\"thumb_url\":\"media\/cartell\/distrib\/31513\/01_082_00050452\/cartell-bolos-a3-722x1030_thumb.jpg\",\"title\":\"Una hist\u00f2ria real - Focus Distribuci\u00f3\",\"description\":\"una historia real a focus distribucio giras\",\"copyright\":\"\",\"order\":55}]","material__texto_intro":"","data_material":null,"data_gallery":"","data_discounts":"[{\"InfoAddicional\":\"<p><strong>Descuentos para particulares<br \/><\/strong><\/p>\",\"Url\":\"vip.promentrada.com\/es\/product\/{#CODI#}\",\"Codi\":\"https:\/\/vip.promentrada.com\/ca\/product\/3370\",\"LogoUrl\":\"media\/fimage\/31389\/01_005_00038559\/logo_prome_vip_v_web.jpg\",\"TitolBoto\":\"Descuentos para particulares\",\"Type\":\"discount\"},{\"InfoAddicional\":\"<p><strong>Descuentos para grupos y escuelas<br \/><\/strong><\/p>\",\"Url\":\"https:\/\/www.promentrada.com\/es\/product\/{#CODI#}\",\"Codi\":\"https:\/\/www.promentrada.com\/ca\/product\/3370\",\"LogoUrl\":\"media\/fimage\/31389\/01_005_00038530\/logo_prome_nuevo_v_web.jpg\",\"TitolBoto\":\"Descuentos para grupos y escuelas\",\"Type\":\"discount\"}]","contract_is_open":false,"in_tour":false,"foreign_production":false,"tour_end_date":"00010101000000"},"yoast_head":"<!-- This site is optimized with the Yoast SEO plugin v27.5 - https:\/\/yoast.com\/product\/yoast-seo-wordpress\/ -->\n<title>Una hist\u00f2ria real - Focus<\/title>\n<meta name=\"robots\" content=\"index, follow, max-snippet:-1, max-image-preview:large, max-video-preview:-1\" \/>\n<link rel=\"canonical\" href=\"https:\/\/www.focus.cat\/ex\/una-historia-real\/\" \/>\n<meta property=\"og:locale\" content=\"ca_ES\" \/>\n<meta property=\"og:type\" content=\"article\" \/>\n<meta property=\"og:title\" content=\"Una hist\u00f2ria real - Focus\" \/>\n<meta property=\"og:url\" content=\"https:\/\/www.focus.cat\/es\/ex\/una-historia-real\/\" \/>\n<meta property=\"og:site_name\" content=\"Focus\" \/>\n<meta property=\"article:modified_time\" content=\"2022-11-28T11:06:20+00:00\" \/>\n<meta name=\"twitter:card\" content=\"summary_large_image\" \/>\n<script type=\"application\/ld+json\" class=\"yoast-schema-graph\">{\"@context\":\"https:\\\/\\\/schema.org\",\"@graph\":[{\"@type\":\"WebPage\",\"@id\":\"https:\\\/\\\/www.focus.cat\\\/es\\\/ex\\\/una-historia-real\\\/\",\"url\":\"https:\\\/\\\/www.focus.cat\\\/es\\\/ex\\\/una-historia-real\\\/\",\"name\":\"Una hist\u00f2ria real - Focus\",\"isPartOf\":{\"@id\":\"https:\\\/\\\/www.focus.cat\\\/#website\"},\"datePublished\":\"2022-05-24T11:08:07+00:00\",\"dateModified\":\"2022-11-28T11:06:20+00:00\",\"breadcrumb\":{\"@id\":\"https:\\\/\\\/www.focus.cat\\\/es\\\/ex\\\/una-historia-real\\\/#breadcrumb\"},\"inLanguage\":\"ca\",\"potentialAction\":[{\"@type\":\"ReadAction\",\"target\":[\"https:\\\/\\\/www.focus.cat\\\/es\\\/ex\\\/una-historia-real\\\/\"]}]},{\"@type\":\"BreadcrumbList\",\"@id\":\"https:\\\/\\\/www.focus.cat\\\/es\\\/ex\\\/una-historia-real\\\/#breadcrumb\",\"itemListElement\":[{\"@type\":\"ListItem\",\"position\":1,\"name\":\"Espectacles\",\"item\":\"https:\\\/\\\/www.focus.cat\\\/ex\\\/\"},{\"@type\":\"ListItem\",\"position\":2,\"name\":\"Una hist\u00f2ria real\"}]},{\"@type\":\"WebSite\",\"@id\":\"https:\\\/\\\/www.focus.cat\\\/#website\",\"url\":\"https:\\\/\\\/www.focus.cat\\\/\",\"name\":\"Focus\",\"description\":\"\",\"publisher\":{\"@id\":\"https:\\\/\\\/www.focus.cat\\\/#organization\"},\"potentialAction\":[{\"@type\":\"SearchAction\",\"target\":{\"@type\":\"EntryPoint\",\"urlTemplate\":\"https:\\\/\\\/www.focus.cat\\\/?s={search_term_string}\"},\"query-input\":{\"@type\":\"PropertyValueSpecification\",\"valueRequired\":true,\"valueName\":\"search_term_string\"}}],\"inLanguage\":\"ca\"},{\"@type\":\"Organization\",\"@id\":\"https:\\\/\\\/www.focus.cat\\\/#organization\",\"name\":\"Focus\",\"url\":\"https:\\\/\\\/www.focus.cat\\\/\",\"logo\":{\"@type\":\"ImageObject\",\"inLanguage\":\"ca\",\"@id\":\"https:\\\/\\\/www.focus.cat\\\/#\\\/schema\\\/logo\\\/image\\\/\",\"url\":\"https:\\\/\\\/www.focus.cat\\\/wp-content\\\/uploads\\\/2022\\\/01\\\/logo-focus-any-35.svg\",\"contentUrl\":\"https:\\\/\\\/www.focus.cat\\\/wp-content\\\/uploads\\\/2022\\\/01\\\/logo-focus-any-35.svg\",\"width\":1,\"height\":1,\"caption\":\"Focus\"},\"image\":{\"@id\":\"https:\\\/\\\/www.focus.cat\\\/#\\\/schema\\\/logo\\\/image\\\/\"}}]}<\/script>\n<!-- \/ Yoast SEO plugin. -->","yoast_head_json":{"title":"Una hist\u00f2ria real - Focus","robots":{"index":"index","follow":"follow","max-snippet":"max-snippet:-1","max-image-preview":"max-image-preview:large","max-video-preview":"max-video-preview:-1"},"canonical":"https:\/\/www.focus.cat\/ex\/una-historia-real\/","og_locale":"ca_ES","og_type":"article","og_title":"Una hist\u00f2ria real - Focus","og_url":"https:\/\/www.focus.cat\/es\/ex\/una-historia-real\/","og_site_name":"Focus","article_modified_time":"2022-11-28T11:06:20+00:00","twitter_card":"summary_large_image","schema":{"@context":"https:\/\/schema.org","@graph":[{"@type":"WebPage","@id":"https:\/\/www.focus.cat\/es\/ex\/una-historia-real\/","url":"https:\/\/www.focus.cat\/es\/ex\/una-historia-real\/","name":"Una hist\u00f2ria real - Focus","isPartOf":{"@id":"https:\/\/www.focus.cat\/#website"},"datePublished":"2022-05-24T11:08:07+00:00","dateModified":"2022-11-28T11:06:20+00:00","breadcrumb":{"@id":"https:\/\/www.focus.cat\/es\/ex\/una-historia-real\/#breadcrumb"},"inLanguage":"ca","potentialAction":[{"@type":"ReadAction","target":["https:\/\/www.focus.cat\/es\/ex\/una-historia-real\/"]}]},{"@type":"BreadcrumbList","@id":"https:\/\/www.focus.cat\/es\/ex\/una-historia-real\/#breadcrumb","itemListElement":[{"@type":"ListItem","position":1,"name":"Espectacles","item":"https:\/\/www.focus.cat\/ex\/"},{"@type":"ListItem","position":2,"name":"Una hist\u00f2ria real"}]},{"@type":"WebSite","@id":"https:\/\/www.focus.cat\/#website","url":"https:\/\/www.focus.cat\/","name":"Focus","description":"","publisher":{"@id":"https:\/\/www.focus.cat\/#organization"},"potentialAction":[{"@type":"SearchAction","target":{"@type":"EntryPoint","urlTemplate":"https:\/\/www.focus.cat\/?s={search_term_string}"},"query-input":{"@type":"PropertyValueSpecification","valueRequired":true,"valueName":"search_term_string"}}],"inLanguage":"ca"},{"@type":"Organization","@id":"https:\/\/www.focus.cat\/#organization","name":"Focus","url":"https:\/\/www.focus.cat\/","logo":{"@type":"ImageObject","inLanguage":"ca","@id":"https:\/\/www.focus.cat\/#\/schema\/logo\/image\/","url":"https:\/\/www.focus.cat\/wp-content\/uploads\/2022\/01\/logo-focus-any-35.svg","contentUrl":"https:\/\/www.focus.cat\/wp-content\/uploads\/2022\/01\/logo-focus-any-35.svg","width":1,"height":1,"caption":"Focus"},"image":{"@id":"https:\/\/www.focus.cat\/#\/schema\/logo\/image\/"}}]}},"translations":[{"id":8262,"locale":"ca"},{"id":8263,"locale":"es"},{"id":8264,"locale":"en"}],"_links":{"self":[{"href":"https:\/\/www.focus.cat\/wp-json\/wp\/v2\/ex\/8263","targetHints":{"allow":["GET"]}}],"collection":[{"href":"https:\/\/www.focus.cat\/wp-json\/wp\/v2\/ex"}],"about":[{"href":"https:\/\/www.focus.cat\/wp-json\/wp\/v2\/types\/ex"}],"author":[{"embeddable":true,"href":"https:\/\/www.focus.cat\/wp-json\/wp\/v2\/users\/5"}],"replies":[{"embeddable":true,"href":"https:\/\/www.focus.cat\/wp-json\/wp\/v2\/comments?post=8263"}],"wp:attachment":[{"href":"https:\/\/www.focus.cat\/wp-json\/wp\/v2\/media?parent=8263"}],"wp:term":[{"taxonomy":"location","embeddable":true,"href":"https:\/\/www.focus.cat\/wp-json\/wp\/v2\/location?post=8263"}],"curies":[{"name":"wp","href":"https:\/\/api.w.org\/{rel}","templated":true}]}}