{"id":8269,"date":"2022-05-24T11:12:38","date_gmt":"2022-05-24T11:12:38","guid":{"rendered":"https:\/\/www.focus.cat\/ex\/casa-de-nines-20-anys-despres-2\/"},"modified":"2022-11-28T12:14:26","modified_gmt":"2022-11-28T12:14:26","slug":"casa-de-nines-20-anys-despres-2","status":"publish","type":"ex","link":"https:\/\/www.focus.cat\/es\/ex\/casa-de-nines-20-anys-despres-2\/","title":{"rendered":"Casa de nines, 20 anys despr\u00e9s"},"content":{"rendered":"","protected":false},"excerpt":{"rendered":"","protected":false},"author":5,"featured_media":0,"comment_status":"closed","ping_status":"closed","template":"","location":[],"class_list":["post-8269","ex","type-ex","status-publish","hentry"],"acf":{"txt_synopsis":"<p>En la escena final de la obra maestra de Ibsen 1879, Nora Helmer toma la sorprendente decisi\u00f3n de cerrar la puerta a su vida anterior: dejar el marido e hijos, y empezar una vida en solitario. En <em>Casa de nines, 20 anys despr\u00e9s<\/em> han pasado 20 a\u00f1os desde que Nora se fue de casa. Ahora, alguien pica sobre esa misma puerta. Nora ha vuelto. \u00bfPero por qu\u00e9? \u00bfY qu\u00e9 puede significar para los que dej\u00f3 atr\u00e1s?<\/p>","main_buy_link":"","main_buy_links":"","show_language":"Espect\u00e1culo en catal\u00e1n","show_duration":"95","txt_genre":"DRAM\u00c0TIC","show_start_date":"20190625000000","show_end_date":"20190804000000","show_sort_date":"20190625000000","txt_custom_show_dates":"del 25 de junio al 4 de agosto de 2019 ","txt_additional_info":"<p><i class=\"fa fa-info fa-2x fa-fw\"><\/i>&nbsp;19 de septiembre: charla postfunci\u00f3n&nbsp;con la compa\u00f1\u00eda de <strong><em>Casa de Nines, 20 anys despr\u00e9s<\/em><\/strong>: <strong>Emma Vilarasau<\/strong>,<strong> Isabel Rocatti&nbsp;<\/strong>y<strong> J\u00falia Truyol<\/strong>. Esta actividad se enmarca en el itinerario \u201cLa dona, protagonista\u201d de <strong>Travessia Recomana<\/strong>. <a href=\"https:\/\/www.4tickets.es\/TeatreRomea\/public\/janto\/?Nivel=Evento&idEvento=ROM221\"><strong>Compra tu entrada<\/strong><\/a>.<\/p>\r\n<p><i class=\"fa fa-deaf fa-2x fa-fw\"><\/i><i class=\"fa fa-audio-description fa-2x\"><\/i>&nbsp;Sesiones accesibles&nbsp;para personas&nbsp;con discapacidad visual&nbsp;y auditiva: <strong>s\u00e1bado,&nbsp;28 de septiembre, 18.00 h<br \/><\/strong><br \/>M\u00e1s informaci\u00f3n<br \/><a href=\"http:\/\/www.teatroaccesible.com\/ca\/season\/filter?city=2&theater=7\"><strong>www.teatroaccesible.com<\/strong><\/a><br \/><br \/>Se aconseja a los usuarios del subtitulado que compren&nbsp;sus&nbsp;localidades&nbsp;en platea a partir de la fila 10 o palcos. <a href=\"https:\/\/www.4tickets.es\/TeatreRomea\/public\/janto\/?Nivel=DetalleAforo&idSesion=0000000000152595&Idioma=CA&_ga=2.219761305.1803394916.1568710167-2054594420.1537513581\"><strong>Compra&nbsp;tu entrada<\/strong><\/a>.<\/p>","txt_present":"","txt_season":"[\"2018\/19\"]","txt_cycle":"","txt_claim":"20 a\u00f1os despu\u00e9s de la obra maestra de Ibsen, 20 a\u00f1os desde que Nora Helmer se fue de casa. Ahora, alguien pica sobre esa misma puerta. Nora ha vuelto. \u00bfPero por qu\u00e9?","txt_cast_excerpt":"","txt_cast":"","txt_reviews":"Marcos Ord\u00f3\u00f1ez|El Pa\u00eds|\"Una funci\u00f3n brillante.\" \r\nSanti Fondevlla|Ara|\"Un treball on les interpretacions ho s\u00f3n tot. I a fe que les quatre s\u00f3n magn\u00edfiques.\"\r\nJavier P\u00e9rez Senz|El Pa\u00eds|\"Formidable funci\u00f3n. Un reparto antol\u00f3gico. No se lo pierdan.\" ","hashtag":"CasadeNines20anysdespr\u00e9s","have_promo":"","slogan":"","id_exhibicio":1717,"id_versio":1331,"id_local":1,"txt_seo_desc":"Casa de nines, 20 anys despr\u00e9s, con Emma Vilarasau, Ramon Madaula, Isabel Rocatti y J\u00falia Truyol bajo la direcci\u00f3n de S\u00edlvia Munt al Teatre Romea de Barcelona.","data_images":"[{\"localizer\":\"V3SLIDE\",\"url\":\"media\/ftgalslide\/v3\/314B3\/01_086_00048571\/casa-de-nines-20-anys-despres-teatre-romea-barcelona-0.jpg\",\"thumb_url\":\"media\/ftgalslide\/v3\/314B3\/01_086_00048571\/casa-de-nines-20-anys-despres-teatre-romea-barcelona-0_thumb.jpg\",\"title\":\"Casa de nines, 20 anys despr\u00e9s - Teatre Romea\",\"description\":\"casa de nines 20 anys despr\u00e9s teatre romea barcelona\",\"copyright\":\"https:\/\/www.youtube.com\/watch?v=Ej6QfvxSeEM\",\"order\":1},{\"localizer\":\"V3SLIDE\",\"url\":\"media\/ftgalslide\/v3\/314B2\/01_086_00048184\/casa-de-nines-20-anys-despres-emma-vilarasau-ramon-madaula-teatre-romea-barcelona.jpg\",\"thumb_url\":\"media\/ftgalslide\/v3\/314B2\/01_086_00048184\/casa-de-nines-20-anys-despres-emma-vilarasau-ramon-madaula-teatre-romea-barcelona_thumb.jpg\",\"title\":\"Casa de nines, 20 anys despr\u00e9s - Teatre Romea\",\"description\":\"casa de nines 20 anys despr\u00e9s emma vilarasau ramon madaula teatre romea barcelona\",\"copyright\":\"\",\"order\":2},{\"localizer\":\"V3SLIDE\",\"url\":\"media\/ftgalslide\/v3\/314B2\/01_086_00048239\/casa-de-nines-teatre-romea3.jpg\",\"thumb_url\":\"media\/ftgalslide\/v3\/314B2\/01_086_00048239\/casa-de-nines-teatre-romea3_thumb.jpg\",\"title\":\"Casa de nines 20 anys despr\u00e9s - Teatre Romea\",\"description\":\"casa de nines 20 anys despr\u00e9s teatre romea barcelona\",\"copyright\":\"\",\"order\":3},{\"localizer\":\"V3SLIDE\",\"url\":\"media\/ftgalslide\/v3\/314B2\/01_086_00048241\/casa-de-nines-teatre-romea2.jpg\",\"thumb_url\":\"media\/ftgalslide\/v3\/314B2\/01_086_00048241\/casa-de-nines-teatre-romea2_thumb.jpg\",\"title\":\"Casa de nines 20 anys despr\u00e9s - Teatre Romea\",\"description\":\"casa de nines 20 anys despr\u00e9s teatre romea barcelona\",\"copyright\":\"\",\"order\":3},{\"localizer\":\"V3SLIDE\",\"url\":\"media\/ftgalslide\/v3\/314B2\/01_086_00048240\/casa-de-nines-teatre-romea1.jpg\",\"thumb_url\":\"media\/ftgalslide\/v3\/314B2\/01_086_00048240\/casa-de-nines-teatre-romea1_thumb.jpg\",\"title\":\"Casa de nines 20 anys despr\u00e9s - Teatre Romea\",\"description\":\"casa de nines 20 anys despr\u00e9s teatre romea barcelona\",\"copyright\":\"\",\"order\":3},{\"localizer\":\"V3SLIDE\",\"url\":\"media\/ftgalslide\/v3\/314B2\/01_086_00048242\/casa-de-nines-teatre-romea.jpg\",\"thumb_url\":\"media\/ftgalslide\/v3\/314B2\/01_086_00048242\/casa-de-nines-teatre-romea_thumb.jpg\",\"title\":\"\",\"description\":\"casa de nines 20 anys despr\u00e9s teatre romea barcelona\",\"copyright\":\"\",\"order\":4},{\"localizer\":\"V2CARTELL\",\"url\":\"media\/ver\/cartell\/314B2\/01_079_00048183\/cartell-casa-de-nines-20-anys-despres-teatre-romea-barcelona.jpg\",\"thumb_url\":\"media\/ver\/cartell\/314B2\/01_079_00048183\/cartell-casa-de-nines-20-anys-despres-teatre-romea-barcelona_thumb.jpg\",\"title\":\"Casa de nines, 20 anys despr\u00e9s - Teatre Romea\",\"description\":\"casa de nines, 20 anys despr\u00e9s teatre romea barcelona\",\"copyright\":\"\",\"order\":20},{\"localizer\":\"V2SLIDE\",\"url\":\"media\/ftgalslide\/314B2\/01_076_00048185\/casa-de-nines-20-anys-despres-emma-vilarasau-ramon-madaula-teatre-romea-barcelona.jpg\",\"thumb_url\":\"media\/ftgalslide\/314B2\/01_076_00048185\/casa-de-nines-20-anys-despres-emma-vilarasau-ramon-madaula-teatre-romea-barcelona_thumb.jpg\",\"title\":\"Casa de nines, 20 anys despr\u00e9s\",\"description\":\"casa de nines 20 anys despr\u00e9s\",\"copyright\":\"\",\"order\":22},{\"localizer\":\"V2CARTELLDISTRI\",\"url\":\"media\/cartell\/distrib\/314B2\/01_082_00048186\/cartell-gira-casa-de-nines-20-anys-despres-teatre-romea-barcelona.jpg\",\"thumb_url\":\"media\/cartell\/distrib\/314B2\/01_082_00048186\/cartell-gira-casa-de-nines-20-anys-despres-teatre-romea-barcelona_thumb.jpg\",\"title\":\"Casa de nines, 20 anys despr\u00e9s\",\"description\":\"casa de nines 20 anys despr\u00e9s focus distribuci\u00f3n\",\"copyright\":\"\",\"order\":23},{\"localizer\":\"V3CARTELLDISTRI\",\"url\":\"media\/ver\/cartell\/v3\/314B2\/01_085_00048475\/v3-gira-casa-de-nines-20-anys-despres-teatre-romea-barcelona.jpg\",\"thumb_url\":\"media\/ver\/cartell\/v3\/314B2\/01_085_00048475\/v3-gira-casa-de-nines-20-anys-despres-teatre-romea-barcelona_thumb.jpg\",\"title\":\"Casa de nines, 20 anys despr\u00e9s\",\"description\":\"Casa de nines, 20 anys despr\u00e9s Focus Distribuci\u00f3\",\"copyright\":\"\",\"order\":31},{\"localizer\":\"V3SLIDE\",\"url\":\"media\/ftgalslide\/v3\/314B3\/01_086_00048505\/casa-de-nines-20-anys-despres-teatre-romea-barcelona1.jpg\",\"thumb_url\":\"media\/ftgalslide\/v3\/314B3\/01_086_00048505\/casa-de-nines-20-anys-despres-teatre-romea-barcelona1_thumb.jpg\",\"title\":\"Casa de nines, 20 anys despr\u00e9s - Teatre Romea\",\"description\":\"casa de nines 20 anys despr\u00e9s teatre romea barcelona\",\"copyright\":\"\",\"order\":32},{\"localizer\":\"V3SLIDE\",\"url\":\"media\/ftgalslide\/v3\/314B3\/01_086_00048506\/casa-de-nines-20-anys-despres-teatre-romea-barcelona2.jpg\",\"thumb_url\":\"media\/ftgalslide\/v3\/314B3\/01_086_00048506\/casa-de-nines-20-anys-despres-teatre-romea-barcelona2_thumb.jpg\",\"title\":\"Casa de nines, 20 anys despr\u00e9s - Teatre Romea\",\"description\":\"casa de nines 20 anys despr\u00e9s teatre romea barcelona\",\"copyright\":\"\",\"order\":33},{\"localizer\":\"V3SLIDE\",\"url\":\"media\/ftgalslide\/v3\/314B3\/01_086_00048507\/casa-de-nines-20-anys-despres-teatre-romea-barcelona8.jpg\",\"thumb_url\":\"media\/ftgalslide\/v3\/314B3\/01_086_00048507\/casa-de-nines-20-anys-despres-teatre-romea-barcelona8_thumb.jpg\",\"title\":\"Casa de nines, 20 anys despr\u00e9s - Teatre Romea\",\"description\":\"casa de nines 20 anys despr\u00e9s teatre romea barcelona\",\"copyright\":\"\",\"order\":34},{\"localizer\":\"V3SLIDE\",\"url\":\"media\/ftgalslide\/v3\/314B3\/01_086_00048508\/casa-de-nines-20-anys-despres-teatre-romea-barcelona24.jpg\",\"thumb_url\":\"media\/ftgalslide\/v3\/314B3\/01_086_00048508\/casa-de-nines-20-anys-despres-teatre-romea-barcelona24_thumb.jpg\",\"title\":\"Casa de nines, 20 anys despr\u00e9s - Teatre Romea\",\"description\":\"Casa de nines, 20 anys despr\u00e9s - Teatre Romea\",\"copyright\":\"\",\"order\":35},{\"localizer\":\"V3SLIDE\",\"url\":\"media\/ftgalslide\/v3\/314B3\/01_086_00048509\/casa-de-nines-20-anys-despres-teatre-romea-barcelona9.jpg\",\"thumb_url\":\"media\/ftgalslide\/v3\/314B3\/01_086_00048509\/casa-de-nines-20-anys-despres-teatre-romea-barcelona9_thumb.jpg\",\"title\":\"Casa de nines, 20 anys despr\u00e9s - Teatre Romea\",\"description\":\"casa de nines 20 anys despr\u00e9s teatre romea barcelona\",\"copyright\":\"\",\"order\":36},{\"localizer\":\"V3SLIDE\",\"url\":\"media\/ftgalslide\/v3\/314B3\/01_086_00048510\/casa-de-nines-20-anys-despres-teatre-romea-barcelona19.jpg\",\"thumb_url\":\"media\/ftgalslide\/v3\/314B3\/01_086_00048510\/casa-de-nines-20-anys-despres-teatre-romea-barcelona19_thumb.jpg\",\"title\":\"Casa de nines, 20 anys despr\u00e9s - Teatre Romea\",\"description\":\"casa de nines 20 anys despr\u00e9s teatre romea barcelona\",\"copyright\":\"\",\"order\":37},{\"localizer\":\"V3SLIDE\",\"url\":\"media\/ftgalslide\/v3\/314B3\/01_086_00048511\/casa-de-nines-20-anys-despres-teatre-romea-barcelona21.jpg\",\"thumb_url\":\"media\/ftgalslide\/v3\/314B3\/01_086_00048511\/casa-de-nines-20-anys-despres-teatre-romea-barcelona21_thumb.jpg\",\"title\":\"Casa de nines, 20 anys despr\u00e9s - Teatre Romea\",\"description\":\"casa de nines 20 anys despr\u00e9s teatre romea barcelona\",\"copyright\":\"\",\"order\":38},{\"localizer\":\"V3SLIDE\",\"url\":\"media\/ftgalslide\/v3\/314B3\/01_086_00048512\/casa-de-nines-20-anys-despres-teatre-romea-barcelona20.jpg\",\"thumb_url\":\"media\/ftgalslide\/v3\/314B3\/01_086_00048512\/casa-de-nines-20-anys-despres-teatre-romea-barcelona20_thumb.jpg\",\"title\":\"Casa de nines, 20 anys despr\u00e9s - Teatre Romea\",\"description\":\"casa de nines 20 anys despr\u00e9s teatre romea barcelona\",\"copyright\":\"\",\"order\":39},{\"localizer\":\"V3SLIDE\",\"url\":\"media\/ftgalslide\/v3\/314B3\/01_086_00048513\/casa-de-nines-20-anys-despres-teatre-romea-barcelona3.jpg\",\"thumb_url\":\"media\/ftgalslide\/v3\/314B3\/01_086_00048513\/casa-de-nines-20-anys-despres-teatre-romea-barcelona3_thumb.jpg\",\"title\":\"Casa de nines, 20 anys despr\u00e9s - Teatre Romea\",\"description\":\"casa de nines 20 anys despr\u00e9s teatre romea barcelona\",\"copyright\":\"\",\"order\":40},{\"localizer\":\"V3SLIDE\",\"url\":\"media\/ftgalslide\/v3\/314B3\/01_086_00048514\/casa-de-nines-20-anys-despres-teatre-romea-barcelona18.jpg\",\"thumb_url\":\"media\/ftgalslide\/v3\/314B3\/01_086_00048514\/casa-de-nines-20-anys-despres-teatre-romea-barcelona18_thumb.jpg\",\"title\":\"Casa de nines, 20 anys despr\u00e9s - Teatre Romea\",\"description\":\"casa de nines 20 anys despr\u00e9s teatre romea barcelona\",\"copyright\":\"\",\"order\":41},{\"localizer\":\"V3SLIDE\",\"url\":\"media\/ftgalslide\/v3\/314B3\/01_086_00048515\/casa-de-nines-20-anys-despres-teatre-romea-barcelona4.jpg\",\"thumb_url\":\"media\/ftgalslide\/v3\/314B3\/01_086_00048515\/casa-de-nines-20-anys-despres-teatre-romea-barcelona4_thumb.jpg\",\"title\":\"Casa de nines, 20 anys despr\u00e9s - Teatre Romea\",\"description\":\"casa de nines 20 anys despr\u00e9s teatre romea barcelona\",\"copyright\":\"\",\"order\":42},{\"localizer\":\"V3SLIDE\",\"url\":\"media\/ftgalslide\/v3\/314B3\/01_086_00048516\/casa-de-nines-20-anys-despres-teatre-romea-barcelona14.jpg\",\"thumb_url\":\"media\/ftgalslide\/v3\/314B3\/01_086_00048516\/casa-de-nines-20-anys-despres-teatre-romea-barcelona14_thumb.jpg\",\"title\":\"Casa de nines, 20 anys despr\u00e9s - Teatre Romea\",\"description\":\"casa de nines 20 anys despr\u00e9s teatre romea barcelona\",\"copyright\":\"\",\"order\":43},{\"localizer\":\"V3SLIDE\",\"url\":\"media\/ftgalslide\/v3\/314B3\/01_086_00048517\/casa-de-nines-20-anys-despres-teatre-romea-barcelona17.jpg\",\"thumb_url\":\"media\/ftgalslide\/v3\/314B3\/01_086_00048517\/casa-de-nines-20-anys-despres-teatre-romea-barcelona17_thumb.jpg\",\"title\":\"Casa de nines, 20 anys despr\u00e9s - Teatre Romea\",\"description\":\"casa de nines 20 anys despr\u00e9s teatre romea barcelona\",\"copyright\":\"\",\"order\":44},{\"localizer\":\"V3SLIDE\",\"url\":\"media\/ftgalslide\/v3\/314B3\/01_086_00048518\/casa-de-nines-20-anys-despres-teatre-romea-barcelona5.jpg\",\"thumb_url\":\"media\/ftgalslide\/v3\/314B3\/01_086_00048518\/casa-de-nines-20-anys-despres-teatre-romea-barcelona5_thumb.jpg\",\"title\":\"Casa de nines, 20 anys despr\u00e9s - Teatre Romea\",\"description\":\"casa de nines 20 anys despr\u00e9s teatre romea barcelona\",\"copyright\":\"\",\"order\":45},{\"localizer\":\"V3SLIDE\",\"url\":\"media\/ftgalslide\/v3\/314B3\/01_086_00048519\/casa-de-nines-20-anys-despres-teatre-romea-barcelona16.jpg\",\"thumb_url\":\"media\/ftgalslide\/v3\/314B3\/01_086_00048519\/casa-de-nines-20-anys-despres-teatre-romea-barcelona16_thumb.jpg\",\"title\":\"Casa de nines, 20 anys despr\u00e9s - Teatre Romea\",\"description\":\"casa de nines 20 anys despr\u00e9s teatre romea barcelona\",\"copyright\":\"\",\"order\":46},{\"localizer\":\"V3SLIDE\",\"url\":\"media\/ftgalslide\/v3\/314B3\/01_086_00048520\/casa-de-nines-20-anys-despres-teatre-romea-barcelona7.jpg\",\"thumb_url\":\"media\/ftgalslide\/v3\/314B3\/01_086_00048520\/casa-de-nines-20-anys-despres-teatre-romea-barcelona7_thumb.jpg\",\"title\":\"Casa de nines, 20 anys despr\u00e9s - Teatre Romea\",\"description\":\"casa de nines 20 anys despr\u00e9s teatre romea barcelona\",\"copyright\":\"\",\"order\":47},{\"localizer\":\"V3SLIDE\",\"url\":\"media\/ftgalslide\/v3\/314B3\/01_086_00048521\/casa-de-nines-20-anys-despres-teatre-romea-barcelona26.jpg\",\"thumb_url\":\"media\/ftgalslide\/v3\/314B3\/01_086_00048521\/casa-de-nines-20-anys-despres-teatre-romea-barcelona26_thumb.jpg\",\"title\":\"Casa de nines, 20 anys despr\u00e9s - Teatre Romea\",\"description\":\"casa de nines 20 anys despr\u00e9s teatre romea barcelona\",\"copyright\":\"\",\"order\":48},{\"localizer\":\"V3SLIDE\",\"url\":\"media\/ftgalslide\/v3\/314B3\/01_086_00048522\/casa-de-nines-20-anys-despres-teatre-romea-barcelona6.jpg\",\"thumb_url\":\"media\/ftgalslide\/v3\/314B3\/01_086_00048522\/casa-de-nines-20-anys-despres-teatre-romea-barcelona6_thumb.jpg\",\"title\":\"Casa de nines, 20 anys despr\u00e9s - Teatre Romea\",\"description\":\"casa de nines 20 anys despr\u00e9s teatre romea barcelona\",\"copyright\":\"\",\"order\":49},{\"localizer\":\"V3SLIDE\",\"url\":\"media\/ftgalslide\/v3\/314B3\/01_086_00048523\/casa-de-nines-20-anys-despres-teatre-romea-barcelona25.jpg\",\"thumb_url\":\"media\/ftgalslide\/v3\/314B3\/01_086_00048523\/casa-de-nines-20-anys-despres-teatre-romea-barcelona25_thumb.jpg\",\"title\":\"Casa de nines, 20 anys despr\u00e9s - Teatre Romea\",\"description\":\"casa de nines 20 anys despr\u00e9s teatre romea barcelona\",\"copyright\":\"\",\"order\":50},{\"localizer\":\"V3SLIDE\",\"url\":\"media\/ftgalslide\/v3\/314B3\/01_086_00048524\/casa-de-nines-20-anys-despres-teatre-romea-barcelona11.jpg\",\"thumb_url\":\"media\/ftgalslide\/v3\/314B3\/01_086_00048524\/casa-de-nines-20-anys-despres-teatre-romea-barcelona11_thumb.jpg\",\"title\":\"Casa de nines, 20 anys despr\u00e9s - Teatre Romea\",\"description\":\"casa de nines 20 anys despr\u00e9s teatre romea barcelona\",\"copyright\":\"\",\"order\":51},{\"localizer\":\"V3SLIDE\",\"url\":\"media\/ftgalslide\/v3\/314B3\/01_086_00048525\/casa-de-nines-20-anys-despres-teatre-romea-barcelona15.jpg\",\"thumb_url\":\"media\/ftgalslide\/v3\/314B3\/01_086_00048525\/casa-de-nines-20-anys-despres-teatre-romea-barcelona15_thumb.jpg\",\"title\":\"Casa de nines, 20 anys despr\u00e9s - Teatre Romea\",\"description\":\"casa de nines 20 anys despr\u00e9s teatre romea barcelona\",\"copyright\":\"\",\"order\":52},{\"localizer\":\"V3SLIDE\",\"url\":\"media\/ftgalslide\/v3\/314B3\/01_086_00048526\/casa-de-nines-20-anys-despres-teatre-romea-barcelona12.jpg\",\"thumb_url\":\"media\/ftgalslide\/v3\/314B3\/01_086_00048526\/casa-de-nines-20-anys-despres-teatre-romea-barcelona12_thumb.jpg\",\"title\":\"Casa de nines, 20 anys despr\u00e9s - Teatre Romea\",\"description\":\"casa de nines 20 anys despr\u00e9s teatre romea barcelona\",\"copyright\":\"\",\"order\":53},{\"localizer\":\"V3SLIDE\",\"url\":\"media\/ftgalslide\/v3\/314B3\/01_086_00048527\/casa-de-nines-20-anys-despres-teatre-romea-barcelona23.jpg\",\"thumb_url\":\"media\/ftgalslide\/v3\/314B3\/01_086_00048527\/casa-de-nines-20-anys-despres-teatre-romea-barcelona23_thumb.jpg\",\"title\":\"Casa de nines, 20 anys despr\u00e9s - Teatre Romea\",\"description\":\"casa de nines 20 anys despr\u00e9s teatre romea barcelona\",\"copyright\":\"\",\"order\":54},{\"localizer\":\"V3SLIDE\",\"url\":\"media\/ftgalslide\/v3\/314B3\/01_086_00048528\/casa-de-nines-20-anys-despres-teatre-romea-barcelona10.jpg\",\"thumb_url\":\"media\/ftgalslide\/v3\/314B3\/01_086_00048528\/casa-de-nines-20-anys-despres-teatre-romea-barcelona10_thumb.jpg\",\"title\":\"Casa de nines, 20 anys despr\u00e9s - Teatre Romea\",\"description\":\"casa de nines 20 anys despr\u00e9s teatre romea barcelona\",\"copyright\":\"\",\"order\":55},{\"localizer\":\"V3SLIDE\",\"url\":\"media\/ftgalslide\/v3\/314B3\/01_086_00048529\/casa-de-nines-20-anys-despres-teatre-romea-barcelona22.jpg\",\"thumb_url\":\"media\/ftgalslide\/v3\/314B3\/01_086_00048529\/casa-de-nines-20-anys-despres-teatre-romea-barcelona22_thumb.jpg\",\"title\":\"Casa de nines, 20 anys despr\u00e9s - Teatre Romea\",\"description\":\"casa de nines 20 anys despr\u00e9s teatre romea barcelona\",\"copyright\":\"\",\"order\":56},{\"localizer\":\"V3SLIDE\",\"url\":\"media\/ftgalslide\/v3\/314B3\/01_086_00048530\/casa-de-nines-20-anys-despres-teatre-romea-barcelona13.jpg\",\"thumb_url\":\"media\/ftgalslide\/v3\/314B3\/01_086_00048530\/casa-de-nines-20-anys-despres-teatre-romea-barcelona13_thumb.jpg\",\"title\":\"Casa de nines, 20 anys despr\u00e9s - Teatre Romea\",\"description\":\"casa de nines 20 anys despr\u00e9s teatre romea barcelona\",\"copyright\":\"\",\"order\":57},{\"localizer\":\"V3SLIDEDISTRI\",\"url\":\"media\/ftgalslide\/v3\/314B3\/01_086_00048572\/casa-de-nines-20-anys-despres-teatre-romea-barcelona-0.jpg\",\"thumb_url\":\"media\/ftgalslide\/v3\/314B3\/01_086_00048572\/casa-de-nines-20-anys-despres-teatre-romea-barcelona-0_thumb.jpg\",\"title\":\"Casa de nines, 20 anys despr\u00e9s\",\"description\":\"casa de nines, 20 anys despr\u00e9s\",\"copyright\":\"https:\/\/youtu.be\/QDpCTLiDeZM\",\"order\":58},{\"localizer\":\"V3SLIDEDISTRI\",\"url\":\"media\/ftgalslide\/v3\/314B3\/01_086_00048573\/casa-de-nines-focus-distribucio-8.jpg\",\"thumb_url\":\"media\/ftgalslide\/v3\/314B3\/01_086_00048573\/casa-de-nines-focus-distribucio-8_thumb.jpg\",\"title\":\"Casa de nines, 20 anys despr\u00e9s\",\"description\":\"Casa de nines, 20 anys despr\u00e9s Focus Distribuci\u00f3\",\"copyright\":\"\",\"order\":59},{\"localizer\":\"V3SLIDEDISTRI\",\"url\":\"media\/ftgalslide\/v3\/314B3\/01_086_00048574\/casa-de-nines-focus-distribucio-9.jpg\",\"thumb_url\":\"media\/ftgalslide\/v3\/314B3\/01_086_00048574\/casa-de-nines-focus-distribucio-9_thumb.jpg\",\"title\":\"Casa de nines, 20 anys despr\u00e9s \",\"description\":\"Casa de nines, 20 anys despr\u00e9s Focus Distribuci\u00f3\",\"copyright\":\"\",\"order\":60},{\"localizer\":\"V3SLIDEDISTRI\",\"url\":\"media\/ftgalslide\/v3\/314B3\/01_086_00048575\/casa-de-nines-focus-distribucio-10.jpg\",\"thumb_url\":\"media\/ftgalslide\/v3\/314B3\/01_086_00048575\/casa-de-nines-focus-distribucio-10_thumb.jpg\",\"title\":\"Casa de nines, 20 anys despr\u00e9s \",\"description\":\"Casa de nines, 20 anys despr\u00e9s Focus Distribuci\u00f3\",\"copyright\":\"\",\"order\":61},{\"localizer\":\"V3SLIDEDISTRI\",\"url\":\"media\/ftgalslide\/v3\/314B3\/01_086_00048576\/casa-de-nines-focus-distribucio-7.jpg\",\"thumb_url\":\"media\/ftgalslide\/v3\/314B3\/01_086_00048576\/casa-de-nines-focus-distribucio-7_thumb.jpg\",\"title\":\"Casa de nines, 20 anys despr\u00e9s \",\"description\":\"Casa de nines, 20 anys despr\u00e9s \",\"copyright\":\"\",\"order\":62},{\"localizer\":\"V2SLIDE\",\"url\":\"media\/ftgalslide\/314B3\/01_076_00048609\/casa-de-nines-focus-distribucio-7.jpg\",\"thumb_url\":\"media\/ftgalslide\/314B3\/01_076_00048609\/casa-de-nines-focus-distribucio-7_thumb.jpg\",\"title\":\"Casa de nines, 20 anys despr\u00e9s\",\"description\":\"Casa de nines, 20 anys despr\u00e9s\",\"copyright\":\"\",\"order\":63},{\"localizer\":\"V2SLIDE\",\"url\":\"media\/ftgalslide\/314B3\/01_076_00048610\/casa-de-nines-focus-distribucio-8.jpg\",\"thumb_url\":\"media\/ftgalslide\/314B3\/01_076_00048610\/casa-de-nines-focus-distribucio-8_thumb.jpg\",\"title\":\"Casa de nines, 20 anys despr\u00e9s\",\"description\":\"Casa de nines, 20 anys despr\u00e9s\",\"copyright\":\"\",\"order\":64},{\"localizer\":\"V2SLIDE\",\"url\":\"media\/ftgalslide\/314B3\/01_076_00048611\/casa-de-nines-focus-distribucio-9.jpg\",\"thumb_url\":\"media\/ftgalslide\/314B3\/01_076_00048611\/casa-de-nines-focus-distribucio-9_thumb.jpg\",\"title\":\"Casa de nines, 20 anys despr\u00e9s\",\"description\":\"Casa de nines, 20 anys despr\u00e9s\",\"copyright\":\"\",\"order\":65},{\"localizer\":\"V2SLIDE\",\"url\":\"media\/ftgalslide\/314B3\/01_076_00048612\/casa-de-nines-focus-distribucio-10.jpg\",\"thumb_url\":\"media\/ftgalslide\/314B3\/01_076_00048612\/casa-de-nines-focus-distribucio-10_thumb.jpg\",\"title\":\"Casa de nines, 20 anys despr\u00e9s\",\"description\":\"Casa de nines, 20 anys despr\u00e9s\",\"copyright\":\"\",\"order\":66},{\"localizer\":\"V3CARTELL\",\"url\":\"media\/ver\/cartell\/v3\/314B4\/01_085_00048931\/cartell-casa-de-nines-20-anys-despres-teatre-romea-barcelona.jpg\",\"thumb_url\":\"media\/ver\/cartell\/v3\/314B4\/01_085_00048931\/cartell-casa-de-nines-20-anys-despres-teatre-romea-barcelona_thumb.jpg\",\"title\":\"Casa de nines 20 anys despr\u00e9s - Teatre Romea\",\"description\":\"casa de nines 20 anys despr\u00e9s teatre romea barcelona\",\"copyright\":\"\",\"order\":71},{\"localizer\":\"V3PORTADAWIDE\",\"url\":\"media\/ver\/port\/v3wide\/314B5\/01_088_00049048\/0-casa-de-nines-20-anys-despres-teatre-romea-barcelona-critiques-pack4x3.jpg\",\"thumb_url\":\"media\/ver\/port\/v3wide\/314B5\/01_088_00049048\/0-casa-de-nines-20-anys-despres-teatre-romea-barcelona-critiques-pack4x3_thumb.jpg\",\"title\":\"Casa de nines, 20 anys despr\u00e9s - Teatre Romea\",\"description\":\"casa de nines 20 anys despr\u00e9s teatre romea barcelona\",\"copyright\":\"\",\"order\":76},{\"localizer\":\"V3PORTADA\",\"url\":\"media\/ver\/port\/v3\/314B5\/01_084_00049050\/1-casa-de-nines-20-anys-despres-teatre-romea-barcelona-pack4x3.jpg\",\"thumb_url\":\"media\/ver\/port\/v3\/314B5\/01_084_00049050\/1-casa-de-nines-20-anys-despres-teatre-romea-barcelona-pack4x3_thumb.jpg\",\"title\":\"Casa de nines, 20 anys despr\u00e9s - Teatre Romea\",\"description\":\"casa de nines 20 anys despr\u00e9s teatre romea barcelona\",\"copyright\":\"\",\"order\":77}]","material__texto_intro":"","data_material":null,"data_gallery":"","data_discounts":"[]","contract_is_open":false,"in_tour":false,"foreign_production":false,"tour_end_date":"00010101000000"},"yoast_head":"<!-- This site is optimized with the Yoast SEO plugin v27.5 - https:\/\/yoast.com\/product\/yoast-seo-wordpress\/ -->\n<title>Casa de nines, 20 anys despr\u00e9s - Focus<\/title>\n<meta name=\"robots\" content=\"index, follow, max-snippet:-1, max-image-preview:large, max-video-preview:-1\" \/>\n<link rel=\"canonical\" href=\"https:\/\/www.focus.cat\/ex\/casa-de-nines-20-anys-despres-2\/\" \/>\n<meta property=\"og:locale\" content=\"ca_ES\" \/>\n<meta property=\"og:type\" content=\"article\" \/>\n<meta property=\"og:title\" content=\"Casa de nines, 20 anys despr\u00e9s - Focus\" \/>\n<meta property=\"og:url\" content=\"https:\/\/www.focus.cat\/es\/ex\/casa-de-nines-20-anys-despres-2\/\" \/>\n<meta property=\"og:site_name\" content=\"Focus\" \/>\n<meta property=\"article:modified_time\" content=\"2022-11-28T12:14:26+00:00\" \/>\n<meta name=\"twitter:card\" content=\"summary_large_image\" \/>\n<script type=\"application\/ld+json\" class=\"yoast-schema-graph\">{\"@context\":\"https:\\\/\\\/schema.org\",\"@graph\":[{\"@type\":\"WebPage\",\"@id\":\"https:\\\/\\\/www.focus.cat\\\/es\\\/ex\\\/casa-de-nines-20-anys-despres-2\\\/\",\"url\":\"https:\\\/\\\/www.focus.cat\\\/es\\\/ex\\\/casa-de-nines-20-anys-despres-2\\\/\",\"name\":\"Casa de nines, 20 anys despr\u00e9s - Focus\",\"isPartOf\":{\"@id\":\"https:\\\/\\\/www.focus.cat\\\/#website\"},\"datePublished\":\"2022-05-24T11:12:38+00:00\",\"dateModified\":\"2022-11-28T12:14:26+00:00\",\"breadcrumb\":{\"@id\":\"https:\\\/\\\/www.focus.cat\\\/es\\\/ex\\\/casa-de-nines-20-anys-despres-2\\\/#breadcrumb\"},\"inLanguage\":\"ca\",\"potentialAction\":[{\"@type\":\"ReadAction\",\"target\":[\"https:\\\/\\\/www.focus.cat\\\/es\\\/ex\\\/casa-de-nines-20-anys-despres-2\\\/\"]}]},{\"@type\":\"BreadcrumbList\",\"@id\":\"https:\\\/\\\/www.focus.cat\\\/es\\\/ex\\\/casa-de-nines-20-anys-despres-2\\\/#breadcrumb\",\"itemListElement\":[{\"@type\":\"ListItem\",\"position\":1,\"name\":\"Espectacles\",\"item\":\"https:\\\/\\\/www.focus.cat\\\/ex\\\/\"},{\"@type\":\"ListItem\",\"position\":2,\"name\":\"Casa de nines, 20 anys despr\u00e9s\"}]},{\"@type\":\"WebSite\",\"@id\":\"https:\\\/\\\/www.focus.cat\\\/#website\",\"url\":\"https:\\\/\\\/www.focus.cat\\\/\",\"name\":\"Focus\",\"description\":\"\",\"publisher\":{\"@id\":\"https:\\\/\\\/www.focus.cat\\\/#organization\"},\"potentialAction\":[{\"@type\":\"SearchAction\",\"target\":{\"@type\":\"EntryPoint\",\"urlTemplate\":\"https:\\\/\\\/www.focus.cat\\\/?s={search_term_string}\"},\"query-input\":{\"@type\":\"PropertyValueSpecification\",\"valueRequired\":true,\"valueName\":\"search_term_string\"}}],\"inLanguage\":\"ca\"},{\"@type\":\"Organization\",\"@id\":\"https:\\\/\\\/www.focus.cat\\\/#organization\",\"name\":\"Focus\",\"url\":\"https:\\\/\\\/www.focus.cat\\\/\",\"logo\":{\"@type\":\"ImageObject\",\"inLanguage\":\"ca\",\"@id\":\"https:\\\/\\\/www.focus.cat\\\/#\\\/schema\\\/logo\\\/image\\\/\",\"url\":\"https:\\\/\\\/www.focus.cat\\\/wp-content\\\/uploads\\\/2022\\\/01\\\/logo-focus-any-35.svg\",\"contentUrl\":\"https:\\\/\\\/www.focus.cat\\\/wp-content\\\/uploads\\\/2022\\\/01\\\/logo-focus-any-35.svg\",\"width\":1,\"height\":1,\"caption\":\"Focus\"},\"image\":{\"@id\":\"https:\\\/\\\/www.focus.cat\\\/#\\\/schema\\\/logo\\\/image\\\/\"}}]}<\/script>\n<!-- \/ Yoast SEO plugin. -->","yoast_head_json":{"title":"Casa de nines, 20 anys despr\u00e9s - Focus","robots":{"index":"index","follow":"follow","max-snippet":"max-snippet:-1","max-image-preview":"max-image-preview:large","max-video-preview":"max-video-preview:-1"},"canonical":"https:\/\/www.focus.cat\/ex\/casa-de-nines-20-anys-despres-2\/","og_locale":"ca_ES","og_type":"article","og_title":"Casa de nines, 20 anys despr\u00e9s - Focus","og_url":"https:\/\/www.focus.cat\/es\/ex\/casa-de-nines-20-anys-despres-2\/","og_site_name":"Focus","article_modified_time":"2022-11-28T12:14:26+00:00","twitter_card":"summary_large_image","schema":{"@context":"https:\/\/schema.org","@graph":[{"@type":"WebPage","@id":"https:\/\/www.focus.cat\/es\/ex\/casa-de-nines-20-anys-despres-2\/","url":"https:\/\/www.focus.cat\/es\/ex\/casa-de-nines-20-anys-despres-2\/","name":"Casa de nines, 20 anys despr\u00e9s - Focus","isPartOf":{"@id":"https:\/\/www.focus.cat\/#website"},"datePublished":"2022-05-24T11:12:38+00:00","dateModified":"2022-11-28T12:14:26+00:00","breadcrumb":{"@id":"https:\/\/www.focus.cat\/es\/ex\/casa-de-nines-20-anys-despres-2\/#breadcrumb"},"inLanguage":"ca","potentialAction":[{"@type":"ReadAction","target":["https:\/\/www.focus.cat\/es\/ex\/casa-de-nines-20-anys-despres-2\/"]}]},{"@type":"BreadcrumbList","@id":"https:\/\/www.focus.cat\/es\/ex\/casa-de-nines-20-anys-despres-2\/#breadcrumb","itemListElement":[{"@type":"ListItem","position":1,"name":"Espectacles","item":"https:\/\/www.focus.cat\/ex\/"},{"@type":"ListItem","position":2,"name":"Casa de nines, 20 anys despr\u00e9s"}]},{"@type":"WebSite","@id":"https:\/\/www.focus.cat\/#website","url":"https:\/\/www.focus.cat\/","name":"Focus","description":"","publisher":{"@id":"https:\/\/www.focus.cat\/#organization"},"potentialAction":[{"@type":"SearchAction","target":{"@type":"EntryPoint","urlTemplate":"https:\/\/www.focus.cat\/?s={search_term_string}"},"query-input":{"@type":"PropertyValueSpecification","valueRequired":true,"valueName":"search_term_string"}}],"inLanguage":"ca"},{"@type":"Organization","@id":"https:\/\/www.focus.cat\/#organization","name":"Focus","url":"https:\/\/www.focus.cat\/","logo":{"@type":"ImageObject","inLanguage":"ca","@id":"https:\/\/www.focus.cat\/#\/schema\/logo\/image\/","url":"https:\/\/www.focus.cat\/wp-content\/uploads\/2022\/01\/logo-focus-any-35.svg","contentUrl":"https:\/\/www.focus.cat\/wp-content\/uploads\/2022\/01\/logo-focus-any-35.svg","width":1,"height":1,"caption":"Focus"},"image":{"@id":"https:\/\/www.focus.cat\/#\/schema\/logo\/image\/"}}]}},"translations":[{"id":8268,"locale":"ca"},{"id":8269,"locale":"es"},{"id":8270,"locale":"en"}],"_links":{"self":[{"href":"https:\/\/www.focus.cat\/wp-json\/wp\/v2\/ex\/8269","targetHints":{"allow":["GET"]}}],"collection":[{"href":"https:\/\/www.focus.cat\/wp-json\/wp\/v2\/ex"}],"about":[{"href":"https:\/\/www.focus.cat\/wp-json\/wp\/v2\/types\/ex"}],"author":[{"embeddable":true,"href":"https:\/\/www.focus.cat\/wp-json\/wp\/v2\/users\/5"}],"replies":[{"embeddable":true,"href":"https:\/\/www.focus.cat\/wp-json\/wp\/v2\/comments?post=8269"}],"wp:attachment":[{"href":"https:\/\/www.focus.cat\/wp-json\/wp\/v2\/media?parent=8269"}],"wp:term":[{"taxonomy":"location","embeddable":true,"href":"https:\/\/www.focus.cat\/wp-json\/wp\/v2\/location?post=8269"}],"curies":[{"name":"wp","href":"https:\/\/api.w.org\/{rel}","templated":true}]}}