{"id":8383,"date":"2022-05-26T14:42:02","date_gmt":"2022-05-26T14:42:02","guid":{"rendered":"https:\/\/www.focus.cat\/ex\/marits-i-mullers\/"},"modified":"2024-08-06T15:17:11","modified_gmt":"2024-08-06T15:17:11","slug":"marits-i-mullers","status":"publish","type":"ex","link":"https:\/\/www.focus.cat\/es\/ex\/marits-i-mullers\/","title":{"rendered":"Marits i mullers"},"content":{"rendered":"","protected":false},"excerpt":{"rendered":"","protected":false},"author":5,"featured_media":0,"comment_status":"closed","ping_status":"closed","template":"","location":[],"class_list":["post-8383","ex","type-ex","status-publish","hentry"],"acf":{"txt_synopsis":"<p align=\"justify\">Andreu, escritor y profesor de literatura, y su mujer M\u00f2nica, que trabaja en una revista de arte, no pueden creerse que sus mejores amigos, Sandra y Joan, aparentemente una pareja perfecta, hayan decidido separarse. A partir de esta noticia, la pareja empieza a plantearse si su matrimonio se basa en una relaci\u00f3n realmente s\u00f3lida.<\/p>\r\n<p align=\"justify\"><strong>Marits i Mullers<\/strong> es una adaptaci\u00f3n del gui\u00f3n escrito por <strong>Woody Allen<\/strong>,&nbsp;en la pel\u00edcula hom\u00f3nima que se estren\u00f3 en 1992. Protagonizada por \u00e9l mismo y por qui\u00e9n fuera su pareja entonces, la actriz&nbsp;Mia Farrow, este film se hizo&nbsp;con el premio <strong>BAFTA al Mejor Gui\u00f3n Original<\/strong>&nbsp;y fue un \u00e9xito tanto de cr\u00edtica como de p\u00fablico. <\/p>\r\n<p align=\"justify\"><strong>\u00c0lex Rigola<\/strong>, por su&nbsp;parte, ya llev\u00f3&nbsp;este espect\u00e1culo al <strong>Teatro de la Abad\u00eda de Madrid<\/strong>,&nbsp;en 2013,&nbsp;y ahora&nbsp;ha preparado la versi\u00f3n en catal\u00e1n de esta&nbsp;<strong>comedia<\/strong> sobre las<strong> relaciones de pareja<\/strong> que firma el genial director norteamericano.<\/p><strong>Duraci\u00f3n: 1 hora y 30 minutos<\/strong><br \/><br \/>\r\n<p align=\"center\"><a href=\"http:\/\/issuu.com\/grupfocus\/docs\/revista_latemporada_grupfocus_1516\/\"><strong>Clique aqu\u00ed para consultar la temporada 15\/16 del Grup Focus<\/strong><\/a>&nbsp;<\/p>","main_buy_link":"","main_buy_links":"","show_language":"","show_duration":"","txt_genre":"COM\u00c8DIA","show_start_date":"20150916000000","show_end_date":"20160110000000","show_sort_date":"20150916000000","txt_custom_show_dates":"del 16 de septiembre de 2015 al 10 de enero de 2016 ","txt_additional_info":"","txt_present":"","txt_season":"[\"2015\/16\"]","txt_cycle":"","txt_claim":"","txt_cast_excerpt":"<p><strong>BASADO EN EL GUI\u00d3N DE<\/strong>: Woody Allen<br \/><strong>DIRECCI\u00d3<\/strong>: \u00c0lex Rigola<br \/><\/p>","txt_cast":"<p><strong>BASADO EN EL GUI\u00d3N DE<\/strong>: Woody Allen<br \/><strong>DIRECCI\u00d3N<\/strong>: \u00c0lex Rigola<\/p>\r\n<p><strong>REPARTO<\/strong><br \/>Andreu Benito<br \/>Joan Carreras<br \/>M\u00f2nica Glaenzel<br \/>Sandra Moncl\u00fas<br \/>Mar Ulldemolins<br \/>Llu\u00eds Villanueva<\/p>\r\n<p><strong>COPRODUCCI\u00d3N<\/strong>: Heartbreak Hotel, Teatro de La Abad\u00eda, Tr\u00e0nsit Projectes y La Villarroel<\/p>","txt_reviews":"","hashtag":"","have_promo":"","slogan":"","id_exhibicio":1197,"id_versio":974,"id_local":4,"txt_seo_desc":"","data_images":"[{\"localizer\":\"V2SLIDE\",\"url\":\"media\/ftgalslide\/31325\/01_076_00034942\/slide1.jpg\",\"thumb_url\":\"media\/ftgalslide\/31325\/01_076_00034942\/slide1_thumb.jpg\",\"title\":\"Marits i Mullers\",\"description\":\"\u00c0lex Rigola. Director\",\"copyright\":\"https:\/\/www.youtube.com\/watch?v=FzZYnir6RfI \",\"order\":11},{\"localizer\":\"VERS_IMATGE_ESPECTACLE\",\"url\":\"media\/ftespect\/31325\/01_020_00035018\/galeria_web.jpg\",\"thumb_url\":\"media\/ftespect\/31325\/01_020_00035018\/galeria_web_thumb.jpg\",\"title\":\"Marits i Mullers\",\"description\":\"\",\"copyright\":\"\",\"order\":13},{\"localizer\":\"VERS_IMATGE_ESPECTACLE\",\"url\":\"media\/ftespect\/31325\/01_020_00035019\/galeria_web2.jpg\",\"thumb_url\":\"media\/ftespect\/31325\/01_020_00035019\/galeria_web2_thumb.jpg\",\"title\":\"Marits i Mullers\",\"description\":\"\",\"copyright\":\"\",\"order\":14},{\"localizer\":\"VERS_IMATGE_ESPECTACLE\",\"url\":\"media\/ftespect\/31325\/01_020_00035020\/galeria_web3.jpg\",\"thumb_url\":\"media\/ftespect\/31325\/01_020_00035020\/galeria_web3_thumb.jpg\",\"title\":\"Marits i Mullers\",\"description\":\"\",\"copyright\":\"\",\"order\":15},{\"localizer\":\"VERS_IMATGE_ESPECTACLE\",\"url\":\"media\/ftespect\/31325\/01_020_00035021\/galeria_web4.jpg\",\"thumb_url\":\"media\/ftespect\/31325\/01_020_00035021\/galeria_web4_thumb.jpg\",\"title\":\"Marits i Mullers\",\"description\":\"\",\"copyright\":\"\",\"order\":16},{\"localizer\":\"VERS_IMATGE_ESPECTACLE\",\"url\":\"media\/ftespect\/31325\/01_020_00035023\/galeria_web6.jpg\",\"thumb_url\":\"media\/ftespect\/31325\/01_020_00035023\/galeria_web6_thumb.jpg\",\"title\":\"Marits i Mullers\",\"description\":\"\",\"copyright\":\"\",\"order\":18},{\"localizer\":\"VERS_IMATGE_ESPECTACLE\",\"url\":\"media\/ftespect\/31325\/01_020_00035024\/galeria_web7.jpg\",\"thumb_url\":\"media\/ftespect\/31325\/01_020_00035024\/galeria_web7_thumb.jpg\",\"title\":\"Marits i Mullers\",\"description\":\"\",\"copyright\":\"\",\"order\":19},{\"localizer\":\"VERS_IMATGE_ESPECTACLE\",\"url\":\"media\/ftespect\/31325\/01_020_00035025\/galeria_web8.jpg\",\"thumb_url\":\"media\/ftespect\/31325\/01_020_00035025\/galeria_web8_thumb.jpg\",\"title\":\"Marits i Mullers\",\"description\":\"\",\"copyright\":\"\",\"order\":20},{\"localizer\":\"VERS_IMATGE_ESPECTACLE\",\"url\":\"media\/ftespect\/31325\/01_020_00035026\/galeria_web9.jpg\",\"thumb_url\":\"media\/ftespect\/31325\/01_020_00035026\/galeria_web9_thumb.jpg\",\"title\":\"Marits i Mullers\",\"description\":\"\",\"copyright\":\"\",\"order\":21},{\"localizer\":\"VERS_IMATGE_ESPECTACLE\",\"url\":\"media\/ftespect\/31325\/01_020_00035027\/galeria_web10.jpg\",\"thumb_url\":\"media\/ftespect\/31325\/01_020_00035027\/galeria_web10_thumb.jpg\",\"title\":\"Marits i Mullers\",\"description\":\"\",\"copyright\":\"\",\"order\":22},{\"localizer\":\"VERS_IMATGE_ESPECTACLE\",\"url\":\"media\/ftespect\/31325\/01_020_00035028\/galeria_web11.jpg\",\"thumb_url\":\"media\/ftespect\/31325\/01_020_00035028\/galeria_web11_thumb.jpg\",\"title\":\"Marits i Mullers\",\"description\":\"\",\"copyright\":\"\",\"order\":23},{\"localizer\":\"VERS_IMATGE_ESPECTACLE\",\"url\":\"media\/ftespect\/31325\/01_020_00035029\/galeria_web13.jpg\",\"thumb_url\":\"media\/ftespect\/31325\/01_020_00035029\/galeria_web13_thumb.jpg\",\"title\":\"Marits i Mullers\",\"description\":\"\",\"copyright\":\"\",\"order\":24},{\"localizer\":\"VERS_IMATGE_ESPECTACLE\",\"url\":\"media\/ftespect\/31325\/01_020_00035030\/galeria_web14.jpg\",\"thumb_url\":\"media\/ftespect\/31325\/01_020_00035030\/galeria_web14_thumb.jpg\",\"title\":\"Marits i Mullers\",\"description\":\"\",\"copyright\":\"\",\"order\":25},{\"localizer\":\"V2SLIDE\",\"url\":\"media\/ftgalslide\/31325\/01_076_00035031\/slide.jpg\",\"thumb_url\":\"media\/ftgalslide\/31325\/01_076_00035031\/slide_thumb.jpg\",\"title\":\"Marits i Mullers\",\"description\":\"Llu\u00eds Villanueva\",\"copyright\":\"\",\"order\":26},{\"localizer\":\"V2SLIDE\",\"url\":\"media\/ftgalslide\/31325\/01_076_00035032\/slide2.jpg\",\"thumb_url\":\"media\/ftgalslide\/31325\/01_076_00035032\/slide2_thumb.jpg\",\"title\":\"Marits i Mullers\",\"description\":\"Sandra Moncl\u00fas\",\"copyright\":\"\",\"order\":27},{\"localizer\":\"V2SLIDE\",\"url\":\"media\/ftgalslide\/31325\/01_076_00035034\/slide3.jpg\",\"thumb_url\":\"media\/ftgalslide\/31325\/01_076_00035034\/slide3_thumb.jpg\",\"title\":\"Marits i Mullers\",\"description\":\"Andreu Benito i M\u00f2nica Glaenzel\",\"copyright\":\"\",\"order\":28},{\"localizer\":\"V2SLIDE\",\"url\":\"media\/ftgalslide\/31325\/01_076_00035041\/slide10.jpg\",\"thumb_url\":\"media\/ftgalslide\/31325\/01_076_00035041\/slide10_thumb.jpg\",\"title\":\"Marits i Mullers\",\"description\":\"Llu\u00eds Villanueva y Sandra Moncl\u00fas\",\"copyright\":\"\",\"order\":28},{\"localizer\":\"V2SLIDE\",\"url\":\"media\/ftgalslide\/31325\/01_076_00035035\/slide5.jpg\",\"thumb_url\":\"media\/ftgalslide\/31325\/01_076_00035035\/slide5_thumb.jpg\",\"title\":\"Marits i Mullers\",\"description\":\"Andreu Benito, Sandra Moncl\u00fas, M\u00f2nica Glaenzel y Joan Carreras\",\"copyright\":\"\",\"order\":29},{\"localizer\":\"V2SLIDE\",\"url\":\"media\/ftgalslide\/31325\/01_076_00035037\/slide6.jpg\",\"thumb_url\":\"media\/ftgalslide\/31325\/01_076_00035037\/slide6_thumb.jpg\",\"title\":\"Marits i Mullers\",\"description\":\"Joan Carreras, Mar Ulldemolins, M\u00f2nica Glaenzel, Sandra Moncl\u00fas y Andreu Benito\",\"copyright\":\"\",\"order\":30},{\"localizer\":\"V2SLIDE\",\"url\":\"media\/ftgalslide\/31325\/01_076_00035038\/slide7.jpg\",\"thumb_url\":\"media\/ftgalslide\/31325\/01_076_00035038\/slide7_thumb.jpg\",\"title\":\"Marits i Mullers\",\"description\":\"Snadra Moncl\u00fas, Joan Carreras, Andreu Benito i M\u00f2nica Glaenzel\",\"copyright\":\"\",\"order\":31},{\"localizer\":\"V2SLIDE\",\"url\":\"media\/ftgalslide\/31325\/01_076_00035039\/slide8.jpg\",\"thumb_url\":\"media\/ftgalslide\/31325\/01_076_00035039\/slide8_thumb.jpg\",\"title\":\"Marits i Mullers\",\"description\":\"Sandra Moncl\u00fas y Joan Carreras\",\"copyright\":\"\",\"order\":32},{\"localizer\":\"V2SLIDE\",\"url\":\"media\/ftgalslide\/31325\/01_076_00035040\/slide9.jpg\",\"thumb_url\":\"media\/ftgalslide\/31325\/01_076_00035040\/slide9_thumb.jpg\",\"title\":\"Marits i Mullers\",\"description\":\"Mar Ulldemolins\",\"copyright\":\"\",\"order\":33},{\"localizer\":\"V2CARTELL\",\"url\":\"media\/ver\/cartell\/31326\/01_079_00035242\/096marits.jpg\",\"thumb_url\":\"media\/ver\/cartell\/31326\/01_079_00035242\/096marits_thumb.jpg\",\"title\":\"cartell 96\",\"description\":\"\",\"copyright\":\"https:\/\/d1wfclq6bigznq.cloudfront.net\/tkrfc\/default\/096marits.jpg\",\"order\":36},{\"localizer\":\"V2CARTELLDISTRI\",\"url\":\"media\/cartell\/distrib\/31327\/01_082_00035622\/cartell_distri.jpg\",\"thumb_url\":\"media\/cartell\/distrib\/31327\/01_082_00035622\/cartell_distri_thumb.jpg\",\"title\":\"Cartell logos\",\"description\":\"Cartell logos\",\"copyright\":\"\",\"order\":37},{\"localizer\":\"V2PORTADA\",\"url\":\"media\/ver\/port\/31328\/01_078_00035856\/cartell_horitzontal_06web.jpg\",\"thumb_url\":\"media\/ver\/port\/31328\/01_078_00035856\/cartell_horitzontal_06web_thumb.jpg\",\"title\":\"\u00faltimes funcions\",\"description\":\"\",\"copyright\":\"\",\"order\":38},{\"localizer\":\"V3CARTELL\",\"url\":\"media\/ver\/cartell\/v3\/316A8\/01_085_00058190\/Fachada_1165x1665_prov_MODIFICADA_page-0001.jpg\",\"thumb_url\":\"media\/ver\/cartell\/v3\/316A8\/01_085_00058190\/Fachada_1165x1665_prov_MODIFICADA_page-0001_thumb.jpg\",\"title\":\"Cartel MARITS I MULLERS\",\"description\":\"Cartel MARITS I MULLERS\",\"copyright\":\"\",\"order\":39}]","material__texto_intro":"","data_material":null,"data_gallery":"","data_discounts":"[{\"InfoAddicional\":\"<p><strong>Descuentos para grupos y escuelas<br \/><\/strong><\/p>\",\"Url\":\"https:\/\/www.promentrada.com\/es\/product\/{#CODI#}\",\"Codi\":\"0\",\"LogoUrl\":\"media\/fimage\/31389\/01_005_00038530\/logo_prome_nuevo_v_web.jpg\",\"TitolBoto\":\"Descuentos para grupos y escuelas\",\"Type\":\"discount\"},{\"InfoAddicional\":\"<p><strong>Descuentos para particulares<br \/><\/strong><\/p>\",\"Url\":\"vip.promentrada.com\/es\/product\/{#CODI#}\",\"Codi\":\"0\",\"LogoUrl\":\"media\/fimage\/31389\/01_005_00038559\/logo_prome_vip_v_web.jpg\",\"TitolBoto\":\"Descuentos para particulares\",\"Type\":\"discount\"}]","contract_is_open":false,"in_tour":false,"foreign_production":false,"tour_end_date":"00010101000000"},"yoast_head":"<!-- This site is optimized with the Yoast SEO plugin v27.5 - https:\/\/yoast.com\/product\/yoast-seo-wordpress\/ -->\n<title>Marits i mullers - Focus<\/title>\n<meta name=\"robots\" content=\"index, follow, max-snippet:-1, max-image-preview:large, max-video-preview:-1\" \/>\n<link rel=\"canonical\" href=\"https:\/\/www.focus.cat\/ex\/marits-i-mullers\/\" \/>\n<meta property=\"og:locale\" content=\"ca_ES\" \/>\n<meta property=\"og:type\" content=\"article\" \/>\n<meta property=\"og:title\" content=\"Marits i mullers - Focus\" \/>\n<meta property=\"og:url\" content=\"https:\/\/www.focus.cat\/es\/ex\/marits-i-mullers\/\" \/>\n<meta property=\"og:site_name\" content=\"Focus\" \/>\n<meta property=\"article:modified_time\" content=\"2024-08-06T15:17:11+00:00\" \/>\n<meta name=\"twitter:card\" content=\"summary_large_image\" \/>\n<script type=\"application\/ld+json\" class=\"yoast-schema-graph\">{\"@context\":\"https:\\\/\\\/schema.org\",\"@graph\":[{\"@type\":\"WebPage\",\"@id\":\"https:\\\/\\\/www.focus.cat\\\/es\\\/ex\\\/marits-i-mullers\\\/\",\"url\":\"https:\\\/\\\/www.focus.cat\\\/es\\\/ex\\\/marits-i-mullers\\\/\",\"name\":\"Marits i mullers - Focus\",\"isPartOf\":{\"@id\":\"https:\\\/\\\/www.focus.cat\\\/#website\"},\"datePublished\":\"2022-05-26T14:42:02+00:00\",\"dateModified\":\"2024-08-06T15:17:11+00:00\",\"breadcrumb\":{\"@id\":\"https:\\\/\\\/www.focus.cat\\\/es\\\/ex\\\/marits-i-mullers\\\/#breadcrumb\"},\"inLanguage\":\"ca\",\"potentialAction\":[{\"@type\":\"ReadAction\",\"target\":[\"https:\\\/\\\/www.focus.cat\\\/es\\\/ex\\\/marits-i-mullers\\\/\"]}]},{\"@type\":\"BreadcrumbList\",\"@id\":\"https:\\\/\\\/www.focus.cat\\\/es\\\/ex\\\/marits-i-mullers\\\/#breadcrumb\",\"itemListElement\":[{\"@type\":\"ListItem\",\"position\":1,\"name\":\"Espectacles\",\"item\":\"https:\\\/\\\/www.focus.cat\\\/ex\\\/\"},{\"@type\":\"ListItem\",\"position\":2,\"name\":\"Marits i mullers\"}]},{\"@type\":\"WebSite\",\"@id\":\"https:\\\/\\\/www.focus.cat\\\/#website\",\"url\":\"https:\\\/\\\/www.focus.cat\\\/\",\"name\":\"Focus\",\"description\":\"\",\"publisher\":{\"@id\":\"https:\\\/\\\/www.focus.cat\\\/#organization\"},\"potentialAction\":[{\"@type\":\"SearchAction\",\"target\":{\"@type\":\"EntryPoint\",\"urlTemplate\":\"https:\\\/\\\/www.focus.cat\\\/?s={search_term_string}\"},\"query-input\":{\"@type\":\"PropertyValueSpecification\",\"valueRequired\":true,\"valueName\":\"search_term_string\"}}],\"inLanguage\":\"ca\"},{\"@type\":\"Organization\",\"@id\":\"https:\\\/\\\/www.focus.cat\\\/#organization\",\"name\":\"Focus\",\"url\":\"https:\\\/\\\/www.focus.cat\\\/\",\"logo\":{\"@type\":\"ImageObject\",\"inLanguage\":\"ca\",\"@id\":\"https:\\\/\\\/www.focus.cat\\\/#\\\/schema\\\/logo\\\/image\\\/\",\"url\":\"https:\\\/\\\/www.focus.cat\\\/wp-content\\\/uploads\\\/2022\\\/01\\\/logo-focus-any-35.svg\",\"contentUrl\":\"https:\\\/\\\/www.focus.cat\\\/wp-content\\\/uploads\\\/2022\\\/01\\\/logo-focus-any-35.svg\",\"width\":1,\"height\":1,\"caption\":\"Focus\"},\"image\":{\"@id\":\"https:\\\/\\\/www.focus.cat\\\/#\\\/schema\\\/logo\\\/image\\\/\"}}]}<\/script>\n<!-- \/ Yoast SEO plugin. -->","yoast_head_json":{"title":"Marits i mullers - Focus","robots":{"index":"index","follow":"follow","max-snippet":"max-snippet:-1","max-image-preview":"max-image-preview:large","max-video-preview":"max-video-preview:-1"},"canonical":"https:\/\/www.focus.cat\/ex\/marits-i-mullers\/","og_locale":"ca_ES","og_type":"article","og_title":"Marits i mullers - Focus","og_url":"https:\/\/www.focus.cat\/es\/ex\/marits-i-mullers\/","og_site_name":"Focus","article_modified_time":"2024-08-06T15:17:11+00:00","twitter_card":"summary_large_image","schema":{"@context":"https:\/\/schema.org","@graph":[{"@type":"WebPage","@id":"https:\/\/www.focus.cat\/es\/ex\/marits-i-mullers\/","url":"https:\/\/www.focus.cat\/es\/ex\/marits-i-mullers\/","name":"Marits i mullers - Focus","isPartOf":{"@id":"https:\/\/www.focus.cat\/#website"},"datePublished":"2022-05-26T14:42:02+00:00","dateModified":"2024-08-06T15:17:11+00:00","breadcrumb":{"@id":"https:\/\/www.focus.cat\/es\/ex\/marits-i-mullers\/#breadcrumb"},"inLanguage":"ca","potentialAction":[{"@type":"ReadAction","target":["https:\/\/www.focus.cat\/es\/ex\/marits-i-mullers\/"]}]},{"@type":"BreadcrumbList","@id":"https:\/\/www.focus.cat\/es\/ex\/marits-i-mullers\/#breadcrumb","itemListElement":[{"@type":"ListItem","position":1,"name":"Espectacles","item":"https:\/\/www.focus.cat\/ex\/"},{"@type":"ListItem","position":2,"name":"Marits i mullers"}]},{"@type":"WebSite","@id":"https:\/\/www.focus.cat\/#website","url":"https:\/\/www.focus.cat\/","name":"Focus","description":"","publisher":{"@id":"https:\/\/www.focus.cat\/#organization"},"potentialAction":[{"@type":"SearchAction","target":{"@type":"EntryPoint","urlTemplate":"https:\/\/www.focus.cat\/?s={search_term_string}"},"query-input":{"@type":"PropertyValueSpecification","valueRequired":true,"valueName":"search_term_string"}}],"inLanguage":"ca"},{"@type":"Organization","@id":"https:\/\/www.focus.cat\/#organization","name":"Focus","url":"https:\/\/www.focus.cat\/","logo":{"@type":"ImageObject","inLanguage":"ca","@id":"https:\/\/www.focus.cat\/#\/schema\/logo\/image\/","url":"https:\/\/www.focus.cat\/wp-content\/uploads\/2022\/01\/logo-focus-any-35.svg","contentUrl":"https:\/\/www.focus.cat\/wp-content\/uploads\/2022\/01\/logo-focus-any-35.svg","width":1,"height":1,"caption":"Focus"},"image":{"@id":"https:\/\/www.focus.cat\/#\/schema\/logo\/image\/"}}]}},"translations":[{"id":8382,"locale":"ca"},{"id":8383,"locale":"es"},{"id":8384,"locale":"en"}],"_links":{"self":[{"href":"https:\/\/www.focus.cat\/wp-json\/wp\/v2\/ex\/8383","targetHints":{"allow":["GET"]}}],"collection":[{"href":"https:\/\/www.focus.cat\/wp-json\/wp\/v2\/ex"}],"about":[{"href":"https:\/\/www.focus.cat\/wp-json\/wp\/v2\/types\/ex"}],"author":[{"embeddable":true,"href":"https:\/\/www.focus.cat\/wp-json\/wp\/v2\/users\/5"}],"replies":[{"embeddable":true,"href":"https:\/\/www.focus.cat\/wp-json\/wp\/v2\/comments?post=8383"}],"wp:attachment":[{"href":"https:\/\/www.focus.cat\/wp-json\/wp\/v2\/media?parent=8383"}],"wp:term":[{"taxonomy":"location","embeddable":true,"href":"https:\/\/www.focus.cat\/wp-json\/wp\/v2\/location?post=8383"}],"curies":[{"name":"wp","href":"https:\/\/api.w.org\/{rel}","templated":true}]}}