{"id":8932,"date":"2022-06-03T09:19:24","date_gmt":"2022-06-03T09:19:24","guid":{"rendered":"https:\/\/www.focus.cat\/ex\/eva-contra-eva\/"},"modified":"2025-01-14T15:36:04","modified_gmt":"2025-01-14T15:36:04","slug":"eva-contra-eva","status":"publish","type":"ex","link":"https:\/\/www.focus.cat\/es\/ex\/eva-contra-eva\/","title":{"rendered":"Eva contra Eva"},"content":{"rendered":"","protected":false},"excerpt":{"rendered":"","protected":false},"author":5,"featured_media":0,"comment_status":"closed","ping_status":"closed","template":"","location":[],"class_list":["post-8932","ex","type-ex","status-publish","hentry"],"acf":{"txt_synopsis":"<p><strong>Dos actrices de generaciones distintas deben interpretar a un mismo personaje.<\/strong><\/p>\r\n<p>Eva contra Eva es una comedia inspirada en el cl\u00e1sico All about Eve, de Joseph L. Mankiewicz. Dos actrices, de generaciones distintas, deben interpretar a un mismo personaje. En esta coincidencia chocan dos maneras de entender la vida y la profesi\u00f3n. La actriz m\u00e1s joven lucha por conseguir la oportunidad de darse a conocer. La actriz mayor se esfuerza para que el paso de los a\u00f1os no la haga desaparecer de los escenarios. Pero eso no las convierte necesariamente en enemigas, sino que se trata de miradas complementarias que pueden aprender la una de la otra, sin ninguna necesidad de destruirse. \u00bfSe dar\u00e1n cuenta o acabar\u00e1n devor\u00e1ndose?<\/p>\r\n<p>Los personajes de Eva contra Eva (el director, el cr\u00edtico, la representante y las dos actrices) utilizan el teatro para hablar de la vida y la vida para hablar del teatro. Se entregan a esta profesi\u00f3n con tanta intensidad y devoci\u00f3n que, a menudo, pierden la capacidad de re\u00edrse de s\u00ed mismos. Y es en la excesiva trascendencia que otorgan a sus vulnerabilidades, convirti\u00e9ndolas en meras vanidades, donde radica la comedia. Shakespeare dec\u00eda que el objetivo del teatro es poner un espejo ante los espectadores para poder reflejar las virtudes y los defectos de cada \u00e9poca. Ojal\u00e1 que en el espejo que ofrece Eva contra Eva podamos ver algunas de nuestras imperfecciones contempor\u00e1neas con una sonrisa en la cara.<\/p>","main_buy_link":"","main_buy_links":"","show_language":"Espect\u00e1culo en catal\u00e1n","show_duration":"85","txt_genre":"COM\u00c8DIA","show_start_date":"20210902000000","show_end_date":"20211107000000","show_sort_date":"20210902000000","txt_custom_show_dates":"del 2 de septiembre al 7 de noviembre de 2021 ","txt_additional_info":"","txt_present":"","txt_season":"[\"2021\/22\"]","txt_cycle":"","txt_claim":"","txt_cast_excerpt":"","txt_cast":"<p>Adaptaci\u00f3n&nbsp;&nbsp;y dramaturgia: <strong>Pau Mir\u00f3<\/strong><br \/>Direcci\u00f3n <strong>S\u00edlvia Munt<\/strong><\/p>\r\n<p>Una producci\u00f3n de <strong>Bit\u00f2&nbsp;y Focus<\/strong> <\/p>\r\n<p>Reparto <strong>Emma Vilarasau, Nausicaa Bonn\u00edn, \u00c0lex Casanovas, Andreu Benito i M\u00edriam Alamany<\/strong><\/p>\r\n<p>Escenografi\u00eda <strong>Enric Planas<br \/><\/strong>Vestuario <strong>M\u00edriam Compte \/ N\u00eddia Tusal<\/strong><br \/>Iluminaci\u00f3n <strong>David Bofarull<\/strong><br \/>Creaci\u00f3n&nbsp;y realizaci\u00f3n de v\u00eddeo: <strong>Daniel Lacasa<\/strong> <br \/>Espacio sonoro <strong>Jordi Bonet<\/strong><br \/>Caracterizaci\u00f3n <strong>Anna Rosillo<br \/><\/strong>Ayudante de direcci\u00f3n <strong>Tilda Espluga<\/strong><\/p>\r\n<p>Direcci\u00f3n de producci\u00f3n <strong>Josep Dom\u00e8nech<br \/><\/strong>Jefa&nbsp;de producci\u00f3n <strong>Cl\u00e0udia Flores<\/strong><br \/>Producci\u00f3n ejecutiva<strong> Macarena Garc\u00eda<br \/><\/strong>Ayudantes de producci\u00f3n <strong>Marta Colell i Nunu Santal\u00f3<\/strong><br \/>Regidora <strong>Jana Morey<\/strong><\/p>\r\n<p>Ayudante de escenograf\u00eda:<strong> Merc\u00e8 Luchetti<\/strong><br \/>Piano: <strong>Jaume Vilaseca<\/strong><br \/>Dise\u00f1o t\u00e9cnico de v\u00eddeo:<strong> Mart\u00edn Elena<\/strong><br \/>Confecci\u00f3n de vestuario: <strong>Taller Goretti Puente<\/strong><\/p>\r\n<p>Jefe&nbsp;t\u00e8cnico del teatro <strong>Roger Mu\u00f1oz<br \/><\/strong>Construcci\u00f3n escenograf\u00eda <strong>Jorba-Mir\u00f3 Taller d\u2019escenografia<\/strong><\/p>\r\n<p>Direcci\u00f3n t\u00e9cnica&nbsp;y t\u00e9cnico de luces: <strong>Ganecha Gil \/ Jordi Thom\u00e0s <\/strong><br \/>T\u00e9cnico de sonido: <strong>Efren Bellostes<br \/><\/strong>Maquinaria: <strong>Andreu Mateu <\/strong><\/p>\r\n<p>Prensa <strong>Albert L\u00f3pez i Judit Hern\u00e1ndez<\/strong><br \/>Marqueting&nbsp;y comunicaci\u00f3n <strong>Publispec<br \/><\/strong>Reportaje Fotogr\u00e1fico <strong>S\u00edlvia Poch<\/strong><\/p>","txt_reviews":"Santi Fondevila|Diari Ara|\u201cUna grand\u00edssima Emma Vilarasau\u201d\r\nJuan Carlos Olivares|LaVanguardia|\u201cS\u00edlvia Munt ent\u00e9n perfectament el laberint creat pel dramaturg i mou els int\u00e8rprets pels diferents registres sense temor de deixar-se portar pel clix\u00e9 (la paraula fetitxe del text) quan ho requereix l\u2019intricat joc teatral.\u201d \r\nSara Bandr\u00e9s|En el patio de butacas|\"\u2018Eva contra Eva\u2019 tiene luz, tiene humor, tiene talento, tiene car\u00e1cter\u2026 Tiene muchas cosas que la hacen especial\"","hashtag":"EvaContraEva","have_promo":"","slogan":"","id_exhibicio":1818,"id_versio":1385,"id_local":35,"txt_seo_desc":"Eva contra Eva al protagonizada por Emma Vilarasau y Nausicaa Bonn\u00edn en el Teatre Goya de Barcelona","data_images":"[{\"localizer\":\"V3SLIDE\",\"url\":\"media\/ftgalslide\/v3\/31511\/01_086_00050213\/eva-contra-eva-teatre-romea-barcelona-4.jpg\",\"thumb_url\":\"media\/ftgalslide\/v3\/31511\/01_086_00050213\/eva-contra-eva-teatre-romea-barcelona-4_thumb.jpg\",\"title\":\"Eva contra Eva - Teatre Romea\",\"description\":\"eva contra eva teatre romea barcelona\",\"copyright\":\"https:\/\/www.youtube.com\/watch?v=yAM11vazxCA&t=5s\",\"order\":1},{\"localizer\":\"V3SLIDE\",\"url\":\"media\/ftgalslide\/v3\/31512\/01_086_00050383\/eva-contra-eva-teatre-romea-barcelona-5.JPG\",\"thumb_url\":\"media\/ftgalslide\/v3\/31512\/01_086_00050383\/eva-contra-eva-teatre-romea-barcelona-5_thumb.jpg\",\"title\":\"Eva contra Eva - Teatre Romea\",\"description\":\"eva contra eva de silvia munt y con emma vilarasau al teatre romea de barcelona\",\"copyright\":\"\",\"order\":14},{\"localizer\":\"V3SLIDE\",\"url\":\"media\/ftgalslide\/v3\/31511\/01_086_00050216\/eva-contra-eva-teatre-romea-barcelona-3.jpg\",\"thumb_url\":\"media\/ftgalslide\/v3\/31511\/01_086_00050216\/eva-contra-eva-teatre-romea-barcelona-3_thumb.jpg\",\"title\":\"Eva contra Eva - Teatre Romea\",\"description\":\"eva contra eva teatre romea barcelona\",\"copyright\":\"\",\"order\":17},{\"localizer\":\"V3SLIDE\",\"url\":\"media\/ftgalslide\/v3\/31511\/01_086_00050217\/eva-contra-eva-teatre-romea-barcelona.jpg\",\"thumb_url\":\"media\/ftgalslide\/v3\/31511\/01_086_00050217\/eva-contra-eva-teatre-romea-barcelona_thumb.jpg\",\"title\":\"Eva contra Eva - Teatre Romea\",\"description\":\"eva contra eva teatre romea barcelona\",\"copyright\":\"\",\"order\":18},{\"localizer\":\"V3CARTELL\",\"url\":\"media\/ver\/cartell\/v3\/3157A\/01_085_00051433\/CARTELLWEB-eva-contra-eva-teatre-goya-barcelona.jpg\",\"thumb_url\":\"media\/ver\/cartell\/v3\/3157A\/01_085_00051433\/CARTELLWEB-eva-contra-eva-teatre-goya-barcelona_thumb.jpg\",\"title\":\"Eva contra Eva - Teatre Goya\",\"description\":\"eva contra eva al teatre goya de barcelona\",\"copyright\":\"\",\"order\":24},{\"localizer\":\"V2CARTELL\",\"url\":\"media\/ver\/cartell\/3157B\/01_079_00051536\/CARTELLWEB-eva-contra-eva-teatre-goya-barcelona.jpg\",\"thumb_url\":\"media\/ver\/cartell\/3157B\/01_079_00051536\/CARTELLWEB-eva-contra-eva-teatre-goya-barcelona_thumb.jpg\",\"title\":\"Eva contra Eva - Teatre Goya\",\"description\":\"eva contra eva\",\"copyright\":\"\",\"order\":25},{\"localizer\":\"V3PORTADAWIDE\",\"url\":\"media\/ver\/port\/v3wide\/3157E\/01_088_00051903\/0-eva-contra-eva-ultimes-funions-improrrogable-teatre-goya.jpg\",\"thumb_url\":\"media\/ver\/port\/v3wide\/3157E\/01_088_00051903\/0-eva-contra-eva-ultimes-funions-improrrogable-teatre-goya_thumb.jpg\",\"title\":\"Eva contra Eva - Teatre Goya \",\"description\":\"eva contra eva al teatre goya de barcelona\",\"copyright\":\"\",\"order\":27},{\"localizer\":\"V3PORTADA\",\"url\":\"media\/ver\/port\/v3\/3157E\/01_084_00051904\/1-eva-contra-eva-ultimes-funions-improrrogable-teatre-goya.jpg\",\"thumb_url\":\"media\/ver\/port\/v3\/3157E\/01_084_00051904\/1-eva-contra-eva-ultimes-funions-improrrogable-teatre-goya_thumb.jpg\",\"title\":\"Eva contra Eva - Teatre Goya\",\"description\":\"eva contra eva al teatre goya de barcelona\",\"copyright\":\"\",\"order\":28}]","material__texto_intro":"","data_material":null,"data_gallery":"","data_discounts":"[]","contract_is_open":false,"in_tour":false,"foreign_production":false,"tour_end_date":"00010101000000"},"yoast_head":"<!-- This site is optimized with the Yoast SEO plugin v27.5 - https:\/\/yoast.com\/product\/yoast-seo-wordpress\/ -->\n<title>Eva contra Eva - Focus<\/title>\n<meta name=\"robots\" content=\"index, follow, max-snippet:-1, max-image-preview:large, max-video-preview:-1\" \/>\n<link rel=\"canonical\" href=\"https:\/\/www.focus.cat\/ex\/eva-contra-eva\/\" \/>\n<meta property=\"og:locale\" content=\"ca_ES\" \/>\n<meta property=\"og:type\" content=\"article\" \/>\n<meta property=\"og:title\" content=\"Eva contra Eva - Focus\" \/>\n<meta property=\"og:url\" content=\"https:\/\/www.focus.cat\/es\/ex\/eva-contra-eva\/\" \/>\n<meta property=\"og:site_name\" content=\"Focus\" \/>\n<meta property=\"article:modified_time\" content=\"2025-01-14T15:36:04+00:00\" \/>\n<meta name=\"twitter:card\" content=\"summary_large_image\" \/>\n<script type=\"application\/ld+json\" class=\"yoast-schema-graph\">{\"@context\":\"https:\\\/\\\/schema.org\",\"@graph\":[{\"@type\":\"WebPage\",\"@id\":\"https:\\\/\\\/www.focus.cat\\\/es\\\/ex\\\/eva-contra-eva\\\/\",\"url\":\"https:\\\/\\\/www.focus.cat\\\/es\\\/ex\\\/eva-contra-eva\\\/\",\"name\":\"Eva contra Eva - Focus\",\"isPartOf\":{\"@id\":\"https:\\\/\\\/www.focus.cat\\\/#website\"},\"datePublished\":\"2022-06-03T09:19:24+00:00\",\"dateModified\":\"2025-01-14T15:36:04+00:00\",\"breadcrumb\":{\"@id\":\"https:\\\/\\\/www.focus.cat\\\/es\\\/ex\\\/eva-contra-eva\\\/#breadcrumb\"},\"inLanguage\":\"ca\",\"potentialAction\":[{\"@type\":\"ReadAction\",\"target\":[\"https:\\\/\\\/www.focus.cat\\\/es\\\/ex\\\/eva-contra-eva\\\/\"]}]},{\"@type\":\"BreadcrumbList\",\"@id\":\"https:\\\/\\\/www.focus.cat\\\/es\\\/ex\\\/eva-contra-eva\\\/#breadcrumb\",\"itemListElement\":[{\"@type\":\"ListItem\",\"position\":1,\"name\":\"Espectacles\",\"item\":\"https:\\\/\\\/www.focus.cat\\\/ex\\\/\"},{\"@type\":\"ListItem\",\"position\":2,\"name\":\"Eva contra Eva\"}]},{\"@type\":\"WebSite\",\"@id\":\"https:\\\/\\\/www.focus.cat\\\/#website\",\"url\":\"https:\\\/\\\/www.focus.cat\\\/\",\"name\":\"Focus\",\"description\":\"\",\"publisher\":{\"@id\":\"https:\\\/\\\/www.focus.cat\\\/#organization\"},\"potentialAction\":[{\"@type\":\"SearchAction\",\"target\":{\"@type\":\"EntryPoint\",\"urlTemplate\":\"https:\\\/\\\/www.focus.cat\\\/?s={search_term_string}\"},\"query-input\":{\"@type\":\"PropertyValueSpecification\",\"valueRequired\":true,\"valueName\":\"search_term_string\"}}],\"inLanguage\":\"ca\"},{\"@type\":\"Organization\",\"@id\":\"https:\\\/\\\/www.focus.cat\\\/#organization\",\"name\":\"Focus\",\"url\":\"https:\\\/\\\/www.focus.cat\\\/\",\"logo\":{\"@type\":\"ImageObject\",\"inLanguage\":\"ca\",\"@id\":\"https:\\\/\\\/www.focus.cat\\\/#\\\/schema\\\/logo\\\/image\\\/\",\"url\":\"https:\\\/\\\/www.focus.cat\\\/wp-content\\\/uploads\\\/2022\\\/01\\\/logo-focus-any-35.svg\",\"contentUrl\":\"https:\\\/\\\/www.focus.cat\\\/wp-content\\\/uploads\\\/2022\\\/01\\\/logo-focus-any-35.svg\",\"width\":1,\"height\":1,\"caption\":\"Focus\"},\"image\":{\"@id\":\"https:\\\/\\\/www.focus.cat\\\/#\\\/schema\\\/logo\\\/image\\\/\"}}]}<\/script>\n<!-- \/ Yoast SEO plugin. -->","yoast_head_json":{"title":"Eva contra Eva - Focus","robots":{"index":"index","follow":"follow","max-snippet":"max-snippet:-1","max-image-preview":"max-image-preview:large","max-video-preview":"max-video-preview:-1"},"canonical":"https:\/\/www.focus.cat\/ex\/eva-contra-eva\/","og_locale":"ca_ES","og_type":"article","og_title":"Eva contra Eva - Focus","og_url":"https:\/\/www.focus.cat\/es\/ex\/eva-contra-eva\/","og_site_name":"Focus","article_modified_time":"2025-01-14T15:36:04+00:00","twitter_card":"summary_large_image","schema":{"@context":"https:\/\/schema.org","@graph":[{"@type":"WebPage","@id":"https:\/\/www.focus.cat\/es\/ex\/eva-contra-eva\/","url":"https:\/\/www.focus.cat\/es\/ex\/eva-contra-eva\/","name":"Eva contra Eva - Focus","isPartOf":{"@id":"https:\/\/www.focus.cat\/#website"},"datePublished":"2022-06-03T09:19:24+00:00","dateModified":"2025-01-14T15:36:04+00:00","breadcrumb":{"@id":"https:\/\/www.focus.cat\/es\/ex\/eva-contra-eva\/#breadcrumb"},"inLanguage":"ca","potentialAction":[{"@type":"ReadAction","target":["https:\/\/www.focus.cat\/es\/ex\/eva-contra-eva\/"]}]},{"@type":"BreadcrumbList","@id":"https:\/\/www.focus.cat\/es\/ex\/eva-contra-eva\/#breadcrumb","itemListElement":[{"@type":"ListItem","position":1,"name":"Espectacles","item":"https:\/\/www.focus.cat\/ex\/"},{"@type":"ListItem","position":2,"name":"Eva contra Eva"}]},{"@type":"WebSite","@id":"https:\/\/www.focus.cat\/#website","url":"https:\/\/www.focus.cat\/","name":"Focus","description":"","publisher":{"@id":"https:\/\/www.focus.cat\/#organization"},"potentialAction":[{"@type":"SearchAction","target":{"@type":"EntryPoint","urlTemplate":"https:\/\/www.focus.cat\/?s={search_term_string}"},"query-input":{"@type":"PropertyValueSpecification","valueRequired":true,"valueName":"search_term_string"}}],"inLanguage":"ca"},{"@type":"Organization","@id":"https:\/\/www.focus.cat\/#organization","name":"Focus","url":"https:\/\/www.focus.cat\/","logo":{"@type":"ImageObject","inLanguage":"ca","@id":"https:\/\/www.focus.cat\/#\/schema\/logo\/image\/","url":"https:\/\/www.focus.cat\/wp-content\/uploads\/2022\/01\/logo-focus-any-35.svg","contentUrl":"https:\/\/www.focus.cat\/wp-content\/uploads\/2022\/01\/logo-focus-any-35.svg","width":1,"height":1,"caption":"Focus"},"image":{"@id":"https:\/\/www.focus.cat\/#\/schema\/logo\/image\/"}}]}},"translations":[{"id":8931,"locale":"ca"},{"id":8932,"locale":"es"},{"id":8933,"locale":"en"}],"_links":{"self":[{"href":"https:\/\/www.focus.cat\/wp-json\/wp\/v2\/ex\/8932","targetHints":{"allow":["GET"]}}],"collection":[{"href":"https:\/\/www.focus.cat\/wp-json\/wp\/v2\/ex"}],"about":[{"href":"https:\/\/www.focus.cat\/wp-json\/wp\/v2\/types\/ex"}],"author":[{"embeddable":true,"href":"https:\/\/www.focus.cat\/wp-json\/wp\/v2\/users\/5"}],"replies":[{"embeddable":true,"href":"https:\/\/www.focus.cat\/wp-json\/wp\/v2\/comments?post=8932"}],"wp:attachment":[{"href":"https:\/\/www.focus.cat\/wp-json\/wp\/v2\/media?parent=8932"}],"wp:term":[{"taxonomy":"location","embeddable":true,"href":"https:\/\/www.focus.cat\/wp-json\/wp\/v2\/location?post=8932"}],"curies":[{"name":"wp","href":"https:\/\/api.w.org\/{rel}","templated":true}]}}